{"id":8,"date":"2025-02-04T16:56:17","date_gmt":"2025-02-04T15:56:17","guid":{"rendered":"https:\/\/gemeinsam-fuer-dernbach.de\/?page_id=8"},"modified":"2026-04-23T21:33:22","modified_gmt":"2026-04-23T20:33:22","slug":"startseite","status":"publish","type":"page","link":"https:\/\/gemeinsam-fuer-dernbach.de\/en\/","title":{"rendered":"homepage"},"content":{"rendered":"<div class=\"wp-block-columns is-layout-flex wp-container-core-columns-is-layout-794e3cfa wp-block-columns-is-layout-flex\">\n<div class=\"wp-block-column is-layout-flow wp-block-column-is-layout-flow\" style=\"flex-basis:33.33%\">\n<p class=\"wp-block-paragraph\">Welcome to<br><strong>Together for Dernbach<\/strong>. We are committed to a strong community and a village worth living in. I'm glad you stopped by.<\/p>\n<\/div>\n\n\n\n<div class=\"wp-block-column is-layout-flow wp-block-column-is-layout-flow\" style=\"flex-basis:66.66%\">\n<figure class=\"wp-block-image size-large is-resized\"><img loading=\"lazy\" decoding=\"async\" width=\"1024\" height=\"1024\" src=\"https:\/\/gemeinsam-fuer-dernbach.de\/wp-content\/uploads\/2024\/09\/Beitragsbild_Insta-Version2-1024x1024.png\" alt=\"Together for Dernbach - that&#039;s us\" class=\"wp-image-719\" style=\"width:338px;height:auto\" srcset=\"https:\/\/gemeinsam-fuer-dernbach.de\/wp-content\/uploads\/2024\/09\/Beitragsbild_Insta-Version2-1024x1024.png 1024w, https:\/\/gemeinsam-fuer-dernbach.de\/wp-content\/uploads\/2024\/09\/Beitragsbild_Insta-Version2-300x300.png 300w, https:\/\/gemeinsam-fuer-dernbach.de\/wp-content\/uploads\/2024\/09\/Beitragsbild_Insta-Version2-150x150.png 150w, https:\/\/gemeinsam-fuer-dernbach.de\/wp-content\/uploads\/2024\/09\/Beitragsbild_Insta-Version2-768x768.png 768w, https:\/\/gemeinsam-fuer-dernbach.de\/wp-content\/uploads\/2024\/09\/Beitragsbild_Insta-Version2.png 1125w\" sizes=\"auto, (max-width: 1024px) 100vw, 1024px\" \/><figcaption class=\"wp-element-caption\">Members of \u2018Together for Dernbach\u2019<\/figcaption><\/figure>\n<\/div>\n<\/div>\n\n\n\n<hr class=\"wp-block-separator has-alpha-channel-opacity\"\/>\n\n\n\n<h2 class=\"wp-block-heading\">Next dates<\/h2>\n\n\n\n<div class=\"wp-block-columns is-layout-flex wp-container-core-columns-is-layout-794e3cfa wp-block-columns-is-layout-flex\">\n<div class=\"wp-block-column is-layout-flow wp-block-column-is-layout-flow\"><!----- Events list Template 2.8.2 -----><div id=\"ect-events-list-content\"><div id=\"list-wrp\" class=\"ect-list-wrapper all\"><div id=\"event-1700\" class=\"ect-list-post style-1 ect-simple-event future\"><div class=\"ect-list-post-left\">\n\t\t\t\t<div class=\"ect-list-img\" style=\"background-image:url(&#039;https:\/\/gemeinsam-fuer-dernbach.de\/wp-content\/uploads\/2026\/08\/2608_Einladung-GfD-Fraktionssitzung-823x1024.jpg&#039;);background-size:cover;\"><a href=\"https:\/\/gemeinsam-fuer-dernbach.de\/en\/kalender\/offene-fraktionssitzung-5\/\" alt=\"Offene Fraktionssitzung\" rel=\"bookmark\"><div class=\"ect-list-date\"><div class=\"ect-date-area default-schedule\"><span class=\"ev-day\">06<\/span>\n\t\t\t\t\t\t\t\t\t<span class=\"ev-mo\">September<\/span>\n\t\t\t\t\t\t\t\t\t<span class=\"ev-time\"><span class=\"ect-icon\"><i class=\"ect-icon-clock\" aria-hidden=\"true\"><\/i><\/span> 10:30 - 13:00<\/span>\n\t\t\t\t\t\t\t\t\t<\/div><\/div><\/a><\/div><\/div><!-- left-post close --><div class=\"ect-list-post-right\">\n\t\t\t\t<div class=\"ect-list-post-right-table\"><div class=\"ect-list-description\" style=\"width:100%;\"><h2 class=\"ect-list-title\"><a class=\"ect-event-url\" href=\"https:\/\/gemeinsam-fuer-dernbach.de\/en\/kalender\/offene-fraktionssitzung-5\/\" rel=\"bookmark\">Open Group meeting<\/a><\/h2><!-- Event Content --><div class=\"ect-event-content\"><p>\"Together for Dernbach\" cordially invites all interested citizens to the open Group meeting. On the agenda are current topics from the Council and committees, preparation for upcoming meetings and [...]<\/p>\n<\/div><a href=\"https:\/\/gemeinsam-fuer-dernbach.de\/en\/kalender\/offene-fraktionssitzung-5\/\" class=\"ect-events-read-more\" rel=\"bookmark\">Read more<\/a><\/div><\/div><\/div><!-- right-wrapper close --><\/div><!-- event-loop-end --><\/div><\/div><\/div>\n<\/div>\n\n\n\n<hr class=\"wp-block-separator has-alpha-channel-opacity\"\/>\n\n\n\n<h2 class=\"wp-block-heading\">Latest news<\/h2>\n\n\n\n<p class=\"wp-block-paragraph\">More under <a href=\"https:\/\/gemeinsam-fuer-dernbach.de\/en\/aktuelles\/\" title=\"news\">news<\/a><\/p>\n\n\n\n<div class=\"wp-block-query is-layout-flow wp-block-query-is-layout-flow\"><ul class=\"wp-block-post-template is-layout-flow wp-block-post-template-is-layout-flow\"><li class=\"wp-block-post post-1704 post type-post status-publish format-standard hentry category-neues-aus-dem-gemeinderat tag-burgweg tag-drainage tag-grillhuette tag-ratssitzung\">\n\n<div class=\"wp-block-columns alignwide is-layout-flex wp-container-core-columns-is-layout-794e3cfa wp-block-columns-is-layout-flex\">\n<div class=\"wp-block-column is-layout-flow wp-block-column-is-layout-flow\" style=\"flex-basis:66.66%\">\n<div class=\"wp-block-group has-global-padding is-content-justification-right is-layout-constrained wp-container-core-group-is-layout-fcb5c180 wp-block-group-is-layout-constrained\"><\/div>\n<\/div>\n\n\n\n<div class=\"wp-block-column is-layout-flow wp-block-column-is-layout-flow\" style=\"flex-basis:100%\"><h2 class=\"wp-block-post-title has-large-font-size\"><a href=\"https:\/\/gemeinsam-fuer-dernbach.de\/en\/neues-aus-dem-gemeinderat-unwetter-beendet-sitzung-vorzeitig\" target=\"_self\" >Severe weather ends session prematurely<\/a><\/h2>\n\n<div class=\"wp-block-post-excerpt has-medium-font-size\"><p class=\"wp-block-post-excerpt__excerpt\">The members of the council decided to end the recent meeting of the Dernbach municipal council prematurely. The reason for this was a power outage caused by the storm on August 19. Until then, several items on the agenda had been discussed and decided upon. At the beginning, Sebastian Hausen was appointed as a successor to the municipal council. Subsequently, the re-election of various committee mandates was on the agenda. This involved the main and financial committee, the committee for the business park and the construction committee, including the respective delegates. Donated crockery and new rules for the barbecue hut Another point concerned the rules of use of the barbecue hut. In connection with this, a donation of \u2026 was also made.<\/p><p class=\"wp-block-post-excerpt__more-text\"><a class=\"wp-block-post-excerpt__more-link\" href=\"https:\/\/gemeinsam-fuer-dernbach.de\/en\/neues-aus-dem-gemeinderat-unwetter-beendet-sitzung-vorzeitig\">read more...<\/a><\/p><\/div><\/div>\n<\/div>\n\n\n\n<hr class=\"wp-block-separator has-alpha-channel-opacity\"\/>\n\n<\/li><li class=\"wp-block-post post-1696 post type-post status-publish format-standard has-post-thumbnail hentry category-neues-aus-dem-gemeinderat tag-forstwirtschaft tag-haushalt tag-herkulesstaude\">\n\n<div class=\"wp-block-columns alignwide is-layout-flex wp-container-core-columns-is-layout-794e3cfa wp-block-columns-is-layout-flex\">\n<div class=\"wp-block-column is-layout-flow wp-block-column-is-layout-flow\" style=\"flex-basis:66.66%\">\n<div class=\"wp-block-group has-global-padding is-content-justification-right is-layout-constrained wp-container-core-group-is-layout-fcb5c180 wp-block-group-is-layout-constrained\"><figure style=\"padding-top:0;padding-bottom:0;padding-left:0;padding-right:0;margin-top:0;margin-bottom:0;margin-left:0;margin-right:0\" class=\"wp-block-post-featured-image\"><a href=\"https:\/\/gemeinsam-fuer-dernbach.de\/en\/haushalt-unter-druck-wichtige-projekte-auf-der-tagesordnung\" target=\"_self\" ><img loading=\"lazy\" decoding=\"async\" width=\"1024\" height=\"1536\" src=\"https:\/\/gemeinsam-fuer-dernbach.de\/wp-content\/uploads\/2025\/12\/Gemeinderat.png\" class=\"attachment-full size-full wp-post-image\" alt=\"Budget under pressure, important projects on the agenda\" style=\"object-fit:cover;\" srcset=\"https:\/\/gemeinsam-fuer-dernbach.de\/wp-content\/uploads\/2025\/12\/Gemeinderat.png 1024w, https:\/\/gemeinsam-fuer-dernbach.de\/wp-content\/uploads\/2025\/12\/Gemeinderat-200x300.png 200w, https:\/\/gemeinsam-fuer-dernbach.de\/wp-content\/uploads\/2025\/12\/Gemeinderat-683x1024.png 683w, https:\/\/gemeinsam-fuer-dernbach.de\/wp-content\/uploads\/2025\/12\/Gemeinderat-768x1152.png 768w, https:\/\/gemeinsam-fuer-dernbach.de\/wp-content\/uploads\/2025\/12\/Gemeinderat-8x12.png 8w, https:\/\/gemeinsam-fuer-dernbach.de\/wp-content\/uploads\/2025\/12\/Gemeinderat-600x900.png 600w\" sizes=\"auto, (max-width: 1024px) 100vw, 1024px\" \/><\/a><\/figure><\/div>\n<\/div>\n\n\n\n<div class=\"wp-block-column is-layout-flow wp-block-column-is-layout-flow\" style=\"flex-basis:100%\"><h2 class=\"wp-block-post-title has-large-font-size\"><a href=\"https:\/\/gemeinsam-fuer-dernbach.de\/en\/haushalt-unter-druck-wichtige-projekte-auf-der-tagesordnung\" target=\"_self\" >Budget under pressure, important projects on the agenda<\/a><\/h2>\n\n<div class=\"wp-block-post-excerpt has-medium-font-size\"><p class=\"wp-block-post-excerpt__excerpt\">In the recent Council meeting, several important topics were on the agenda: the 2026 budget, the forestry plan and the fight against the Hercules dam. It became clear that the financial leeway of the local community was becoming narrower. The budget had already been discussed in the main and financial committee in advance. Manuel commented on the budget that both levies and personnel costs have increased by around 100,000 euros each. As a result, the financial situation continues to deteriorate and the municipality will also have to deal with an improvement in the revenue situation in the future. In addition, special expenses in the kindergarten area were spread over two years and the result was therefore cheaper \u2026<\/p><p class=\"wp-block-post-excerpt__more-text\"><a class=\"wp-block-post-excerpt__more-link\" href=\"https:\/\/gemeinsam-fuer-dernbach.de\/en\/haushalt-unter-druck-wichtige-projekte-auf-der-tagesordnung\">read more...<\/a><\/p><\/div><\/div>\n<\/div>\n\n\n\n<hr class=\"wp-block-separator has-alpha-channel-opacity\"\/>\n\n<\/li><\/ul><\/div>\n\n\n\n<hr class=\"wp-block-separator has-alpha-channel-opacity\"\/>\n\n\n\n<p class=\"wp-block-paragraph\"><strong>Together for Dernbach <\/strong> is made up of local citizens who care about the welfare and interests of all dervishes. The aim is to provide a liveable village with a family-friendly environment and a strong community. In addition to new ideas for citizen-oriented projects, this also requires people who want to actively work on their implementation. Therefore, we have joined together as a party-politically independent community and have been elected in the local elections in 2024 as <strong>Yankovich electoral group<\/strong> kicked off.<\/p>\n\n\n\n<ul class=\"wp-block-social-links is-content-justification-center is-layout-flex wp-container-core-social-links-is-layout-b29d4327 wp-block-social-links-is-layout-flex\"><li class=\"wp-social-link wp-social-link-facebook wp-block-social-link\"><a href=\"https:\/\/www.facebook.com\/profile.php?id=61552652926388\" class=\"wp-block-social-link-anchor\"><svg width=\"24\" height=\"24\" viewbox=\"0 0 24 24\" version=\"1.1\" xmlns=\"http:\/\/www.w3.org\/2000\/svg\" aria-hidden=\"true\" focusable=\"false\"><path d=\"M12 2C6.5 2 2 6.5 2 12c0 5 3.7 9.1 8.4 9.9v-7H7.9V12h2.5V9.8c0-2.5 1.5-3.9 3.8-3.9 1.1 0 2.2.2 2.2.2v2.5h-1.3c-1.2 0-1.6.8-1.6 1.6V12h2.8l-.4 2.9h-2.3v7C18.3 21.1 22 17 22 12c0-5.5-4.5-10-10-10z\"><\/path><\/svg><span class=\"wp-block-social-link-label screen-reader-text\">Facebook<\/span><\/a><\/li>\n\n<li class=\"wp-social-link wp-social-link-instagram wp-block-social-link\"><a href=\"https:\/\/www.instagram.com\/gemeinsam_fuer_dernbach\/\" class=\"wp-block-social-link-anchor\"><svg width=\"24\" height=\"24\" viewbox=\"0 0 24 24\" version=\"1.1\" xmlns=\"http:\/\/www.w3.org\/2000\/svg\" aria-hidden=\"true\" focusable=\"false\"><path d=\"M12,4.622c2.403,0,2.688,0.009,3.637,0.052c0.877,0.04,1.354,0.187,1.671,0.31c0.42,0.163,0.72,0.358,1.035,0.673 c0.315,0.315,0.51,0.615,0.673,1.035c0.123,0.317,0.27,0.794,0.31,1.671c0.043,0.949,0.052,1.234,0.052,3.637 s-0.009,2.688-0.052,3.637c-0.04,0.877-0.187,1.354-0.31,1.671c-0.163,0.42-0.358,0.72-0.673,1.035 c-0.315,0.315-0.615,0.51-1.035,0.673c-0.317,0.123-0.794,0.27-1.671,0.31c-0.949,0.043-1.233,0.052-3.637,0.052 s-2.688-0.009-3.637-0.052c-0.877-0.04-1.354-0.187-1.671-0.31c-0.42-0.163-0.72-0.358-1.035-0.673 c-0.315-0.315-0.51-0.615-0.673-1.035c-0.123-0.317-0.27-0.794-0.31-1.671C4.631,14.688,4.622,14.403,4.622,12 s0.009-2.688,0.052-3.637c0.04-0.877,0.187-1.354,0.31-1.671c0.163-0.42,0.358-0.72,0.673-1.035 c0.315-0.315,0.615-0.51,1.035-0.673c0.317-0.123,0.794-0.27,1.671-0.31C9.312,4.631,9.597,4.622,12,4.622 M12,3 C9.556,3,9.249,3.01,8.289,3.054C7.331,3.098,6.677,3.25,6.105,3.472C5.513,3.702,5.011,4.01,4.511,4.511 c-0.5,0.5-0.808,1.002-1.038,1.594C3.25,6.677,3.098,7.331,3.054,8.289C3.01,9.249,3,9.556,3,12c0,2.444,0.01,2.751,0.054,3.711 c0.044,0.958,0.196,1.612,0.418,2.185c0.23,0.592,0.538,1.094,1.038,1.594c0.5,0.5,1.002,0.808,1.594,1.038 c0.572,0.222,1.227,0.375,2.185,0.418C9.249,20.99,9.556,21,12,21s2.751-0.01,3.711-0.054c0.958-0.044,1.612-0.196,2.185-0.418 c0.592-0.23,1.094-0.538,1.594-1.038c0.5-0.5,0.808-1.002,1.038-1.594c0.222-0.572,0.375-1.227,0.418-2.185 C20.99,14.751,21,14.444,21,12s-0.01-2.751-0.054-3.711c-0.044-0.958-0.196-1.612-0.418-2.185c-0.23-0.592-0.538-1.094-1.038-1.594 c-0.5-0.5-1.002-0.808-1.594-1.038c-0.572-0.222-1.227-0.375-2.185-0.418C14.751,3.01,14.444,3,12,3L12,3z M12,7.378 c-2.552,0-4.622,2.069-4.622,4.622S9.448,16.622,12,16.622s4.622-2.069,4.622-4.622S14.552,7.378,12,7.378z M12,15 c-1.657,0-3-1.343-3-3s1.343-3,3-3s3,1.343,3,3S13.657,15,12,15z M16.804,6.116c-0.596,0-1.08,0.484-1.08,1.08 s0.484,1.08,1.08,1.08c0.596,0,1.08-0.484,1.08-1.08S17.401,6.116,16.804,6.116z\"><\/path><\/svg><span class=\"wp-block-social-link-label screen-reader-text\">Instagram<\/span><\/a><\/li><\/ul>","protected":false},"excerpt":{"rendered":"<p>Welcome toTogether for Dernbach. We are committed to a strong community and a liveable village. I'm glad you're stopping by. Next dates Latest news More under News Together for Dernbach sets [\u2026]<\/p>","protected":false},"author":1,"featured_media":719,"parent":0,"menu_order":0,"comment_status":"closed","ping_status":"closed","template":"page-no-title","meta":{"_price":"","_stock":"","_tribe_ticket_header":"","_tribe_default_ticket_provider":"","_tribe_ticket_capacity":"0","_ticket_start_date":"","_ticket_end_date":"","_tribe_ticket_show_description":"","_tribe_ticket_show_not_going":false,"_tribe_ticket_use_global_stock":"","_tribe_ticket_global_stock_level":"","_global_stock_mode":"","_global_stock_cap":"","_tribe_rsvp_for_event":"","_tribe_ticket_going_count":"","_tribe_ticket_not_going_count":"","_tribe_tickets_list":"[]","_tribe_ticket_has_attendee_info_fields":false,"_EventAllDay":false,"_EventTimezone":"","_EventStartDate":"","_EventEndDate":"","_EventStartDateUTC":"","_EventEndDateUTC":"","_EventShowMap":false,"_EventShowMapLink":false,"_EventURL":"","_EventCost":"","_EventCostDescription":"","_EventCurrencySymbol":"","_EventCurrencyCode":"","_EventCurrencyPosition":"","_EventDateTimeSeparator":"","_EventTimeRangeSeparator":"","_EventOrganizerID":[],"_EventVenueID":[],"_OrganizerEmail":"","_OrganizerPhone":"","_OrganizerWebsite":"","_VenueAddress":"","_VenueCity":"","_VenueCountry":"","_VenueProvince":"","_VenueState":"","_VenueZip":"","_VenuePhone":"","_VenueURL":"","_VenueStateProvince":"","_VenueLat":"","_VenueLng":"","_VenueShowMap":false,"_VenueShowMapLink":false,"footnotes":"","_tec_slr_enabled":"","_tec_slr_layout":""},"class_list":["post-8","page","type-page","status-publish","has-post-thumbnail","hentry","cat_offene-fraktionssitzung"],"aioseo_notices":[],"aioseo_head":"\n\t\t<!-- All in One SEO 5.0.1.1 - aioseo.com -->\n\t<meta name=\"description\" content=\"Wir engagieren uns f\u00fcr eine starke Gemeinschaft und ein lebenswertes Dorf. Nicht Parteiinteressen, sondern das Wohl aller Derwischer liegt uns am Herzen. Ziel ist es, ein lebenswertes Dorf mit einem familienfreundlichen Umfeld und einer starken Gemeinschaft zu bieten.\" \/>\n\t<meta name=\"robots\" content=\"max-image-preview:large\" \/>\n\t<link rel=\"canonical\" href=\"https:\/\/gemeinsam-fuer-dernbach.de\/en\" \/>\n\t<meta name=\"generator\" content=\"All in One SEO (AIOSEO) 5.0.1.1\" \/>\n\t\t<meta property=\"og:locale\" content=\"en_GB\" \/>\n\t\t<meta property=\"og:site_name\" content=\"Gemeinsam f\u00fcr Dernbach - Gemeinsam f\u00fcr Dernbach - Website der W\u00e4hlergruppe Jankowitsch\" \/>\n\t\t<meta property=\"og:type\" content=\"website\" \/>\n\t\t<meta property=\"og:title\" content=\"Startseite - Gemeinsam f\u00fcr Dernbach\" \/>\n\t\t<meta property=\"og:description\" content=\"Wir engagieren uns f\u00fcr eine starke Gemeinschaft und ein lebenswertes Dorf. Nicht Parteiinteressen, sondern das Wohl aller Derwischer liegt uns am Herzen. Ziel ist es, ein lebenswertes Dorf mit einem familienfreundlichen Umfeld und einer starken Gemeinschaft zu bieten.\" \/>\n\t\t<meta property=\"og:url\" content=\"https:\/\/gemeinsam-fuer-dernbach.de\/en\" \/>\n\t\t<meta property=\"og:image\" content=\"https:\/\/gemeinsam-fuer-dernbach.de\/wp-content\/uploads\/2024\/12\/cropped-Button.png\" \/>\n\t\t<meta property=\"og:image:secure_url\" content=\"https:\/\/gemeinsam-fuer-dernbach.de\/wp-content\/uploads\/2024\/12\/cropped-Button.png\" \/>\n\t\t<meta property=\"og:image:width\" content=\"512\" \/>\n\t\t<meta property=\"og:image:height\" content=\"512\" \/>\n\t\t<meta name=\"twitter:card\" content=\"summary_large_image\" \/>\n\t\t<meta name=\"twitter:title\" content=\"Startseite - Gemeinsam f\u00fcr Dernbach\" \/>\n\t\t<meta name=\"twitter:description\" content=\"Wir engagieren uns f\u00fcr eine starke Gemeinschaft und ein lebenswertes Dorf. Nicht Parteiinteressen, sondern das Wohl aller Derwischer liegt uns am Herzen. Ziel ist es, ein lebenswertes Dorf mit einem familienfreundlichen Umfeld und einer starken Gemeinschaft zu bieten.\" \/>\n\t\t<meta name=\"twitter:image\" content=\"https:\/\/gemeinsam-fuer-dernbach.de\/wp-content\/uploads\/2024\/12\/cropped-Button.png\" \/>\n\t\t<script type=\"application\/ld+json\" class=\"aioseo-schema\">\n\t\t\t{\"@context\":\"https:\\\/\\\/schema.org\",\"@graph\":[{\"@type\":\"BreadcrumbList\",\"@id\":\"https:\\\/\\\/gemeinsam-fuer-dernbach.de\\\/en\\\/#breadcrumblist\",\"itemListElement\":[{\"@type\":\"ListItem\",\"@id\":\"https:\\\/\\\/gemeinsam-fuer-dernbach.de\\\/en#listItem\",\"position\":1,\"name\":\"Home\",\"item\":\"https:\\\/\\\/gemeinsam-fuer-dernbach.de\\\/en\",\"nextItem\":{\"@type\":\"ListItem\",\"@id\":\"https:\\\/\\\/gemeinsam-fuer-dernbach.de\\\/en\\\/#listItem\",\"name\":\"Startseite\"}},{\"@type\":\"ListItem\",\"@id\":\"https:\\\/\\\/gemeinsam-fuer-dernbach.de\\\/en\\\/#listItem\",\"position\":2,\"name\":\"Startseite\",\"previousItem\":{\"@type\":\"ListItem\",\"@id\":\"https:\\\/\\\/gemeinsam-fuer-dernbach.de\\\/en#listItem\",\"name\":\"Home\"}}]},{\"@type\":\"Organization\",\"@id\":\"https:\\\/\\\/gemeinsam-fuer-dernbach.de\\\/en\\\/#organization\",\"name\":\"Gemeinsam f\\u00fcr Dernbach\",\"description\":\"Gemeinsam f\\u00fcr Dernbach - Website der W\\u00e4hlergruppe Jankowitsch\",\"url\":\"https:\\\/\\\/gemeinsam-fuer-dernbach.de\\\/en\\\/\",\"logo\":{\"@type\":\"ImageObject\",\"url\":\"https:\\\/\\\/gemeinsam-fuer-dernbach.de\\\/wp-content\\\/uploads\\\/2024\\\/12\\\/cropped-Button.png\",\"@id\":\"https:\\\/\\\/gemeinsam-fuer-dernbach.de\\\/en\\\/#organizationLogo\",\"width\":512,\"height\":512,\"caption\":\"Gemeinsam f\\u00fcr Dernbach\"},\"image\":{\"@id\":\"https:\\\/\\\/gemeinsam-fuer-dernbach.de\\\/en\\\/#organizationLogo\"},\"sameAs\":[\"https:\\\/\\\/www.facebook.com\\\/gemeinsam.fuer.dernbach\\\/\",\"https:\\\/\\\/www.instagram.com\\\/gemeinsam_fuer_dernbach\\\/\"]},{\"@type\":\"Person\",\"@id\":\"https:\\\/\\\/gemeinsam-fuer-dernbach.de\\\/en\\\/author\\\/gfd_admin#author\",\"url\":\"https:\\\/\\\/gemeinsam-fuer-dernbach.de\\\/en\\\/author\\\/gfd_admin\",\"name\":\"GfD_Admin\"},{\"@type\":\"WebPage\",\"@id\":\"https:\\\/\\\/gemeinsam-fuer-dernbach.de\\\/en\\\/#webpage\",\"url\":\"https:\\\/\\\/gemeinsam-fuer-dernbach.de\\\/en\\\/\",\"name\":\"Startseite - Gemeinsam f\\u00fcr Dernbach\",\"description\":\"Wir engagieren uns f\\u00fcr eine starke Gemeinschaft und ein lebenswertes Dorf. Nicht Parteiinteressen, sondern das Wohl aller Derwischer liegt uns am Herzen. Ziel ist es, ein lebenswertes Dorf mit einem familienfreundlichen Umfeld und einer starken Gemeinschaft zu bieten.\",\"inLanguage\":\"en-GB\",\"isPartOf\":{\"@id\":\"https:\\\/\\\/gemeinsam-fuer-dernbach.de\\\/en\\\/#website\"},\"breadcrumb\":{\"@id\":\"https:\\\/\\\/gemeinsam-fuer-dernbach.de\\\/en\\\/#breadcrumblist\"},\"author\":{\"@id\":\"https:\\\/\\\/gemeinsam-fuer-dernbach.de\\\/en\\\/author\\\/gfd_admin#author\"},\"creator\":{\"@id\":\"https:\\\/\\\/gemeinsam-fuer-dernbach.de\\\/en\\\/author\\\/gfd_admin#author\"},\"image\":{\"@type\":\"ImageObject\",\"url\":\"https:\\\/\\\/gemeinsam-fuer-dernbach.de\\\/wp-content\\\/uploads\\\/2026\\\/08\\\/2608_Einladung-GfD-Fraktionssitzung-scaled.jpg\",\"@id\":\"https:\\\/\\\/gemeinsam-fuer-dernbach.de\\\/en\\\/#mainImage\",\"width\":2058,\"height\":2560,\"caption\":\"Sonntag, 6. September, 10:30 bis 12 Uhr\"},\"primaryImageOfPage\":{\"@id\":\"https:\\\/\\\/gemeinsam-fuer-dernbach.de\\\/en\\\/#mainImage\"},\"datePublished\":\"2025-02-04T16:56:17+01:00\",\"dateModified\":\"2026-04-23T21:33:22+01:00\"},{\"@type\":\"WebSite\",\"@id\":\"https:\\\/\\\/gemeinsam-fuer-dernbach.de\\\/en\\\/#website\",\"url\":\"https:\\\/\\\/gemeinsam-fuer-dernbach.de\\\/en\\\/\",\"name\":\"Gemeinsam f\\u00fcr Dernbach\",\"description\":\"Gemeinsam f\\u00fcr Dernbach - Website der W\\u00e4hlergruppe Jankowitsch\",\"inLanguage\":\"en-GB\",\"publisher\":{\"@id\":\"https:\\\/\\\/gemeinsam-fuer-dernbach.de\\\/en\\\/#organization\"}}]}\n\t\t<\/script>\n\t\t<!-- All in One SEO -->\n\n","aioseo_head_json":{"title":"Startseite - Gemeinsam f\u00fcr Dernbach","description":"Wir engagieren uns f\u00fcr eine starke Gemeinschaft und ein lebenswertes Dorf. Nicht Parteiinteressen, sondern das Wohl aller Derwischer liegt uns am Herzen. Ziel ist es, ein lebenswertes Dorf mit einem familienfreundlichen Umfeld und einer starken Gemeinschaft zu bieten.","canonical_url":"https:\/\/gemeinsam-fuer-dernbach.de\/en","robots":"max-image-preview:large","keywords":"","webmasterTools":{"miscellaneous":""},"schema":{"@context":"https:\/\/schema.org","@graph":[{"@type":"BreadcrumbList","@id":"https:\/\/gemeinsam-fuer-dernbach.de\/en\/#breadcrumblist","itemListElement":[{"@type":"ListItem","@id":"https:\/\/gemeinsam-fuer-dernbach.de\/en#listItem","position":1,"name":"Home","item":"https:\/\/gemeinsam-fuer-dernbach.de\/en","nextItem":{"@type":"ListItem","@id":"https:\/\/gemeinsam-fuer-dernbach.de\/en\/#listItem","name":"Startseite"}},{"@type":"ListItem","@id":"https:\/\/gemeinsam-fuer-dernbach.de\/en\/#listItem","position":2,"name":"Startseite","previousItem":{"@type":"ListItem","@id":"https:\/\/gemeinsam-fuer-dernbach.de\/en#listItem","name":"Home"}}]},{"@type":"Organization","@id":"https:\/\/gemeinsam-fuer-dernbach.de\/en\/#organization","name":"Gemeinsam f\u00fcr Dernbach","description":"Gemeinsam f\u00fcr Dernbach - Website der W\u00e4hlergruppe Jankowitsch","url":"https:\/\/gemeinsam-fuer-dernbach.de\/en\/","logo":{"@type":"ImageObject","url":"https:\/\/gemeinsam-fuer-dernbach.de\/wp-content\/uploads\/2024\/12\/cropped-Button.png","@id":"https:\/\/gemeinsam-fuer-dernbach.de\/en\/#organizationLogo","width":512,"height":512,"caption":"Gemeinsam f\u00fcr Dernbach"},"image":{"@id":"https:\/\/gemeinsam-fuer-dernbach.de\/en\/#organizationLogo"},"sameAs":["https:\/\/www.facebook.com\/gemeinsam.fuer.dernbach\/","https:\/\/www.instagram.com\/gemeinsam_fuer_dernbach\/"]},{"@type":"Person","@id":"https:\/\/gemeinsam-fuer-dernbach.de\/en\/author\/gfd_admin#author","url":"https:\/\/gemeinsam-fuer-dernbach.de\/en\/author\/gfd_admin","name":"GfD_Admin"},{"@type":"WebPage","@id":"https:\/\/gemeinsam-fuer-dernbach.de\/en\/#webpage","url":"https:\/\/gemeinsam-fuer-dernbach.de\/en\/","name":"Startseite - Gemeinsam f\u00fcr Dernbach","description":"Wir engagieren uns f\u00fcr eine starke Gemeinschaft und ein lebenswertes Dorf. Nicht Parteiinteressen, sondern das Wohl aller Derwischer liegt uns am Herzen. Ziel ist es, ein lebenswertes Dorf mit einem familienfreundlichen Umfeld und einer starken Gemeinschaft zu bieten.","inLanguage":"en-GB","isPartOf":{"@id":"https:\/\/gemeinsam-fuer-dernbach.de\/en\/#website"},"breadcrumb":{"@id":"https:\/\/gemeinsam-fuer-dernbach.de\/en\/#breadcrumblist"},"author":{"@id":"https:\/\/gemeinsam-fuer-dernbach.de\/en\/author\/gfd_admin#author"},"creator":{"@id":"https:\/\/gemeinsam-fuer-dernbach.de\/en\/author\/gfd_admin#author"},"image":{"@type":"ImageObject","url":"https:\/\/gemeinsam-fuer-dernbach.de\/wp-content\/uploads\/2026\/08\/2608_Einladung-GfD-Fraktionssitzung-scaled.jpg","@id":"https:\/\/gemeinsam-fuer-dernbach.de\/en\/#mainImage","width":2058,"height":2560,"caption":"Sonntag, 6. September, 10:30 bis 12 Uhr"},"primaryImageOfPage":{"@id":"https:\/\/gemeinsam-fuer-dernbach.de\/en\/#mainImage"},"datePublished":"2025-02-04T16:56:17+01:00","dateModified":"2026-04-23T21:33:22+01:00"},{"@type":"WebSite","@id":"https:\/\/gemeinsam-fuer-dernbach.de\/en\/#website","url":"https:\/\/gemeinsam-fuer-dernbach.de\/en\/","name":"Gemeinsam f\u00fcr Dernbach","description":"Gemeinsam f\u00fcr Dernbach - Website der W\u00e4hlergruppe Jankowitsch","inLanguage":"en-GB","publisher":{"@id":"https:\/\/gemeinsam-fuer-dernbach.de\/en\/#organization"}}]},"og:locale":"en_GB","og:site_name":"Gemeinsam f\u00fcr Dernbach - Gemeinsam f\u00fcr Dernbach - Website der W\u00e4hlergruppe Jankowitsch","og:type":"website","og:title":"Startseite - Gemeinsam f\u00fcr Dernbach","og:description":"Wir engagieren uns f\u00fcr eine starke Gemeinschaft und ein lebenswertes Dorf. Nicht Parteiinteressen, sondern das Wohl aller Derwischer liegt uns am Herzen. Ziel ist es, ein lebenswertes Dorf mit einem familienfreundlichen Umfeld und einer starken Gemeinschaft zu bieten.","og:url":"https:\/\/gemeinsam-fuer-dernbach.de\/en","og:image":"https:\/\/gemeinsam-fuer-dernbach.de\/wp-content\/uploads\/2024\/12\/cropped-Button.png","og:image:secure_url":"https:\/\/gemeinsam-fuer-dernbach.de\/wp-content\/uploads\/2024\/12\/cropped-Button.png","og:image:width":512,"og:image:height":512,"twitter:card":"summary_large_image","twitter:title":"Startseite - Gemeinsam f\u00fcr Dernbach","twitter:description":"Wir engagieren uns f\u00fcr eine starke Gemeinschaft und ein lebenswertes Dorf. Nicht Parteiinteressen, sondern das Wohl aller Derwischer liegt uns am Herzen. Ziel ist es, ein lebenswertes Dorf mit einem familienfreundlichen Umfeld und einer starken Gemeinschaft zu bieten.","twitter:image":"https:\/\/gemeinsam-fuer-dernbach.de\/wp-content\/uploads\/2024\/12\/cropped-Button.png"},"aioseo_meta_data":{"post_id":"8","title":"Startseite - Gemeinsam f\u00fcr Dernbach","description":"Wir engagieren uns f\u00fcr eine starke Gemeinschaft und ein lebenswertes Dorf. Nicht Parteiinteressen, sondern das Wohl aller Derwischer liegt uns am Herzen. Ziel ist es, ein lebenswertes Dorf mit einem familienfreundlichen Umfeld und einer starken Gemeinschaft zu bieten.","keywords":null,"keyphrases":{"focus":{"keyphrase":"","score":0,"analysis":{"keyphraseInTitle":{"score":0,"maxScore":9,"error":1}}},"additional":[]},"primary_term":null,"canonical_url":null,"og_title":null,"og_description":null,"og_object_type":"website","og_image_type":"default","og_image_url":null,"og_image_width":null,"og_image_height":null,"og_image_custom_url":null,"og_image_custom_fields":null,"og_video":"","og_custom_url":null,"og_article_section":null,"og_article_tags":null,"twitter_use_og":false,"twitter_card":"default","twitter_image_type":"default","twitter_image_url":null,"twitter_image_custom_url":null,"twitter_image_custom_fields":null,"twitter_title":null,"twitter_description":null,"schema":{"blockGraphs":[],"customGraphs":[],"default":{"data":{"Article":[],"Course":[],"Dataset":[],"FAQPage":[],"Movie":[],"Person":[],"Product":[],"ProductReview":[],"Car":[],"Recipe":[],"Service":[],"SoftwareApplication":[],"WebPage":[]},"graphName":"WebPage","isEnabled":true},"graphs":[]},"schema_type":"default","schema_type_options":null,"pillar_content":false,"robots_default":true,"robots_noindex":false,"robots_noarchive":false,"robots_nosnippet":false,"robots_nofollow":false,"robots_noimageindex":false,"robots_noodp":false,"robots_notranslate":false,"robots_max_snippet":"-1","robots_max_videopreview":"-1","robots_max_imagepreview":"large","priority":null,"frequency":"default","local_seo":null,"breadcrumb_settings":null,"limit_modified_date":false,"ai":{"faqs":[],"keyPoints":[],"schemas":[],"titles":[],"descriptions":[],"socialPosts":{"email":[],"linkedin":[],"twitter":[],"facebook":[],"instagram":[]}},"created":"2025-06-24 19:56:28","updated":"2026-04-24 15:43:52","seo_analyzer_scan_date":null,"focus_keyword":null,"additional_keywords":null,"truseo_locale":null},"aioseo_breadcrumb":"<div class=\"aioseo-breadcrumbs\"><span class=\"aioseo-breadcrumb\">\n\t\t\t<a href=\"https:\/\/gemeinsam-fuer-dernbach.de\/en\" title=\"Home\">Home<\/a>\n\t\t<\/span><span class=\"aioseo-breadcrumb-separator\">&raquo;<\/span><span class=\"aioseo-breadcrumb\">\n\t\t\tStartseite\n\t\t<\/span><\/div>","aioseo_breadcrumb_json":[{"label":"Home","link":"https:\/\/gemeinsam-fuer-dernbach.de\/en"},{"label":"Startseite","link":"https:\/\/gemeinsam-fuer-dernbach.de\/en\/"}],"ticketed":false,"_links":{"self":[{"href":"https:\/\/gemeinsam-fuer-dernbach.de\/en\/wp-json\/wp\/v2\/pages\/8","targetHints":{"allow":["GET"]}}],"collection":[{"href":"https:\/\/gemeinsam-fuer-dernbach.de\/en\/wp-json\/wp\/v2\/pages"}],"about":[{"href":"https:\/\/gemeinsam-fuer-dernbach.de\/en\/wp-json\/wp\/v2\/types\/page"}],"author":[{"embeddable":true,"href":"https:\/\/gemeinsam-fuer-dernbach.de\/en\/wp-json\/wp\/v2\/users\/1"}],"replies":[{"embeddable":true,"href":"https:\/\/gemeinsam-fuer-dernbach.de\/en\/wp-json\/wp\/v2\/comments?post=8"}],"version-history":[{"count":197,"href":"https:\/\/gemeinsam-fuer-dernbach.de\/en\/wp-json\/wp\/v2\/pages\/8\/revisions"}],"predecessor-version":[{"id":1695,"href":"https:\/\/gemeinsam-fuer-dernbach.de\/en\/wp-json\/wp\/v2\/pages\/8\/revisions\/1695"}],"wp:featuredmedia":[{"embeddable":true,"href":"https:\/\/gemeinsam-fuer-dernbach.de\/en\/wp-json\/wp\/v2\/media\/719"}],"wp:attachment":[{"href":"https:\/\/gemeinsam-fuer-dernbach.de\/en\/wp-json\/wp\/v2\/media?parent=8"}],"curies":[{"name":"wp","href":"https:\/\/api.w.org\/{rel}","templated":true}]}}