{"id":1495,"date":"2025-06-16T10:17:26","date_gmt":"2025-06-16T09:17:26","guid":{"rendered":"https:\/\/gemeinsam-fuer-dernbach.de\/?post_type=tribe_events&#038;p=1495"},"modified":"2025-06-24T22:47:06","modified_gmt":"2025-06-24T21:47:06","slug":"buergerfruehstueck-unter-den-linden","status":"publish","type":"tribe_events","link":"https:\/\/gemeinsam-fuer-dernbach.de\/en\/kalender\/buergerfruehstueck-unter-den-linden","title":{"rendered":"Citizen's breakfast under the linden trees"},"content":{"rendered":"<p>The Cultural Committee cordially invites all citizens to the joint citizens' breakfast and hopes that many will follow the invitation and support a lively village community. A bouncy castle is available for the little ones. [Update: According to information in the municipal council, the bouncy castle is unfortunately not available].<\/p>\n<p class=\"paragraph\">In order to be able to provide enough tables and benches, we ask for feedback on how many people participate:<\/p>\n<p class=\"paragraph callout secondary\"><strong>By e-mail at: Info@dernbach.de or<\/strong> <strong>by phone at : 0173 \u2013 34 10 601<\/strong><\/p>\n<p>Message adopted and adapted: <a href=\"https:\/\/www.wirges.de\/gemeinden\/dernbach\/aktuelles-aus-dernbach\/11-06-2025-buergerfruehstueck-unter-den-linden\/\">https:\/\/www.wirges.de\/gemeinden\/dernbach\/aktuelles-aus-dernbach\/11-06-2025-buergerfruehstueck-unter-den-linden\/<\/a><\/p>\n<p>(Image source: Dall-E\/Chat-GPT)<\/p>","protected":false},"excerpt":{"rendered":"<p>The Cultural Committee cordially invites all citizens to the joint citizens' breakfast and hopes that many will follow the invitation and support a lively village community. For the little ones there is a bouncy castle [...]<\/p>","protected":false},"author":2,"featured_media":1499,"template":"","meta":{"_price":"","_stock":"","_tribe_ticket_header":"","_tribe_default_ticket_provider":"","_tribe_ticket_capacity":"0","_ticket_start_date":"","_ticket_end_date":"","_tribe_ticket_show_description":"","_tribe_ticket_show_not_going":false,"_tribe_ticket_use_global_stock":"","_tribe_ticket_global_stock_level":"","_global_stock_mode":"","_global_stock_cap":"","_tribe_rsvp_for_event":"","_tribe_ticket_going_count":"","_tribe_ticket_not_going_count":"","_tribe_tickets_list":"[]","_tribe_ticket_has_attendee_info_fields":false,"_EventAllDay":false,"_EventTimezone":"UTC+1","_EventStartDate":"2025-06-29 10:30:00","_EventEndDate":"2025-06-29 14:00:00","_EventStartDateUTC":"2025-06-29 08:30:00","_EventEndDateUTC":"2025-06-29 12:00:00","_EventShowMap":true,"_EventShowMapLink":true,"_EventURL":"","_EventCost":"","_EventCostDescription":"","_EventCurrencySymbol":"","_EventCurrencyCode":"","_EventCurrencyPosition":"","_EventDateTimeSeparator":"","_EventTimeRangeSeparator":"","_EventOrganizerID":[],"_EventVenueID":[1496],"_OrganizerEmail":"","_OrganizerPhone":"","_OrganizerWebsite":"","_VenueAddress":"","_VenueCity":"","_VenueCountry":"","_VenueProvince":"","_VenueState":"","_VenueZip":"","_VenuePhone":"","_VenueURL":"","_VenueStateProvince":"","_VenueLat":"","_VenueLng":"","_VenueShowMap":false,"_VenueShowMapLink":false,"_tribe_events_status":"","_tribe_events_status_reason":"","footnotes":"","_tec_slr_enabled":"","_tec_slr_layout":""},"tags":[87,88],"tribe_events_cat":[42],"class_list":["post-1495","tribe_events","type-tribe_events","status-publish","has-post-thumbnail","hentry","tag-buergerfruehstueck","tag-dorfgemeinschaft","tribe_events_cat-dorfgemeinschaft","cat_dorfgemeinschaft"],"aioseo_notices":[],"aioseo_head":"\n\t\t<!-- All in One SEO 5.0.1.1 - aioseo.com -->\n\t<meta name=\"description\" content=\"Der Kulturausschuss l\u00e4dt alle B\u00fcrgerinnen und B\u00fcrger herzlich zum gemeinsamen B\u00fcrgerfr\u00fchst\u00fcck ein und hofft, dass viele der Einladung folgen und eine lebendige Dorfgemeinschaft unterst\u00fctzen. F\u00fcr die Kleinen steht eine H\u00fcpfburg bereit. [Aktualisierung: Laut Information im Gemeinderat steht die H\u00fcpfburg leider nicht zur Verf\u00fcgung]. Um ausreichend Tische und B\u00e4nke stellen zu k\u00f6nnen, wird um R\u00fcckmeldung gebeten,\" \/>\n\t<meta name=\"robots\" content=\"max-image-preview:large\" \/>\n\t<meta name=\"author\" content=\"GfD_Manuel\"\/>\n\t<link rel=\"canonical\" href=\"https:\/\/gemeinsam-fuer-dernbach.de\/en\/kalender\/buergerfruehstueck-unter-den-linden\" \/>\n\t<meta name=\"generator\" content=\"All in One SEO (AIOSEO) 5.0.1.1\" \/>\n\t\t<meta property=\"og:locale\" content=\"en_GB\" \/>\n\t\t<meta property=\"og:site_name\" content=\"Gemeinsam f\u00fcr Dernbach - Gemeinsam f\u00fcr Dernbach - Website der W\u00e4hlergruppe Jankowitsch\" \/>\n\t\t<meta property=\"og:type\" content=\"article\" \/>\n\t\t<meta property=\"og:title\" content=\"B\u00fcrgerfr\u00fchst\u00fcck unter den Linden - Gemeinsam f\u00fcr Dernbach\" \/>\n\t\t<meta property=\"og:description\" content=\"Der Kulturausschuss l\u00e4dt alle B\u00fcrgerinnen und B\u00fcrger herzlich zum gemeinsamen B\u00fcrgerfr\u00fchst\u00fcck ein und hofft, dass viele der Einladung folgen und eine lebendige Dorfgemeinschaft unterst\u00fctzen. F\u00fcr die Kleinen steht eine H\u00fcpfburg bereit. [Aktualisierung: Laut Information im Gemeinderat steht die H\u00fcpfburg leider nicht zur Verf\u00fcgung]. Um ausreichend Tische und B\u00e4nke stellen zu k\u00f6nnen, wird um R\u00fcckmeldung gebeten,\" \/>\n\t\t<meta property=\"og:url\" content=\"https:\/\/gemeinsam-fuer-dernbach.de\/en\/kalender\/buergerfruehstueck-unter-den-linden\" \/>\n\t\t<meta property=\"og:image\" content=\"https:\/\/gemeinsam-fuer-dernbach.de\/wp-content\/uploads\/2024\/12\/cropped-Button.png\" \/>\n\t\t<meta property=\"og:image:secure_url\" content=\"https:\/\/gemeinsam-fuer-dernbach.de\/wp-content\/uploads\/2024\/12\/cropped-Button.png\" \/>\n\t\t<meta property=\"og:image:width\" content=\"512\" \/>\n\t\t<meta property=\"og:image:height\" content=\"512\" \/>\n\t\t<meta property=\"article:published_time\" content=\"2025-06-16T09:17:26+00:00\" \/>\n\t\t<meta property=\"article:modified_time\" content=\"2025-06-24T21:47:06+00:00\" \/>\n\t\t<meta property=\"article:publisher\" content=\"https:\/\/www.facebook.com\/gemeinsam.fuer.dernbach\/\" \/>\n\t\t<meta name=\"twitter:card\" content=\"summary_large_image\" \/>\n\t\t<meta name=\"twitter:title\" content=\"B\u00fcrgerfr\u00fchst\u00fcck unter den Linden - Gemeinsam f\u00fcr Dernbach\" \/>\n\t\t<meta name=\"twitter:description\" content=\"Der Kulturausschuss l\u00e4dt alle B\u00fcrgerinnen und B\u00fcrger herzlich zum gemeinsamen B\u00fcrgerfr\u00fchst\u00fcck ein und hofft, dass viele der Einladung folgen und eine lebendige Dorfgemeinschaft unterst\u00fctzen. F\u00fcr die Kleinen steht eine H\u00fcpfburg bereit. [Aktualisierung: Laut Information im Gemeinderat steht die H\u00fcpfburg leider nicht zur Verf\u00fcgung]. Um ausreichend Tische und B\u00e4nke stellen zu k\u00f6nnen, wird um R\u00fcckmeldung gebeten,\" \/>\n\t\t<meta name=\"twitter:image\" content=\"https:\/\/gemeinsam-fuer-dernbach.de\/wp-content\/uploads\/2024\/12\/cropped-Button.png\" \/>\n\t\t<script type=\"application\/ld+json\" class=\"aioseo-schema\">\n\t\t\t{\"@context\":\"https:\\\/\\\/schema.org\",\"@graph\":[{\"@type\":\"BreadcrumbList\",\"@id\":\"https:\\\/\\\/gemeinsam-fuer-dernbach.de\\\/en\\\/kalender\\\/buergerfruehstueck-unter-den-linden#breadcrumblist\",\"itemListElement\":[{\"@type\":\"ListItem\",\"@id\":\"https:\\\/\\\/gemeinsam-fuer-dernbach.de\\\/en#listItem\",\"position\":1,\"name\":\"Home\",\"item\":\"https:\\\/\\\/gemeinsam-fuer-dernbach.de\\\/en\",\"nextItem\":{\"@type\":\"ListItem\",\"@id\":\"https:\\\/\\\/gemeinsam-fuer-dernbach.de\\\/en\\\/kalender\\\/#listItem\",\"name\":\"Events\"}},{\"@type\":\"ListItem\",\"@id\":\"https:\\\/\\\/gemeinsam-fuer-dernbach.de\\\/en\\\/kalender\\\/#listItem\",\"position\":2,\"name\":\"Events\",\"item\":\"https:\\\/\\\/gemeinsam-fuer-dernbach.de\\\/en\\\/kalender\\\/\",\"nextItem\":{\"@type\":\"ListItem\",\"@id\":\"https:\\\/\\\/gemeinsam-fuer-dernbach.de\\\/en\\\/tag\\\/buergerfruehstueck#listItem\",\"name\":\"B\\u00fcrgerfr\\u00fchst\\u00fcck\"},\"previousItem\":{\"@type\":\"ListItem\",\"@id\":\"https:\\\/\\\/gemeinsam-fuer-dernbach.de\\\/en#listItem\",\"name\":\"Home\"}},{\"@type\":\"ListItem\",\"@id\":\"https:\\\/\\\/gemeinsam-fuer-dernbach.de\\\/en\\\/tag\\\/buergerfruehstueck#listItem\",\"position\":3,\"name\":\"B\\u00fcrgerfr\\u00fchst\\u00fcck\",\"item\":\"https:\\\/\\\/gemeinsam-fuer-dernbach.de\\\/en\\\/tag\\\/buergerfruehstueck\",\"nextItem\":{\"@type\":\"ListItem\",\"@id\":\"https:\\\/\\\/gemeinsam-fuer-dernbach.de\\\/en\\\/kalender\\\/buergerfruehstueck-unter-den-linden#listItem\",\"name\":\"B\\u00fcrgerfr\\u00fchst\\u00fcck unter den Linden\"},\"previousItem\":{\"@type\":\"ListItem\",\"@id\":\"https:\\\/\\\/gemeinsam-fuer-dernbach.de\\\/en\\\/kalender\\\/#listItem\",\"name\":\"Events\"}},{\"@type\":\"ListItem\",\"@id\":\"https:\\\/\\\/gemeinsam-fuer-dernbach.de\\\/en\\\/kalender\\\/buergerfruehstueck-unter-den-linden#listItem\",\"position\":4,\"name\":\"B\\u00fcrgerfr\\u00fchst\\u00fcck unter den Linden\",\"previousItem\":{\"@type\":\"ListItem\",\"@id\":\"https:\\\/\\\/gemeinsam-fuer-dernbach.de\\\/en\\\/tag\\\/buergerfruehstueck#listItem\",\"name\":\"B\\u00fcrgerfr\\u00fchst\\u00fcck\"}}]},{\"@type\":\"Organization\",\"@id\":\"https:\\\/\\\/gemeinsam-fuer-dernbach.de\\\/en\\\/#organization\",\"name\":\"Gemeinsam f\\u00fcr Dernbach\",\"description\":\"Gemeinsam f\\u00fcr Dernbach - Website der W\\u00e4hlergruppe Jankowitsch\",\"url\":\"https:\\\/\\\/gemeinsam-fuer-dernbach.de\\\/en\\\/\",\"logo\":{\"@type\":\"ImageObject\",\"url\":\"https:\\\/\\\/gemeinsam-fuer-dernbach.de\\\/wp-content\\\/uploads\\\/2024\\\/12\\\/cropped-Button.png\",\"@id\":\"https:\\\/\\\/gemeinsam-fuer-dernbach.de\\\/en\\\/kalender\\\/buergerfruehstueck-unter-den-linden\\\/#organizationLogo\",\"width\":512,\"height\":512,\"caption\":\"Gemeinsam f\\u00fcr Dernbach\"},\"image\":{\"@id\":\"https:\\\/\\\/gemeinsam-fuer-dernbach.de\\\/en\\\/kalender\\\/buergerfruehstueck-unter-den-linden\\\/#organizationLogo\"},\"sameAs\":[\"https:\\\/\\\/www.facebook.com\\\/gemeinsam.fuer.dernbach\\\/\",\"https:\\\/\\\/www.instagram.com\\\/gemeinsam_fuer_dernbach\\\/\"]},{\"@type\":\"Person\",\"@id\":\"https:\\\/\\\/gemeinsam-fuer-dernbach.de\\\/en\\\/author\\\/gfd_manuel#author\",\"url\":\"https:\\\/\\\/gemeinsam-fuer-dernbach.de\\\/en\\\/author\\\/gfd_manuel\",\"name\":\"GfD_Manuel\"},{\"@type\":\"WebPage\",\"@id\":\"https:\\\/\\\/gemeinsam-fuer-dernbach.de\\\/en\\\/kalender\\\/buergerfruehstueck-unter-den-linden#webpage\",\"url\":\"https:\\\/\\\/gemeinsam-fuer-dernbach.de\\\/en\\\/kalender\\\/buergerfruehstueck-unter-den-linden\",\"name\":\"B\\u00fcrgerfr\\u00fchst\\u00fcck unter den Linden - Gemeinsam f\\u00fcr Dernbach\",\"description\":\"Der Kulturausschuss l\\u00e4dt alle B\\u00fcrgerinnen und B\\u00fcrger herzlich zum gemeinsamen B\\u00fcrgerfr\\u00fchst\\u00fcck ein und hofft, dass viele der Einladung folgen und eine lebendige Dorfgemeinschaft unterst\\u00fctzen. F\\u00fcr die Kleinen steht eine H\\u00fcpfburg bereit. [Aktualisierung: Laut Information im Gemeinderat steht die H\\u00fcpfburg leider nicht zur Verf\\u00fcgung]. Um ausreichend Tische und B\\u00e4nke stellen zu k\\u00f6nnen, wird um R\\u00fcckmeldung gebeten,\",\"inLanguage\":\"en-GB\",\"isPartOf\":{\"@id\":\"https:\\\/\\\/gemeinsam-fuer-dernbach.de\\\/en\\\/#website\"},\"breadcrumb\":{\"@id\":\"https:\\\/\\\/gemeinsam-fuer-dernbach.de\\\/en\\\/kalender\\\/buergerfruehstueck-unter-den-linden#breadcrumblist\"},\"author\":{\"@id\":\"https:\\\/\\\/gemeinsam-fuer-dernbach.de\\\/en\\\/author\\\/gfd_manuel#author\"},\"creator\":{\"@id\":\"https:\\\/\\\/gemeinsam-fuer-dernbach.de\\\/en\\\/author\\\/gfd_manuel#author\"},\"image\":{\"@type\":\"ImageObject\",\"url\":\"https:\\\/\\\/gemeinsam-fuer-dernbach.de\\\/wp-content\\\/uploads\\\/2025\\\/06\\\/ChatGPT-Image-16.-Juni-2025-11_19_39-e1750877582242.png\",\"@id\":\"https:\\\/\\\/gemeinsam-fuer-dernbach.de\\\/en\\\/kalender\\\/buergerfruehstueck-unter-den-linden\\\/#mainImage\",\"width\":512,\"height\":341,\"caption\":\"Ein idyllisches B\\u00fcrgerfr\\u00fchst\\u00fcck unter Lindenb\\u00e4umen an einem sonnigen Sonntagmorgen (erstellt mit Dall-E).\"},\"primaryImageOfPage\":{\"@id\":\"https:\\\/\\\/gemeinsam-fuer-dernbach.de\\\/en\\\/kalender\\\/buergerfruehstueck-unter-den-linden#mainImage\"},\"datePublished\":\"2025-06-16T10:17:26+01:00\",\"dateModified\":\"2025-06-24T22:47:06+01:00\"},{\"@type\":\"WebSite\",\"@id\":\"https:\\\/\\\/gemeinsam-fuer-dernbach.de\\\/en\\\/#website\",\"url\":\"https:\\\/\\\/gemeinsam-fuer-dernbach.de\\\/en\\\/\",\"name\":\"Gemeinsam f\\u00fcr Dernbach\",\"description\":\"Gemeinsam f\\u00fcr Dernbach - Website der W\\u00e4hlergruppe Jankowitsch\",\"inLanguage\":\"en-GB\",\"publisher\":{\"@id\":\"https:\\\/\\\/gemeinsam-fuer-dernbach.de\\\/en\\\/#organization\"}}]}\n\t\t<\/script>\n\t\t<!-- All in One SEO -->\n\n","aioseo_head_json":{"title":"B\u00fcrgerfr\u00fchst\u00fcck unter den Linden - Gemeinsam f\u00fcr Dernbach","description":"Der Kulturausschuss l\u00e4dt alle B\u00fcrgerinnen und B\u00fcrger herzlich zum gemeinsamen B\u00fcrgerfr\u00fchst\u00fcck ein und hofft, dass viele der Einladung folgen und eine lebendige Dorfgemeinschaft unterst\u00fctzen. F\u00fcr die Kleinen steht eine H\u00fcpfburg bereit. [Aktualisierung: Laut Information im Gemeinderat steht die H\u00fcpfburg leider nicht zur Verf\u00fcgung]. Um ausreichend Tische und B\u00e4nke stellen zu k\u00f6nnen, wird um R\u00fcckmeldung gebeten,","canonical_url":"https:\/\/gemeinsam-fuer-dernbach.de\/en\/kalender\/buergerfruehstueck-unter-den-linden","robots":"max-image-preview:large","keywords":"","webmasterTools":{"miscellaneous":""},"schema":{"@context":"https:\/\/schema.org","@graph":[{"@type":"BreadcrumbList","@id":"https:\/\/gemeinsam-fuer-dernbach.de\/en\/kalender\/buergerfruehstueck-unter-den-linden#breadcrumblist","itemListElement":[{"@type":"ListItem","@id":"https:\/\/gemeinsam-fuer-dernbach.de\/en#listItem","position":1,"name":"Home","item":"https:\/\/gemeinsam-fuer-dernbach.de\/en","nextItem":{"@type":"ListItem","@id":"https:\/\/gemeinsam-fuer-dernbach.de\/en\/kalender\/#listItem","name":"Events"}},{"@type":"ListItem","@id":"https:\/\/gemeinsam-fuer-dernbach.de\/en\/kalender\/#listItem","position":2,"name":"Events","item":"https:\/\/gemeinsam-fuer-dernbach.de\/en\/kalender\/","nextItem":{"@type":"ListItem","@id":"https:\/\/gemeinsam-fuer-dernbach.de\/en\/tag\/buergerfruehstueck#listItem","name":"B\u00fcrgerfr\u00fchst\u00fcck"},"previousItem":{"@type":"ListItem","@id":"https:\/\/gemeinsam-fuer-dernbach.de\/en#listItem","name":"Home"}},{"@type":"ListItem","@id":"https:\/\/gemeinsam-fuer-dernbach.de\/en\/tag\/buergerfruehstueck#listItem","position":3,"name":"B\u00fcrgerfr\u00fchst\u00fcck","item":"https:\/\/gemeinsam-fuer-dernbach.de\/en\/tag\/buergerfruehstueck","nextItem":{"@type":"ListItem","@id":"https:\/\/gemeinsam-fuer-dernbach.de\/en\/kalender\/buergerfruehstueck-unter-den-linden#listItem","name":"B\u00fcrgerfr\u00fchst\u00fcck unter den Linden"},"previousItem":{"@type":"ListItem","@id":"https:\/\/gemeinsam-fuer-dernbach.de\/en\/kalender\/#listItem","name":"Events"}},{"@type":"ListItem","@id":"https:\/\/gemeinsam-fuer-dernbach.de\/en\/kalender\/buergerfruehstueck-unter-den-linden#listItem","position":4,"name":"B\u00fcrgerfr\u00fchst\u00fcck unter den Linden","previousItem":{"@type":"ListItem","@id":"https:\/\/gemeinsam-fuer-dernbach.de\/en\/tag\/buergerfruehstueck#listItem","name":"B\u00fcrgerfr\u00fchst\u00fcck"}}]},{"@type":"Organization","@id":"https:\/\/gemeinsam-fuer-dernbach.de\/en\/#organization","name":"Gemeinsam f\u00fcr Dernbach","description":"Gemeinsam f\u00fcr Dernbach - Website der W\u00e4hlergruppe Jankowitsch","url":"https:\/\/gemeinsam-fuer-dernbach.de\/en\/","logo":{"@type":"ImageObject","url":"https:\/\/gemeinsam-fuer-dernbach.de\/wp-content\/uploads\/2024\/12\/cropped-Button.png","@id":"https:\/\/gemeinsam-fuer-dernbach.de\/en\/kalender\/buergerfruehstueck-unter-den-linden\/#organizationLogo","width":512,"height":512,"caption":"Gemeinsam f\u00fcr Dernbach"},"image":{"@id":"https:\/\/gemeinsam-fuer-dernbach.de\/en\/kalender\/buergerfruehstueck-unter-den-linden\/#organizationLogo"},"sameAs":["https:\/\/www.facebook.com\/gemeinsam.fuer.dernbach\/","https:\/\/www.instagram.com\/gemeinsam_fuer_dernbach\/"]},{"@type":"Person","@id":"https:\/\/gemeinsam-fuer-dernbach.de\/en\/author\/gfd_manuel#author","url":"https:\/\/gemeinsam-fuer-dernbach.de\/en\/author\/gfd_manuel","name":"GfD_Manuel"},{"@type":"WebPage","@id":"https:\/\/gemeinsam-fuer-dernbach.de\/en\/kalender\/buergerfruehstueck-unter-den-linden#webpage","url":"https:\/\/gemeinsam-fuer-dernbach.de\/en\/kalender\/buergerfruehstueck-unter-den-linden","name":"B\u00fcrgerfr\u00fchst\u00fcck unter den Linden - Gemeinsam f\u00fcr Dernbach","description":"Der Kulturausschuss l\u00e4dt alle B\u00fcrgerinnen und B\u00fcrger herzlich zum gemeinsamen B\u00fcrgerfr\u00fchst\u00fcck ein und hofft, dass viele der Einladung folgen und eine lebendige Dorfgemeinschaft unterst\u00fctzen. F\u00fcr die Kleinen steht eine H\u00fcpfburg bereit. [Aktualisierung: Laut Information im Gemeinderat steht die H\u00fcpfburg leider nicht zur Verf\u00fcgung]. Um ausreichend Tische und B\u00e4nke stellen zu k\u00f6nnen, wird um R\u00fcckmeldung gebeten,","inLanguage":"en-GB","isPartOf":{"@id":"https:\/\/gemeinsam-fuer-dernbach.de\/en\/#website"},"breadcrumb":{"@id":"https:\/\/gemeinsam-fuer-dernbach.de\/en\/kalender\/buergerfruehstueck-unter-den-linden#breadcrumblist"},"author":{"@id":"https:\/\/gemeinsam-fuer-dernbach.de\/en\/author\/gfd_manuel#author"},"creator":{"@id":"https:\/\/gemeinsam-fuer-dernbach.de\/en\/author\/gfd_manuel#author"},"image":{"@type":"ImageObject","url":"https:\/\/gemeinsam-fuer-dernbach.de\/wp-content\/uploads\/2025\/06\/ChatGPT-Image-16.-Juni-2025-11_19_39-e1750877582242.png","@id":"https:\/\/gemeinsam-fuer-dernbach.de\/en\/kalender\/buergerfruehstueck-unter-den-linden\/#mainImage","width":512,"height":341,"caption":"Ein idyllisches B\u00fcrgerfr\u00fchst\u00fcck unter Lindenb\u00e4umen an einem sonnigen Sonntagmorgen (erstellt mit Dall-E)."},"primaryImageOfPage":{"@id":"https:\/\/gemeinsam-fuer-dernbach.de\/en\/kalender\/buergerfruehstueck-unter-den-linden#mainImage"},"datePublished":"2025-06-16T10:17:26+01:00","dateModified":"2025-06-24T22:47:06+01:00"},{"@type":"WebSite","@id":"https:\/\/gemeinsam-fuer-dernbach.de\/en\/#website","url":"https:\/\/gemeinsam-fuer-dernbach.de\/en\/","name":"Gemeinsam f\u00fcr Dernbach","description":"Gemeinsam f\u00fcr Dernbach - Website der W\u00e4hlergruppe Jankowitsch","inLanguage":"en-GB","publisher":{"@id":"https:\/\/gemeinsam-fuer-dernbach.de\/en\/#organization"}}]},"og:locale":"en_GB","og:site_name":"Gemeinsam f\u00fcr Dernbach - Gemeinsam f\u00fcr Dernbach - Website der W\u00e4hlergruppe Jankowitsch","og:type":"article","og:title":"B\u00fcrgerfr\u00fchst\u00fcck unter den Linden - Gemeinsam f\u00fcr Dernbach","og:description":"Der Kulturausschuss l\u00e4dt alle B\u00fcrgerinnen und B\u00fcrger herzlich zum gemeinsamen B\u00fcrgerfr\u00fchst\u00fcck ein und hofft, dass viele der Einladung folgen und eine lebendige Dorfgemeinschaft unterst\u00fctzen. F\u00fcr die Kleinen steht eine H\u00fcpfburg bereit. [Aktualisierung: Laut Information im Gemeinderat steht die H\u00fcpfburg leider nicht zur Verf\u00fcgung]. Um ausreichend Tische und B\u00e4nke stellen zu k\u00f6nnen, wird um R\u00fcckmeldung gebeten,","og:url":"https:\/\/gemeinsam-fuer-dernbach.de\/en\/kalender\/buergerfruehstueck-unter-den-linden","og:image":"https:\/\/gemeinsam-fuer-dernbach.de\/wp-content\/uploads\/2024\/12\/cropped-Button.png","og:image:secure_url":"https:\/\/gemeinsam-fuer-dernbach.de\/wp-content\/uploads\/2024\/12\/cropped-Button.png","og:image:width":512,"og:image:height":512,"article:published_time":"2025-06-16T09:17:26+00:00","article:modified_time":"2025-06-24T21:47:06+00:00","article:publisher":"https:\/\/www.facebook.com\/gemeinsam.fuer.dernbach\/","twitter:card":"summary_large_image","twitter:title":"B\u00fcrgerfr\u00fchst\u00fcck unter den Linden - Gemeinsam f\u00fcr Dernbach","twitter:description":"Der Kulturausschuss l\u00e4dt alle B\u00fcrgerinnen und B\u00fcrger herzlich zum gemeinsamen B\u00fcrgerfr\u00fchst\u00fcck ein und hofft, dass viele der Einladung folgen und eine lebendige Dorfgemeinschaft unterst\u00fctzen. F\u00fcr die Kleinen steht eine H\u00fcpfburg bereit. [Aktualisierung: Laut Information im Gemeinderat steht die H\u00fcpfburg leider nicht zur Verf\u00fcgung]. Um ausreichend Tische und B\u00e4nke stellen zu k\u00f6nnen, wird um R\u00fcckmeldung gebeten,","twitter:image":"https:\/\/gemeinsam-fuer-dernbach.de\/wp-content\/uploads\/2024\/12\/cropped-Button.png"},"aioseo_meta_data":{"post_id":"1495","title":null,"description":null,"keywords":null,"keyphrases":{"focus":[],"additional":[]},"primary_term":null,"canonical_url":null,"og_title":null,"og_description":null,"og_object_type":"default","og_image_type":"default","og_image_url":null,"og_image_width":null,"og_image_height":null,"og_image_custom_url":null,"og_image_custom_fields":null,"og_video":"","og_custom_url":null,"og_article_section":null,"og_article_tags":null,"twitter_use_og":false,"twitter_card":"default","twitter_image_type":"default","twitter_image_url":null,"twitter_image_custom_url":null,"twitter_image_custom_fields":null,"twitter_title":null,"twitter_description":null,"schema":{"blockGraphs":[],"customGraphs":[],"default":{"data":{"Article":[],"Course":[],"Dataset":[],"FAQPage":[],"Movie":[],"Person":[],"Product":[],"ProductReview":[],"Car":[],"Recipe":[],"Service":[],"SoftwareApplication":[],"WebPage":[]},"graphName":"WebPage","isEnabled":true},"graphs":[]},"schema_type":"default","schema_type_options":null,"pillar_content":false,"robots_default":true,"robots_noindex":false,"robots_noarchive":false,"robots_nosnippet":false,"robots_nofollow":false,"robots_noimageindex":false,"robots_noodp":false,"robots_notranslate":false,"robots_max_snippet":"-1","robots_max_videopreview":"-1","robots_max_imagepreview":"large","priority":null,"frequency":"default","local_seo":null,"breadcrumb_settings":null,"limit_modified_date":false,"ai":null,"created":"2025-06-24 20:06:22","updated":"2026-08-30 22:11:36","seo_analyzer_scan_date":null,"focus_keyword":null,"additional_keywords":null,"truseo_locale":null},"aioseo_breadcrumb":"<div class=\"aioseo-breadcrumbs\"><span class=\"aioseo-breadcrumb\">\n\t\t\t<a href=\"https:\/\/gemeinsam-fuer-dernbach.de\/en\" title=\"Home\">Home<\/a>\n\t\t<\/span><span class=\"aioseo-breadcrumb-separator\">&raquo;<\/span><span class=\"aioseo-breadcrumb\">\n\t\t\t<a href=\"https:\/\/gemeinsam-fuer-dernbach.de\/en\/kalender\/\" title=\"Events\">Events<\/a>\n\t\t<\/span><span class=\"aioseo-breadcrumb-separator\">&raquo;<\/span><span class=\"aioseo-breadcrumb\">\n\t\t\t<a href=\"https:\/\/gemeinsam-fuer-dernbach.de\/en\/tag\/buergerfruehstueck\" title=\"B\u00fcrgerfr\u00fchst\u00fcck\">B\u00fcrgerfr\u00fchst\u00fcck<\/a>\n\t\t<\/span><span class=\"aioseo-breadcrumb-separator\">&raquo;<\/span><span class=\"aioseo-breadcrumb\">\n\t\t\tB\u00fcrgerfr\u00fchst\u00fcck unter den Linden\n\t\t<\/span><\/div>","aioseo_breadcrumb_json":[{"label":"Home","link":"https:\/\/gemeinsam-fuer-dernbach.de\/en"},{"label":"Events","link":"https:\/\/gemeinsam-fuer-dernbach.de\/en\/kalender\/"},{"label":"B\u00fcrgerfr\u00fchst\u00fcck","link":"https:\/\/gemeinsam-fuer-dernbach.de\/en\/tag\/buergerfruehstueck"},{"label":"B\u00fcrgerfr\u00fchst\u00fcck unter den Linden","link":"https:\/\/gemeinsam-fuer-dernbach.de\/en\/kalender\/buergerfruehstueck-unter-den-linden"}],"ticketed":false,"_links":{"self":[{"href":"https:\/\/gemeinsam-fuer-dernbach.de\/en\/wp-json\/wp\/v2\/tribe_events\/1495","targetHints":{"allow":["GET"]}}],"collection":[{"href":"https:\/\/gemeinsam-fuer-dernbach.de\/en\/wp-json\/wp\/v2\/tribe_events"}],"about":[{"href":"https:\/\/gemeinsam-fuer-dernbach.de\/en\/wp-json\/wp\/v2\/types\/tribe_events"}],"author":[{"embeddable":true,"href":"https:\/\/gemeinsam-fuer-dernbach.de\/en\/wp-json\/wp\/v2\/users\/2"}],"version-history":[{"count":4,"href":"https:\/\/gemeinsam-fuer-dernbach.de\/en\/wp-json\/wp\/v2\/tribe_events\/1495\/revisions"}],"predecessor-version":[{"id":1507,"href":"https:\/\/gemeinsam-fuer-dernbach.de\/en\/wp-json\/wp\/v2\/tribe_events\/1495\/revisions\/1507"}],"wp:featuredmedia":[{"embeddable":true,"href":"https:\/\/gemeinsam-fuer-dernbach.de\/en\/wp-json\/wp\/v2\/media\/1499"}],"wp:attachment":[{"href":"https:\/\/gemeinsam-fuer-dernbach.de\/en\/wp-json\/wp\/v2\/media?parent=1495"}],"wp:term":[{"taxonomy":"post_tag","embeddable":true,"href":"https:\/\/gemeinsam-fuer-dernbach.de\/en\/wp-json\/wp\/v2\/tags?post=1495"},{"taxonomy":"tribe_events_cat","embeddable":true,"href":"https:\/\/gemeinsam-fuer-dernbach.de\/en\/wp-json\/wp\/v2\/tribe_events_cat?post=1495"}],"curies":[{"name":"wp","href":"https:\/\/api.w.org\/{rel}","templated":true}]}}