{"id":1303,"date":"2025-06-09T21:53:18","date_gmt":"2025-06-09T20:53:18","guid":{"rendered":"https:\/\/gemeinsam-fuer-dernbach.de\/?page_id=1303"},"modified":"2025-06-24T23:07:48","modified_gmt":"2025-06-24T22:07:48","slug":"termine","status":"publish","type":"page","link":"https:\/\/gemeinsam-fuer-dernbach.de\/es\/termine","title":{"rendered":"nombramientos"},"content":{"rendered":"<p class=\"wp-block-paragraph\">Lista de nombramientos;<span style=\"text-decoration: underline;\"> <a href=\"https:\/\/gemeinsam-fuer-dernbach.de\/es\/kalender\/\" data-type=\"link\" data-id=\"https:\/\/gemeinsam-fuer-dernbach.de\/neues-aus-dem-gemeinderat-2-2025\">en el calendario<\/a><\/span> Incluso con citas pasadas.<\/p>\n\n\n\n<div class=\"wp-block-group is-vertical is-layout-flex wp-container-core-group-is-layout-c85fd46b wp-block-group-is-layout-flex\" style=\"min-height:0px;margin-top:0;margin-bottom:0;padding-top:0;padding-right:0;padding-bottom:0;padding-left:0\">\n<div class=\"wp-block-columns is-style-default is-layout-flex wp-container-core-columns-is-layout-138bc66a wp-block-columns-is-layout-flex\" style=\"border-style:none;border-width:0px;border-radius:0px;margin-top:0;margin-bottom:0;padding-top:0;padding-bottom:0\">\n<div class=\"wp-block-column is-layout-flow wp-block-column-is-layout-flow\"><!----- Events Timeline Template 2.8.2 -----><div id=\"event-timeline-wrapper\" class=\"all style-3\"><div class=\"cool-event-timeline\"><div class=\"ect-timeline-year\">\n\t\t\t\t\t\t<div class=\"year-placeholder\"><!-- Month \/ Year Headers --><span class=\"month-year-box\">Septiembre de 2026<\/span><\/div>\n\t\t\t\t\t\t<\/div><div id=\"post-1700\" class=\"ect-timeline-post even ect-simple-event style-3 future\"><div class=\"timeline-dots\"><\/div><div class=\"timeline-content even\"><div class=\"ect-timeline-header\"><a class=\"timeline-ev-img\" href=\"https:\/\/gemeinsam-fuer-dernbach.de\/es\/kalender\/offene-fraktionssitzung-5\/\"><img src= \"https:\/\/gemeinsam-fuer-dernbach.de\/wp-content\/uploads\/2026\/08\/2608_Einladung-GfD-Fraktionssitzung-823x1024.jpg\"\/><\/a><div class=\"ect-date-area timeline-view-schedule\"><span class=\"ev-day\">06. <\/span>\n\t\t\t\t\t\t\t\t\t<span class=\"ev-mo\">septiembre<\/span>\n\t\t\t\t\t\t\t\t\t<span class=\"ev-yr\">2026<\/span>\n\t\t\t\t\t\t\t\t\t<\/div><\/div><div class=\"ect-timeline-main-content\"><h2 class=\"content-title\"><a class=\"ect-event-url\" href=\"https:\/\/gemeinsam-fuer-dernbach.de\/es\/kalender\/offene-fraktionssitzung-5\/\" rel=\"bookmark\">Reuni\u00f3n abierta del Grupo<\/a><\/h2><!-- Event Content --><div class=\"ect-event-content\"><p>\"Juntos por Dernbach\" invita cordialmente a todos los ciudadanos interesados a la reuni\u00f3n abierta del Grupo. En el orden del d\u00eda figuran cuestiones de actualidad del Consejo y los comit\u00e9s, la preparaci\u00f3n de las pr\u00f3ximas reuniones y [\u2026]<\/p>\n<\/div><div class=\"timeline-view-venue\"><span class=\"ect-icon\"><i class=\"ect-icon-location\"><\/i><\/span><!-- Event Venue Info --><span class=\"ect-venue-details ect-address\"><div>Sala del Consejo,<span class=\"tribe-address\">\n\n<span class=\"tribe-street-address\">Hauptstr (en ingl\u00e9s). 17<\/span>\n\t\n\t\t<br>\n\t\t<span class=\"tribe-locality\">Dernbach<\/span><span class=\"tribe-delimiter\">,<\/span>\n\n\n\t<span class=\"tribe-postal-code\">56428<\/span>\n\n\t<span class=\"tribe-country-name\">Alemania<\/span>\n\n<\/span>\n<\/div><span class=\"ect-google\"><a class=\"tribe-events-gmap\" href=\"https:\/\/maps.google.com\/maps?f=q&amp;source=s_q&amp;hl=en&amp;geocode=&amp;q=Hauptstr.+17+Dernbach+56428+Germany\" title=\"Haz clic para ver un mapa de Google\" target=\"_blank\" rel=\"noreferrer noopener\">+ Mapa de Google<\/a><\/span><\/span><\/div><div class=\"ect-timeline-footer\"><div class=\"ect-lslist-event-detail full-view\">\n        <a href=\"https:\/\/gemeinsam-fuer-dernbach.de\/es\/kalender\/offene-fraktionssitzung-5\/\" title=\"Reuni\u00f3n abierta del Grupo\" rel=\"bookmark\">Leer m\u00e1s<\/a>\n        <\/div><\/div><\/div><\/div><\/div><\/div><\/div><\/div>\n<\/div>\n<\/div>\n\n\n\n<p class=\"wp-block-paragraph\"><\/p>","protected":false},"excerpt":{"rendered":"<p>Lista de nombramientos; Tambi\u00e9n en el calendario con fechas pasadas.<\/p>","protected":false},"author":2,"featured_media":0,"parent":0,"menu_order":0,"comment_status":"closed","ping_status":"closed","template":"page-no-title","meta":{"_price":"","_stock":"","_tribe_ticket_header":"","_tribe_default_ticket_provider":"","_tribe_ticket_capacity":"0","_ticket_start_date":"","_ticket_end_date":"","_tribe_ticket_show_description":"","_tribe_ticket_show_not_going":false,"_tribe_ticket_use_global_stock":"","_tribe_ticket_global_stock_level":"","_global_stock_mode":"","_global_stock_cap":"","_tribe_rsvp_for_event":"","_tribe_ticket_going_count":"","_tribe_ticket_not_going_count":"","_tribe_tickets_list":"[]","_tribe_ticket_has_attendee_info_fields":false,"_EventAllDay":false,"_EventTimezone":"","_EventStartDate":"","_EventEndDate":"","_EventStartDateUTC":"","_EventEndDateUTC":"","_EventShowMap":false,"_EventShowMapLink":false,"_EventURL":"","_EventCost":"","_EventCostDescription":"","_EventCurrencySymbol":"","_EventCurrencyCode":"","_EventCurrencyPosition":"","_EventDateTimeSeparator":"","_EventTimeRangeSeparator":"","_EventOrganizerID":[],"_EventVenueID":[],"_OrganizerEmail":"","_OrganizerPhone":"","_OrganizerWebsite":"","_VenueAddress":"","_VenueCity":"","_VenueCountry":"","_VenueProvince":"","_VenueState":"","_VenueZip":"","_VenuePhone":"","_VenueURL":"","_VenueStateProvince":"","_VenueLat":"","_VenueLng":"","_VenueShowMap":false,"_VenueShowMapLink":false,"footnotes":"","_tec_slr_enabled":"","_tec_slr_layout":""},"class_list":["post-1303","page","type-page","status-publish","hentry","cat_offene-fraktionssitzung"],"aioseo_notices":[],"aioseo_head":"\n\t\t<!-- All in One SEO 5.0.1.1 - aioseo.com -->\n\t<meta name=\"description\" content=\"&quot;Gemeinsam f\u00fcr Dernbach\u201c l\u00e4dt alle interessierten B\u00fcrgerinnen und B\u00fcrger herzlich zur offenen Fraktionssitzung ein. Auf der Tagesordnung stehen aktuelle Themen aus Rat und Aussch\u00fcssen, die Vorbereitung auf kommende Sitzungen sowie Eure und Ihre Ideen und Anliegen. \u201eGemeinsam f\u00fcr Dernbach\u201c besteht aus einer parteiunabh\u00e4ngigen W\u00e4hlergruppe und setzt sich f\u00fcr eine transparente und b\u00fcrgernahe Kommunalpolitik ein. Die\" \/>\n\t<meta name=\"robots\" content=\"max-image-preview:large\" \/>\n\t<link rel=\"canonical\" href=\"https:\/\/gemeinsam-fuer-dernbach.de\/es\/kalender\/offene-fraktionssitzung-5\" \/>\n\t<meta name=\"generator\" content=\"All in One SEO (AIOSEO) 5.0.1.1\" \/>\n\t\t<meta property=\"og:locale\" content=\"es_ES\" \/>\n\t\t<meta property=\"og:site_name\" content=\"Gemeinsam f\u00fcr Dernbach - Gemeinsam f\u00fcr Dernbach - Website der W\u00e4hlergruppe Jankowitsch\" \/>\n\t\t<meta property=\"og:type\" content=\"article\" \/>\n\t\t<meta property=\"og:title\" content=\"Offene Fraktionssitzung - Gemeinsam f\u00fcr Dernbach\" \/>\n\t\t<meta property=\"og:description\" content=\"&quot;Gemeinsam f\u00fcr Dernbach\u201c l\u00e4dt alle interessierten B\u00fcrgerinnen und B\u00fcrger herzlich zur offenen Fraktionssitzung ein. Auf der Tagesordnung stehen aktuelle Themen aus Rat und Aussch\u00fcssen, die Vorbereitung auf kommende Sitzungen sowie Eure und Ihre Ideen und Anliegen. \u201eGemeinsam f\u00fcr Dernbach\u201c besteht aus einer parteiunabh\u00e4ngigen W\u00e4hlergruppe und setzt sich f\u00fcr eine transparente und b\u00fcrgernahe Kommunalpolitik ein. Die\" \/>\n\t\t<meta property=\"og:url\" content=\"https:\/\/gemeinsam-fuer-dernbach.de\/es\/kalender\/offene-fraktionssitzung-5\" \/>\n\t\t<meta property=\"og:image\" content=\"https:\/\/gemeinsam-fuer-dernbach.de\/wp-content\/uploads\/2024\/12\/cropped-Button.png\" \/>\n\t\t<meta property=\"og:image:secure_url\" content=\"https:\/\/gemeinsam-fuer-dernbach.de\/wp-content\/uploads\/2024\/12\/cropped-Button.png\" \/>\n\t\t<meta property=\"og:image:width\" content=\"512\" \/>\n\t\t<meta property=\"og:image:height\" content=\"512\" \/>\n\t\t<meta property=\"article:published_time\" content=\"2026-08-30T22:17:13+00:00\" \/>\n\t\t<meta property=\"article:modified_time\" content=\"2026-08-30T22:17:13+00:00\" \/>\n\t\t<meta property=\"article:publisher\" content=\"https:\/\/www.facebook.com\/gemeinsam.fuer.dernbach\/\" \/>\n\t\t<meta name=\"twitter:card\" content=\"summary_large_image\" \/>\n\t\t<meta name=\"twitter:title\" content=\"Offene Fraktionssitzung - Gemeinsam f\u00fcr Dernbach\" \/>\n\t\t<meta name=\"twitter:description\" content=\"&quot;Gemeinsam f\u00fcr Dernbach\u201c l\u00e4dt alle interessierten B\u00fcrgerinnen und B\u00fcrger herzlich zur offenen Fraktionssitzung ein. Auf der Tagesordnung stehen aktuelle Themen aus Rat und Aussch\u00fcssen, die Vorbereitung auf kommende Sitzungen sowie Eure und Ihre Ideen und Anliegen. \u201eGemeinsam f\u00fcr Dernbach\u201c besteht aus einer parteiunabh\u00e4ngigen W\u00e4hlergruppe und setzt sich f\u00fcr eine transparente und b\u00fcrgernahe Kommunalpolitik ein. Die\" \/>\n\t\t<meta name=\"twitter:image\" content=\"https:\/\/gemeinsam-fuer-dernbach.de\/wp-content\/uploads\/2024\/12\/cropped-Button.png\" \/>\n\t\t<script type=\"application\/ld+json\" class=\"aioseo-schema\">\n\t\t\t{\"@context\":\"https:\\\/\\\/schema.org\",\"@graph\":[{\"@type\":\"BreadcrumbList\",\"@id\":\"https:\\\/\\\/gemeinsam-fuer-dernbach.de\\\/es\\\/kalender\\\/offene-fraktionssitzung-5#breadcrumblist\",\"itemListElement\":[{\"@type\":\"ListItem\",\"@id\":\"https:\\\/\\\/gemeinsam-fuer-dernbach.de\\\/es#listItem\",\"position\":1,\"name\":\"Home\",\"item\":\"https:\\\/\\\/gemeinsam-fuer-dernbach.de\\\/es\",\"nextItem\":{\"@type\":\"ListItem\",\"@id\":\"https:\\\/\\\/gemeinsam-fuer-dernbach.de\\\/es\\\/termine#listItem\",\"name\":\"Termine\"}},{\"@type\":\"ListItem\",\"@id\":\"https:\\\/\\\/gemeinsam-fuer-dernbach.de\\\/es\\\/termine#listItem\",\"position\":2,\"name\":\"Termine\",\"previousItem\":{\"@type\":\"ListItem\",\"@id\":\"https:\\\/\\\/gemeinsam-fuer-dernbach.de\\\/es#listItem\",\"name\":\"Home\"}}]},{\"@type\":\"Organization\",\"@id\":\"https:\\\/\\\/gemeinsam-fuer-dernbach.de\\\/es\\\/#organization\",\"name\":\"Gemeinsam f\\u00fcr Dernbach\",\"description\":\"Gemeinsam f\\u00fcr Dernbach - Website der W\\u00e4hlergruppe Jankowitsch\",\"url\":\"https:\\\/\\\/gemeinsam-fuer-dernbach.de\\\/es\\\/\",\"logo\":{\"@type\":\"ImageObject\",\"url\":\"https:\\\/\\\/gemeinsam-fuer-dernbach.de\\\/wp-content\\\/uploads\\\/2024\\\/12\\\/cropped-Button.png\",\"@id\":\"https:\\\/\\\/gemeinsam-fuer-dernbach.de\\\/es\\\/kalender\\\/offene-fraktionssitzung-5\\\/#organizationLogo\",\"width\":512,\"height\":512,\"caption\":\"Gemeinsam f\\u00fcr Dernbach\"},\"image\":{\"@id\":\"https:\\\/\\\/gemeinsam-fuer-dernbach.de\\\/es\\\/kalender\\\/offene-fraktionssitzung-5\\\/#organizationLogo\"},\"sameAs\":[\"https:\\\/\\\/www.facebook.com\\\/gemeinsam.fuer.dernbach\\\/\",\"https:\\\/\\\/www.instagram.com\\\/gemeinsam_fuer_dernbach\\\/\"]},{\"@type\":\"Person\",\"@id\":\"https:\\\/\\\/gemeinsam-fuer-dernbach.de\\\/es\\\/author\\\/gfd_manuel#author\",\"url\":\"https:\\\/\\\/gemeinsam-fuer-dernbach.de\\\/es\\\/author\\\/gfd_manuel\",\"name\":\"GfD_Manuel\"},{\"@type\":\"WebPage\",\"@id\":\"https:\\\/\\\/gemeinsam-fuer-dernbach.de\\\/es\\\/kalender\\\/offene-fraktionssitzung-5#webpage\",\"url\":\"https:\\\/\\\/gemeinsam-fuer-dernbach.de\\\/es\\\/kalender\\\/offene-fraktionssitzung-5\",\"name\":\"Offene Fraktionssitzung - Gemeinsam f\\u00fcr Dernbach\",\"description\":\"\\\"Gemeinsam f\\u00fcr Dernbach\\u201c l\\u00e4dt alle interessierten B\\u00fcrgerinnen und B\\u00fcrger herzlich zur offenen Fraktionssitzung ein. Auf der Tagesordnung stehen aktuelle Themen aus Rat und Aussch\\u00fcssen, die Vorbereitung auf kommende Sitzungen sowie Eure und Ihre Ideen und Anliegen. \\u201eGemeinsam f\\u00fcr Dernbach\\u201c besteht aus einer parteiunabh\\u00e4ngigen W\\u00e4hlergruppe und setzt sich f\\u00fcr eine transparente und b\\u00fcrgernahe Kommunalpolitik ein. Die\",\"inLanguage\":\"es-ES\",\"isPartOf\":{\"@id\":\"https:\\\/\\\/gemeinsam-fuer-dernbach.de\\\/es\\\/#website\"},\"breadcrumb\":{\"@id\":\"https:\\\/\\\/gemeinsam-fuer-dernbach.de\\\/es\\\/kalender\\\/offene-fraktionssitzung-5#breadcrumblist\"},\"author\":{\"@id\":\"https:\\\/\\\/gemeinsam-fuer-dernbach.de\\\/es\\\/author\\\/gfd_manuel#author\"},\"creator\":{\"@id\":\"https:\\\/\\\/gemeinsam-fuer-dernbach.de\\\/es\\\/author\\\/gfd_manuel#author\"},\"image\":{\"@type\":\"ImageObject\",\"url\":\"https:\\\/\\\/gemeinsam-fuer-dernbach.de\\\/wp-content\\\/uploads\\\/2026\\\/08\\\/2608_Einladung-GfD-Fraktionssitzung-scaled.jpg\",\"@id\":\"https:\\\/\\\/gemeinsam-fuer-dernbach.de\\\/es\\\/kalender\\\/offene-fraktionssitzung-5\\\/#mainImage\",\"width\":2058,\"height\":2560,\"caption\":\"Sonntag, 6. September, 10:30 bis 12 Uhr\"},\"primaryImageOfPage\":{\"@id\":\"https:\\\/\\\/gemeinsam-fuer-dernbach.de\\\/es\\\/kalender\\\/offene-fraktionssitzung-5#mainImage\"},\"datePublished\":\"2026-08-30T23:17:13+01:00\",\"dateModified\":\"2026-08-30T23:17:13+01:00\"},{\"@type\":\"WebSite\",\"@id\":\"https:\\\/\\\/gemeinsam-fuer-dernbach.de\\\/es\\\/#website\",\"url\":\"https:\\\/\\\/gemeinsam-fuer-dernbach.de\\\/es\\\/\",\"name\":\"Gemeinsam f\\u00fcr Dernbach\",\"description\":\"Gemeinsam f\\u00fcr Dernbach - Website der W\\u00e4hlergruppe Jankowitsch\",\"inLanguage\":\"es-ES\",\"publisher\":{\"@id\":\"https:\\\/\\\/gemeinsam-fuer-dernbach.de\\\/es\\\/#organization\"}}]}\n\t\t<\/script>\n\t\t<!-- All in One SEO -->\n\n","aioseo_head_json":{"title":"Offene Fraktionssitzung - Gemeinsam f\u00fcr Dernbach","description":"\"Gemeinsam f\u00fcr Dernbach\u201c l\u00e4dt alle interessierten B\u00fcrgerinnen und B\u00fcrger herzlich zur offenen Fraktionssitzung ein. Auf der Tagesordnung stehen aktuelle Themen aus Rat und Aussch\u00fcssen, die Vorbereitung auf kommende Sitzungen sowie Eure und Ihre Ideen und Anliegen. \u201eGemeinsam f\u00fcr Dernbach\u201c besteht aus einer parteiunabh\u00e4ngigen W\u00e4hlergruppe und setzt sich f\u00fcr eine transparente und b\u00fcrgernahe Kommunalpolitik ein. Die","canonical_url":"https:\/\/gemeinsam-fuer-dernbach.de\/es\/kalender\/offene-fraktionssitzung-5","robots":"max-image-preview:large","keywords":"","webmasterTools":{"miscellaneous":""},"schema":{"@context":"https:\/\/schema.org","@graph":[{"@type":"BreadcrumbList","@id":"https:\/\/gemeinsam-fuer-dernbach.de\/es\/kalender\/offene-fraktionssitzung-5#breadcrumblist","itemListElement":[{"@type":"ListItem","@id":"https:\/\/gemeinsam-fuer-dernbach.de\/es#listItem","position":1,"name":"Home","item":"https:\/\/gemeinsam-fuer-dernbach.de\/es","nextItem":{"@type":"ListItem","@id":"https:\/\/gemeinsam-fuer-dernbach.de\/es\/termine#listItem","name":"Termine"}},{"@type":"ListItem","@id":"https:\/\/gemeinsam-fuer-dernbach.de\/es\/termine#listItem","position":2,"name":"Termine","previousItem":{"@type":"ListItem","@id":"https:\/\/gemeinsam-fuer-dernbach.de\/es#listItem","name":"Home"}}]},{"@type":"Organization","@id":"https:\/\/gemeinsam-fuer-dernbach.de\/es\/#organization","name":"Gemeinsam f\u00fcr Dernbach","description":"Gemeinsam f\u00fcr Dernbach - Website der W\u00e4hlergruppe Jankowitsch","url":"https:\/\/gemeinsam-fuer-dernbach.de\/es\/","logo":{"@type":"ImageObject","url":"https:\/\/gemeinsam-fuer-dernbach.de\/wp-content\/uploads\/2024\/12\/cropped-Button.png","@id":"https:\/\/gemeinsam-fuer-dernbach.de\/es\/kalender\/offene-fraktionssitzung-5\/#organizationLogo","width":512,"height":512,"caption":"Gemeinsam f\u00fcr Dernbach"},"image":{"@id":"https:\/\/gemeinsam-fuer-dernbach.de\/es\/kalender\/offene-fraktionssitzung-5\/#organizationLogo"},"sameAs":["https:\/\/www.facebook.com\/gemeinsam.fuer.dernbach\/","https:\/\/www.instagram.com\/gemeinsam_fuer_dernbach\/"]},{"@type":"Person","@id":"https:\/\/gemeinsam-fuer-dernbach.de\/es\/author\/gfd_manuel#author","url":"https:\/\/gemeinsam-fuer-dernbach.de\/es\/author\/gfd_manuel","name":"GfD_Manuel"},{"@type":"WebPage","@id":"https:\/\/gemeinsam-fuer-dernbach.de\/es\/kalender\/offene-fraktionssitzung-5#webpage","url":"https:\/\/gemeinsam-fuer-dernbach.de\/es\/kalender\/offene-fraktionssitzung-5","name":"Offene Fraktionssitzung - Gemeinsam f\u00fcr Dernbach","description":"\"Gemeinsam f\u00fcr Dernbach\u201c l\u00e4dt alle interessierten B\u00fcrgerinnen und B\u00fcrger herzlich zur offenen Fraktionssitzung ein. Auf der Tagesordnung stehen aktuelle Themen aus Rat und Aussch\u00fcssen, die Vorbereitung auf kommende Sitzungen sowie Eure und Ihre Ideen und Anliegen. \u201eGemeinsam f\u00fcr Dernbach\u201c besteht aus einer parteiunabh\u00e4ngigen W\u00e4hlergruppe und setzt sich f\u00fcr eine transparente und b\u00fcrgernahe Kommunalpolitik ein. Die","inLanguage":"es-ES","isPartOf":{"@id":"https:\/\/gemeinsam-fuer-dernbach.de\/es\/#website"},"breadcrumb":{"@id":"https:\/\/gemeinsam-fuer-dernbach.de\/es\/kalender\/offene-fraktionssitzung-5#breadcrumblist"},"author":{"@id":"https:\/\/gemeinsam-fuer-dernbach.de\/es\/author\/gfd_manuel#author"},"creator":{"@id":"https:\/\/gemeinsam-fuer-dernbach.de\/es\/author\/gfd_manuel#author"},"image":{"@type":"ImageObject","url":"https:\/\/gemeinsam-fuer-dernbach.de\/wp-content\/uploads\/2026\/08\/2608_Einladung-GfD-Fraktionssitzung-scaled.jpg","@id":"https:\/\/gemeinsam-fuer-dernbach.de\/es\/kalender\/offene-fraktionssitzung-5\/#mainImage","width":2058,"height":2560,"caption":"Sonntag, 6. September, 10:30 bis 12 Uhr"},"primaryImageOfPage":{"@id":"https:\/\/gemeinsam-fuer-dernbach.de\/es\/kalender\/offene-fraktionssitzung-5#mainImage"},"datePublished":"2026-08-30T23:17:13+01:00","dateModified":"2026-08-30T23:17:13+01:00"},{"@type":"WebSite","@id":"https:\/\/gemeinsam-fuer-dernbach.de\/es\/#website","url":"https:\/\/gemeinsam-fuer-dernbach.de\/es\/","name":"Gemeinsam f\u00fcr Dernbach","description":"Gemeinsam f\u00fcr Dernbach - Website der W\u00e4hlergruppe Jankowitsch","inLanguage":"es-ES","publisher":{"@id":"https:\/\/gemeinsam-fuer-dernbach.de\/es\/#organization"}}]},"og:locale":"es_ES","og:site_name":"Gemeinsam f\u00fcr Dernbach - Gemeinsam f\u00fcr Dernbach - Website der W\u00e4hlergruppe Jankowitsch","og:type":"article","og:title":"Offene Fraktionssitzung - Gemeinsam f\u00fcr Dernbach","og:description":"&quot;Gemeinsam f\u00fcr Dernbach\u201c l\u00e4dt alle interessierten B\u00fcrgerinnen und B\u00fcrger herzlich zur offenen Fraktionssitzung ein. Auf der Tagesordnung stehen aktuelle Themen aus Rat und Aussch\u00fcssen, die Vorbereitung auf kommende Sitzungen sowie Eure und Ihre Ideen und Anliegen. \u201eGemeinsam f\u00fcr Dernbach\u201c besteht aus einer parteiunabh\u00e4ngigen W\u00e4hlergruppe und setzt sich f\u00fcr eine transparente und b\u00fcrgernahe Kommunalpolitik ein. Die","og:url":"https:\/\/gemeinsam-fuer-dernbach.de\/es\/kalender\/offene-fraktionssitzung-5","og:image":"https:\/\/gemeinsam-fuer-dernbach.de\/wp-content\/uploads\/2024\/12\/cropped-Button.png","og:image:secure_url":"https:\/\/gemeinsam-fuer-dernbach.de\/wp-content\/uploads\/2024\/12\/cropped-Button.png","og:image:width":512,"og:image:height":512,"article:published_time":"2026-08-30T22:17:13+00:00","article:modified_time":"2026-08-30T22:17:13+00:00","article:publisher":"https:\/\/www.facebook.com\/gemeinsam.fuer.dernbach\/","twitter:card":"summary_large_image","twitter:title":"Offene Fraktionssitzung - Gemeinsam f\u00fcr Dernbach","twitter:description":"&quot;Gemeinsam f\u00fcr Dernbach\u201c l\u00e4dt alle interessierten B\u00fcrgerinnen und B\u00fcrger herzlich zur offenen Fraktionssitzung ein. Auf der Tagesordnung stehen aktuelle Themen aus Rat und Aussch\u00fcssen, die Vorbereitung auf kommende Sitzungen sowie Eure und Ihre Ideen und Anliegen. \u201eGemeinsam f\u00fcr Dernbach\u201c besteht aus einer parteiunabh\u00e4ngigen W\u00e4hlergruppe und setzt sich f\u00fcr eine transparente und b\u00fcrgernahe Kommunalpolitik ein. Die","twitter:image":"https:\/\/gemeinsam-fuer-dernbach.de\/wp-content\/uploads\/2024\/12\/cropped-Button.png"},"aioseo_meta_data":{"post_id":"1303","title":null,"description":null,"keywords":null,"keyphrases":{"focus":{"keyphrase":"","score":0,"analysis":{"keyphraseInTitle":{"score":0,"maxScore":9,"error":1}}},"additional":[]},"primary_term":null,"canonical_url":null,"og_title":null,"og_description":null,"og_object_type":"default","og_image_type":"default","og_image_url":null,"og_image_width":null,"og_image_height":null,"og_image_custom_url":null,"og_image_custom_fields":null,"og_video":"","og_custom_url":null,"og_article_section":null,"og_article_tags":null,"twitter_use_og":false,"twitter_card":"default","twitter_image_type":"default","twitter_image_url":null,"twitter_image_custom_url":null,"twitter_image_custom_fields":null,"twitter_title":null,"twitter_description":null,"schema":{"blockGraphs":[],"customGraphs":[],"default":{"data":{"Article":[],"Course":[],"Dataset":[],"FAQPage":[],"Movie":[],"Person":[],"Product":[],"ProductReview":[],"Car":[],"Recipe":[],"Service":[],"SoftwareApplication":[],"WebPage":[]},"graphName":"WebPage","isEnabled":true},"graphs":[]},"schema_type":"default","schema_type_options":null,"pillar_content":false,"robots_default":true,"robots_noindex":false,"robots_noarchive":false,"robots_nosnippet":false,"robots_nofollow":false,"robots_noimageindex":false,"robots_noodp":false,"robots_notranslate":false,"robots_max_snippet":"-1","robots_max_videopreview":"-1","robots_max_imagepreview":"large","priority":null,"frequency":"default","local_seo":null,"breadcrumb_settings":null,"limit_modified_date":false,"ai":null,"created":"2025-06-24 20:04:01","updated":"2025-06-24 22:15:40","seo_analyzer_scan_date":null,"focus_keyword":null,"additional_keywords":null,"truseo_locale":null},"aioseo_breadcrumb":"<div class=\"aioseo-breadcrumbs\"><span class=\"aioseo-breadcrumb\">\n\t\t\t<a href=\"https:\/\/gemeinsam-fuer-dernbach.de\/es\" title=\"Home\">Home<\/a>\n\t\t<\/span><span class=\"aioseo-breadcrumb-separator\">&raquo;<\/span><span class=\"aioseo-breadcrumb\">\n\t\t\tTermine\n\t\t<\/span><\/div>","aioseo_breadcrumb_json":[{"label":"Home","link":"https:\/\/gemeinsam-fuer-dernbach.de\/es"},{"label":"Termine","link":"https:\/\/gemeinsam-fuer-dernbach.de\/es\/termine"}],"ticketed":false,"_links":{"self":[{"href":"https:\/\/gemeinsam-fuer-dernbach.de\/es\/wp-json\/wp\/v2\/pages\/1303","targetHints":{"allow":["GET"]}}],"collection":[{"href":"https:\/\/gemeinsam-fuer-dernbach.de\/es\/wp-json\/wp\/v2\/pages"}],"about":[{"href":"https:\/\/gemeinsam-fuer-dernbach.de\/es\/wp-json\/wp\/v2\/types\/page"}],"author":[{"embeddable":true,"href":"https:\/\/gemeinsam-fuer-dernbach.de\/es\/wp-json\/wp\/v2\/users\/2"}],"replies":[{"embeddable":true,"href":"https:\/\/gemeinsam-fuer-dernbach.de\/es\/wp-json\/wp\/v2\/comments?post=1303"}],"version-history":[{"count":45,"href":"https:\/\/gemeinsam-fuer-dernbach.de\/es\/wp-json\/wp\/v2\/pages\/1303\/revisions"}],"predecessor-version":[{"id":1525,"href":"https:\/\/gemeinsam-fuer-dernbach.de\/es\/wp-json\/wp\/v2\/pages\/1303\/revisions\/1525"}],"wp:attachment":[{"href":"https:\/\/gemeinsam-fuer-dernbach.de\/es\/wp-json\/wp\/v2\/media?parent=1303"}],"curies":[{"name":"wp","href":"https:\/\/api.w.org\/{rel}","templated":true}]}}