{"id":1620,"date":"2026-02-18T21:34:10","date_gmt":"2026-02-18T20:34:10","guid":{"rendered":"https:\/\/gemeinsam-fuer-dernbach.de\/?page_id=1620"},"modified":"2026-02-18T22:21:23","modified_gmt":"2026-02-18T21:21:23","slug":"initiativen","status":"publish","type":"page","link":"https:\/\/gemeinsam-fuer-dernbach.de\/fr\/initiativen","title":{"rendered":"initiatives"},"content":{"rendered":"<h1 class=\"wp-block-heading\"><strong>Nos initiatives au Conseil Municipal Local <\/strong><\/h1>\n\n\n\n<div class=\"wp-block-columns is-layout-flex wp-container-core-columns-is-layout-794e3cfa wp-block-columns-is-layout-flex\">\n<div class=\"wp-block-column is-layout-flow wp-block-column-is-layout-flow\">\n<div class=\"wp-block-columns is-layout-flex wp-container-core-columns-is-layout-794e3cfa wp-block-columns-is-layout-flex\">\n<div class=\"wp-block-column is-layout-flow wp-block-column-is-layout-flow\">\n<p class=\"wp-block-paragraph\">En tant que groupe <strong>\u00abEnsemble pour Dernbach\u00bb<\/strong> Nous nous engageons \u00e0 faire de notre place, \u00e9tape par \u00e9tape. <strong>plus vivable, plus s\u00fbre et plus durable<\/strong> \u00e0 faire. Sur cette page, nous pr\u00e9sentons notre <strong>initiatives<\/strong> que nous avons dans les <strong>Conseil municipal<\/strong> ont apport\u00e9 leur contribution de mani\u00e8re transparente, compr\u00e9hensible et claire. <strong>B\u00e9n\u00e9fices<\/strong> pour Dernbach.<\/p>\n\n\n\n<h2 class=\"wp-block-heading\">R\u00e9union du Conseil que nous avons demand\u00e9e le 25 f\u00e9vrier 2026<\/h2>\n\n\n\n<p class=\"wp-block-paragraph\">La base est notre <strong>Demande de convocation d'une r\u00e9union suppl\u00e9mentaire du conseil municipal<\/strong>, afin de: <strong>Projets importants<\/strong> peuvent \u00eatre consult\u00e9s en temps utile, notamment en ce qui concerne: <strong>Demande de financement LEADER au plus tard le 20 mars 2026<\/strong>. Au cours de cette r\u00e9union, nous souhaitons notamment faire avancer les th\u00e8mes suivants:<\/p>\n\n\n\n<ul class=\"wp-block-list\">\n<li>Demander une <strong>Table d'information touristique<\/strong> \u00e0 <strong>A3<\/strong> ou <strong>A48<\/strong> pour le <strong>Abbaye de Maria Hilf<\/strong>, Pour ce qui est de l'importance <strong>Katharina Kaspers<\/strong> et l'attractivit\u00e9 <strong>Dernbachs<\/strong> Rendre visible et <strong>Soutien de LEADER<\/strong> \u00e0 utiliser.<\/li>\n\n\n\n<li><strong>Hommage \u00e0 Sainte Catherine Kasper<\/strong> et le soutien du <strong>Abbaye de Maria Hilf<\/strong> au <strong>Ann\u00e9e jubilaire des pauvres servantes de J\u00e9sus-Christ<\/strong> gr\u00e2ce \u00e0 des actions visibles et \u00e0 la participation des associations, des citoyens.<\/li>\n\n\n\n<li>Mise en place d'un syst\u00e8me accessible au public <strong>Station de r\u00e9paration de v\u00e9los<\/strong>, Id\u00e9alement le <strong>Place de la mairie<\/strong> ou le <strong>Gare ferroviaire<\/strong> comme la pierre angulaire d'un futur <strong>Station de mobilit\u00e9<\/strong>.<\/li>\n\n\n\n<li>Mise en place d'un <strong>Bo\u00eete de distribution \u00e9lectrique sur la Laurentiusplatz<\/strong>, afin de pouvoir organiser les f\u00eates et les \u00e9v\u00e9nements des associations de mani\u00e8re plus s\u00fbre et plus simple.<\/li>\n\n\n\n<li><strong>Am\u00e9lioration de la s\u00e9curit\u00e9 routi\u00e8re<\/strong> sur des pistes cyclables et des sentiers de randonn\u00e9e sur le Gemarkung de Dernbach (intersections <strong>L312<\/strong> et <strong>K148<\/strong>).<\/li>\n<\/ul>\n\n\n\n<p class=\"wp-block-paragraph\">Nous joignons \u00e0 ces demandes: <strong>S\u00e9curit\u00e9 routi\u00e8re<\/strong>, <strong>Mobilit\u00e9 durable<\/strong>, <strong>Renforcement du b\u00e9n\u00e9volat<\/strong> et les <strong>Pr\u00e9servation du patrimoine culturel<\/strong> de notre lieu. Toutes les demandes peuvent \u00eatre <strong>Syst\u00e8me d'information du Conseil<\/strong> \u00eatre lus dans le texte; Nous nous engageons \u00e0 ce que vous <strong>partie publique<\/strong> Les r\u00e9unions seront examin\u00e9es et publi\u00e9es.<\/p>\n\n\n\n<h2 class=\"wp-block-heading\">R\u00e9union du Conseil du 25 novembre 2025<\/h2>\n\n\n\n<p class=\"wp-block-paragraph\"><strong>Soins des vergers \u00abzur Heilborn\u00bb<\/strong><br>Nous voulons nous assurer que les <strong>Prairie de vergers \u00abzur Heilborn\u00bb entretenue de mani\u00e8re professionnelle en tant que surface de compensation<\/strong> et le n\u00e9cessaire <strong>Coupe d'arbre fruitier organis\u00e9e<\/strong> sera. Pour ce faire, la commune locale doit trouver des solutions en collaboration avec l'association fruiti\u00e8re et horticole et consulter le conseil communal sur <strong>Engagements et concept de soins<\/strong> informer.<\/p>\n<\/div>\n\n\n\n<div class=\"wp-block-column is-layout-flow wp-block-column-is-layout-flow\">\n<h1 class=\"wp-block-heading\">Vue d'ensemble<\/h1>\n\n\n\n<h2 class=\"wp-block-heading\"><strong>\u2047  Table d'information touristique pour le monast\u00e8re Maria Hilf<\/strong><\/h2>\n\n\n\n<p class=\"wp-block-paragraph\"><strong>Sur A3 (km 85,4) ou A48<\/strong>: Demande adress\u00e9e \u00e0 Autobahn GmbH, subvention LEADER jusqu'\u00e0 80 ans%, Conciliation avec le monast\u00e8re.<br><strong>B\u00e9n\u00e9fices<\/strong>: <strong>Augmentation des nuit\u00e9es et du tourisme<\/strong>, Visibilit\u00e9 pour la canonisation de Katharina Kasper (2018).<\/p>\n\n\n\n<div class=\"wp-block-file\"><a id=\"wp-block-file--media-fc2d614a-6d42-4737-812f-53ff984904e6\" href=\"https:\/\/gemeinsam-fuer-dernbach.de\/wp-content\/uploads\/2026\/02\/Antrag_touristische-Hinweistafel.pdf\">Demande : Panneau d'information touristique<\/a><a href=\"https:\/\/gemeinsam-fuer-dernbach.de\/wp-content\/uploads\/2026\/02\/Antrag_touristische-Hinweistafel.pdf\" class=\"wp-block-file__button wp-element-button\" download aria-describedby=\"wp-block-file--media-fc2d614a-6d42-4737-812f-53ff984904e6\">T\u00e9l\u00e9charger<\/a><\/div>\n\n\n\n<hr class=\"wp-block-separator has-alpha-channel-opacity\"\/>\n\n\n\n<h2 class=\"wp-block-heading\"><strong>\u2047  Hommage \u00e0 Katharina Kasper &amp; Anniversaire de l'ADJC<\/strong><\/h2>\n\n\n\n<p class=\"wp-block-paragraph\"><strong>Mesures visibles<\/strong> comme une plaque comm\u00e9morative, des \u00e9v\u00e9nements; Appel aux associations et aux citoyens, mandat de la commission de la culture.<br><strong>B\u00e9n\u00e9fices<\/strong>: <strong>Renforcement de l'identit\u00e9 de Dernbach<\/strong>, Promotion de la communaut\u00e9 et de l'offre touristique au 175. Ann\u00e9e anniversaire.<\/p>\n\n\n\n<div class=\"wp-block-file\"><a id=\"wp-block-file--media-a04eff00-151c-4d67-a49f-f44933990700\" href=\"https:\/\/gemeinsam-fuer-dernbach.de\/wp-content\/uploads\/2026\/02\/Antrag_ADJC-Jubilaeum.pdf\">Demande : Anniversaire de l'ADJC<\/a><a href=\"https:\/\/gemeinsam-fuer-dernbach.de\/wp-content\/uploads\/2026\/02\/Antrag_ADJC-Jubilaeum.pdf\" class=\"wp-block-file__button wp-element-button\" download aria-describedby=\"wp-block-file--media-a04eff00-151c-4d67-a49f-f44933990700\">T\u00e9l\u00e9charger<\/a><\/div>\n\n\n\n<hr class=\"wp-block-separator has-alpha-channel-opacity\"\/>\n\n\n\n<h2 class=\"wp-block-heading\"><strong>\u2047  S\u00e9curit\u00e9 routi\u00e8re sur les pistes cyclables et les sentiers de randonn\u00e9e<\/strong><\/h2>\n\n\n\n<p class=\"wp-block-paragraph\"><strong>Intersections L312 et K148<\/strong>: V\u00e9rification de l'am\u00e9lioration de la visibilit\u00e9, de la signalisation et de la mod\u00e9ration de la circulation gr\u00e2ce \u00e0 la coordination avec le Landkreis et l'Office de la construction routi\u00e8re.<br><strong>B\u00e9n\u00e9fices<\/strong>: <strong>Protection des usagers vuln\u00e9rables de la route<\/strong> comme les cyclistes et les familles, la promotion de la mobilit\u00e9 durable.<\/p>\n\n\n\n<div class=\"wp-block-file\"><a id=\"wp-block-file--media-8ba6ff7a-8994-4a7f-952c-5f0ba84aaff1\" href=\"https:\/\/gemeinsam-fuer-dernbach.de\/wp-content\/uploads\/2026\/02\/Antrag_Verkehrssicherheit-Fahrradwege.pdf\">Demande : S\u00e9curit\u00e9 routi\u00e8re<\/a><a href=\"https:\/\/gemeinsam-fuer-dernbach.de\/wp-content\/uploads\/2026\/02\/Antrag_Verkehrssicherheit-Fahrradwege.pdf\" class=\"wp-block-file__button wp-element-button\" download aria-describedby=\"wp-block-file--media-8ba6ff7a-8994-4a7f-952c-5f0ba84aaff1\">T\u00e9l\u00e9charger<\/a><\/div>\n\n\n\n<hr class=\"wp-block-separator has-alpha-channel-opacity\"\/>\n\n\n\n<h2 class=\"wp-block-heading\"><strong>\u2047  Station de r\u00e9paration de v\u00e9los \u00e0 Dernbach<\/strong><\/h2>\n\n\n\n<p class=\"wp-block-paragraph\"><strong>Station publique<\/strong> sur la place de l'h\u00f4tel de ville ou la gare avec le soutien de LEADER (d\u00e9lai 20.03.2026), y compris le panneau d'information sur les pistes cyclables.<br><strong>B\u00e9n\u00e9fices<\/strong>: <strong>Mobilit\u00e9 respectueuse du climat<\/strong>, s\u00e9curit\u00e9 pour les navetteurs et les touristes, avantages multig\u00e9n\u00e9rationnels (y compris pour les poussettes).<\/p>\n\n\n\n<div class=\"wp-block-file\"><a id=\"wp-block-file--media-554a8e15-29c8-4748-a063-d6d088bcad39\" href=\"https:\/\/gemeinsam-fuer-dernbach.de\/wp-content\/uploads\/2026\/02\/Antrag_Fahrradreparaturstation.pdf\">Demande : Station de r\u00e9paration de v\u00e9los<\/a><a href=\"https:\/\/gemeinsam-fuer-dernbach.de\/wp-content\/uploads\/2026\/02\/Antrag_Fahrradreparaturstation.pdf\" class=\"wp-block-file__button wp-element-button\" download aria-describedby=\"wp-block-file--media-554a8e15-29c8-4748-a063-d6d088bcad39\">T\u00e9l\u00e9charger<\/a><\/div>\n\n\n\n<hr class=\"wp-block-separator has-alpha-channel-opacity\"\/>\n\n\n\n<h2 class=\"wp-block-heading\"><strong>\u2047  Bo\u00eete de distribution \u00e9lectrique sur la place Laurentius<\/strong><\/h2>\n\n\n\n<p class=\"wp-block-paragraph\"><strong>Bo\u00eete scell\u00e9e<\/strong> avec protection FI et prises pr\u00e8s du terrain de sport, conforme VDE, co\u00fbt inf\u00e9rieur \u00e0 1 500 \u20ac.<br><strong>B\u00e9n\u00e9fices<\/strong>: <strong>Un approvisionnement s\u00fbr pour les f\u00eates d'associations<\/strong>, petits-d\u00e9jeuners citoyens et \u00e9v\u00e9nements sans risque de rallonge.<\/p>\n\n\n\n<div class=\"wp-block-file\"><a id=\"wp-block-file--media-2d79fc45-20ee-4711-a7a4-c7a20525d47f\" href=\"https:\/\/gemeinsam-fuer-dernbach.de\/wp-content\/uploads\/2026\/02\/Antrag_Verteilerkasten.pdf\">Demande : Bo\u00eete de distribution<\/a><a href=\"https:\/\/gemeinsam-fuer-dernbach.de\/wp-content\/uploads\/2026\/02\/Antrag_Verteilerkasten.pdf\" class=\"wp-block-file__button wp-element-button\" download aria-describedby=\"wp-block-file--media-2d79fc45-20ee-4711-a7a4-c7a20525d47f\">T\u00e9l\u00e9charger<\/a><\/div>\n\n\n\n<hr class=\"wp-block-separator has-alpha-channel-opacity\"\/>\n\n\n\n<p class=\"wp-block-paragraph\"><strong>\u2047  Prairie de vergers \u00abzur Heilborn\u00bb<\/strong><br>Assurer la taille professionnelle des arbres fruitiers et l'entretien des <strong>Superficie de compensation \u00abzur Heilborn\u00bb<\/strong> par la commune locale en \u00e9troite coordination avec l'association fruiti\u00e8re et horticole.<\/p>\n\n\n\n<p class=\"wp-block-paragraph\"><strong>Avantages:<\/strong> Maintien de la fonction \u00e9cologique de la surface de compensation, renforcement des <strong>biodiversit\u00e9<\/strong> et paysage, responsabilit\u00e9 claire de la commune en mati\u00e8re d'entretien et de p\u00e9rennit\u00e9.<\/p>\n\n\n\n<div class=\"wp-block-file\"><a id=\"wp-block-file--media-89bb0175-af2c-4512-957d-747f82b1fb9b\" href=\"https:\/\/gemeinsam-fuer-dernbach.de\/wp-content\/uploads\/2026\/02\/Antrag-Streuobstwiese.pdf\">Demande : Prairie de fruits \u00e0 saupoudrer<\/a><a href=\"https:\/\/gemeinsam-fuer-dernbach.de\/wp-content\/uploads\/2026\/02\/Antrag-Streuobstwiese.pdf\" class=\"wp-block-file__button wp-element-button\" download aria-describedby=\"wp-block-file--media-89bb0175-af2c-4512-957d-747f82b1fb9b\">T\u00e9l\u00e9charger<\/a><\/div>\n<\/div>\n<\/div>\n<\/div>\n<\/div>","protected":false},"excerpt":{"rendered":"<p>En tant que groupe \u00abEnsemble pour Dernbach\u00bb, nous nous engageons \u00e0 rendre progressivement notre localit\u00e9 plus vivable, plus s\u00fbre et plus durable. Sur cette page, nous pr\u00e9sentons [...]<\/p>","protected":false},"author":2,"featured_media":0,"parent":0,"menu_order":0,"comment_status":"closed","ping_status":"closed","template":"page-no-title","meta":{"_price":"","_stock":"","_tribe_ticket_header":"","_tribe_default_ticket_provider":"","_tribe_ticket_capacity":"0","_ticket_start_date":"","_ticket_end_date":"","_tribe_ticket_show_description":"","_tribe_ticket_show_not_going":false,"_tribe_ticket_use_global_stock":"","_tribe_ticket_global_stock_level":"","_global_stock_mode":"","_global_stock_cap":"","_tribe_rsvp_for_event":"","_tribe_ticket_going_count":"","_tribe_ticket_not_going_count":"","_tribe_tickets_list":"[]","_tribe_ticket_has_attendee_info_fields":false,"_EventAllDay":false,"_EventTimezone":"","_EventStartDate":"","_EventEndDate":"","_EventStartDateUTC":"","_EventEndDateUTC":"","_EventShowMap":false,"_EventShowMapLink":false,"_EventURL":"","_EventCost":"","_EventCostDescription":"","_EventCurrencySymbol":"","_EventCurrencyCode":"","_EventCurrencyPosition":"","_EventDateTimeSeparator":"","_EventTimeRangeSeparator":"","_EventOrganizerID":[],"_EventVenueID":[],"_OrganizerEmail":"","_OrganizerPhone":"","_OrganizerWebsite":"","_VenueAddress":"","_VenueCity":"","_VenueCountry":"","_VenueProvince":"","_VenueState":"","_VenueZip":"","_VenuePhone":"","_VenueURL":"","_VenueStateProvince":"","_VenueLat":"","_VenueLng":"","_VenueShowMap":false,"_VenueShowMapLink":false,"footnotes":"","_tec_slr_enabled":"","_tec_slr_layout":""},"class_list":["post-1620","page","type-page","status-publish","hentry"],"aioseo_notices":[],"aioseo_head":"\n\t\t<!-- All in One SEO 5.0.1.1 - aioseo.com -->\n\t<meta name=\"description\" content=\"Unsere Initiativen im Ortsgemeinderat Als Fraktion \u201eGemeinsam f\u00fcr Dernbach\u201c setzen wir uns daf\u00fcr ein, unseren Ort Schritt f\u00fcr Schritt lebenswerter, sicherer und zukunftsf\u00e4higer zu machen. Auf dieser Seite stellen wir unsere aktuellen Initiativen vor, die wir in den Gemeinderat eingebracht haben \u2013 transparent, nachvollziehbar und mit klarem Nutzen f\u00fcr Dernbach. Von uns beantragte Ratssitzung am\" \/>\n\t<meta name=\"robots\" content=\"max-image-preview:large\" \/>\n\t<link rel=\"canonical\" href=\"https:\/\/gemeinsam-fuer-dernbach.de\/fr\/initiativen\" \/>\n\t<meta name=\"generator\" content=\"All in One SEO (AIOSEO) 5.0.1.1\" \/>\n\t\t<meta property=\"og:locale\" content=\"fr_FR\" \/>\n\t\t<meta property=\"og:site_name\" content=\"Gemeinsam f\u00fcr Dernbach - Gemeinsam f\u00fcr Dernbach - Website der W\u00e4hlergruppe Jankowitsch\" \/>\n\t\t<meta property=\"og:type\" content=\"article\" \/>\n\t\t<meta property=\"og:title\" content=\"Initiativen - Gemeinsam f\u00fcr Dernbach\" \/>\n\t\t<meta property=\"og:description\" content=\"Unsere Initiativen im Ortsgemeinderat Als Fraktion \u201eGemeinsam f\u00fcr Dernbach\u201c setzen wir uns daf\u00fcr ein, unseren Ort Schritt f\u00fcr Schritt lebenswerter, sicherer und zukunftsf\u00e4higer zu machen. Auf dieser Seite stellen wir unsere aktuellen Initiativen vor, die wir in den Gemeinderat eingebracht haben \u2013 transparent, nachvollziehbar und mit klarem Nutzen f\u00fcr Dernbach. Von uns beantragte Ratssitzung am\" \/>\n\t\t<meta property=\"og:url\" content=\"https:\/\/gemeinsam-fuer-dernbach.de\/fr\/initiativen\" \/>\n\t\t<meta property=\"og:image\" content=\"https:\/\/gemeinsam-fuer-dernbach.de\/wp-content\/uploads\/2024\/12\/cropped-Button.png\" \/>\n\t\t<meta property=\"og:image:secure_url\" content=\"https:\/\/gemeinsam-fuer-dernbach.de\/wp-content\/uploads\/2024\/12\/cropped-Button.png\" \/>\n\t\t<meta property=\"og:image:width\" content=\"512\" \/>\n\t\t<meta property=\"og:image:height\" content=\"512\" \/>\n\t\t<meta property=\"article:published_time\" content=\"2026-02-18T20:34:10+00:00\" \/>\n\t\t<meta property=\"article:modified_time\" content=\"2026-02-18T21:21:23+00:00\" \/>\n\t\t<meta property=\"article:publisher\" content=\"https:\/\/www.facebook.com\/gemeinsam.fuer.dernbach\/\" \/>\n\t\t<meta name=\"twitter:card\" content=\"summary_large_image\" \/>\n\t\t<meta name=\"twitter:title\" content=\"Initiativen - Gemeinsam f\u00fcr Dernbach\" \/>\n\t\t<meta name=\"twitter:description\" content=\"Unsere Initiativen im Ortsgemeinderat Als Fraktion \u201eGemeinsam f\u00fcr Dernbach\u201c setzen wir uns daf\u00fcr ein, unseren Ort Schritt f\u00fcr Schritt lebenswerter, sicherer und zukunftsf\u00e4higer zu machen. Auf dieser Seite stellen wir unsere aktuellen Initiativen vor, die wir in den Gemeinderat eingebracht haben \u2013 transparent, nachvollziehbar und mit klarem Nutzen f\u00fcr Dernbach. Von uns beantragte Ratssitzung am\" \/>\n\t\t<meta name=\"twitter:image\" content=\"https:\/\/gemeinsam-fuer-dernbach.de\/wp-content\/uploads\/2024\/12\/cropped-Button.png\" \/>\n\t\t<script type=\"application\/ld+json\" class=\"aioseo-schema\">\n\t\t\t{\"@context\":\"https:\\\/\\\/schema.org\",\"@graph\":[{\"@type\":\"BreadcrumbList\",\"@id\":\"https:\\\/\\\/gemeinsam-fuer-dernbach.de\\\/fr\\\/initiativen#breadcrumblist\",\"itemListElement\":[{\"@type\":\"ListItem\",\"@id\":\"https:\\\/\\\/gemeinsam-fuer-dernbach.de\\\/fr#listItem\",\"position\":1,\"name\":\"Home\",\"item\":\"https:\\\/\\\/gemeinsam-fuer-dernbach.de\\\/fr\",\"nextItem\":{\"@type\":\"ListItem\",\"@id\":\"https:\\\/\\\/gemeinsam-fuer-dernbach.de\\\/fr\\\/initiativen#listItem\",\"name\":\"Initiativen\"}},{\"@type\":\"ListItem\",\"@id\":\"https:\\\/\\\/gemeinsam-fuer-dernbach.de\\\/fr\\\/initiativen#listItem\",\"position\":2,\"name\":\"Initiativen\",\"previousItem\":{\"@type\":\"ListItem\",\"@id\":\"https:\\\/\\\/gemeinsam-fuer-dernbach.de\\\/fr#listItem\",\"name\":\"Home\"}}]},{\"@type\":\"Organization\",\"@id\":\"https:\\\/\\\/gemeinsam-fuer-dernbach.de\\\/fr\\\/#organization\",\"name\":\"Gemeinsam f\\u00fcr Dernbach\",\"description\":\"Gemeinsam f\\u00fcr Dernbach - Website der W\\u00e4hlergruppe Jankowitsch\",\"url\":\"https:\\\/\\\/gemeinsam-fuer-dernbach.de\\\/fr\\\/\",\"logo\":{\"@type\":\"ImageObject\",\"url\":\"https:\\\/\\\/gemeinsam-fuer-dernbach.de\\\/wp-content\\\/uploads\\\/2024\\\/12\\\/cropped-Button.png\",\"@id\":\"https:\\\/\\\/gemeinsam-fuer-dernbach.de\\\/fr\\\/initiativen\\\/#organizationLogo\",\"width\":512,\"height\":512,\"caption\":\"Gemeinsam f\\u00fcr Dernbach\"},\"image\":{\"@id\":\"https:\\\/\\\/gemeinsam-fuer-dernbach.de\\\/fr\\\/initiativen\\\/#organizationLogo\"},\"sameAs\":[\"https:\\\/\\\/www.facebook.com\\\/gemeinsam.fuer.dernbach\\\/\",\"https:\\\/\\\/www.instagram.com\\\/gemeinsam_fuer_dernbach\\\/\"]},{\"@type\":\"WebPage\",\"@id\":\"https:\\\/\\\/gemeinsam-fuer-dernbach.de\\\/fr\\\/initiativen#webpage\",\"url\":\"https:\\\/\\\/gemeinsam-fuer-dernbach.de\\\/fr\\\/initiativen\",\"name\":\"Initiativen - Gemeinsam f\\u00fcr Dernbach\",\"description\":\"Unsere Initiativen im Ortsgemeinderat Als Fraktion \\u201eGemeinsam f\\u00fcr Dernbach\\u201c setzen wir uns daf\\u00fcr ein, unseren Ort Schritt f\\u00fcr Schritt lebenswerter, sicherer und zukunftsf\\u00e4higer zu machen. Auf dieser Seite stellen wir unsere aktuellen Initiativen vor, die wir in den Gemeinderat eingebracht haben \\u2013 transparent, nachvollziehbar und mit klarem Nutzen f\\u00fcr Dernbach. Von uns beantragte Ratssitzung am\",\"inLanguage\":\"fr-FR\",\"isPartOf\":{\"@id\":\"https:\\\/\\\/gemeinsam-fuer-dernbach.de\\\/fr\\\/#website\"},\"breadcrumb\":{\"@id\":\"https:\\\/\\\/gemeinsam-fuer-dernbach.de\\\/fr\\\/initiativen#breadcrumblist\"},\"datePublished\":\"2026-02-18T21:34:10+01:00\",\"dateModified\":\"2026-02-18T22:21:23+01:00\"},{\"@type\":\"WebSite\",\"@id\":\"https:\\\/\\\/gemeinsam-fuer-dernbach.de\\\/fr\\\/#website\",\"url\":\"https:\\\/\\\/gemeinsam-fuer-dernbach.de\\\/fr\\\/\",\"name\":\"Gemeinsam f\\u00fcr Dernbach\",\"description\":\"Gemeinsam f\\u00fcr Dernbach - Website der W\\u00e4hlergruppe Jankowitsch\",\"inLanguage\":\"fr-FR\",\"publisher\":{\"@id\":\"https:\\\/\\\/gemeinsam-fuer-dernbach.de\\\/fr\\\/#organization\"}}]}\n\t\t<\/script>\n\t\t<!-- All in One SEO -->\n\n","aioseo_head_json":{"title":"Initiativen - Gemeinsam f\u00fcr Dernbach","description":"Unsere Initiativen im Ortsgemeinderat Als Fraktion \u201eGemeinsam f\u00fcr Dernbach\u201c setzen wir uns daf\u00fcr ein, unseren Ort Schritt f\u00fcr Schritt lebenswerter, sicherer und zukunftsf\u00e4higer zu machen. Auf dieser Seite stellen wir unsere aktuellen Initiativen vor, die wir in den Gemeinderat eingebracht haben \u2013 transparent, nachvollziehbar und mit klarem Nutzen f\u00fcr Dernbach. Von uns beantragte Ratssitzung am","canonical_url":"https:\/\/gemeinsam-fuer-dernbach.de\/fr\/initiativen","robots":"max-image-preview:large","keywords":"","webmasterTools":{"miscellaneous":""},"schema":{"@context":"https:\/\/schema.org","@graph":[{"@type":"BreadcrumbList","@id":"https:\/\/gemeinsam-fuer-dernbach.de\/fr\/initiativen#breadcrumblist","itemListElement":[{"@type":"ListItem","@id":"https:\/\/gemeinsam-fuer-dernbach.de\/fr#listItem","position":1,"name":"Home","item":"https:\/\/gemeinsam-fuer-dernbach.de\/fr","nextItem":{"@type":"ListItem","@id":"https:\/\/gemeinsam-fuer-dernbach.de\/fr\/initiativen#listItem","name":"Initiativen"}},{"@type":"ListItem","@id":"https:\/\/gemeinsam-fuer-dernbach.de\/fr\/initiativen#listItem","position":2,"name":"Initiativen","previousItem":{"@type":"ListItem","@id":"https:\/\/gemeinsam-fuer-dernbach.de\/fr#listItem","name":"Home"}}]},{"@type":"Organization","@id":"https:\/\/gemeinsam-fuer-dernbach.de\/fr\/#organization","name":"Gemeinsam f\u00fcr Dernbach","description":"Gemeinsam f\u00fcr Dernbach - Website der W\u00e4hlergruppe Jankowitsch","url":"https:\/\/gemeinsam-fuer-dernbach.de\/fr\/","logo":{"@type":"ImageObject","url":"https:\/\/gemeinsam-fuer-dernbach.de\/wp-content\/uploads\/2024\/12\/cropped-Button.png","@id":"https:\/\/gemeinsam-fuer-dernbach.de\/fr\/initiativen\/#organizationLogo","width":512,"height":512,"caption":"Gemeinsam f\u00fcr Dernbach"},"image":{"@id":"https:\/\/gemeinsam-fuer-dernbach.de\/fr\/initiativen\/#organizationLogo"},"sameAs":["https:\/\/www.facebook.com\/gemeinsam.fuer.dernbach\/","https:\/\/www.instagram.com\/gemeinsam_fuer_dernbach\/"]},{"@type":"WebPage","@id":"https:\/\/gemeinsam-fuer-dernbach.de\/fr\/initiativen#webpage","url":"https:\/\/gemeinsam-fuer-dernbach.de\/fr\/initiativen","name":"Initiativen - Gemeinsam f\u00fcr Dernbach","description":"Unsere Initiativen im Ortsgemeinderat Als Fraktion \u201eGemeinsam f\u00fcr Dernbach\u201c setzen wir uns daf\u00fcr ein, unseren Ort Schritt f\u00fcr Schritt lebenswerter, sicherer und zukunftsf\u00e4higer zu machen. Auf dieser Seite stellen wir unsere aktuellen Initiativen vor, die wir in den Gemeinderat eingebracht haben \u2013 transparent, nachvollziehbar und mit klarem Nutzen f\u00fcr Dernbach. Von uns beantragte Ratssitzung am","inLanguage":"fr-FR","isPartOf":{"@id":"https:\/\/gemeinsam-fuer-dernbach.de\/fr\/#website"},"breadcrumb":{"@id":"https:\/\/gemeinsam-fuer-dernbach.de\/fr\/initiativen#breadcrumblist"},"datePublished":"2026-02-18T21:34:10+01:00","dateModified":"2026-02-18T22:21:23+01:00"},{"@type":"WebSite","@id":"https:\/\/gemeinsam-fuer-dernbach.de\/fr\/#website","url":"https:\/\/gemeinsam-fuer-dernbach.de\/fr\/","name":"Gemeinsam f\u00fcr Dernbach","description":"Gemeinsam f\u00fcr Dernbach - Website der W\u00e4hlergruppe Jankowitsch","inLanguage":"fr-FR","publisher":{"@id":"https:\/\/gemeinsam-fuer-dernbach.de\/fr\/#organization"}}]},"og:locale":"fr_FR","og:site_name":"Gemeinsam f\u00fcr Dernbach - Gemeinsam f\u00fcr Dernbach - Website der W\u00e4hlergruppe Jankowitsch","og:type":"article","og:title":"Initiativen - Gemeinsam f\u00fcr Dernbach","og:description":"Unsere Initiativen im Ortsgemeinderat Als Fraktion \u201eGemeinsam f\u00fcr Dernbach\u201c setzen wir uns daf\u00fcr ein, unseren Ort Schritt f\u00fcr Schritt lebenswerter, sicherer und zukunftsf\u00e4higer zu machen. Auf dieser Seite stellen wir unsere aktuellen Initiativen vor, die wir in den Gemeinderat eingebracht haben \u2013 transparent, nachvollziehbar und mit klarem Nutzen f\u00fcr Dernbach. Von uns beantragte Ratssitzung am","og:url":"https:\/\/gemeinsam-fuer-dernbach.de\/fr\/initiativen","og:image":"https:\/\/gemeinsam-fuer-dernbach.de\/wp-content\/uploads\/2024\/12\/cropped-Button.png","og:image:secure_url":"https:\/\/gemeinsam-fuer-dernbach.de\/wp-content\/uploads\/2024\/12\/cropped-Button.png","og:image:width":512,"og:image:height":512,"article:published_time":"2026-02-18T20:34:10+00:00","article:modified_time":"2026-02-18T21:21:23+00:00","article:publisher":"https:\/\/www.facebook.com\/gemeinsam.fuer.dernbach\/","twitter:card":"summary_large_image","twitter:title":"Initiativen - Gemeinsam f\u00fcr Dernbach","twitter:description":"Unsere Initiativen im Ortsgemeinderat Als Fraktion \u201eGemeinsam f\u00fcr Dernbach\u201c setzen wir uns daf\u00fcr ein, unseren Ort Schritt f\u00fcr Schritt lebenswerter, sicherer und zukunftsf\u00e4higer zu machen. Auf dieser Seite stellen wir unsere aktuellen Initiativen vor, die wir in den Gemeinderat eingebracht haben \u2013 transparent, nachvollziehbar und mit klarem Nutzen f\u00fcr Dernbach. Von uns beantragte Ratssitzung am","twitter:image":"https:\/\/gemeinsam-fuer-dernbach.de\/wp-content\/uploads\/2024\/12\/cropped-Button.png"},"aioseo_meta_data":{"post_id":"1620","title":null,"description":null,"keywords":null,"keyphrases":{"focus":{"keyphrase":"","score":0,"analysis":{"keyphraseInTitle":{"score":0,"maxScore":9,"error":1}}},"additional":[]},"primary_term":null,"canonical_url":null,"og_title":null,"og_description":null,"og_object_type":"default","og_image_type":"default","og_image_url":null,"og_image_width":null,"og_image_height":null,"og_image_custom_url":null,"og_image_custom_fields":null,"og_video":"","og_custom_url":null,"og_article_section":null,"og_article_tags":null,"twitter_use_og":false,"twitter_card":"default","twitter_image_type":"default","twitter_image_url":null,"twitter_image_custom_url":null,"twitter_image_custom_fields":null,"twitter_title":null,"twitter_description":null,"schema":{"blockGraphs":[],"customGraphs":[],"default":{"data":{"Article":[],"Course":[],"Dataset":[],"FAQPage":[],"Movie":[],"Person":[],"Product":[],"ProductReview":[],"Car":[],"Recipe":[],"Service":[],"SoftwareApplication":[],"WebPage":[]},"graphName":"WebPage","isEnabled":true},"graphs":[]},"schema_type":"default","schema_type_options":null,"pillar_content":false,"robots_default":true,"robots_noindex":false,"robots_noarchive":false,"robots_nosnippet":false,"robots_nofollow":false,"robots_noimageindex":false,"robots_noodp":false,"robots_notranslate":false,"robots_max_snippet":"-1","robots_max_videopreview":"-1","robots_max_imagepreview":"large","priority":null,"frequency":"default","local_seo":null,"breadcrumb_settings":null,"limit_modified_date":false,"ai":{"faqs":[],"keyPoints":[],"titles":[],"descriptions":[],"socialPosts":{"email":[],"linkedin":[],"twitter":[],"facebook":[],"instagram":[]}},"created":"2026-02-18 20:34:12","updated":"2026-02-18 21:25:56","seo_analyzer_scan_date":null,"focus_keyword":null,"additional_keywords":null,"truseo_locale":null},"aioseo_breadcrumb":"<div class=\"aioseo-breadcrumbs\"><span class=\"aioseo-breadcrumb\">\n\t\t\t<a href=\"https:\/\/gemeinsam-fuer-dernbach.de\/fr\" title=\"Home\">Home<\/a>\n\t\t<\/span><span class=\"aioseo-breadcrumb-separator\">&raquo;<\/span><span class=\"aioseo-breadcrumb\">\n\t\t\tInitiativen\n\t\t<\/span><\/div>","aioseo_breadcrumb_json":[{"label":"Home","link":"https:\/\/gemeinsam-fuer-dernbach.de\/fr"},{"label":"Initiativen","link":"https:\/\/gemeinsam-fuer-dernbach.de\/fr\/initiativen"}],"ticketed":false,"_links":{"self":[{"href":"https:\/\/gemeinsam-fuer-dernbach.de\/fr\/wp-json\/wp\/v2\/pages\/1620","targetHints":{"allow":["GET"]}}],"collection":[{"href":"https:\/\/gemeinsam-fuer-dernbach.de\/fr\/wp-json\/wp\/v2\/pages"}],"about":[{"href":"https:\/\/gemeinsam-fuer-dernbach.de\/fr\/wp-json\/wp\/v2\/types\/page"}],"author":[{"embeddable":true,"href":"https:\/\/gemeinsam-fuer-dernbach.de\/fr\/wp-json\/wp\/v2\/users\/2"}],"replies":[{"embeddable":true,"href":"https:\/\/gemeinsam-fuer-dernbach.de\/fr\/wp-json\/wp\/v2\/comments?post=1620"}],"version-history":[{"count":6,"href":"https:\/\/gemeinsam-fuer-dernbach.de\/fr\/wp-json\/wp\/v2\/pages\/1620\/revisions"}],"predecessor-version":[{"id":1638,"href":"https:\/\/gemeinsam-fuer-dernbach.de\/fr\/wp-json\/wp\/v2\/pages\/1620\/revisions\/1638"}],"wp:attachment":[{"href":"https:\/\/gemeinsam-fuer-dernbach.de\/fr\/wp-json\/wp\/v2\/media?parent=1620"}],"curies":[{"name":"wp","href":"https:\/\/api.w.org\/{rel}","templated":true}]}}