{"id":1567,"date":"2025-10-23T17:05:55","date_gmt":"2025-10-23T16:05:55","guid":{"rendered":"https:\/\/gemeinsam-fuer-dernbach.de\/?post_type=tribe_events&#038;p=1567"},"modified":"2025-10-26T13:49:25","modified_gmt":"2025-10-26T12:49:25","slug":"offene-fraktionssitzung-2","status":"publish","type":"tribe_events","link":"https:\/\/gemeinsam-fuer-dernbach.de\/fr\/kalender\/offene-fraktionssitzung-2","title":{"rendered":"R\u00e9union ouverte du groupe"},"content":{"rendered":"<p>\u00abEnsemble pour Dernbach\u00bb invite cordialement tous les citoyens int\u00e9ress\u00e9s \u00e0 participer \u00e0 la r\u00e9union ouverte du groupe. Les th\u00e8mes d'actualit\u00e9 du Conseil et des comit\u00e9s, la pr\u00e9paration des prochaines r\u00e9unions ainsi que le d\u00e9veloppement durable des villages sont \u00e0 l'ordre du jour.<\/p>\n<p>\u00abEnsemble pour Dernbach\u00bb se compose d\u2019un groupe d\u2019\u00e9lecteurs non partisan et s\u2019engage en faveur d\u2019une politique locale transparente et proche des citoyens.<\/p>\n<p>Les membres du groupe invitent cordialement toutes les personnes int\u00e9ress\u00e9es \u00e0 participer activement \u00e0 l'organisation de la commune. Nous sommes impatients de participer activement \u00e0 des \u00e9changes ouverts et \u00e0 de bonnes discussions.<\/p>","protected":false},"excerpt":{"rendered":"<p>\u00abEnsemble pour Dernbach\u00bb invite cordialement tous les citoyens int\u00e9ress\u00e9s \u00e0 participer \u00e0 la r\u00e9union ouverte du groupe. \u00c0 l'ordre du jour figurent des questions d'actualit\u00e9 concernant le Conseil et les comit\u00e9s, la pr\u00e9paration des prochaines r\u00e9unions et [...]<\/p>","protected":false},"author":2,"featured_media":1566,"template":"","meta":{"_price":"","_stock":"","_tribe_ticket_header":"","_tribe_default_ticket_provider":"","_tribe_ticket_capacity":"0","_ticket_start_date":"","_ticket_end_date":"","_tribe_ticket_show_description":"","_tribe_ticket_show_not_going":false,"_tribe_ticket_use_global_stock":"","_tribe_ticket_global_stock_level":"","_global_stock_mode":"","_global_stock_cap":"","_tribe_rsvp_for_event":"","_tribe_ticket_going_count":"","_tribe_ticket_not_going_count":"","_tribe_tickets_list":"[]","_tribe_ticket_has_attendee_info_fields":false,"_EventAllDay":false,"_EventTimezone":"UTC+1","_EventStartDate":"2025-11-02 10:30:00","_EventEndDate":"2025-11-02 12:00:00","_EventStartDateUTC":"2025-11-02 09:30:00","_EventEndDateUTC":"2025-11-02 11:00:00","_EventShowMap":true,"_EventShowMapLink":true,"_EventURL":"","_EventCost":"","_EventCostDescription":"","_EventCurrencySymbol":"","_EventCurrencyCode":"","_EventCurrencyPosition":"","_EventDateTimeSeparator":"","_EventTimeRangeSeparator":"","_EventOrganizerID":[],"_EventVenueID":[1295],"_OrganizerEmail":"","_OrganizerPhone":"","_OrganizerWebsite":"","_VenueAddress":"","_VenueCity":"","_VenueCountry":"","_VenueProvince":"","_VenueState":"","_VenueZip":"","_VenuePhone":"","_VenueURL":"","_VenueStateProvince":"","_VenueLat":"","_VenueLng":"","_VenueShowMap":false,"_VenueShowMapLink":false,"_tribe_events_status":"","_tribe_events_status_reason":"","footnotes":"","_tec_slr_enabled":"","_tec_slr_layout":""},"tags":[12,147],"tribe_events_cat":[146],"class_list":["post-1567","tribe_events","type-tribe_events","status-publish","has-post-thumbnail","hentry","tag-gemeinsam-fuer-dernbach","tag-offene-fraktionssitzung","tribe_events_cat-offene-fraktionssitzung","cat_offene-fraktionssitzung"],"aioseo_notices":[],"aioseo_head":"\n\t\t<!-- All in One SEO 5.0.1.1 - aioseo.com -->\n\t<meta name=\"description\" content=\"&quot;Gemeinsam f\u00fcr Dernbach\u201c l\u00e4dt alle interessierten B\u00fcrgerinnen und B\u00fcrger herzlich zur offenen Fraktionssitzung ein. Auf der Tagesordnung stehen aktuelle Themen aus Rat und Aussch\u00fcssen, die Vorbereitung auf kommende Sitzungen sowie die zukunftsf\u00e4hige Dorfentwicklung. \u201eGemeinsam f\u00fcr Dernbach\u201c besteht aus einer parteiunabh\u00e4ngigen W\u00e4hlergruppe und setzt sich f\u00fcr eine transparente und b\u00fcrgernahe Kommunalpolitik ein. Die Fraktionsmitglieder laden alle\" \/>\n\t<meta name=\"robots\" content=\"max-image-preview:large\" \/>\n\t<meta name=\"author\" content=\"GfD_Manuel\"\/>\n\t<link rel=\"canonical\" href=\"https:\/\/gemeinsam-fuer-dernbach.de\/fr\/kalender\/offene-fraktionssitzung-2\" \/>\n\t<meta name=\"generator\" content=\"All in One SEO (AIOSEO) 5.0.1.1\" \/>\n\t\t<meta property=\"og:locale\" content=\"fr_FR\" \/>\n\t\t<meta property=\"og:site_name\" content=\"Gemeinsam f\u00fcr Dernbach - Gemeinsam f\u00fcr Dernbach - Website der W\u00e4hlergruppe Jankowitsch\" \/>\n\t\t<meta property=\"og:type\" content=\"article\" \/>\n\t\t<meta property=\"og:title\" content=\"Offene Fraktionssitzung - Gemeinsam f\u00fcr Dernbach\" \/>\n\t\t<meta property=\"og:description\" content=\"&quot;Gemeinsam f\u00fcr Dernbach\u201c l\u00e4dt alle interessierten B\u00fcrgerinnen und B\u00fcrger herzlich zur offenen Fraktionssitzung ein. Auf der Tagesordnung stehen aktuelle Themen aus Rat und Aussch\u00fcssen, die Vorbereitung auf kommende Sitzungen sowie die zukunftsf\u00e4hige Dorfentwicklung. \u201eGemeinsam f\u00fcr Dernbach\u201c besteht aus einer parteiunabh\u00e4ngigen W\u00e4hlergruppe und setzt sich f\u00fcr eine transparente und b\u00fcrgernahe Kommunalpolitik ein. Die Fraktionsmitglieder laden alle\" \/>\n\t\t<meta property=\"og:url\" content=\"https:\/\/gemeinsam-fuer-dernbach.de\/fr\/kalender\/offene-fraktionssitzung-2\" \/>\n\t\t<meta property=\"og:image\" content=\"https:\/\/gemeinsam-fuer-dernbach.de\/wp-content\/uploads\/2024\/12\/cropped-Button.png\" \/>\n\t\t<meta property=\"og:image:secure_url\" content=\"https:\/\/gemeinsam-fuer-dernbach.de\/wp-content\/uploads\/2024\/12\/cropped-Button.png\" \/>\n\t\t<meta property=\"og:image:width\" content=\"512\" \/>\n\t\t<meta property=\"og:image:height\" content=\"512\" \/>\n\t\t<meta property=\"article:published_time\" content=\"2025-10-23T16:05:55+00:00\" \/>\n\t\t<meta property=\"article:modified_time\" content=\"2025-10-26T12:49:25+00:00\" \/>\n\t\t<meta property=\"article:publisher\" content=\"https:\/\/www.facebook.com\/gemeinsam.fuer.dernbach\/\" \/>\n\t\t<meta name=\"twitter:card\" content=\"summary_large_image\" \/>\n\t\t<meta name=\"twitter:title\" content=\"Offene Fraktionssitzung - Gemeinsam f\u00fcr Dernbach\" \/>\n\t\t<meta name=\"twitter:description\" content=\"&quot;Gemeinsam f\u00fcr Dernbach\u201c l\u00e4dt alle interessierten B\u00fcrgerinnen und B\u00fcrger herzlich zur offenen Fraktionssitzung ein. Auf der Tagesordnung stehen aktuelle Themen aus Rat und Aussch\u00fcssen, die Vorbereitung auf kommende Sitzungen sowie die zukunftsf\u00e4hige Dorfentwicklung. \u201eGemeinsam f\u00fcr Dernbach\u201c besteht aus einer parteiunabh\u00e4ngigen W\u00e4hlergruppe und setzt sich f\u00fcr eine transparente und b\u00fcrgernahe Kommunalpolitik ein. Die Fraktionsmitglieder laden alle\" \/>\n\t\t<meta name=\"twitter:image\" content=\"https:\/\/gemeinsam-fuer-dernbach.de\/wp-content\/uploads\/2024\/12\/cropped-Button.png\" \/>\n\t\t<script type=\"application\/ld+json\" class=\"aioseo-schema\">\n\t\t\t{\"@context\":\"https:\\\/\\\/schema.org\",\"@graph\":[{\"@type\":\"BreadcrumbList\",\"@id\":\"https:\\\/\\\/gemeinsam-fuer-dernbach.de\\\/fr\\\/kalender\\\/offene-fraktionssitzung-2#breadcrumblist\",\"itemListElement\":[{\"@type\":\"ListItem\",\"@id\":\"https:\\\/\\\/gemeinsam-fuer-dernbach.de\\\/fr#listItem\",\"position\":1,\"name\":\"Home\",\"item\":\"https:\\\/\\\/gemeinsam-fuer-dernbach.de\\\/fr\",\"nextItem\":{\"@type\":\"ListItem\",\"@id\":\"https:\\\/\\\/gemeinsam-fuer-dernbach.de\\\/fr\\\/kalender\\\/#listItem\",\"name\":\"\\u00c9v\\u00e8nements\"}},{\"@type\":\"ListItem\",\"@id\":\"https:\\\/\\\/gemeinsam-fuer-dernbach.de\\\/fr\\\/kalender\\\/#listItem\",\"position\":2,\"name\":\"\\u00c9v\\u00e8nements\",\"item\":\"https:\\\/\\\/gemeinsam-fuer-dernbach.de\\\/fr\\\/kalender\\\/\",\"nextItem\":{\"@type\":\"ListItem\",\"@id\":\"https:\\\/\\\/gemeinsam-fuer-dernbach.de\\\/fr\\\/tag\\\/gemeinsam-fuer-dernbach#listItem\",\"name\":\"Gemeinsam f\\u00fcr Dernbach\"},\"previousItem\":{\"@type\":\"ListItem\",\"@id\":\"https:\\\/\\\/gemeinsam-fuer-dernbach.de\\\/fr#listItem\",\"name\":\"Home\"}},{\"@type\":\"ListItem\",\"@id\":\"https:\\\/\\\/gemeinsam-fuer-dernbach.de\\\/fr\\\/tag\\\/gemeinsam-fuer-dernbach#listItem\",\"position\":3,\"name\":\"Gemeinsam f\\u00fcr Dernbach\",\"item\":\"https:\\\/\\\/gemeinsam-fuer-dernbach.de\\\/fr\\\/tag\\\/gemeinsam-fuer-dernbach\",\"nextItem\":{\"@type\":\"ListItem\",\"@id\":\"https:\\\/\\\/gemeinsam-fuer-dernbach.de\\\/fr\\\/kalender\\\/offene-fraktionssitzung-2#listItem\",\"name\":\"Offene Fraktionssitzung\"},\"previousItem\":{\"@type\":\"ListItem\",\"@id\":\"https:\\\/\\\/gemeinsam-fuer-dernbach.de\\\/fr\\\/kalender\\\/#listItem\",\"name\":\"\\u00c9v\\u00e8nements\"}},{\"@type\":\"ListItem\",\"@id\":\"https:\\\/\\\/gemeinsam-fuer-dernbach.de\\\/fr\\\/kalender\\\/offene-fraktionssitzung-2#listItem\",\"position\":4,\"name\":\"Offene Fraktionssitzung\",\"previousItem\":{\"@type\":\"ListItem\",\"@id\":\"https:\\\/\\\/gemeinsam-fuer-dernbach.de\\\/fr\\\/tag\\\/gemeinsam-fuer-dernbach#listItem\",\"name\":\"Gemeinsam f\\u00fcr Dernbach\"}}]},{\"@type\":\"Organization\",\"@id\":\"https:\\\/\\\/gemeinsam-fuer-dernbach.de\\\/fr\\\/#organization\",\"name\":\"Gemeinsam f\\u00fcr Dernbach\",\"description\":\"Gemeinsam f\\u00fcr Dernbach - Website der W\\u00e4hlergruppe Jankowitsch\",\"url\":\"https:\\\/\\\/gemeinsam-fuer-dernbach.de\\\/fr\\\/\",\"logo\":{\"@type\":\"ImageObject\",\"url\":\"https:\\\/\\\/gemeinsam-fuer-dernbach.de\\\/wp-content\\\/uploads\\\/2024\\\/12\\\/cropped-Button.png\",\"@id\":\"https:\\\/\\\/gemeinsam-fuer-dernbach.de\\\/fr\\\/kalender\\\/offene-fraktionssitzung-2\\\/#organizationLogo\",\"width\":512,\"height\":512,\"caption\":\"Gemeinsam f\\u00fcr Dernbach\"},\"image\":{\"@id\":\"https:\\\/\\\/gemeinsam-fuer-dernbach.de\\\/fr\\\/kalender\\\/offene-fraktionssitzung-2\\\/#organizationLogo\"},\"sameAs\":[\"https:\\\/\\\/www.facebook.com\\\/gemeinsam.fuer.dernbach\\\/\",\"https:\\\/\\\/www.instagram.com\\\/gemeinsam_fuer_dernbach\\\/\"]},{\"@type\":\"Person\",\"@id\":\"https:\\\/\\\/gemeinsam-fuer-dernbach.de\\\/fr\\\/author\\\/gfd_manuel#author\",\"url\":\"https:\\\/\\\/gemeinsam-fuer-dernbach.de\\\/fr\\\/author\\\/gfd_manuel\",\"name\":\"GfD_Manuel\"},{\"@type\":\"WebPage\",\"@id\":\"https:\\\/\\\/gemeinsam-fuer-dernbach.de\\\/fr\\\/kalender\\\/offene-fraktionssitzung-2#webpage\",\"url\":\"https:\\\/\\\/gemeinsam-fuer-dernbach.de\\\/fr\\\/kalender\\\/offene-fraktionssitzung-2\",\"name\":\"Offene Fraktionssitzung - Gemeinsam f\\u00fcr Dernbach\",\"description\":\"\\\"Gemeinsam f\\u00fcr Dernbach\\u201c l\\u00e4dt alle interessierten B\\u00fcrgerinnen und B\\u00fcrger herzlich zur offenen Fraktionssitzung ein. Auf der Tagesordnung stehen aktuelle Themen aus Rat und Aussch\\u00fcssen, die Vorbereitung auf kommende Sitzungen sowie die zukunftsf\\u00e4hige Dorfentwicklung. \\u201eGemeinsam f\\u00fcr Dernbach\\u201c besteht aus einer parteiunabh\\u00e4ngigen W\\u00e4hlergruppe und setzt sich f\\u00fcr eine transparente und b\\u00fcrgernahe Kommunalpolitik ein. Die Fraktionsmitglieder laden alle\",\"inLanguage\":\"fr-FR\",\"isPartOf\":{\"@id\":\"https:\\\/\\\/gemeinsam-fuer-dernbach.de\\\/fr\\\/#website\"},\"breadcrumb\":{\"@id\":\"https:\\\/\\\/gemeinsam-fuer-dernbach.de\\\/fr\\\/kalender\\\/offene-fraktionssitzung-2#breadcrumblist\"},\"author\":{\"@id\":\"https:\\\/\\\/gemeinsam-fuer-dernbach.de\\\/fr\\\/author\\\/gfd_manuel#author\"},\"creator\":{\"@id\":\"https:\\\/\\\/gemeinsam-fuer-dernbach.de\\\/fr\\\/author\\\/gfd_manuel#author\"},\"image\":{\"@type\":\"ImageObject\",\"url\":\"https:\\\/\\\/gemeinsam-fuer-dernbach.de\\\/wp-content\\\/uploads\\\/2025\\\/10\\\/Fraktionssitzung.png\",\"@id\":\"https:\\\/\\\/gemeinsam-fuer-dernbach.de\\\/fr\\\/kalender\\\/offene-fraktionssitzung-2\\\/#mainImage\",\"width\":1024,\"height\":1282,\"caption\":\"Einladung zur offenen Fraktionssitzung von \\u201eGemeinsam f\\u00fcr Dernbach\\u201c\"},\"primaryImageOfPage\":{\"@id\":\"https:\\\/\\\/gemeinsam-fuer-dernbach.de\\\/fr\\\/kalender\\\/offene-fraktionssitzung-2#mainImage\"},\"datePublished\":\"2025-10-23T17:05:55+01:00\",\"dateModified\":\"2025-10-26T13:49:25+01:00\"},{\"@type\":\"WebSite\",\"@id\":\"https:\\\/\\\/gemeinsam-fuer-dernbach.de\\\/fr\\\/#website\",\"url\":\"https:\\\/\\\/gemeinsam-fuer-dernbach.de\\\/fr\\\/\",\"name\":\"Gemeinsam f\\u00fcr Dernbach\",\"description\":\"Gemeinsam f\\u00fcr Dernbach - Website der W\\u00e4hlergruppe Jankowitsch\",\"inLanguage\":\"fr-FR\",\"publisher\":{\"@id\":\"https:\\\/\\\/gemeinsam-fuer-dernbach.de\\\/fr\\\/#organization\"}}]}\n\t\t<\/script>\n\t\t<!-- All in One SEO -->\n\n","aioseo_head_json":{"title":"Offene Fraktionssitzung - Gemeinsam f\u00fcr Dernbach","description":"\"Gemeinsam f\u00fcr Dernbach\u201c l\u00e4dt alle interessierten B\u00fcrgerinnen und B\u00fcrger herzlich zur offenen Fraktionssitzung ein. Auf der Tagesordnung stehen aktuelle Themen aus Rat und Aussch\u00fcssen, die Vorbereitung auf kommende Sitzungen sowie die zukunftsf\u00e4hige Dorfentwicklung. \u201eGemeinsam f\u00fcr Dernbach\u201c besteht aus einer parteiunabh\u00e4ngigen W\u00e4hlergruppe und setzt sich f\u00fcr eine transparente und b\u00fcrgernahe Kommunalpolitik ein. Die Fraktionsmitglieder laden alle","canonical_url":"https:\/\/gemeinsam-fuer-dernbach.de\/fr\/kalender\/offene-fraktionssitzung-2","robots":"max-image-preview:large","keywords":"","webmasterTools":{"miscellaneous":""},"schema":{"@context":"https:\/\/schema.org","@graph":[{"@type":"BreadcrumbList","@id":"https:\/\/gemeinsam-fuer-dernbach.de\/fr\/kalender\/offene-fraktionssitzung-2#breadcrumblist","itemListElement":[{"@type":"ListItem","@id":"https:\/\/gemeinsam-fuer-dernbach.de\/fr#listItem","position":1,"name":"Home","item":"https:\/\/gemeinsam-fuer-dernbach.de\/fr","nextItem":{"@type":"ListItem","@id":"https:\/\/gemeinsam-fuer-dernbach.de\/fr\/kalender\/#listItem","name":"\u00c9v\u00e8nements"}},{"@type":"ListItem","@id":"https:\/\/gemeinsam-fuer-dernbach.de\/fr\/kalender\/#listItem","position":2,"name":"\u00c9v\u00e8nements","item":"https:\/\/gemeinsam-fuer-dernbach.de\/fr\/kalender\/","nextItem":{"@type":"ListItem","@id":"https:\/\/gemeinsam-fuer-dernbach.de\/fr\/tag\/gemeinsam-fuer-dernbach#listItem","name":"Gemeinsam f\u00fcr Dernbach"},"previousItem":{"@type":"ListItem","@id":"https:\/\/gemeinsam-fuer-dernbach.de\/fr#listItem","name":"Home"}},{"@type":"ListItem","@id":"https:\/\/gemeinsam-fuer-dernbach.de\/fr\/tag\/gemeinsam-fuer-dernbach#listItem","position":3,"name":"Gemeinsam f\u00fcr Dernbach","item":"https:\/\/gemeinsam-fuer-dernbach.de\/fr\/tag\/gemeinsam-fuer-dernbach","nextItem":{"@type":"ListItem","@id":"https:\/\/gemeinsam-fuer-dernbach.de\/fr\/kalender\/offene-fraktionssitzung-2#listItem","name":"Offene Fraktionssitzung"},"previousItem":{"@type":"ListItem","@id":"https:\/\/gemeinsam-fuer-dernbach.de\/fr\/kalender\/#listItem","name":"\u00c9v\u00e8nements"}},{"@type":"ListItem","@id":"https:\/\/gemeinsam-fuer-dernbach.de\/fr\/kalender\/offene-fraktionssitzung-2#listItem","position":4,"name":"Offene Fraktionssitzung","previousItem":{"@type":"ListItem","@id":"https:\/\/gemeinsam-fuer-dernbach.de\/fr\/tag\/gemeinsam-fuer-dernbach#listItem","name":"Gemeinsam f\u00fcr Dernbach"}}]},{"@type":"Organization","@id":"https:\/\/gemeinsam-fuer-dernbach.de\/fr\/#organization","name":"Gemeinsam f\u00fcr Dernbach","description":"Gemeinsam f\u00fcr Dernbach - Website der W\u00e4hlergruppe Jankowitsch","url":"https:\/\/gemeinsam-fuer-dernbach.de\/fr\/","logo":{"@type":"ImageObject","url":"https:\/\/gemeinsam-fuer-dernbach.de\/wp-content\/uploads\/2024\/12\/cropped-Button.png","@id":"https:\/\/gemeinsam-fuer-dernbach.de\/fr\/kalender\/offene-fraktionssitzung-2\/#organizationLogo","width":512,"height":512,"caption":"Gemeinsam f\u00fcr Dernbach"},"image":{"@id":"https:\/\/gemeinsam-fuer-dernbach.de\/fr\/kalender\/offene-fraktionssitzung-2\/#organizationLogo"},"sameAs":["https:\/\/www.facebook.com\/gemeinsam.fuer.dernbach\/","https:\/\/www.instagram.com\/gemeinsam_fuer_dernbach\/"]},{"@type":"Person","@id":"https:\/\/gemeinsam-fuer-dernbach.de\/fr\/author\/gfd_manuel#author","url":"https:\/\/gemeinsam-fuer-dernbach.de\/fr\/author\/gfd_manuel","name":"GfD_Manuel"},{"@type":"WebPage","@id":"https:\/\/gemeinsam-fuer-dernbach.de\/fr\/kalender\/offene-fraktionssitzung-2#webpage","url":"https:\/\/gemeinsam-fuer-dernbach.de\/fr\/kalender\/offene-fraktionssitzung-2","name":"Offene Fraktionssitzung - Gemeinsam f\u00fcr Dernbach","description":"\"Gemeinsam f\u00fcr Dernbach\u201c l\u00e4dt alle interessierten B\u00fcrgerinnen und B\u00fcrger herzlich zur offenen Fraktionssitzung ein. Auf der Tagesordnung stehen aktuelle Themen aus Rat und Aussch\u00fcssen, die Vorbereitung auf kommende Sitzungen sowie die zukunftsf\u00e4hige Dorfentwicklung. \u201eGemeinsam f\u00fcr Dernbach\u201c besteht aus einer parteiunabh\u00e4ngigen W\u00e4hlergruppe und setzt sich f\u00fcr eine transparente und b\u00fcrgernahe Kommunalpolitik ein. Die Fraktionsmitglieder laden alle","inLanguage":"fr-FR","isPartOf":{"@id":"https:\/\/gemeinsam-fuer-dernbach.de\/fr\/#website"},"breadcrumb":{"@id":"https:\/\/gemeinsam-fuer-dernbach.de\/fr\/kalender\/offene-fraktionssitzung-2#breadcrumblist"},"author":{"@id":"https:\/\/gemeinsam-fuer-dernbach.de\/fr\/author\/gfd_manuel#author"},"creator":{"@id":"https:\/\/gemeinsam-fuer-dernbach.de\/fr\/author\/gfd_manuel#author"},"image":{"@type":"ImageObject","url":"https:\/\/gemeinsam-fuer-dernbach.de\/wp-content\/uploads\/2025\/10\/Fraktionssitzung.png","@id":"https:\/\/gemeinsam-fuer-dernbach.de\/fr\/kalender\/offene-fraktionssitzung-2\/#mainImage","width":1024,"height":1282,"caption":"Einladung zur offenen Fraktionssitzung von \u201eGemeinsam f\u00fcr Dernbach\u201c"},"primaryImageOfPage":{"@id":"https:\/\/gemeinsam-fuer-dernbach.de\/fr\/kalender\/offene-fraktionssitzung-2#mainImage"},"datePublished":"2025-10-23T17:05:55+01:00","dateModified":"2025-10-26T13:49:25+01:00"},{"@type":"WebSite","@id":"https:\/\/gemeinsam-fuer-dernbach.de\/fr\/#website","url":"https:\/\/gemeinsam-fuer-dernbach.de\/fr\/","name":"Gemeinsam f\u00fcr Dernbach","description":"Gemeinsam f\u00fcr Dernbach - Website der W\u00e4hlergruppe Jankowitsch","inLanguage":"fr-FR","publisher":{"@id":"https:\/\/gemeinsam-fuer-dernbach.de\/fr\/#organization"}}]},"og:locale":"fr_FR","og:site_name":"Gemeinsam f\u00fcr Dernbach - Gemeinsam f\u00fcr Dernbach - Website der W\u00e4hlergruppe Jankowitsch","og:type":"article","og:title":"Offene Fraktionssitzung - Gemeinsam f\u00fcr Dernbach","og:description":"&quot;Gemeinsam f\u00fcr Dernbach\u201c l\u00e4dt alle interessierten B\u00fcrgerinnen und B\u00fcrger herzlich zur offenen Fraktionssitzung ein. Auf der Tagesordnung stehen aktuelle Themen aus Rat und Aussch\u00fcssen, die Vorbereitung auf kommende Sitzungen sowie die zukunftsf\u00e4hige Dorfentwicklung. \u201eGemeinsam f\u00fcr Dernbach\u201c besteht aus einer parteiunabh\u00e4ngigen W\u00e4hlergruppe und setzt sich f\u00fcr eine transparente und b\u00fcrgernahe Kommunalpolitik ein. Die Fraktionsmitglieder laden alle","og:url":"https:\/\/gemeinsam-fuer-dernbach.de\/fr\/kalender\/offene-fraktionssitzung-2","og:image":"https:\/\/gemeinsam-fuer-dernbach.de\/wp-content\/uploads\/2024\/12\/cropped-Button.png","og:image:secure_url":"https:\/\/gemeinsam-fuer-dernbach.de\/wp-content\/uploads\/2024\/12\/cropped-Button.png","og:image:width":512,"og:image:height":512,"article:published_time":"2025-10-23T16:05:55+00:00","article:modified_time":"2025-10-26T12:49:25+00:00","article:publisher":"https:\/\/www.facebook.com\/gemeinsam.fuer.dernbach\/","twitter:card":"summary_large_image","twitter:title":"Offene Fraktionssitzung - Gemeinsam f\u00fcr Dernbach","twitter:description":"&quot;Gemeinsam f\u00fcr Dernbach\u201c l\u00e4dt alle interessierten B\u00fcrgerinnen und B\u00fcrger herzlich zur offenen Fraktionssitzung ein. Auf der Tagesordnung stehen aktuelle Themen aus Rat und Aussch\u00fcssen, die Vorbereitung auf kommende Sitzungen sowie die zukunftsf\u00e4hige Dorfentwicklung. \u201eGemeinsam f\u00fcr Dernbach\u201c besteht aus einer parteiunabh\u00e4ngigen W\u00e4hlergruppe und setzt sich f\u00fcr eine transparente und b\u00fcrgernahe Kommunalpolitik ein. Die Fraktionsmitglieder laden alle","twitter:image":"https:\/\/gemeinsam-fuer-dernbach.de\/wp-content\/uploads\/2024\/12\/cropped-Button.png"},"aioseo_meta_data":{"post_id":"1567","title":null,"description":null,"keywords":null,"keyphrases":{"focus":{"keyphrase":"Offene Fraktionssitzung der W\u00e4hlergruppe Gemeinsam f\u00fcr Dernbach","score":64},"additional":[]},"primary_term":null,"canonical_url":null,"og_title":null,"og_description":null,"og_object_type":"default","og_image_type":"default","og_image_url":null,"og_image_width":null,"og_image_height":null,"og_image_custom_url":null,"og_image_custom_fields":null,"og_video":"","og_custom_url":null,"og_article_section":null,"og_article_tags":null,"twitter_use_og":false,"twitter_card":"default","twitter_image_type":"default","twitter_image_url":null,"twitter_image_custom_url":null,"twitter_image_custom_fields":null,"twitter_title":null,"twitter_description":null,"schema":{"blockGraphs":[],"customGraphs":[],"default":{"data":{"Article":[],"Course":[],"Dataset":[],"FAQPage":[],"Movie":[],"Person":[],"Product":[],"ProductReview":[],"Car":[],"Recipe":[],"Service":[],"SoftwareApplication":[],"WebPage":[]},"graphName":"WebPage","isEnabled":true},"graphs":[]},"schema_type":"default","schema_type_options":null,"pillar_content":false,"robots_default":true,"robots_noindex":false,"robots_noarchive":false,"robots_nosnippet":false,"robots_nofollow":false,"robots_noimageindex":false,"robots_noodp":false,"robots_notranslate":false,"robots_max_snippet":"-1","robots_max_videopreview":"-1","robots_max_imagepreview":"large","priority":null,"frequency":"default","local_seo":null,"breadcrumb_settings":null,"limit_modified_date":false,"ai":{"faqs":[],"keyPoints":[],"titles":[],"descriptions":[],"socialPosts":{"email":[],"linkedin":[],"twitter":[],"facebook":[],"instagram":[]}},"created":"2025-10-23 16:05:56","updated":"2026-08-30 22:11:35","seo_analyzer_scan_date":null,"focus_keyword":"Offene Fraktionssitzung der W\u00e4hlergruppe Gemeinsam f\u00fcr Dernbach","additional_keywords":null,"truseo_locale":null},"aioseo_breadcrumb":"<div class=\"aioseo-breadcrumbs\"><span class=\"aioseo-breadcrumb\">\n\t\t\t<a href=\"https:\/\/gemeinsam-fuer-dernbach.de\/fr\" title=\"Home\">Home<\/a>\n\t\t<\/span><span class=\"aioseo-breadcrumb-separator\">&raquo;<\/span><span class=\"aioseo-breadcrumb\">\n\t\t\t<a href=\"https:\/\/gemeinsam-fuer-dernbach.de\/fr\/kalender\/\" title=\"\u00c9v\u00e8nements\">\u00c9v\u00e8nements<\/a>\n\t\t<\/span><span class=\"aioseo-breadcrumb-separator\">&raquo;<\/span><span class=\"aioseo-breadcrumb\">\n\t\t\t<a href=\"https:\/\/gemeinsam-fuer-dernbach.de\/fr\/tag\/gemeinsam-fuer-dernbach\" title=\"Gemeinsam f\u00fcr Dernbach\">Gemeinsam f\u00fcr Dernbach<\/a>\n\t\t<\/span><span class=\"aioseo-breadcrumb-separator\">&raquo;<\/span><span class=\"aioseo-breadcrumb\">\n\t\t\tOffene Fraktionssitzung\n\t\t<\/span><\/div>","aioseo_breadcrumb_json":[{"label":"Home","link":"https:\/\/gemeinsam-fuer-dernbach.de\/fr"},{"label":"\u00c9v\u00e8nements","link":"https:\/\/gemeinsam-fuer-dernbach.de\/fr\/kalender\/"},{"label":"Gemeinsam f\u00fcr Dernbach","link":"https:\/\/gemeinsam-fuer-dernbach.de\/fr\/tag\/gemeinsam-fuer-dernbach"},{"label":"Offene Fraktionssitzung","link":"https:\/\/gemeinsam-fuer-dernbach.de\/fr\/kalender\/offene-fraktionssitzung-2"}],"ticketed":false,"_links":{"self":[{"href":"https:\/\/gemeinsam-fuer-dernbach.de\/fr\/wp-json\/wp\/v2\/tribe_events\/1567","targetHints":{"allow":["GET"]}}],"collection":[{"href":"https:\/\/gemeinsam-fuer-dernbach.de\/fr\/wp-json\/wp\/v2\/tribe_events"}],"about":[{"href":"https:\/\/gemeinsam-fuer-dernbach.de\/fr\/wp-json\/wp\/v2\/types\/tribe_events"}],"author":[{"embeddable":true,"href":"https:\/\/gemeinsam-fuer-dernbach.de\/fr\/wp-json\/wp\/v2\/users\/2"}],"version-history":[{"count":4,"href":"https:\/\/gemeinsam-fuer-dernbach.de\/fr\/wp-json\/wp\/v2\/tribe_events\/1567\/revisions"}],"predecessor-version":[{"id":1572,"href":"https:\/\/gemeinsam-fuer-dernbach.de\/fr\/wp-json\/wp\/v2\/tribe_events\/1567\/revisions\/1572"}],"wp:featuredmedia":[{"embeddable":true,"href":"https:\/\/gemeinsam-fuer-dernbach.de\/fr\/wp-json\/wp\/v2\/media\/1566"}],"wp:attachment":[{"href":"https:\/\/gemeinsam-fuer-dernbach.de\/fr\/wp-json\/wp\/v2\/media?parent=1567"}],"wp:term":[{"taxonomy":"post_tag","embeddable":true,"href":"https:\/\/gemeinsam-fuer-dernbach.de\/fr\/wp-json\/wp\/v2\/tags?post=1567"},{"taxonomy":"tribe_events_cat","embeddable":true,"href":"https:\/\/gemeinsam-fuer-dernbach.de\/fr\/wp-json\/wp\/v2\/tribe_events_cat?post=1567"}],"curies":[{"name":"wp","href":"https:\/\/api.w.org\/{rel}","templated":true}]}}