{"id":1700,"date":"2026-08-30T23:17:13","date_gmt":"2026-08-30T22:17:13","guid":{"rendered":"https:\/\/gemeinsam-fuer-dernbach.de\/?post_type=tribe_events&#038;p=1700"},"modified":"2026-08-30T23:17:13","modified_gmt":"2026-08-30T22:17:13","slug":"offene-fraktionssitzung-5","status":"publish","type":"tribe_events","link":"https:\/\/gemeinsam-fuer-dernbach.de\/fr\/kalender\/offene-fraktionssitzung-5","title":{"rendered":"R\u00e9union ouverte du groupe"},"content":{"rendered":"<p>\u00abEnsemble pour Dernbach\u00bb invite cordialement tous les citoyens int\u00e9ress\u00e9s \u00e0 participer \u00e0 la r\u00e9union ouverte du groupe. \u00c0 l'ordre du jour figurent des sujets d'actualit\u00e9 du Conseil et des commissions, la pr\u00e9paration des prochaines r\u00e9unions ainsi que vos id\u00e9es et vos pr\u00e9occupations.<\/p>\n<p>\u00abEnsemble pour Dernbach\u00bb se compose d\u2019un groupe d\u2019\u00e9lecteurs non partisan et s\u2019engage en faveur d\u2019une politique locale transparente et proche des citoyens.<\/p>\n<p>Les membres du groupe invitent cordialement toutes les personnes int\u00e9ress\u00e9es \u00e0 participer activement \u00e0 l'organisation de la commune. Nous sommes impatients de participer activement \u00e0 des \u00e9changes ouverts et \u00e0 de bonnes discussions.<\/p>\n<figure id=\"attachment_1701\" aria-describedby=\"caption-attachment-1701\" style=\"width: 241px\" class=\"wp-caption alignnone\"><img loading=\"lazy\" decoding=\"async\" class=\"size-medium wp-image-1701\" src=\"https:\/\/gemeinsam-fuer-dernbach.de\/wp-content\/uploads\/2026\/08\/2608_Einladung-GfD-Fraktionssitzung-241x300.jpg\" alt=\"Invitation \u00e0 la r\u00e9union ouverte du groupe le 6 septembre \u00e0 l&#039;h\u00f4tel de ville de Dernbach\" width=\"241\" height=\"300\" srcset=\"https:\/\/gemeinsam-fuer-dernbach.de\/wp-content\/uploads\/2026\/08\/2608_Einladung-GfD-Fraktionssitzung-241x300.jpg 241w, https:\/\/gemeinsam-fuer-dernbach.de\/wp-content\/uploads\/2026\/08\/2608_Einladung-GfD-Fraktionssitzung-823x1024.jpg 823w, https:\/\/gemeinsam-fuer-dernbach.de\/wp-content\/uploads\/2026\/08\/2608_Einladung-GfD-Fraktionssitzung-768x955.jpg 768w, https:\/\/gemeinsam-fuer-dernbach.de\/wp-content\/uploads\/2026\/08\/2608_Einladung-GfD-Fraktionssitzung-1235x1536.jpg 1235w, https:\/\/gemeinsam-fuer-dernbach.de\/wp-content\/uploads\/2026\/08\/2608_Einladung-GfD-Fraktionssitzung-1647x2048.jpg 1647w, https:\/\/gemeinsam-fuer-dernbach.de\/wp-content\/uploads\/2026\/08\/2608_Einladung-GfD-Fraktionssitzung-10x12.jpg 10w\" sizes=\"auto, (max-width: 241px) 100vw, 241px\" \/><figcaption id=\"caption-attachment-1701\" class=\"wp-caption-text\">Dimanche 6 septembre, de 10h30 \u00e0 12h<\/figcaption><\/figure>","protected":false},"excerpt":{"rendered":"<p>\u00abEnsemble pour Dernbach\u00bb invite cordialement tous les citoyens int\u00e9ress\u00e9s \u00e0 participer \u00e0 la r\u00e9union ouverte du groupe. \u00c0 l'ordre du jour figurent des questions d'actualit\u00e9 concernant le Conseil et les comit\u00e9s, la pr\u00e9paration des prochaines r\u00e9unions et [...]<\/p>","protected":false},"author":2,"featured_media":1701,"template":"","meta":{"_price":"","_stock":"","_tribe_ticket_header":"","_tribe_default_ticket_provider":"","_tribe_ticket_capacity":"0","_ticket_start_date":"","_ticket_end_date":"","_tribe_ticket_show_description":"","_tribe_ticket_show_not_going":false,"_tribe_ticket_use_global_stock":"","_tribe_ticket_global_stock_level":"","_global_stock_mode":"","_global_stock_cap":"","_tribe_rsvp_for_event":"","_tribe_ticket_going_count":"","_tribe_ticket_not_going_count":"","_tribe_tickets_list":"[]","_tribe_ticket_has_attendee_info_fields":false,"_EventAllDay":false,"_EventTimezone":"UTC+1","_EventStartDate":"2026-09-06 10:30:00","_EventEndDate":"2026-09-06 13:00:00","_EventStartDateUTC":"2026-09-06 08:30:00","_EventEndDateUTC":"2026-09-06 11:00:00","_EventShowMap":true,"_EventShowMapLink":true,"_EventURL":"","_EventCost":"","_EventCostDescription":"","_EventCurrencySymbol":"","_EventCurrencyCode":"","_EventCurrencyPosition":"","_EventDateTimeSeparator":"","_EventTimeRangeSeparator":"","_EventOrganizerID":[],"_EventVenueID":[1295],"_OrganizerEmail":"","_OrganizerPhone":"","_OrganizerWebsite":"","_VenueAddress":"","_VenueCity":"","_VenueCountry":"","_VenueProvince":"","_VenueState":"","_VenueZip":"","_VenuePhone":"","_VenueURL":"","_VenueStateProvince":"","_VenueLat":"","_VenueLng":"","_VenueShowMap":false,"_VenueShowMapLink":false,"_tribe_events_status":"","_tribe_events_status_reason":"","footnotes":"","_tec_slr_enabled":"","_tec_slr_layout":""},"tags":[147],"tribe_events_cat":[146],"class_list":["post-1700","tribe_events","type-tribe_events","status-publish","has-post-thumbnail","hentry","tag-offene-fraktionssitzung","tribe_events_cat-offene-fraktionssitzung","cat_offene-fraktionssitzung"],"aioseo_notices":[],"aioseo_head":"\n\t\t<!-- All in One SEO 5.0.1.1 - aioseo.com -->\n\t<meta name=\"description\" content=\"&quot;Gemeinsam f\u00fcr Dernbach\u201c l\u00e4dt alle interessierten B\u00fcrgerinnen und B\u00fcrger herzlich zur offenen Fraktionssitzung ein. Auf der Tagesordnung stehen aktuelle Themen aus Rat und Aussch\u00fcssen, die Vorbereitung auf kommende Sitzungen sowie Eure und Ihre Ideen und Anliegen. \u201eGemeinsam f\u00fcr Dernbach\u201c besteht aus einer parteiunabh\u00e4ngigen W\u00e4hlergruppe und setzt sich f\u00fcr eine transparente und b\u00fcrgernahe Kommunalpolitik ein. Die\" \/>\n\t<meta name=\"robots\" content=\"max-image-preview:large\" \/>\n\t<meta name=\"author\" content=\"GfD_Manuel\"\/>\n\t<link rel=\"canonical\" href=\"https:\/\/gemeinsam-fuer-dernbach.de\/fr\/kalender\/offene-fraktionssitzung-5\" \/>\n\t<meta name=\"generator\" content=\"All in One SEO (AIOSEO) 5.0.1.1\" \/>\n\t\t<meta property=\"og:locale\" content=\"fr_FR\" \/>\n\t\t<meta property=\"og:site_name\" content=\"Gemeinsam f\u00fcr Dernbach - Gemeinsam f\u00fcr Dernbach - Website der W\u00e4hlergruppe Jankowitsch\" \/>\n\t\t<meta property=\"og:type\" content=\"article\" \/>\n\t\t<meta property=\"og:title\" content=\"Offene Fraktionssitzung - Gemeinsam f\u00fcr Dernbach\" \/>\n\t\t<meta property=\"og:description\" content=\"&quot;Gemeinsam f\u00fcr Dernbach\u201c l\u00e4dt alle interessierten B\u00fcrgerinnen und B\u00fcrger herzlich zur offenen Fraktionssitzung ein. Auf der Tagesordnung stehen aktuelle Themen aus Rat und Aussch\u00fcssen, die Vorbereitung auf kommende Sitzungen sowie Eure und Ihre Ideen und Anliegen. \u201eGemeinsam f\u00fcr Dernbach\u201c besteht aus einer parteiunabh\u00e4ngigen W\u00e4hlergruppe und setzt sich f\u00fcr eine transparente und b\u00fcrgernahe Kommunalpolitik ein. Die\" \/>\n\t\t<meta property=\"og:url\" content=\"https:\/\/gemeinsam-fuer-dernbach.de\/fr\/kalender\/offene-fraktionssitzung-5\" \/>\n\t\t<meta property=\"og:image\" content=\"https:\/\/gemeinsam-fuer-dernbach.de\/wp-content\/uploads\/2024\/12\/cropped-Button.png\" \/>\n\t\t<meta property=\"og:image:secure_url\" content=\"https:\/\/gemeinsam-fuer-dernbach.de\/wp-content\/uploads\/2024\/12\/cropped-Button.png\" \/>\n\t\t<meta property=\"og:image:width\" content=\"512\" \/>\n\t\t<meta property=\"og:image:height\" content=\"512\" \/>\n\t\t<meta property=\"article:published_time\" content=\"2026-08-30T22:17:13+00:00\" \/>\n\t\t<meta property=\"article:modified_time\" content=\"2026-08-30T22:17:13+00:00\" \/>\n\t\t<meta property=\"article:publisher\" content=\"https:\/\/www.facebook.com\/gemeinsam.fuer.dernbach\/\" \/>\n\t\t<meta name=\"twitter:card\" content=\"summary_large_image\" \/>\n\t\t<meta name=\"twitter:title\" content=\"Offene Fraktionssitzung - Gemeinsam f\u00fcr Dernbach\" \/>\n\t\t<meta name=\"twitter:description\" content=\"&quot;Gemeinsam f\u00fcr Dernbach\u201c l\u00e4dt alle interessierten B\u00fcrgerinnen und B\u00fcrger herzlich zur offenen Fraktionssitzung ein. Auf der Tagesordnung stehen aktuelle Themen aus Rat und Aussch\u00fcssen, die Vorbereitung auf kommende Sitzungen sowie Eure und Ihre Ideen und Anliegen. \u201eGemeinsam f\u00fcr Dernbach\u201c besteht aus einer parteiunabh\u00e4ngigen W\u00e4hlergruppe und setzt sich f\u00fcr eine transparente und b\u00fcrgernahe Kommunalpolitik ein. Die\" \/>\n\t\t<meta name=\"twitter:image\" content=\"https:\/\/gemeinsam-fuer-dernbach.de\/wp-content\/uploads\/2024\/12\/cropped-Button.png\" \/>\n\t\t<script type=\"application\/ld+json\" class=\"aioseo-schema\">\n\t\t\t{\"@context\":\"https:\\\/\\\/schema.org\",\"@graph\":[{\"@type\":\"BreadcrumbList\",\"@id\":\"https:\\\/\\\/gemeinsam-fuer-dernbach.de\\\/fr\\\/kalender\\\/offene-fraktionssitzung-5#breadcrumblist\",\"itemListElement\":[{\"@type\":\"ListItem\",\"@id\":\"https:\\\/\\\/gemeinsam-fuer-dernbach.de\\\/fr#listItem\",\"position\":1,\"name\":\"Home\",\"item\":\"https:\\\/\\\/gemeinsam-fuer-dernbach.de\\\/fr\",\"nextItem\":{\"@type\":\"ListItem\",\"@id\":\"https:\\\/\\\/gemeinsam-fuer-dernbach.de\\\/fr\\\/kalender\\\/#listItem\",\"name\":\"\\u00c9v\\u00e8nements\"}},{\"@type\":\"ListItem\",\"@id\":\"https:\\\/\\\/gemeinsam-fuer-dernbach.de\\\/fr\\\/kalender\\\/#listItem\",\"position\":2,\"name\":\"\\u00c9v\\u00e8nements\",\"item\":\"https:\\\/\\\/gemeinsam-fuer-dernbach.de\\\/fr\\\/kalender\\\/\",\"nextItem\":{\"@type\":\"ListItem\",\"@id\":\"https:\\\/\\\/gemeinsam-fuer-dernbach.de\\\/fr\\\/tag\\\/offene-fraktionssitzung#listItem\",\"name\":\"Offene Fraktionssitzung\"},\"previousItem\":{\"@type\":\"ListItem\",\"@id\":\"https:\\\/\\\/gemeinsam-fuer-dernbach.de\\\/fr#listItem\",\"name\":\"Home\"}},{\"@type\":\"ListItem\",\"@id\":\"https:\\\/\\\/gemeinsam-fuer-dernbach.de\\\/fr\\\/tag\\\/offene-fraktionssitzung#listItem\",\"position\":3,\"name\":\"Offene Fraktionssitzung\",\"item\":\"https:\\\/\\\/gemeinsam-fuer-dernbach.de\\\/fr\\\/tag\\\/offene-fraktionssitzung\",\"nextItem\":{\"@type\":\"ListItem\",\"@id\":\"https:\\\/\\\/gemeinsam-fuer-dernbach.de\\\/fr\\\/kalender\\\/offene-fraktionssitzung-5#listItem\",\"name\":\"Offene Fraktionssitzung\"},\"previousItem\":{\"@type\":\"ListItem\",\"@id\":\"https:\\\/\\\/gemeinsam-fuer-dernbach.de\\\/fr\\\/kalender\\\/#listItem\",\"name\":\"\\u00c9v\\u00e8nements\"}},{\"@type\":\"ListItem\",\"@id\":\"https:\\\/\\\/gemeinsam-fuer-dernbach.de\\\/fr\\\/kalender\\\/offene-fraktionssitzung-5#listItem\",\"position\":4,\"name\":\"Offene Fraktionssitzung\",\"previousItem\":{\"@type\":\"ListItem\",\"@id\":\"https:\\\/\\\/gemeinsam-fuer-dernbach.de\\\/fr\\\/tag\\\/offene-fraktionssitzung#listItem\",\"name\":\"Offene Fraktionssitzung\"}}]},{\"@type\":\"Organization\",\"@id\":\"https:\\\/\\\/gemeinsam-fuer-dernbach.de\\\/fr\\\/#organization\",\"name\":\"Gemeinsam f\\u00fcr Dernbach\",\"description\":\"Gemeinsam f\\u00fcr Dernbach - Website der W\\u00e4hlergruppe Jankowitsch\",\"url\":\"https:\\\/\\\/gemeinsam-fuer-dernbach.de\\\/fr\\\/\",\"logo\":{\"@type\":\"ImageObject\",\"url\":\"https:\\\/\\\/gemeinsam-fuer-dernbach.de\\\/wp-content\\\/uploads\\\/2024\\\/12\\\/cropped-Button.png\",\"@id\":\"https:\\\/\\\/gemeinsam-fuer-dernbach.de\\\/fr\\\/kalender\\\/offene-fraktionssitzung-5\\\/#organizationLogo\",\"width\":512,\"height\":512,\"caption\":\"Gemeinsam f\\u00fcr Dernbach\"},\"image\":{\"@id\":\"https:\\\/\\\/gemeinsam-fuer-dernbach.de\\\/fr\\\/kalender\\\/offene-fraktionssitzung-5\\\/#organizationLogo\"},\"sameAs\":[\"https:\\\/\\\/www.facebook.com\\\/gemeinsam.fuer.dernbach\\\/\",\"https:\\\/\\\/www.instagram.com\\\/gemeinsam_fuer_dernbach\\\/\"]},{\"@type\":\"Person\",\"@id\":\"https:\\\/\\\/gemeinsam-fuer-dernbach.de\\\/fr\\\/author\\\/gfd_manuel#author\",\"url\":\"https:\\\/\\\/gemeinsam-fuer-dernbach.de\\\/fr\\\/author\\\/gfd_manuel\",\"name\":\"GfD_Manuel\"},{\"@type\":\"WebPage\",\"@id\":\"https:\\\/\\\/gemeinsam-fuer-dernbach.de\\\/fr\\\/kalender\\\/offene-fraktionssitzung-5#webpage\",\"url\":\"https:\\\/\\\/gemeinsam-fuer-dernbach.de\\\/fr\\\/kalender\\\/offene-fraktionssitzung-5\",\"name\":\"Offene Fraktionssitzung - Gemeinsam f\\u00fcr Dernbach\",\"description\":\"\\\"Gemeinsam f\\u00fcr Dernbach\\u201c l\\u00e4dt alle interessierten B\\u00fcrgerinnen und B\\u00fcrger herzlich zur offenen Fraktionssitzung ein. Auf der Tagesordnung stehen aktuelle Themen aus Rat und Aussch\\u00fcssen, die Vorbereitung auf kommende Sitzungen sowie Eure und Ihre Ideen und Anliegen. \\u201eGemeinsam f\\u00fcr Dernbach\\u201c besteht aus einer parteiunabh\\u00e4ngigen W\\u00e4hlergruppe und setzt sich f\\u00fcr eine transparente und b\\u00fcrgernahe Kommunalpolitik ein. Die\",\"inLanguage\":\"fr-FR\",\"isPartOf\":{\"@id\":\"https:\\\/\\\/gemeinsam-fuer-dernbach.de\\\/fr\\\/#website\"},\"breadcrumb\":{\"@id\":\"https:\\\/\\\/gemeinsam-fuer-dernbach.de\\\/fr\\\/kalender\\\/offene-fraktionssitzung-5#breadcrumblist\"},\"author\":{\"@id\":\"https:\\\/\\\/gemeinsam-fuer-dernbach.de\\\/fr\\\/author\\\/gfd_manuel#author\"},\"creator\":{\"@id\":\"https:\\\/\\\/gemeinsam-fuer-dernbach.de\\\/fr\\\/author\\\/gfd_manuel#author\"},\"image\":{\"@type\":\"ImageObject\",\"url\":\"https:\\\/\\\/gemeinsam-fuer-dernbach.de\\\/wp-content\\\/uploads\\\/2026\\\/08\\\/2608_Einladung-GfD-Fraktionssitzung-scaled.jpg\",\"@id\":\"https:\\\/\\\/gemeinsam-fuer-dernbach.de\\\/fr\\\/kalender\\\/offene-fraktionssitzung-5\\\/#mainImage\",\"width\":2058,\"height\":2560,\"caption\":\"Sonntag, 6. September, 10:30 bis 12 Uhr\"},\"primaryImageOfPage\":{\"@id\":\"https:\\\/\\\/gemeinsam-fuer-dernbach.de\\\/fr\\\/kalender\\\/offene-fraktionssitzung-5#mainImage\"},\"datePublished\":\"2026-08-30T23:17:13+01:00\",\"dateModified\":\"2026-08-30T23:17:13+01:00\"},{\"@type\":\"WebSite\",\"@id\":\"https:\\\/\\\/gemeinsam-fuer-dernbach.de\\\/fr\\\/#website\",\"url\":\"https:\\\/\\\/gemeinsam-fuer-dernbach.de\\\/fr\\\/\",\"name\":\"Gemeinsam f\\u00fcr Dernbach\",\"description\":\"Gemeinsam f\\u00fcr Dernbach - Website der W\\u00e4hlergruppe Jankowitsch\",\"inLanguage\":\"fr-FR\",\"publisher\":{\"@id\":\"https:\\\/\\\/gemeinsam-fuer-dernbach.de\\\/fr\\\/#organization\"}}]}\n\t\t<\/script>\n\t\t<!-- All in One SEO -->\n\n","aioseo_head_json":{"title":"Offene Fraktionssitzung - Gemeinsam f\u00fcr Dernbach","description":"\"Gemeinsam f\u00fcr Dernbach\u201c l\u00e4dt alle interessierten B\u00fcrgerinnen und B\u00fcrger herzlich zur offenen Fraktionssitzung ein. Auf der Tagesordnung stehen aktuelle Themen aus Rat und Aussch\u00fcssen, die Vorbereitung auf kommende Sitzungen sowie Eure und Ihre Ideen und Anliegen. \u201eGemeinsam f\u00fcr Dernbach\u201c besteht aus einer parteiunabh\u00e4ngigen W\u00e4hlergruppe und setzt sich f\u00fcr eine transparente und b\u00fcrgernahe Kommunalpolitik ein. Die","canonical_url":"https:\/\/gemeinsam-fuer-dernbach.de\/fr\/kalender\/offene-fraktionssitzung-5","robots":"max-image-preview:large","keywords":"","webmasterTools":{"miscellaneous":""},"schema":{"@context":"https:\/\/schema.org","@graph":[{"@type":"BreadcrumbList","@id":"https:\/\/gemeinsam-fuer-dernbach.de\/fr\/kalender\/offene-fraktionssitzung-5#breadcrumblist","itemListElement":[{"@type":"ListItem","@id":"https:\/\/gemeinsam-fuer-dernbach.de\/fr#listItem","position":1,"name":"Home","item":"https:\/\/gemeinsam-fuer-dernbach.de\/fr","nextItem":{"@type":"ListItem","@id":"https:\/\/gemeinsam-fuer-dernbach.de\/fr\/kalender\/#listItem","name":"\u00c9v\u00e8nements"}},{"@type":"ListItem","@id":"https:\/\/gemeinsam-fuer-dernbach.de\/fr\/kalender\/#listItem","position":2,"name":"\u00c9v\u00e8nements","item":"https:\/\/gemeinsam-fuer-dernbach.de\/fr\/kalender\/","nextItem":{"@type":"ListItem","@id":"https:\/\/gemeinsam-fuer-dernbach.de\/fr\/tag\/offene-fraktionssitzung#listItem","name":"Offene Fraktionssitzung"},"previousItem":{"@type":"ListItem","@id":"https:\/\/gemeinsam-fuer-dernbach.de\/fr#listItem","name":"Home"}},{"@type":"ListItem","@id":"https:\/\/gemeinsam-fuer-dernbach.de\/fr\/tag\/offene-fraktionssitzung#listItem","position":3,"name":"Offene Fraktionssitzung","item":"https:\/\/gemeinsam-fuer-dernbach.de\/fr\/tag\/offene-fraktionssitzung","nextItem":{"@type":"ListItem","@id":"https:\/\/gemeinsam-fuer-dernbach.de\/fr\/kalender\/offene-fraktionssitzung-5#listItem","name":"Offene Fraktionssitzung"},"previousItem":{"@type":"ListItem","@id":"https:\/\/gemeinsam-fuer-dernbach.de\/fr\/kalender\/#listItem","name":"\u00c9v\u00e8nements"}},{"@type":"ListItem","@id":"https:\/\/gemeinsam-fuer-dernbach.de\/fr\/kalender\/offene-fraktionssitzung-5#listItem","position":4,"name":"Offene Fraktionssitzung","previousItem":{"@type":"ListItem","@id":"https:\/\/gemeinsam-fuer-dernbach.de\/fr\/tag\/offene-fraktionssitzung#listItem","name":"Offene Fraktionssitzung"}}]},{"@type":"Organization","@id":"https:\/\/gemeinsam-fuer-dernbach.de\/fr\/#organization","name":"Gemeinsam f\u00fcr Dernbach","description":"Gemeinsam f\u00fcr Dernbach - Website der W\u00e4hlergruppe Jankowitsch","url":"https:\/\/gemeinsam-fuer-dernbach.de\/fr\/","logo":{"@type":"ImageObject","url":"https:\/\/gemeinsam-fuer-dernbach.de\/wp-content\/uploads\/2024\/12\/cropped-Button.png","@id":"https:\/\/gemeinsam-fuer-dernbach.de\/fr\/kalender\/offene-fraktionssitzung-5\/#organizationLogo","width":512,"height":512,"caption":"Gemeinsam f\u00fcr Dernbach"},"image":{"@id":"https:\/\/gemeinsam-fuer-dernbach.de\/fr\/kalender\/offene-fraktionssitzung-5\/#organizationLogo"},"sameAs":["https:\/\/www.facebook.com\/gemeinsam.fuer.dernbach\/","https:\/\/www.instagram.com\/gemeinsam_fuer_dernbach\/"]},{"@type":"Person","@id":"https:\/\/gemeinsam-fuer-dernbach.de\/fr\/author\/gfd_manuel#author","url":"https:\/\/gemeinsam-fuer-dernbach.de\/fr\/author\/gfd_manuel","name":"GfD_Manuel"},{"@type":"WebPage","@id":"https:\/\/gemeinsam-fuer-dernbach.de\/fr\/kalender\/offene-fraktionssitzung-5#webpage","url":"https:\/\/gemeinsam-fuer-dernbach.de\/fr\/kalender\/offene-fraktionssitzung-5","name":"Offene Fraktionssitzung - Gemeinsam f\u00fcr Dernbach","description":"\"Gemeinsam f\u00fcr Dernbach\u201c l\u00e4dt alle interessierten B\u00fcrgerinnen und B\u00fcrger herzlich zur offenen Fraktionssitzung ein. Auf der Tagesordnung stehen aktuelle Themen aus Rat und Aussch\u00fcssen, die Vorbereitung auf kommende Sitzungen sowie Eure und Ihre Ideen und Anliegen. \u201eGemeinsam f\u00fcr Dernbach\u201c besteht aus einer parteiunabh\u00e4ngigen W\u00e4hlergruppe und setzt sich f\u00fcr eine transparente und b\u00fcrgernahe Kommunalpolitik ein. Die","inLanguage":"fr-FR","isPartOf":{"@id":"https:\/\/gemeinsam-fuer-dernbach.de\/fr\/#website"},"breadcrumb":{"@id":"https:\/\/gemeinsam-fuer-dernbach.de\/fr\/kalender\/offene-fraktionssitzung-5#breadcrumblist"},"author":{"@id":"https:\/\/gemeinsam-fuer-dernbach.de\/fr\/author\/gfd_manuel#author"},"creator":{"@id":"https:\/\/gemeinsam-fuer-dernbach.de\/fr\/author\/gfd_manuel#author"},"image":{"@type":"ImageObject","url":"https:\/\/gemeinsam-fuer-dernbach.de\/wp-content\/uploads\/2026\/08\/2608_Einladung-GfD-Fraktionssitzung-scaled.jpg","@id":"https:\/\/gemeinsam-fuer-dernbach.de\/fr\/kalender\/offene-fraktionssitzung-5\/#mainImage","width":2058,"height":2560,"caption":"Sonntag, 6. September, 10:30 bis 12 Uhr"},"primaryImageOfPage":{"@id":"https:\/\/gemeinsam-fuer-dernbach.de\/fr\/kalender\/offene-fraktionssitzung-5#mainImage"},"datePublished":"2026-08-30T23:17:13+01:00","dateModified":"2026-08-30T23:17:13+01:00"},{"@type":"WebSite","@id":"https:\/\/gemeinsam-fuer-dernbach.de\/fr\/#website","url":"https:\/\/gemeinsam-fuer-dernbach.de\/fr\/","name":"Gemeinsam f\u00fcr Dernbach","description":"Gemeinsam f\u00fcr Dernbach - Website der W\u00e4hlergruppe Jankowitsch","inLanguage":"fr-FR","publisher":{"@id":"https:\/\/gemeinsam-fuer-dernbach.de\/fr\/#organization"}}]},"og:locale":"fr_FR","og:site_name":"Gemeinsam f\u00fcr Dernbach - Gemeinsam f\u00fcr Dernbach - Website der W\u00e4hlergruppe Jankowitsch","og:type":"article","og:title":"Offene Fraktionssitzung - Gemeinsam f\u00fcr Dernbach","og:description":"&quot;Gemeinsam f\u00fcr Dernbach\u201c l\u00e4dt alle interessierten B\u00fcrgerinnen und B\u00fcrger herzlich zur offenen Fraktionssitzung ein. Auf der Tagesordnung stehen aktuelle Themen aus Rat und Aussch\u00fcssen, die Vorbereitung auf kommende Sitzungen sowie Eure und Ihre Ideen und Anliegen. \u201eGemeinsam f\u00fcr Dernbach\u201c besteht aus einer parteiunabh\u00e4ngigen W\u00e4hlergruppe und setzt sich f\u00fcr eine transparente und b\u00fcrgernahe Kommunalpolitik ein. Die","og:url":"https:\/\/gemeinsam-fuer-dernbach.de\/fr\/kalender\/offene-fraktionssitzung-5","og:image":"https:\/\/gemeinsam-fuer-dernbach.de\/wp-content\/uploads\/2024\/12\/cropped-Button.png","og:image:secure_url":"https:\/\/gemeinsam-fuer-dernbach.de\/wp-content\/uploads\/2024\/12\/cropped-Button.png","og:image:width":512,"og:image:height":512,"article:published_time":"2026-08-30T22:17:13+00:00","article:modified_time":"2026-08-30T22:17:13+00:00","article:publisher":"https:\/\/www.facebook.com\/gemeinsam.fuer.dernbach\/","twitter:card":"summary_large_image","twitter:title":"Offene Fraktionssitzung - Gemeinsam f\u00fcr Dernbach","twitter:description":"&quot;Gemeinsam f\u00fcr Dernbach\u201c l\u00e4dt alle interessierten B\u00fcrgerinnen und B\u00fcrger herzlich zur offenen Fraktionssitzung ein. Auf der Tagesordnung stehen aktuelle Themen aus Rat und Aussch\u00fcssen, die Vorbereitung auf kommende Sitzungen sowie Eure und Ihre Ideen und Anliegen. \u201eGemeinsam f\u00fcr Dernbach\u201c besteht aus einer parteiunabh\u00e4ngigen W\u00e4hlergruppe und setzt sich f\u00fcr eine transparente und b\u00fcrgernahe Kommunalpolitik ein. Die","twitter:image":"https:\/\/gemeinsam-fuer-dernbach.de\/wp-content\/uploads\/2024\/12\/cropped-Button.png"},"aioseo_meta_data":{"post_id":"1700","title":null,"description":null,"keywords":null,"keyphrases":{"focus":{"keyphrase":"","score":0,"analysis":{"keyphraseInTitle":{"score":0,"maxScore":9,"error":1}}},"additional":[]},"primary_term":null,"canonical_url":null,"og_title":null,"og_description":null,"og_object_type":"default","og_image_type":"default","og_image_url":null,"og_image_width":null,"og_image_height":null,"og_image_custom_url":null,"og_image_custom_fields":null,"og_video":"","og_custom_url":null,"og_article_section":null,"og_article_tags":null,"twitter_use_og":false,"twitter_card":"default","twitter_image_type":"default","twitter_image_url":null,"twitter_image_custom_url":null,"twitter_image_custom_fields":null,"twitter_title":null,"twitter_description":null,"schema":{"blockGraphs":[],"customGraphs":[],"default":{"data":{"Article":[],"Course":[],"Dataset":[],"FAQPage":[],"Movie":[],"Person":[],"Product":[],"ProductReview":[],"Car":[],"Recipe":[],"Service":[],"SoftwareApplication":[],"WebPage":[]},"graphName":"WebPage","isEnabled":true},"graphs":[]},"schema_type":"default","schema_type_options":null,"pillar_content":false,"robots_default":true,"robots_noindex":false,"robots_noarchive":false,"robots_nosnippet":false,"robots_nofollow":false,"robots_noimageindex":false,"robots_noodp":false,"robots_notranslate":false,"robots_max_snippet":"-1","robots_max_videopreview":"-1","robots_max_imagepreview":"large","priority":null,"frequency":"default","local_seo":null,"breadcrumb_settings":null,"limit_modified_date":false,"ai":{"faqs":[],"keyPoints":[],"schemas":[],"titles":[],"descriptions":[],"socialPosts":{"email":{"subject":"","preview":"","content":""},"linkedin":[],"twitter":[],"facebook":[],"instagram":[]}},"created":"2026-08-30 22:17:23","updated":"2026-08-30 23:11:12","seo_analyzer_scan_date":null,"focus_keyword":null,"additional_keywords":null,"truseo_locale":null},"aioseo_breadcrumb":"<div class=\"aioseo-breadcrumbs\"><span class=\"aioseo-breadcrumb\">\n\t\t\t<a href=\"https:\/\/gemeinsam-fuer-dernbach.de\/fr\" title=\"Home\">Home<\/a>\n\t\t<\/span><span class=\"aioseo-breadcrumb-separator\">&raquo;<\/span><span class=\"aioseo-breadcrumb\">\n\t\t\t<a href=\"https:\/\/gemeinsam-fuer-dernbach.de\/fr\/kalender\/\" title=\"\u00c9v\u00e8nements\">\u00c9v\u00e8nements<\/a>\n\t\t<\/span><span class=\"aioseo-breadcrumb-separator\">&raquo;<\/span><span class=\"aioseo-breadcrumb\">\n\t\t\t<a href=\"https:\/\/gemeinsam-fuer-dernbach.de\/fr\/tag\/offene-fraktionssitzung\" title=\"Offene Fraktionssitzung\">Offene Fraktionssitzung<\/a>\n\t\t<\/span><span class=\"aioseo-breadcrumb-separator\">&raquo;<\/span><span class=\"aioseo-breadcrumb\">\n\t\t\tOffene Fraktionssitzung\n\t\t<\/span><\/div>","aioseo_breadcrumb_json":[{"label":"Home","link":"https:\/\/gemeinsam-fuer-dernbach.de\/fr"},{"label":"\u00c9v\u00e8nements","link":"https:\/\/gemeinsam-fuer-dernbach.de\/fr\/kalender\/"},{"label":"Offene Fraktionssitzung","link":"https:\/\/gemeinsam-fuer-dernbach.de\/fr\/tag\/offene-fraktionssitzung"},{"label":"Offene Fraktionssitzung","link":"https:\/\/gemeinsam-fuer-dernbach.de\/fr\/kalender\/offene-fraktionssitzung-5"}],"ticketed":false,"_links":{"self":[{"href":"https:\/\/gemeinsam-fuer-dernbach.de\/fr\/wp-json\/wp\/v2\/tribe_events\/1700","targetHints":{"allow":["GET"]}}],"collection":[{"href":"https:\/\/gemeinsam-fuer-dernbach.de\/fr\/wp-json\/wp\/v2\/tribe_events"}],"about":[{"href":"https:\/\/gemeinsam-fuer-dernbach.de\/fr\/wp-json\/wp\/v2\/types\/tribe_events"}],"author":[{"embeddable":true,"href":"https:\/\/gemeinsam-fuer-dernbach.de\/fr\/wp-json\/wp\/v2\/users\/2"}],"version-history":[{"count":1,"href":"https:\/\/gemeinsam-fuer-dernbach.de\/fr\/wp-json\/wp\/v2\/tribe_events\/1700\/revisions"}],"predecessor-version":[{"id":1702,"href":"https:\/\/gemeinsam-fuer-dernbach.de\/fr\/wp-json\/wp\/v2\/tribe_events\/1700\/revisions\/1702"}],"wp:featuredmedia":[{"embeddable":true,"href":"https:\/\/gemeinsam-fuer-dernbach.de\/fr\/wp-json\/wp\/v2\/media\/1701"}],"wp:attachment":[{"href":"https:\/\/gemeinsam-fuer-dernbach.de\/fr\/wp-json\/wp\/v2\/media?parent=1700"}],"wp:term":[{"taxonomy":"post_tag","embeddable":true,"href":"https:\/\/gemeinsam-fuer-dernbach.de\/fr\/wp-json\/wp\/v2\/tags?post=1700"},{"taxonomy":"tribe_events_cat","embeddable":true,"href":"https:\/\/gemeinsam-fuer-dernbach.de\/fr\/wp-json\/wp\/v2\/tribe_events_cat?post=1700"}],"curies":[{"name":"wp","href":"https:\/\/api.w.org\/{rel}","templated":true}]}}