{"id":1620,"date":"2026-02-18T21:34:10","date_gmt":"2026-02-18T20:34:10","guid":{"rendered":"https:\/\/gemeinsam-fuer-dernbach.de\/?page_id=1620"},"modified":"2026-02-18T22:21:23","modified_gmt":"2026-02-18T21:21:23","slug":"initiativen","status":"publish","type":"page","link":"https:\/\/gemeinsam-fuer-dernbach.de\/it\/initiativen","title":{"rendered":"iniziative"},"content":{"rendered":"<h1 class=\"wp-block-heading\"><strong>Le nostre iniziative nel Comune <\/strong><\/h1>\n\n\n\n<div class=\"wp-block-columns is-layout-flex wp-container-core-columns-is-layout-794e3cfa wp-block-columns-is-layout-flex\">\n<div class=\"wp-block-column is-layout-flow wp-block-column-is-layout-flow\">\n<div class=\"wp-block-columns is-layout-flex wp-container-core-columns-is-layout-794e3cfa wp-block-columns-is-layout-flex\">\n<div class=\"wp-block-column is-layout-flow wp-block-column-is-layout-flow\">\n<p class=\"wp-block-paragraph\">Come gruppo politico <strong>\"Insieme per Dernbach\"<\/strong> Ci impegniamo a prendere il nostro posto passo dopo passo. <strong>pi\u00f9 vivibile, sicuro e sostenibile<\/strong> da fare. In questa pagina vi presentiamo la nostra attuale <strong>iniziative<\/strong> Quelli che abbiamo nel <strong>consigliere<\/strong> hanno contribuito in modo trasparente, comprensibile e chiaro <strong>Vantaggi<\/strong> per Dernbach.<\/p>\n\n\n\n<h2 class=\"wp-block-heading\">Sessione del Consiglio da noi richiesta il 25 febbraio 2026<\/h2>\n\n\n\n<p class=\"wp-block-paragraph\">La base \u00e8 la nostra <strong>Richiesta di convocare un'ulteriore riunione del consiglio comunale<\/strong>, al fine di: <strong>Progetti importanti<\/strong> possono essere consultati tempestivamente, tra cui: <strong>Domanda di finanziamento LEADER entro il 20 marzo 2026<\/strong>. In questo incontro, vorremmo concentrarci sui seguenti argomenti:<\/p>\n\n\n\n<ul class=\"wp-block-list\">\n<li>Domanda di <strong>Ente per l'informazione turistica<\/strong> a <strong>A3<\/strong> oppure <strong>A48<\/strong> per il <strong>Monastero di Maria Hilf<\/strong>, il significato <strong>Katharina Kaspers<\/strong> e l'attrattiva <strong>Dernbach<\/strong> per rendere visibile e <strong>Finanziamenti LEADER<\/strong> da usare.<\/li>\n\n\n\n<li><strong>Apprezzamento di Santa Caterina Kasper<\/strong> e sostegno per <strong>Monastero di Maria Hilf<\/strong> nella <strong>Anno Giubilare dei Poveri Servi di Ges\u00f9 Cristo<\/strong> attraverso azioni visibili e il coinvolgimento di associazioni, cittadini.<\/li>\n\n\n\n<li>Istituzione di un sistema accessibile al pubblico <strong>Stazione di riparazione biciclette<\/strong>, Idealmente su <strong>Piazza del Municipio<\/strong> oppure il <strong>stazione<\/strong> come elemento costitutivo di un futuro <strong>Stazione di mobilit\u00e0<\/strong>.<\/li>\n\n\n\n<li>Istituzione di un <strong>Scatola di distribuzione elettrica a Laurentiusplatz<\/strong>, al fine di poter svolgere feste ed eventi di club in modo pi\u00f9 sicuro e semplice.<\/li>\n\n\n\n<li><strong>Migliorare la sicurezza stradale<\/strong> su piste ciclabili ed escursionistiche sul Dernbacher Gemarkung (incrocio <strong>L312<\/strong> e <strong>K148<\/strong>).<\/li>\n<\/ul>\n\n\n\n<p class=\"wp-block-paragraph\">Con queste applicazioni ci colleghiamo <strong>Sicurezza stradale<\/strong>, <strong>mobilit\u00e0 sostenibile<\/strong>, <strong>Rafforzare il volontariato<\/strong> e il <strong>Conservazione del patrimonio culturale<\/strong> Il nostro posto. Tutte le applicazioni possono essere effettuate in <strong>Sistema d'informazione del Consiglio<\/strong> essere lette nel testo; Ci impegniamo a garantire che tu sia in <strong>parte pubblica<\/strong> Le riunioni sono discusse e pubblicate l\u00ec.<\/p>\n\n\n\n<h2 class=\"wp-block-heading\">Sessione del Consiglio del 25 novembre 2025<\/h2>\n\n\n\n<p class=\"wp-block-paragraph\"><strong>Manutenzione del frutteto \"zur Heilborn\"<\/strong><br>Vogliamo assicurarci che il <strong>Streuorstwiese \"zur Heilborn\" come zona compensativa mantenuta professionalmente<\/strong> e il necessario <strong>Potatura degli alberi da frutto organizzata<\/strong> volont\u00e0. A tal fine, il comune locale, insieme all'associazione frutticola e orticola, dovrebbe trovare soluzioni e informare il consiglio comunale in merito. <strong>Impegni e concetto di cura<\/strong> informare.<\/p>\n<\/div>\n\n\n\n<div class=\"wp-block-column is-layout-flow wp-block-column-is-layout-flow\">\n<h1 class=\"wp-block-heading\">Panoramica<\/h1>\n\n\n\n<h2 class=\"wp-block-heading\"><strong>?? Ente di informazione turistica per il Monastero di Maria Hilf<\/strong><\/h2>\n\n\n\n<p class=\"wp-block-paragraph\"><strong>A3 (km 85,4) o A48<\/strong>: Richiesta ad Autobahn GmbH, finanziamento LEADER fino a 80%, Votare con il monastero.<br><strong>Vantaggi<\/strong>: <strong>Aumento dei pernottamenti e del turismo<\/strong>, Visibilit\u00e0 per la canonizzazione Katharina Kasper (2018).<\/p>\n\n\n\n<div class=\"wp-block-file\"><a id=\"wp-block-file--media-fc2d614a-6d42-4737-812f-53ff984904e6\" href=\"https:\/\/gemeinsam-fuer-dernbach.de\/wp-content\/uploads\/2026\/02\/Antrag_touristische-Hinweistafel.pdf\">Richiesta: Ente per l'informazione turistica<\/a><a href=\"https:\/\/gemeinsam-fuer-dernbach.de\/wp-content\/uploads\/2026\/02\/Antrag_touristische-Hinweistafel.pdf\" class=\"wp-block-file__button wp-element-button\" download aria-describedby=\"wp-block-file--media-fc2d614a-6d42-4737-812f-53ff984904e6\">Scarica<\/a><\/div>\n\n\n\n<hr class=\"wp-block-separator has-alpha-channel-opacity\"\/>\n\n\n\n<h2 class=\"wp-block-heading\"><strong>?? Commendazione Katharina Kasper &amp; ADJC anniversario<\/strong><\/h2>\n\n\n\n<p class=\"wp-block-paragraph\"><strong>Misure visibili<\/strong> come la targa commemorativa, gli eventi; Appello alle associazioni e ai cittadini, commissionando il Comitato Culturale.<br><strong>Vantaggi<\/strong>: <strong>Rafforzare l'identit\u00e0 di Dernbach<\/strong>, Promozione dell'offerta comunitaria e turistica nel 175. Anno giubilare.<\/p>\n\n\n\n<div class=\"wp-block-file\"><a id=\"wp-block-file--media-a04eff00-151c-4d67-a49f-f44933990700\" href=\"https:\/\/gemeinsam-fuer-dernbach.de\/wp-content\/uploads\/2026\/02\/Antrag_ADJC-Jubilaeum.pdf\">Richiesta: Anniversario dell'ADJC<\/a><a href=\"https:\/\/gemeinsam-fuer-dernbach.de\/wp-content\/uploads\/2026\/02\/Antrag_ADJC-Jubilaeum.pdf\" class=\"wp-block-file__button wp-element-button\" download aria-describedby=\"wp-block-file--media-a04eff00-151c-4d67-a49f-f44933990700\">Scarica<\/a><\/div>\n\n\n\n<hr class=\"wp-block-separator has-alpha-channel-opacity\"\/>\n\n\n\n<h2 class=\"wp-block-heading\"><strong>?? Sicurezza stradale su piste ciclabili ed escursionistiche<\/strong><\/h2>\n\n\n\n<p class=\"wp-block-paragraph\"><strong>Incroci L312 e K148<\/strong>: Esame di miglioramento visivo, segnalazione e calmamento del traffico attraverso il coordinamento con l'ufficio distrettuale e stradale.<br><strong>Vantaggi<\/strong>: <strong>Protezione degli utenti della strada vulnerabili<\/strong> come i ciclisti e le famiglie, promuovendo la mobilit\u00e0 sostenibile.<\/p>\n\n\n\n<div class=\"wp-block-file\"><a id=\"wp-block-file--media-8ba6ff7a-8994-4a7f-952c-5f0ba84aaff1\" href=\"https:\/\/gemeinsam-fuer-dernbach.de\/wp-content\/uploads\/2026\/02\/Antrag_Verkehrssicherheit-Fahrradwege.pdf\">Richiesta: Sicurezza stradale<\/a><a href=\"https:\/\/gemeinsam-fuer-dernbach.de\/wp-content\/uploads\/2026\/02\/Antrag_Verkehrssicherheit-Fahrradwege.pdf\" class=\"wp-block-file__button wp-element-button\" download aria-describedby=\"wp-block-file--media-8ba6ff7a-8994-4a7f-952c-5f0ba84aaff1\">Scarica<\/a><\/div>\n\n\n\n<hr class=\"wp-block-separator has-alpha-channel-opacity\"\/>\n\n\n\n<h2 class=\"wp-block-heading\"><strong>?? Stazione di riparazione biciclette a Dernbach<\/strong><\/h2>\n\n\n\n<p class=\"wp-block-paragraph\"><strong>Stazione pubblica<\/strong> presso Rathausplatz o stazione con finanziamento LEADER (termine 20.03.2026), incl. scheda informativa sulle piste ciclabili.<br><strong>Vantaggi<\/strong>: <strong>Mobilit\u00e0 rispettosa del clima<\/strong>, Sicurezza per pendolari e turisti, benefici multigenerazionali (anche per passeggini).<\/p>\n\n\n\n<div class=\"wp-block-file\"><a id=\"wp-block-file--media-554a8e15-29c8-4748-a063-d6d088bcad39\" href=\"https:\/\/gemeinsam-fuer-dernbach.de\/wp-content\/uploads\/2026\/02\/Antrag_Fahrradreparaturstation.pdf\">Richiesta: Stazione di riparazione biciclette<\/a><a href=\"https:\/\/gemeinsam-fuer-dernbach.de\/wp-content\/uploads\/2026\/02\/Antrag_Fahrradreparaturstation.pdf\" class=\"wp-block-file__button wp-element-button\" download aria-describedby=\"wp-block-file--media-554a8e15-29c8-4748-a063-d6d088bcad39\">Scarica<\/a><\/div>\n\n\n\n<hr class=\"wp-block-separator has-alpha-channel-opacity\"\/>\n\n\n\n<h2 class=\"wp-block-heading\"><strong>?? Scatola di distribuzione elettrica a Laurentiusplatz<\/strong><\/h2>\n\n\n\n<p class=\"wp-block-paragraph\"><strong>Scatola chiusa<\/strong> con protezione FI e prese vicino al campo sportivo, conforme VDE, costa meno di 1.500 \u20ac.<br><strong>Vantaggi<\/strong>: <strong>Fornitura sicura per le feste del club<\/strong>, colazioni di cittadini ed eventi senza rischi di prolungamento del cavo.<\/p>\n\n\n\n<div class=\"wp-block-file\"><a id=\"wp-block-file--media-2d79fc45-20ee-4711-a7a4-c7a20525d47f\" href=\"https:\/\/gemeinsam-fuer-dernbach.de\/wp-content\/uploads\/2026\/02\/Antrag_Verteilerkasten.pdf\">Richiesta: Scatola di distribuzione<\/a><a href=\"https:\/\/gemeinsam-fuer-dernbach.de\/wp-content\/uploads\/2026\/02\/Antrag_Verteilerkasten.pdf\" class=\"wp-block-file__button wp-element-button\" download aria-describedby=\"wp-block-file--media-2d79fc45-20ee-4711-a7a4-c7a20525d47f\">Scarica<\/a><\/div>\n\n\n\n<hr class=\"wp-block-separator has-alpha-channel-opacity\"\/>\n\n\n\n<p class=\"wp-block-paragraph\"><strong>?? Frutteto \"zur Heilborn\"<\/strong><br>Garantire la corretta potatura degli alberi da frutto e la cura della <strong>Area di compensazione \u00abzur Heilborn\u00bb<\/strong> dalla comunit\u00e0 locale in stretto coordinamento con l'associazione frutticola e orticola.<\/p>\n\n\n\n<p class=\"wp-block-paragraph\"><strong>Benefici:<\/strong> Conservazione della funzione ecologica dell'area di compensazione, rafforzamento <strong>biodiversit\u00e0<\/strong> e il paesaggio, chiara responsabilit\u00e0 della comunit\u00e0 per la cura e la durata.<\/p>\n\n\n\n<div class=\"wp-block-file\"><a id=\"wp-block-file--media-89bb0175-af2c-4512-957d-747f82b1fb9b\" href=\"https:\/\/gemeinsam-fuer-dernbach.de\/wp-content\/uploads\/2026\/02\/Antrag-Streuobstwiese.pdf\">Richiesta: Prato di frutteti<\/a><a href=\"https:\/\/gemeinsam-fuer-dernbach.de\/wp-content\/uploads\/2026\/02\/Antrag-Streuobstwiese.pdf\" class=\"wp-block-file__button wp-element-button\" download aria-describedby=\"wp-block-file--media-89bb0175-af2c-4512-957d-747f82b1fb9b\">Scarica<\/a><\/div>\n<\/div>\n<\/div>\n<\/div>\n<\/div>","protected":false},"excerpt":{"rendered":"<p>Come Gruppo \"Insieme per Dernbach\", ci impegniamo a rendere il nostro posto pi\u00f9 vivibile, pi\u00f9 sicuro e pi\u00f9 sostenibile passo dopo passo. In questa pagina, [...]<\/p>","protected":false},"author":2,"featured_media":0,"parent":0,"menu_order":0,"comment_status":"closed","ping_status":"closed","template":"page-no-title","meta":{"_price":"","_stock":"","_tribe_ticket_header":"","_tribe_default_ticket_provider":"","_tribe_ticket_capacity":"0","_ticket_start_date":"","_ticket_end_date":"","_tribe_ticket_show_description":"","_tribe_ticket_show_not_going":false,"_tribe_ticket_use_global_stock":"","_tribe_ticket_global_stock_level":"","_global_stock_mode":"","_global_stock_cap":"","_tribe_rsvp_for_event":"","_tribe_ticket_going_count":"","_tribe_ticket_not_going_count":"","_tribe_tickets_list":"[]","_tribe_ticket_has_attendee_info_fields":false,"_EventAllDay":false,"_EventTimezone":"","_EventStartDate":"","_EventEndDate":"","_EventStartDateUTC":"","_EventEndDateUTC":"","_EventShowMap":false,"_EventShowMapLink":false,"_EventURL":"","_EventCost":"","_EventCostDescription":"","_EventCurrencySymbol":"","_EventCurrencyCode":"","_EventCurrencyPosition":"","_EventDateTimeSeparator":"","_EventTimeRangeSeparator":"","_EventOrganizerID":[],"_EventVenueID":[],"_OrganizerEmail":"","_OrganizerPhone":"","_OrganizerWebsite":"","_VenueAddress":"","_VenueCity":"","_VenueCountry":"","_VenueProvince":"","_VenueState":"","_VenueZip":"","_VenuePhone":"","_VenueURL":"","_VenueStateProvince":"","_VenueLat":"","_VenueLng":"","_VenueShowMap":false,"_VenueShowMapLink":false,"footnotes":"","_tec_slr_enabled":"","_tec_slr_layout":""},"class_list":["post-1620","page","type-page","status-publish","hentry"],"aioseo_notices":[],"aioseo_head":"\n\t\t<!-- All in One SEO 5.0.1.1 - aioseo.com -->\n\t<meta name=\"description\" content=\"Unsere Initiativen im Ortsgemeinderat Als Fraktion \u201eGemeinsam f\u00fcr Dernbach\u201c setzen wir uns daf\u00fcr ein, unseren Ort Schritt f\u00fcr Schritt lebenswerter, sicherer und zukunftsf\u00e4higer zu machen. Auf dieser Seite stellen wir unsere aktuellen Initiativen vor, die wir in den Gemeinderat eingebracht haben \u2013 transparent, nachvollziehbar und mit klarem Nutzen f\u00fcr Dernbach. Von uns beantragte Ratssitzung am\" \/>\n\t<meta name=\"robots\" content=\"max-image-preview:large\" \/>\n\t<link rel=\"canonical\" href=\"https:\/\/gemeinsam-fuer-dernbach.de\/it\/initiativen\" \/>\n\t<meta name=\"generator\" content=\"All in One SEO (AIOSEO) 5.0.1.1\" \/>\n\t\t<meta property=\"og:locale\" content=\"it_IT\" \/>\n\t\t<meta property=\"og:site_name\" content=\"Gemeinsam f\u00fcr Dernbach - Gemeinsam f\u00fcr Dernbach - Website der W\u00e4hlergruppe Jankowitsch\" \/>\n\t\t<meta property=\"og:type\" content=\"article\" \/>\n\t\t<meta property=\"og:title\" content=\"Initiativen - Gemeinsam f\u00fcr Dernbach\" \/>\n\t\t<meta property=\"og:description\" content=\"Unsere Initiativen im Ortsgemeinderat Als Fraktion \u201eGemeinsam f\u00fcr Dernbach\u201c setzen wir uns daf\u00fcr ein, unseren Ort Schritt f\u00fcr Schritt lebenswerter, sicherer und zukunftsf\u00e4higer zu machen. Auf dieser Seite stellen wir unsere aktuellen Initiativen vor, die wir in den Gemeinderat eingebracht haben \u2013 transparent, nachvollziehbar und mit klarem Nutzen f\u00fcr Dernbach. Von uns beantragte Ratssitzung am\" \/>\n\t\t<meta property=\"og:url\" content=\"https:\/\/gemeinsam-fuer-dernbach.de\/it\/initiativen\" \/>\n\t\t<meta property=\"og:image\" content=\"https:\/\/gemeinsam-fuer-dernbach.de\/wp-content\/uploads\/2024\/12\/cropped-Button.png\" \/>\n\t\t<meta property=\"og:image:secure_url\" content=\"https:\/\/gemeinsam-fuer-dernbach.de\/wp-content\/uploads\/2024\/12\/cropped-Button.png\" \/>\n\t\t<meta property=\"og:image:width\" content=\"512\" \/>\n\t\t<meta property=\"og:image:height\" content=\"512\" \/>\n\t\t<meta property=\"article:published_time\" content=\"2026-02-18T20:34:10+00:00\" \/>\n\t\t<meta property=\"article:modified_time\" content=\"2026-02-18T21:21:23+00:00\" \/>\n\t\t<meta property=\"article:publisher\" content=\"https:\/\/www.facebook.com\/gemeinsam.fuer.dernbach\/\" \/>\n\t\t<meta name=\"twitter:card\" content=\"summary_large_image\" \/>\n\t\t<meta name=\"twitter:title\" content=\"Initiativen - Gemeinsam f\u00fcr Dernbach\" \/>\n\t\t<meta name=\"twitter:description\" content=\"Unsere Initiativen im Ortsgemeinderat Als Fraktion \u201eGemeinsam f\u00fcr Dernbach\u201c setzen wir uns daf\u00fcr ein, unseren Ort Schritt f\u00fcr Schritt lebenswerter, sicherer und zukunftsf\u00e4higer zu machen. Auf dieser Seite stellen wir unsere aktuellen Initiativen vor, die wir in den Gemeinderat eingebracht haben \u2013 transparent, nachvollziehbar und mit klarem Nutzen f\u00fcr Dernbach. Von uns beantragte Ratssitzung am\" \/>\n\t\t<meta name=\"twitter:image\" content=\"https:\/\/gemeinsam-fuer-dernbach.de\/wp-content\/uploads\/2024\/12\/cropped-Button.png\" \/>\n\t\t<script type=\"application\/ld+json\" class=\"aioseo-schema\">\n\t\t\t{\"@context\":\"https:\\\/\\\/schema.org\",\"@graph\":[{\"@type\":\"BreadcrumbList\",\"@id\":\"https:\\\/\\\/gemeinsam-fuer-dernbach.de\\\/it\\\/initiativen#breadcrumblist\",\"itemListElement\":[{\"@type\":\"ListItem\",\"@id\":\"https:\\\/\\\/gemeinsam-fuer-dernbach.de\\\/it#listItem\",\"position\":1,\"name\":\"Home\",\"item\":\"https:\\\/\\\/gemeinsam-fuer-dernbach.de\\\/it\",\"nextItem\":{\"@type\":\"ListItem\",\"@id\":\"https:\\\/\\\/gemeinsam-fuer-dernbach.de\\\/it\\\/initiativen#listItem\",\"name\":\"Initiativen\"}},{\"@type\":\"ListItem\",\"@id\":\"https:\\\/\\\/gemeinsam-fuer-dernbach.de\\\/it\\\/initiativen#listItem\",\"position\":2,\"name\":\"Initiativen\",\"previousItem\":{\"@type\":\"ListItem\",\"@id\":\"https:\\\/\\\/gemeinsam-fuer-dernbach.de\\\/it#listItem\",\"name\":\"Home\"}}]},{\"@type\":\"Organization\",\"@id\":\"https:\\\/\\\/gemeinsam-fuer-dernbach.de\\\/it\\\/#organization\",\"name\":\"Gemeinsam f\\u00fcr Dernbach\",\"description\":\"Gemeinsam f\\u00fcr Dernbach - Website der W\\u00e4hlergruppe Jankowitsch\",\"url\":\"https:\\\/\\\/gemeinsam-fuer-dernbach.de\\\/it\\\/\",\"logo\":{\"@type\":\"ImageObject\",\"url\":\"https:\\\/\\\/gemeinsam-fuer-dernbach.de\\\/wp-content\\\/uploads\\\/2024\\\/12\\\/cropped-Button.png\",\"@id\":\"https:\\\/\\\/gemeinsam-fuer-dernbach.de\\\/it\\\/initiativen\\\/#organizationLogo\",\"width\":512,\"height\":512,\"caption\":\"Gemeinsam f\\u00fcr Dernbach\"},\"image\":{\"@id\":\"https:\\\/\\\/gemeinsam-fuer-dernbach.de\\\/it\\\/initiativen\\\/#organizationLogo\"},\"sameAs\":[\"https:\\\/\\\/www.facebook.com\\\/gemeinsam.fuer.dernbach\\\/\",\"https:\\\/\\\/www.instagram.com\\\/gemeinsam_fuer_dernbach\\\/\"]},{\"@type\":\"WebPage\",\"@id\":\"https:\\\/\\\/gemeinsam-fuer-dernbach.de\\\/it\\\/initiativen#webpage\",\"url\":\"https:\\\/\\\/gemeinsam-fuer-dernbach.de\\\/it\\\/initiativen\",\"name\":\"Initiativen - Gemeinsam f\\u00fcr Dernbach\",\"description\":\"Unsere Initiativen im Ortsgemeinderat Als Fraktion \\u201eGemeinsam f\\u00fcr Dernbach\\u201c setzen wir uns daf\\u00fcr ein, unseren Ort Schritt f\\u00fcr Schritt lebenswerter, sicherer und zukunftsf\\u00e4higer zu machen. Auf dieser Seite stellen wir unsere aktuellen Initiativen vor, die wir in den Gemeinderat eingebracht haben \\u2013 transparent, nachvollziehbar und mit klarem Nutzen f\\u00fcr Dernbach. Von uns beantragte Ratssitzung am\",\"inLanguage\":\"it-IT\",\"isPartOf\":{\"@id\":\"https:\\\/\\\/gemeinsam-fuer-dernbach.de\\\/it\\\/#website\"},\"breadcrumb\":{\"@id\":\"https:\\\/\\\/gemeinsam-fuer-dernbach.de\\\/it\\\/initiativen#breadcrumblist\"},\"datePublished\":\"2026-02-18T21:34:10+01:00\",\"dateModified\":\"2026-02-18T22:21:23+01:00\"},{\"@type\":\"WebSite\",\"@id\":\"https:\\\/\\\/gemeinsam-fuer-dernbach.de\\\/it\\\/#website\",\"url\":\"https:\\\/\\\/gemeinsam-fuer-dernbach.de\\\/it\\\/\",\"name\":\"Gemeinsam f\\u00fcr Dernbach\",\"description\":\"Gemeinsam f\\u00fcr Dernbach - Website der W\\u00e4hlergruppe Jankowitsch\",\"inLanguage\":\"it-IT\",\"publisher\":{\"@id\":\"https:\\\/\\\/gemeinsam-fuer-dernbach.de\\\/it\\\/#organization\"}}]}\n\t\t<\/script>\n\t\t<!-- All in One SEO -->\n\n","aioseo_head_json":{"title":"Initiativen - Gemeinsam f\u00fcr Dernbach","description":"Unsere Initiativen im Ortsgemeinderat Als Fraktion \u201eGemeinsam f\u00fcr Dernbach\u201c setzen wir uns daf\u00fcr ein, unseren Ort Schritt f\u00fcr Schritt lebenswerter, sicherer und zukunftsf\u00e4higer zu machen. Auf dieser Seite stellen wir unsere aktuellen Initiativen vor, die wir in den Gemeinderat eingebracht haben \u2013 transparent, nachvollziehbar und mit klarem Nutzen f\u00fcr Dernbach. Von uns beantragte Ratssitzung am","canonical_url":"https:\/\/gemeinsam-fuer-dernbach.de\/it\/initiativen","robots":"max-image-preview:large","keywords":"","webmasterTools":{"miscellaneous":""},"schema":{"@context":"https:\/\/schema.org","@graph":[{"@type":"BreadcrumbList","@id":"https:\/\/gemeinsam-fuer-dernbach.de\/it\/initiativen#breadcrumblist","itemListElement":[{"@type":"ListItem","@id":"https:\/\/gemeinsam-fuer-dernbach.de\/it#listItem","position":1,"name":"Home","item":"https:\/\/gemeinsam-fuer-dernbach.de\/it","nextItem":{"@type":"ListItem","@id":"https:\/\/gemeinsam-fuer-dernbach.de\/it\/initiativen#listItem","name":"Initiativen"}},{"@type":"ListItem","@id":"https:\/\/gemeinsam-fuer-dernbach.de\/it\/initiativen#listItem","position":2,"name":"Initiativen","previousItem":{"@type":"ListItem","@id":"https:\/\/gemeinsam-fuer-dernbach.de\/it#listItem","name":"Home"}}]},{"@type":"Organization","@id":"https:\/\/gemeinsam-fuer-dernbach.de\/it\/#organization","name":"Gemeinsam f\u00fcr Dernbach","description":"Gemeinsam f\u00fcr Dernbach - Website der W\u00e4hlergruppe Jankowitsch","url":"https:\/\/gemeinsam-fuer-dernbach.de\/it\/","logo":{"@type":"ImageObject","url":"https:\/\/gemeinsam-fuer-dernbach.de\/wp-content\/uploads\/2024\/12\/cropped-Button.png","@id":"https:\/\/gemeinsam-fuer-dernbach.de\/it\/initiativen\/#organizationLogo","width":512,"height":512,"caption":"Gemeinsam f\u00fcr Dernbach"},"image":{"@id":"https:\/\/gemeinsam-fuer-dernbach.de\/it\/initiativen\/#organizationLogo"},"sameAs":["https:\/\/www.facebook.com\/gemeinsam.fuer.dernbach\/","https:\/\/www.instagram.com\/gemeinsam_fuer_dernbach\/"]},{"@type":"WebPage","@id":"https:\/\/gemeinsam-fuer-dernbach.de\/it\/initiativen#webpage","url":"https:\/\/gemeinsam-fuer-dernbach.de\/it\/initiativen","name":"Initiativen - Gemeinsam f\u00fcr Dernbach","description":"Unsere Initiativen im Ortsgemeinderat Als Fraktion \u201eGemeinsam f\u00fcr Dernbach\u201c setzen wir uns daf\u00fcr ein, unseren Ort Schritt f\u00fcr Schritt lebenswerter, sicherer und zukunftsf\u00e4higer zu machen. Auf dieser Seite stellen wir unsere aktuellen Initiativen vor, die wir in den Gemeinderat eingebracht haben \u2013 transparent, nachvollziehbar und mit klarem Nutzen f\u00fcr Dernbach. Von uns beantragte Ratssitzung am","inLanguage":"it-IT","isPartOf":{"@id":"https:\/\/gemeinsam-fuer-dernbach.de\/it\/#website"},"breadcrumb":{"@id":"https:\/\/gemeinsam-fuer-dernbach.de\/it\/initiativen#breadcrumblist"},"datePublished":"2026-02-18T21:34:10+01:00","dateModified":"2026-02-18T22:21:23+01:00"},{"@type":"WebSite","@id":"https:\/\/gemeinsam-fuer-dernbach.de\/it\/#website","url":"https:\/\/gemeinsam-fuer-dernbach.de\/it\/","name":"Gemeinsam f\u00fcr Dernbach","description":"Gemeinsam f\u00fcr Dernbach - Website der W\u00e4hlergruppe Jankowitsch","inLanguage":"it-IT","publisher":{"@id":"https:\/\/gemeinsam-fuer-dernbach.de\/it\/#organization"}}]},"og:locale":"it_IT","og:site_name":"Gemeinsam f\u00fcr Dernbach - Gemeinsam f\u00fcr Dernbach - Website der W\u00e4hlergruppe Jankowitsch","og:type":"article","og:title":"Initiativen - Gemeinsam f\u00fcr Dernbach","og:description":"Unsere Initiativen im Ortsgemeinderat Als Fraktion \u201eGemeinsam f\u00fcr Dernbach\u201c setzen wir uns daf\u00fcr ein, unseren Ort Schritt f\u00fcr Schritt lebenswerter, sicherer und zukunftsf\u00e4higer zu machen. Auf dieser Seite stellen wir unsere aktuellen Initiativen vor, die wir in den Gemeinderat eingebracht haben \u2013 transparent, nachvollziehbar und mit klarem Nutzen f\u00fcr Dernbach. Von uns beantragte Ratssitzung am","og:url":"https:\/\/gemeinsam-fuer-dernbach.de\/it\/initiativen","og:image":"https:\/\/gemeinsam-fuer-dernbach.de\/wp-content\/uploads\/2024\/12\/cropped-Button.png","og:image:secure_url":"https:\/\/gemeinsam-fuer-dernbach.de\/wp-content\/uploads\/2024\/12\/cropped-Button.png","og:image:width":512,"og:image:height":512,"article:published_time":"2026-02-18T20:34:10+00:00","article:modified_time":"2026-02-18T21:21:23+00:00","article:publisher":"https:\/\/www.facebook.com\/gemeinsam.fuer.dernbach\/","twitter:card":"summary_large_image","twitter:title":"Initiativen - Gemeinsam f\u00fcr Dernbach","twitter:description":"Unsere Initiativen im Ortsgemeinderat Als Fraktion \u201eGemeinsam f\u00fcr Dernbach\u201c setzen wir uns daf\u00fcr ein, unseren Ort Schritt f\u00fcr Schritt lebenswerter, sicherer und zukunftsf\u00e4higer zu machen. Auf dieser Seite stellen wir unsere aktuellen Initiativen vor, die wir in den Gemeinderat eingebracht haben \u2013 transparent, nachvollziehbar und mit klarem Nutzen f\u00fcr Dernbach. Von uns beantragte Ratssitzung am","twitter:image":"https:\/\/gemeinsam-fuer-dernbach.de\/wp-content\/uploads\/2024\/12\/cropped-Button.png"},"aioseo_meta_data":{"post_id":"1620","title":null,"description":null,"keywords":null,"keyphrases":{"focus":{"keyphrase":"","score":0,"analysis":{"keyphraseInTitle":{"score":0,"maxScore":9,"error":1}}},"additional":[]},"primary_term":null,"canonical_url":null,"og_title":null,"og_description":null,"og_object_type":"default","og_image_type":"default","og_image_url":null,"og_image_width":null,"og_image_height":null,"og_image_custom_url":null,"og_image_custom_fields":null,"og_video":"","og_custom_url":null,"og_article_section":null,"og_article_tags":null,"twitter_use_og":false,"twitter_card":"default","twitter_image_type":"default","twitter_image_url":null,"twitter_image_custom_url":null,"twitter_image_custom_fields":null,"twitter_title":null,"twitter_description":null,"schema":{"blockGraphs":[],"customGraphs":[],"default":{"data":{"Article":[],"Course":[],"Dataset":[],"FAQPage":[],"Movie":[],"Person":[],"Product":[],"ProductReview":[],"Car":[],"Recipe":[],"Service":[],"SoftwareApplication":[],"WebPage":[]},"graphName":"WebPage","isEnabled":true},"graphs":[]},"schema_type":"default","schema_type_options":null,"pillar_content":false,"robots_default":true,"robots_noindex":false,"robots_noarchive":false,"robots_nosnippet":false,"robots_nofollow":false,"robots_noimageindex":false,"robots_noodp":false,"robots_notranslate":false,"robots_max_snippet":"-1","robots_max_videopreview":"-1","robots_max_imagepreview":"large","priority":null,"frequency":"default","local_seo":null,"breadcrumb_settings":null,"limit_modified_date":false,"ai":{"faqs":[],"keyPoints":[],"titles":[],"descriptions":[],"socialPosts":{"email":[],"linkedin":[],"twitter":[],"facebook":[],"instagram":[]}},"created":"2026-02-18 20:34:12","updated":"2026-02-18 21:25:56","seo_analyzer_scan_date":null,"focus_keyword":null,"additional_keywords":null,"truseo_locale":null},"aioseo_breadcrumb":"<div class=\"aioseo-breadcrumbs\"><span class=\"aioseo-breadcrumb\">\n\t\t\t<a href=\"https:\/\/gemeinsam-fuer-dernbach.de\/it\" title=\"Home\">Home<\/a>\n\t\t<\/span><span class=\"aioseo-breadcrumb-separator\">&raquo;<\/span><span class=\"aioseo-breadcrumb\">\n\t\t\tInitiativen\n\t\t<\/span><\/div>","aioseo_breadcrumb_json":[{"label":"Home","link":"https:\/\/gemeinsam-fuer-dernbach.de\/it"},{"label":"Initiativen","link":"https:\/\/gemeinsam-fuer-dernbach.de\/it\/initiativen"}],"ticketed":false,"_links":{"self":[{"href":"https:\/\/gemeinsam-fuer-dernbach.de\/it\/wp-json\/wp\/v2\/pages\/1620","targetHints":{"allow":["GET"]}}],"collection":[{"href":"https:\/\/gemeinsam-fuer-dernbach.de\/it\/wp-json\/wp\/v2\/pages"}],"about":[{"href":"https:\/\/gemeinsam-fuer-dernbach.de\/it\/wp-json\/wp\/v2\/types\/page"}],"author":[{"embeddable":true,"href":"https:\/\/gemeinsam-fuer-dernbach.de\/it\/wp-json\/wp\/v2\/users\/2"}],"replies":[{"embeddable":true,"href":"https:\/\/gemeinsam-fuer-dernbach.de\/it\/wp-json\/wp\/v2\/comments?post=1620"}],"version-history":[{"count":6,"href":"https:\/\/gemeinsam-fuer-dernbach.de\/it\/wp-json\/wp\/v2\/pages\/1620\/revisions"}],"predecessor-version":[{"id":1638,"href":"https:\/\/gemeinsam-fuer-dernbach.de\/it\/wp-json\/wp\/v2\/pages\/1620\/revisions\/1638"}],"wp:attachment":[{"href":"https:\/\/gemeinsam-fuer-dernbach.de\/it\/wp-json\/wp\/v2\/media?parent=1620"}],"curies":[{"name":"wp","href":"https:\/\/api.w.org\/{rel}","templated":true}]}}