{"id":34,"date":"2023-11-18T14:16:03","date_gmt":"2023-11-18T13:16:03","guid":{"rendered":"https:\/\/gemeinsam-fuer-dernbach.de\/?page_id=34"},"modified":"2025-03-07T20:04:35","modified_gmt":"2025-03-07T19:04:35","slug":"impressum","status":"publish","type":"page","link":"https:\/\/gemeinsam-fuer-dernbach.de\/it\/impressum","title":{"rendered":"Clausola di esclusione della responsabilit\u00e0"},"content":{"rendered":"<h5 class=\"wp-block-heading\">Informazioni secondo \u00a7 5 TMG<\/h5>\n\n\n\n<h3 class=\"wp-block-heading\">Insieme per Dernbach<\/h3>\n\n\n\n<p class=\"wp-block-paragraph\"><strong>Rappresentato da: <br><\/strong>Manuel Misgeld<\/p>\n\n\n\n<p class=\"wp-block-paragraph\"><strong>Contatto:<\/strong> <br>E-mail: <a href=\"mailto:info@gemeinsam-fuer-dernbach.de\">info@gemeinsam-fuer-dernbach.de<\/a><\/p>\n\n\n\n<p class=\"wp-block-paragraph\"><strong>Responsabile del contenuto secondo \u00a7 55 Abs. 2 RStV:<br><\/strong>Manuel Misgeld<br>Nuovo territorio 5<br>56428 Dernbach<\/p>\n\n\n\n<p class=\"wp-block-paragraph\"><strong>Disclaimer: <\/strong><\/p>\n\n\n\n<p class=\"wp-block-paragraph\"><strong>Responsabilit\u00e0 per i contenuti<\/strong><\/p>\n\n\n\n<p class=\"wp-block-paragraph\">I contenuti delle nostre pagine sono stati creati con la massima cura. Tuttavia, non ci assumiamo alcuna responsabilit\u00e0 per la correttezza, la completezza e l'aggiornamento dei contenuti. Come fornitore di servizi, siamo responsabili ai sensi del \u00a7 7 Abs.1 TMG per i nostri contenuti su queste pagine secondo le leggi generali. Ai sensi dei \u00a7\u00a7 da 8 a 10 TMG, tuttavia, in qualit\u00e0 di fornitore di servizi non siamo obbligati a monitorare le informazioni trasmesse o memorizzate da terzi o a indagare su circostanze che indicano attivit\u00e0 illegali. Gli obblighi di rimuovere o bloccare l'uso delle informazioni ai sensi delle leggi generali rimangono inalterati. Tuttavia, la responsabilit\u00e0 al riguardo \u00e8 possibile solo a partire dal momento in cui si viene a conoscenza di una specifica violazione. Se veniamo a conoscenza di tali violazioni, rimuoveremo immediatamente questo contenuto.<\/p>\n\n\n\n<p class=\"wp-block-paragraph\"><strong>Responsabilit\u00e0 per i link<\/strong><\/p>\n\n\n\n<p class=\"wp-block-paragraph\">La nostra offerta contiene link a siti web esterni di terzi, sui cui contenuti non abbiamo alcuna influenza. Pertanto, non possiamo assumerci alcuna responsabilit\u00e0 per questo contenuto esterno. Il rispettivo fornitore o gestore delle pagine \u00e8 sempre responsabile del contenuto delle pagine collegate. Le pagine collegate sono state controllate per eventuali violazioni legali al momento del collegamento. I contenuti illegali non erano riconoscibili al momento del collegamento. Tuttavia, un controllo permanente del contenuto delle pagine collegate non \u00e8 ragionevole senza indicazioni concrete di una violazione della legge. Se veniamo a conoscenza di violazioni legali, rimuoveremo immediatamente tali link.<\/p>\n\n\n\n<p class=\"wp-block-paragraph\"><strong>diritti d'autore<\/strong><\/p>\n\n\n\n<p class=\"wp-block-paragraph\">I contenuti e le opere creati dai gestori del sito su queste pagine sono soggetti al diritto d'autore tedesco. La riproduzione, l'elaborazione, la distribuzione e qualsiasi tipo di sfruttamento al di fuori dei limiti del diritto d'autore richiedono il consenso scritto del rispettivo autore o creatore. Download e copie di questo sito sono consentiti solo per uso privato e non commerciale. Nella misura in cui i contenuti di questa pagina non sono stati creati dal gestore, si osservano i diritti d'autore di terzi. In particolare, i contenuti di terzi sono contrassegnati come tali. Se tuttavia doveste venire a conoscenza di una violazione del copyright, vi preghiamo di informarci di conseguenza. Se veniamo a conoscenza di eventuali violazioni della legge, rimuoveremo immediatamente tali contenuti.<\/p>","protected":false},"excerpt":{"rendered":"<p>Informazioni ai sensi del \u00a7 5 TMG Insieme per Dernbach Rappresentato da: Contatto di Manuel Misgeld: E-mail: info@gemeinsam-fuer-dernbach.de Responsabile del contenuto secondo \u00a7 55 Abs. 2 RStV:Manuel MisgeldNeuland 556428 Dernbach Disclaimer: Responsabilit\u00e0 [...]<\/p>","protected":false},"author":1,"featured_media":0,"parent":0,"menu_order":0,"comment_status":"closed","ping_status":"closed","template":"page-no-title","meta":{"_price":"","_stock":"","_tribe_ticket_header":"","_tribe_default_ticket_provider":"","_tribe_ticket_capacity":"0","_ticket_start_date":"","_ticket_end_date":"","_tribe_ticket_show_description":"","_tribe_ticket_show_not_going":false,"_tribe_ticket_use_global_stock":"","_tribe_ticket_global_stock_level":"","_global_stock_mode":"","_global_stock_cap":"","_tribe_rsvp_for_event":"","_tribe_ticket_going_count":"","_tribe_ticket_not_going_count":"","_tribe_tickets_list":"[]","_tribe_ticket_has_attendee_info_fields":false,"_EventAllDay":false,"_EventTimezone":"","_EventStartDate":"","_EventEndDate":"","_EventStartDateUTC":"","_EventEndDateUTC":"","_EventShowMap":false,"_EventShowMapLink":false,"_EventURL":"","_EventCost":"","_EventCostDescription":"","_EventCurrencySymbol":"","_EventCurrencyCode":"","_EventCurrencyPosition":"","_EventDateTimeSeparator":"","_EventTimeRangeSeparator":"","_EventOrganizerID":[],"_EventVenueID":[],"_OrganizerEmail":"","_OrganizerPhone":"","_OrganizerWebsite":"","_VenueAddress":"","_VenueCity":"","_VenueCountry":"","_VenueProvince":"","_VenueState":"","_VenueZip":"","_VenuePhone":"","_VenueURL":"","_VenueStateProvince":"","_VenueLat":"","_VenueLng":"","_VenueShowMap":false,"_VenueShowMapLink":false,"footnotes":"","_tec_slr_enabled":"","_tec_slr_layout":""},"class_list":["post-34","page","type-page","status-publish","hentry"],"aioseo_notices":[],"aioseo_head":"\n\t\t<!-- All in One SEO 5.0.1.1 - aioseo.com -->\n\t<meta name=\"description\" content=\"Angaben gem\u00e4\u00df \u00a7 5 TMG Gemeinsam f\u00fcr Dernbach Vertreten durch: Manuel Misgeld Kontakt: E-Mail: info@gemeinsam-fuer-dernbach.de Verantwortlich f\u00fcr den Inhalt nach \u00a7 55 Abs. 2 RStV:Manuel MisgeldNeuland 556428 Dernbach Haftungsausschluss: Haftung f\u00fcr Inhalte Die Inhalte unserer Seiten wurden mit gr\u00f6\u00dfter Sorgfalt erstellt. F\u00fcr die Richtigkeit, Vollst\u00e4ndigkeit und Aktualit\u00e4t der Inhalte k\u00f6nnen wir jedoch keine Gew\u00e4hr \u00fcbernehmen.\" \/>\n\t<meta name=\"robots\" content=\"max-image-preview:large\" \/>\n\t<link rel=\"canonical\" href=\"https:\/\/gemeinsam-fuer-dernbach.de\/it\/impressum\" \/>\n\t<meta name=\"generator\" content=\"All in One SEO (AIOSEO) 5.0.1.1\" \/>\n\t\t<meta property=\"og:locale\" content=\"it_IT\" \/>\n\t\t<meta property=\"og:site_name\" content=\"Gemeinsam f\u00fcr Dernbach - Gemeinsam f\u00fcr Dernbach - Website der W\u00e4hlergruppe Jankowitsch\" \/>\n\t\t<meta property=\"og:type\" content=\"article\" \/>\n\t\t<meta property=\"og:title\" content=\"Impressum - Gemeinsam f\u00fcr Dernbach\" \/>\n\t\t<meta property=\"og:description\" content=\"Angaben gem\u00e4\u00df \u00a7 5 TMG Gemeinsam f\u00fcr Dernbach Vertreten durch: Manuel Misgeld Kontakt: E-Mail: info@gemeinsam-fuer-dernbach.de Verantwortlich f\u00fcr den Inhalt nach \u00a7 55 Abs. 2 RStV:Manuel MisgeldNeuland 556428 Dernbach Haftungsausschluss: Haftung f\u00fcr Inhalte Die Inhalte unserer Seiten wurden mit gr\u00f6\u00dfter Sorgfalt erstellt. F\u00fcr die Richtigkeit, Vollst\u00e4ndigkeit und Aktualit\u00e4t der Inhalte k\u00f6nnen wir jedoch keine Gew\u00e4hr \u00fcbernehmen.\" \/>\n\t\t<meta property=\"og:url\" content=\"https:\/\/gemeinsam-fuer-dernbach.de\/it\/impressum\" \/>\n\t\t<meta property=\"og:image\" content=\"https:\/\/gemeinsam-fuer-dernbach.de\/wp-content\/uploads\/2024\/12\/cropped-Button.png\" \/>\n\t\t<meta property=\"og:image:secure_url\" content=\"https:\/\/gemeinsam-fuer-dernbach.de\/wp-content\/uploads\/2024\/12\/cropped-Button.png\" \/>\n\t\t<meta property=\"og:image:width\" content=\"512\" \/>\n\t\t<meta property=\"og:image:height\" content=\"512\" \/>\n\t\t<meta property=\"article:published_time\" content=\"2023-11-18T13:16:03+00:00\" \/>\n\t\t<meta property=\"article:modified_time\" content=\"2025-03-07T19:04:35+00:00\" \/>\n\t\t<meta property=\"article:publisher\" content=\"https:\/\/www.facebook.com\/gemeinsam.fuer.dernbach\/\" \/>\n\t\t<meta name=\"twitter:card\" content=\"summary_large_image\" \/>\n\t\t<meta name=\"twitter:title\" content=\"Impressum - Gemeinsam f\u00fcr Dernbach\" \/>\n\t\t<meta name=\"twitter:description\" content=\"Angaben gem\u00e4\u00df \u00a7 5 TMG Gemeinsam f\u00fcr Dernbach Vertreten durch: Manuel Misgeld Kontakt: E-Mail: info@gemeinsam-fuer-dernbach.de Verantwortlich f\u00fcr den Inhalt nach \u00a7 55 Abs. 2 RStV:Manuel MisgeldNeuland 556428 Dernbach Haftungsausschluss: Haftung f\u00fcr Inhalte Die Inhalte unserer Seiten wurden mit gr\u00f6\u00dfter Sorgfalt erstellt. F\u00fcr die Richtigkeit, Vollst\u00e4ndigkeit und Aktualit\u00e4t der Inhalte k\u00f6nnen wir jedoch keine Gew\u00e4hr \u00fcbernehmen.\" \/>\n\t\t<meta name=\"twitter:image\" content=\"https:\/\/gemeinsam-fuer-dernbach.de\/wp-content\/uploads\/2024\/12\/cropped-Button.png\" \/>\n\t\t<script type=\"application\/ld+json\" class=\"aioseo-schema\">\n\t\t\t{\"@context\":\"https:\\\/\\\/schema.org\",\"@graph\":[{\"@type\":\"BreadcrumbList\",\"@id\":\"https:\\\/\\\/gemeinsam-fuer-dernbach.de\\\/it\\\/impressum#breadcrumblist\",\"itemListElement\":[{\"@type\":\"ListItem\",\"@id\":\"https:\\\/\\\/gemeinsam-fuer-dernbach.de\\\/it#listItem\",\"position\":1,\"name\":\"Home\",\"item\":\"https:\\\/\\\/gemeinsam-fuer-dernbach.de\\\/it\",\"nextItem\":{\"@type\":\"ListItem\",\"@id\":\"https:\\\/\\\/gemeinsam-fuer-dernbach.de\\\/it\\\/impressum#listItem\",\"name\":\"Impressum\"}},{\"@type\":\"ListItem\",\"@id\":\"https:\\\/\\\/gemeinsam-fuer-dernbach.de\\\/it\\\/impressum#listItem\",\"position\":2,\"name\":\"Impressum\",\"previousItem\":{\"@type\":\"ListItem\",\"@id\":\"https:\\\/\\\/gemeinsam-fuer-dernbach.de\\\/it#listItem\",\"name\":\"Home\"}}]},{\"@type\":\"Organization\",\"@id\":\"https:\\\/\\\/gemeinsam-fuer-dernbach.de\\\/it\\\/#organization\",\"name\":\"Gemeinsam f\\u00fcr Dernbach\",\"description\":\"Gemeinsam f\\u00fcr Dernbach - Website der W\\u00e4hlergruppe Jankowitsch\",\"url\":\"https:\\\/\\\/gemeinsam-fuer-dernbach.de\\\/it\\\/\",\"logo\":{\"@type\":\"ImageObject\",\"url\":\"https:\\\/\\\/gemeinsam-fuer-dernbach.de\\\/wp-content\\\/uploads\\\/2024\\\/12\\\/cropped-Button.png\",\"@id\":\"https:\\\/\\\/gemeinsam-fuer-dernbach.de\\\/it\\\/impressum\\\/#organizationLogo\",\"width\":512,\"height\":512,\"caption\":\"Gemeinsam f\\u00fcr Dernbach\"},\"image\":{\"@id\":\"https:\\\/\\\/gemeinsam-fuer-dernbach.de\\\/it\\\/impressum\\\/#organizationLogo\"},\"sameAs\":[\"https:\\\/\\\/www.facebook.com\\\/gemeinsam.fuer.dernbach\\\/\",\"https:\\\/\\\/www.instagram.com\\\/gemeinsam_fuer_dernbach\\\/\"]},{\"@type\":\"WebPage\",\"@id\":\"https:\\\/\\\/gemeinsam-fuer-dernbach.de\\\/it\\\/impressum#webpage\",\"url\":\"https:\\\/\\\/gemeinsam-fuer-dernbach.de\\\/it\\\/impressum\",\"name\":\"Impressum - Gemeinsam f\\u00fcr Dernbach\",\"description\":\"Angaben gem\\u00e4\\u00df \\u00a7 5 TMG Gemeinsam f\\u00fcr Dernbach Vertreten durch: Manuel Misgeld Kontakt: E-Mail: info@gemeinsam-fuer-dernbach.de Verantwortlich f\\u00fcr den Inhalt nach \\u00a7 55 Abs. 2 RStV:Manuel MisgeldNeuland 556428 Dernbach Haftungsausschluss: Haftung f\\u00fcr Inhalte Die Inhalte unserer Seiten wurden mit gr\\u00f6\\u00dfter Sorgfalt erstellt. F\\u00fcr die Richtigkeit, Vollst\\u00e4ndigkeit und Aktualit\\u00e4t der Inhalte k\\u00f6nnen wir jedoch keine Gew\\u00e4hr \\u00fcbernehmen.\",\"inLanguage\":\"it-IT\",\"isPartOf\":{\"@id\":\"https:\\\/\\\/gemeinsam-fuer-dernbach.de\\\/it\\\/#website\"},\"breadcrumb\":{\"@id\":\"https:\\\/\\\/gemeinsam-fuer-dernbach.de\\\/it\\\/impressum#breadcrumblist\"},\"datePublished\":\"2023-11-18T14:16:03+01:00\",\"dateModified\":\"2025-03-07T20:04:35+01:00\"},{\"@type\":\"WebSite\",\"@id\":\"https:\\\/\\\/gemeinsam-fuer-dernbach.de\\\/it\\\/#website\",\"url\":\"https:\\\/\\\/gemeinsam-fuer-dernbach.de\\\/it\\\/\",\"name\":\"Gemeinsam f\\u00fcr Dernbach\",\"description\":\"Gemeinsam f\\u00fcr Dernbach - Website der W\\u00e4hlergruppe Jankowitsch\",\"inLanguage\":\"it-IT\",\"publisher\":{\"@id\":\"https:\\\/\\\/gemeinsam-fuer-dernbach.de\\\/it\\\/#organization\"}}]}\n\t\t<\/script>\n\t\t<!-- All in One SEO -->\n\n","aioseo_head_json":{"title":"Impressum - Gemeinsam f\u00fcr Dernbach","description":"Angaben gem\u00e4\u00df \u00a7 5 TMG Gemeinsam f\u00fcr Dernbach Vertreten durch: Manuel Misgeld Kontakt: E-Mail: info@gemeinsam-fuer-dernbach.de Verantwortlich f\u00fcr den Inhalt nach \u00a7 55 Abs. 2 RStV:Manuel MisgeldNeuland 556428 Dernbach Haftungsausschluss: Haftung f\u00fcr Inhalte Die Inhalte unserer Seiten wurden mit gr\u00f6\u00dfter Sorgfalt erstellt. F\u00fcr die Richtigkeit, Vollst\u00e4ndigkeit und Aktualit\u00e4t der Inhalte k\u00f6nnen wir jedoch keine Gew\u00e4hr \u00fcbernehmen.","canonical_url":"https:\/\/gemeinsam-fuer-dernbach.de\/it\/impressum","robots":"max-image-preview:large","keywords":"","webmasterTools":{"miscellaneous":""},"schema":{"@context":"https:\/\/schema.org","@graph":[{"@type":"BreadcrumbList","@id":"https:\/\/gemeinsam-fuer-dernbach.de\/it\/impressum#breadcrumblist","itemListElement":[{"@type":"ListItem","@id":"https:\/\/gemeinsam-fuer-dernbach.de\/it#listItem","position":1,"name":"Home","item":"https:\/\/gemeinsam-fuer-dernbach.de\/it","nextItem":{"@type":"ListItem","@id":"https:\/\/gemeinsam-fuer-dernbach.de\/it\/impressum#listItem","name":"Impressum"}},{"@type":"ListItem","@id":"https:\/\/gemeinsam-fuer-dernbach.de\/it\/impressum#listItem","position":2,"name":"Impressum","previousItem":{"@type":"ListItem","@id":"https:\/\/gemeinsam-fuer-dernbach.de\/it#listItem","name":"Home"}}]},{"@type":"Organization","@id":"https:\/\/gemeinsam-fuer-dernbach.de\/it\/#organization","name":"Gemeinsam f\u00fcr Dernbach","description":"Gemeinsam f\u00fcr Dernbach - Website der W\u00e4hlergruppe Jankowitsch","url":"https:\/\/gemeinsam-fuer-dernbach.de\/it\/","logo":{"@type":"ImageObject","url":"https:\/\/gemeinsam-fuer-dernbach.de\/wp-content\/uploads\/2024\/12\/cropped-Button.png","@id":"https:\/\/gemeinsam-fuer-dernbach.de\/it\/impressum\/#organizationLogo","width":512,"height":512,"caption":"Gemeinsam f\u00fcr Dernbach"},"image":{"@id":"https:\/\/gemeinsam-fuer-dernbach.de\/it\/impressum\/#organizationLogo"},"sameAs":["https:\/\/www.facebook.com\/gemeinsam.fuer.dernbach\/","https:\/\/www.instagram.com\/gemeinsam_fuer_dernbach\/"]},{"@type":"WebPage","@id":"https:\/\/gemeinsam-fuer-dernbach.de\/it\/impressum#webpage","url":"https:\/\/gemeinsam-fuer-dernbach.de\/it\/impressum","name":"Impressum - Gemeinsam f\u00fcr Dernbach","description":"Angaben gem\u00e4\u00df \u00a7 5 TMG Gemeinsam f\u00fcr Dernbach Vertreten durch: Manuel Misgeld Kontakt: E-Mail: info@gemeinsam-fuer-dernbach.de Verantwortlich f\u00fcr den Inhalt nach \u00a7 55 Abs. 2 RStV:Manuel MisgeldNeuland 556428 Dernbach Haftungsausschluss: Haftung f\u00fcr Inhalte Die Inhalte unserer Seiten wurden mit gr\u00f6\u00dfter Sorgfalt erstellt. F\u00fcr die Richtigkeit, Vollst\u00e4ndigkeit und Aktualit\u00e4t der Inhalte k\u00f6nnen wir jedoch keine Gew\u00e4hr \u00fcbernehmen.","inLanguage":"it-IT","isPartOf":{"@id":"https:\/\/gemeinsam-fuer-dernbach.de\/it\/#website"},"breadcrumb":{"@id":"https:\/\/gemeinsam-fuer-dernbach.de\/it\/impressum#breadcrumblist"},"datePublished":"2023-11-18T14:16:03+01:00","dateModified":"2025-03-07T20:04:35+01:00"},{"@type":"WebSite","@id":"https:\/\/gemeinsam-fuer-dernbach.de\/it\/#website","url":"https:\/\/gemeinsam-fuer-dernbach.de\/it\/","name":"Gemeinsam f\u00fcr Dernbach","description":"Gemeinsam f\u00fcr Dernbach - Website der W\u00e4hlergruppe Jankowitsch","inLanguage":"it-IT","publisher":{"@id":"https:\/\/gemeinsam-fuer-dernbach.de\/it\/#organization"}}]},"og:locale":"it_IT","og:site_name":"Gemeinsam f\u00fcr Dernbach - Gemeinsam f\u00fcr Dernbach - Website der W\u00e4hlergruppe Jankowitsch","og:type":"article","og:title":"Impressum - Gemeinsam f\u00fcr Dernbach","og:description":"Angaben gem\u00e4\u00df \u00a7 5 TMG Gemeinsam f\u00fcr Dernbach Vertreten durch: Manuel Misgeld Kontakt: E-Mail: info@gemeinsam-fuer-dernbach.de Verantwortlich f\u00fcr den Inhalt nach \u00a7 55 Abs. 2 RStV:Manuel MisgeldNeuland 556428 Dernbach Haftungsausschluss: Haftung f\u00fcr Inhalte Die Inhalte unserer Seiten wurden mit gr\u00f6\u00dfter Sorgfalt erstellt. F\u00fcr die Richtigkeit, Vollst\u00e4ndigkeit und Aktualit\u00e4t der Inhalte k\u00f6nnen wir jedoch keine Gew\u00e4hr \u00fcbernehmen.","og:url":"https:\/\/gemeinsam-fuer-dernbach.de\/it\/impressum","og:image":"https:\/\/gemeinsam-fuer-dernbach.de\/wp-content\/uploads\/2024\/12\/cropped-Button.png","og:image:secure_url":"https:\/\/gemeinsam-fuer-dernbach.de\/wp-content\/uploads\/2024\/12\/cropped-Button.png","og:image:width":512,"og:image:height":512,"article:published_time":"2023-11-18T13:16:03+00:00","article:modified_time":"2025-03-07T19:04:35+00:00","article:publisher":"https:\/\/www.facebook.com\/gemeinsam.fuer.dernbach\/","twitter:card":"summary_large_image","twitter:title":"Impressum - Gemeinsam f\u00fcr Dernbach","twitter:description":"Angaben gem\u00e4\u00df \u00a7 5 TMG Gemeinsam f\u00fcr Dernbach Vertreten durch: Manuel Misgeld Kontakt: E-Mail: info@gemeinsam-fuer-dernbach.de Verantwortlich f\u00fcr den Inhalt nach \u00a7 55 Abs. 2 RStV:Manuel MisgeldNeuland 556428 Dernbach Haftungsausschluss: Haftung f\u00fcr Inhalte Die Inhalte unserer Seiten wurden mit gr\u00f6\u00dfter Sorgfalt erstellt. F\u00fcr die Richtigkeit, Vollst\u00e4ndigkeit und Aktualit\u00e4t der Inhalte k\u00f6nnen wir jedoch keine Gew\u00e4hr \u00fcbernehmen.","twitter:image":"https:\/\/gemeinsam-fuer-dernbach.de\/wp-content\/uploads\/2024\/12\/cropped-Button.png"},"aioseo_meta_data":{"post_id":"34","title":null,"description":null,"keywords":null,"keyphrases":null,"primary_term":null,"canonical_url":null,"og_title":null,"og_description":null,"og_object_type":"default","og_image_type":"default","og_image_url":null,"og_image_width":null,"og_image_height":null,"og_image_custom_url":null,"og_image_custom_fields":null,"og_video":null,"og_custom_url":null,"og_article_section":null,"og_article_tags":null,"twitter_use_og":false,"twitter_card":"default","twitter_image_type":"default","twitter_image_url":null,"twitter_image_custom_url":null,"twitter_image_custom_fields":null,"twitter_title":null,"twitter_description":null,"schema":{"blockGraphs":[],"customGraphs":[],"default":{"data":{"Article":[],"Course":[],"Dataset":[],"FAQPage":[],"Movie":[],"Person":[],"Product":[],"ProductReview":[],"Car":[],"Recipe":[],"Service":[],"SoftwareApplication":[],"WebPage":[]},"graphName":"","isEnabled":true},"graphs":[]},"schema_type":"default","schema_type_options":null,"pillar_content":false,"robots_default":true,"robots_noindex":false,"robots_noarchive":false,"robots_nosnippet":false,"robots_nofollow":false,"robots_noimageindex":false,"robots_noodp":false,"robots_notranslate":false,"robots_max_snippet":null,"robots_max_videopreview":null,"robots_max_imagepreview":"large","priority":null,"frequency":null,"local_seo":null,"breadcrumb_settings":null,"limit_modified_date":false,"ai":null,"created":"2025-06-24 20:04:01","updated":"2025-06-24 20:04:01","seo_analyzer_scan_date":null,"focus_keyword":null,"additional_keywords":null,"truseo_locale":null},"aioseo_breadcrumb":"<div class=\"aioseo-breadcrumbs\"><span class=\"aioseo-breadcrumb\">\n\t\t\t<a href=\"https:\/\/gemeinsam-fuer-dernbach.de\/it\" title=\"Home\">Home<\/a>\n\t\t<\/span><span class=\"aioseo-breadcrumb-separator\">&raquo;<\/span><span class=\"aioseo-breadcrumb\">\n\t\t\tImpressum\n\t\t<\/span><\/div>","aioseo_breadcrumb_json":[{"label":"Home","link":"https:\/\/gemeinsam-fuer-dernbach.de\/it"},{"label":"Impressum","link":"https:\/\/gemeinsam-fuer-dernbach.de\/it\/impressum"}],"ticketed":false,"_links":{"self":[{"href":"https:\/\/gemeinsam-fuer-dernbach.de\/it\/wp-json\/wp\/v2\/pages\/34","targetHints":{"allow":["GET"]}}],"collection":[{"href":"https:\/\/gemeinsam-fuer-dernbach.de\/it\/wp-json\/wp\/v2\/pages"}],"about":[{"href":"https:\/\/gemeinsam-fuer-dernbach.de\/it\/wp-json\/wp\/v2\/types\/page"}],"author":[{"embeddable":true,"href":"https:\/\/gemeinsam-fuer-dernbach.de\/it\/wp-json\/wp\/v2\/users\/1"}],"replies":[{"embeddable":true,"href":"https:\/\/gemeinsam-fuer-dernbach.de\/it\/wp-json\/wp\/v2\/comments?post=34"}],"version-history":[{"count":105,"href":"https:\/\/gemeinsam-fuer-dernbach.de\/it\/wp-json\/wp\/v2\/pages\/34\/revisions"}],"predecessor-version":[{"id":1187,"href":"https:\/\/gemeinsam-fuer-dernbach.de\/it\/wp-json\/wp\/v2\/pages\/34\/revisions\/1187"}],"wp:attachment":[{"href":"https:\/\/gemeinsam-fuer-dernbach.de\/it\/wp-json\/wp\/v2\/media?parent=34"}],"curies":[{"name":"wp","href":"https:\/\/api.w.org\/{rel}","templated":true}]}}