{"id":1341,"date":"2025-06-09T23:30:40","date_gmt":"2025-06-09T22:30:40","guid":{"rendered":"https:\/\/gemeinsam-fuer-dernbach.de\/?post_type=tribe_events&#038;p=1341"},"modified":"2025-06-09T23:57:55","modified_gmt":"2025-06-09T22:57:55","slug":"ortsgemeinderat-dernbach","status":"publish","type":"tribe_events","link":"https:\/\/gemeinsam-fuer-dernbach.de\/it\/kalender\/ortsgemeinderat-dernbach","title":{"rendered":"Riunione del consiglio locale di Dernbach"},"content":{"rendered":"<div  class=\"tribe-events-schedule tribe-clearfix\" >\n\t<p class=\"tribe-events-schedule__datetime\">\n\t\t<span class=\"tribe-events-schedule__date tribe-events-schedule__date--start\">\n\t\t\t18. Giugno 2025\t\t<\/span>\n\n\t\t\t\t\t<span class=\"tribe-events-schedule__separator tribe-events-schedule__separator--date\">\n\t\t\t\t,\t\t\t<\/span>\n\t\t\t<span class=\"tribe-events-schedule__time tribe-events-schedule__time--start\">\n\t\t\t\t19:20\t\t\t<\/span>\n\t\t\n\t\t\t\t\t\t\t\t\t<span class=\"tribe-events-schedule__separator tribe-events-schedule__separator--time\">\n\t\t\t\t\t &#8211; \t\t\t\t<\/span>\n\t\t\t\n\t\t\t\t\t\t\t<span class=\"tribe-events-schedule__time tribe-events-schedule__time--end\">\n\t\t\t\t\t21:00\t\t\t\t<\/span>\n\t\t\t\n\t\t\t\t\t\t<\/p>\n<\/div>\n\r\n<p>Tutti i cittadini sono cordialmente invitati alla parte pubblica della riunione del consiglio locale di Dernbach. Ulteriori informazioni sull'inizio della parte pubblica e sull'ordine del giorno pubblicato dall'amministrazione sono disponibili al seguente indirizzo: <a href=\"https:\/\/wirges.gremien.info\/meeting.php?id=2025-120001-169\">Sistema informativo del Consiglio dell'Associazione Comune di Wirges<\/a>.<\/p>\r\n\t<div  class=\"tribe-block tribe-block__events-link\" >\n\t\t<div class=\"tribe-events tribe-common\">\n\t\t\t<div class=\"tribe-events-c-subscribe-dropdown__container\">\n\t\t\t\t<div class=\"tribe-events-c-subscribe-dropdown\">\n\t\t\t\t\t<div class=\"tribe-common-c-btn-border tribe-events-c-subscribe-dropdown__button\">\n\t\t\t\t\t\t<svg\n\t class=\"tribe-common-c-svgicon tribe-common-c-svgicon--cal-export tribe-events-c-subscribe-dropdown__export-icon\" \taria-hidden=\"true\"\n\tviewbox=\"0 0 23 17\"\n\txmlns=\"http:\/\/www.w3.org\/2000\/svg\"\n>\n\t<path fill-rule=\"evenodd\" clip-rule=\"evenodd\" d=\"M.128.896V16.13c0 .211.145.383.323.383h15.354c.179 0 .323-.172.323-.383V.896c0-.212-.144-.383-.323-.383H.451C.273.513.128.684.128.896Zm16 6.742h-.901V4.679H1.009v10.729h14.218v-3.336h.901V7.638ZM1.01 1.614h14.218v2.058H1.009V1.614Z\" \/>\n\t<path d=\"M20.5 9.846H8.312M18.524 6.953l2.89 2.909-2.855 2.855\" stroke-width=\"1.2\" stroke-linecap=\"round\" stroke-linejoin=\"round\"\/>\n<\/svg>\n\t\t\t\t\t\t<button\n\t\t\t\t\t\t\tclass=\"tribe-events-c-subscribe-dropdown__button-text\"\n\t\t\t\t\t\t\taria-expanded=\"false\"\n\t\t\t\t\t\t\taria-controls=\"tribe-events-subscribe-dropdown-content\"\n\t\t\t\t\t\t\taria-label=\"Visualizza i link per aggiungere eventi al tuo calendario\"\n\t\t\t\t\t\t>\n\t\t\t\t\t\t\tSalva nel tuo calendario\t\t\t\t\t\t<\/button>\n\t\t\t\t\t\t<svg\n\t class=\"tribe-common-c-svgicon tribe-common-c-svgicon--caret-down tribe-events-c-subscribe-dropdown__button-icon\" \taria-hidden=\"true\"\n\tviewbox=\"0 0 10 7\"\n\txmlns=\"http:\/\/www.w3.org\/2000\/svg\"\n>\n\t<path fill-rule=\"evenodd\" clip-rule=\"evenodd\" d=\"M1.008.609L5 4.6 8.992.61l.958.958L5 6.517.05 1.566l.958-.958z\" class=\"tribe-common-c-svgicon__svg-fill\"\/>\n<\/svg>\n\t\t\t\t\t<\/div>\n\t\t\t\t\t<div id=\"tribe-events-subscribe-dropdown-content\" class=\"tribe-events-c-subscribe-dropdown__content\">\n\t\t\t\t\t\t<ul class=\"tribe-events-c-subscribe-dropdown__list\">\n\t\t\t\t\t\t\t\t\t\t\t\t\t\t\t<li class=\"tribe-events-c-subscribe-dropdown__list-item tribe-events-c-subscribe-dropdown__list-item--gcal\">\n\t\t\t\t\t\t\t\t\t<a\n\t\t\t\t\t\t\t\t\t\thref=\"https:\/\/www.google.com\/calendar\/event?action=TEMPLATE&#038;dates=20250618T192000\/20250618T210000&#038;text=Ratssitzung%20Ortsgemeinderat%20Dernbach&#038;details=%3Cp%3EAlle+B%C3%BCrgerinnen+und+B%C3%BCrger+sind+herzlich+zum+%C3%B6ffentlichen+Teil+der+Sitzung+des+Ortsgemeinderats+Dernbach+eingeladen.+Weitere+Informationen+zum+Beginn+des+%C3%B6ffentlichen+Teils+sowie+die+von+der+Verwaltung+ver%C3%B6ffentlichte+Tagesordnung+finden+sich+im+%3Ca+href%3D%22https%3A%2F%2Fwirges.gremien.info%2Fmeeting.php%3Fid%3D2025-120001-169%22%3ERatsinformationssystem+der+Verbandsgemeinde+Wirges%3C%2Fa%3E.%3C%2Fp%3E+%3Cdiv+class%3D%22wp-block-tribe-tickets%22%3E%C2%A0%3C%2Fdiv%3E&#038;location=Ratssaal,%20Hauptstr.%2017,%20Dernbach,%2056428,%20Germany&#038;trp=false&#038;ctz=Europe\/Paris&#038;sprop=website:https:\/\/gemeinsam-fuer-dernbach.de\/it\"\n\t\t\t\t\t\t\t\t\t\tclass=\"tribe-events-c-subscribe-dropdown__list-item-link\"\n\t\t\t\t\t\t\t\t\t\ttarget=\"_blank\"\n\t\t\t\t\t\t\t\t\t\trel=\"noopener noreferrer nofollow noindex\"\n\t\t\t\t\t\t\t\t\t>\n\t\t\t\t\t\t\t\t\t\tGoogle Calendar\t\t\t\t\t\t\t\t\t<\/a>\n\t\t\t\t\t\t\t\t<\/li>\n\t\t\t\t\t\t\t\t\t\t\t\t\t\t\t<li class=\"tribe-events-c-subscribe-dropdown__list-item tribe-events-c-subscribe-dropdown__list-item--ical\">\n\t\t\t\t\t\t\t\t\t<a\n\t\t\t\t\t\t\t\t\t\thref=\"\"\n\t\t\t\t\t\t\t\t\t\tclass=\"tribe-events-c-subscribe-dropdown__list-item-link\"\n\t\t\t\t\t\t\t\t\t\ttarget=\"_blank\"\n\t\t\t\t\t\t\t\t\t\trel=\"noopener noreferrer nofollow noindex\"\n\t\t\t\t\t\t\t\t\t>\n\t\t\t\t\t\t\t\t\t\tiCalendar\t\t\t\t\t\t\t\t\t<\/a>\n\t\t\t\t\t\t\t\t<\/li>\n\t\t\t\t\t\t\t\t\t\t\t\t\t\t\t<li class=\"tribe-events-c-subscribe-dropdown__list-item tribe-events-c-subscribe-dropdown__list-item--outlook-365\">\n\t\t\t\t\t\t\t\t\t<a\n\t\t\t\t\t\t\t\t\t\thref=\"\"\n\t\t\t\t\t\t\t\t\t\tclass=\"tribe-events-c-subscribe-dropdown__list-item-link\"\n\t\t\t\t\t\t\t\t\t\ttarget=\"_blank\"\n\t\t\t\t\t\t\t\t\t\trel=\"noopener noreferrer nofollow noindex\"\n\t\t\t\t\t\t\t\t\t>\n\t\t\t\t\t\t\t\t\t\tOutlook 365\t\t\t\t\t\t\t\t\t<\/a>\n\t\t\t\t\t\t\t\t<\/li>\n\t\t\t\t\t\t\t\t\t\t\t\t\t\t\t<li class=\"tribe-events-c-subscribe-dropdown__list-item tribe-events-c-subscribe-dropdown__list-item--outlook-live\">\n\t\t\t\t\t\t\t\t\t<a\n\t\t\t\t\t\t\t\t\t\thref=\"\"\n\t\t\t\t\t\t\t\t\t\tclass=\"tribe-events-c-subscribe-dropdown__list-item-link\"\n\t\t\t\t\t\t\t\t\t\ttarget=\"_blank\"\n\t\t\t\t\t\t\t\t\t\trel=\"noopener noreferrer nofollow noindex\"\n\t\t\t\t\t\t\t\t\t>\n\t\t\t\t\t\t\t\t\t\tOutlook in diretta\t\t\t\t\t\t\t\t\t<\/a>\n\t\t\t\t\t\t\t\t<\/li>\n\t\t\t\t\t\t\t\t\t\t\t\t\t<\/ul>\n\t\t\t\t\t<\/div>\n\t\t\t\t<\/div>\n\t\t\t<\/div>\n\t\t<\/div>\n\t<\/div>\n\n\r\n\r\n<div  class=\"tribe-events-single-section tribe-events-event-meta primary tribe-clearfix\" >\n\t\n\t\n<div class=\"tribe-events-meta-group tribe-events-meta-group-details\">\n\t<h3 class=\"tribe-events-single-section-title\">\n\t\t\t\t\tDettagli\t\t\n\t<\/h3>\n\t<ul class=\"tribe-events-meta-list\">\n\n\t\t\n\t\t\t<li class=\"tribe-events-meta-item\">\n\t\t\t\t<span class=\"tribe-events-meta-label\">Dati:<\/span>\n\t\t\t\t<span class=\"tribe-events-meta-value\">\n\t\t\t\t\t<abbr class=\"tribe-events-abbr tribe-events-start-date published dtstart\" title=\"2025-06-18\"> 18. Giugno 2025 <\/abbr>\n\t\t\t\t<\/span>\n\t\t\t<\/li>\n\n\t\t\t<li class=\"tribe-events-meta-item\">\n\t\t\t\t<span class=\"tribe-events-meta-label\">Ora:<\/span>\n\t\t\t\t<span class=\"tribe-events-meta-value\">\n\t\t\t\t\t<div class=\"tribe-events-abbr tribe-events-start-time published dtstart\" title=\"2025-06-18\">\n\t\t\t\t\t\t19:20 &#8211; 21:00\t\t\t\t\t\t\t\t\t\t\t<\/div>\n\t\t\t\t<\/span>\n\t\t\t<\/li>\n\n\t\t\n\t\t\n\t\t\n\t\t<li class=\"tribe-events-meta-item\"><span class=\"tribe-events-event-categories-label tribe-events-meta-label\">Categoria Evento:<\/span> <span class=\"tribe-events-event-categories tribe-events-meta-value\"><a href=\"https:\/\/gemeinsam-fuer-dernbach.de\/it\/kalender\/categoria\/ortsgemeinderat\" rel=\"tag\">Consiglio locale<\/a><\/span><\/li>\n\t\t<li class=\"tribe-events-meta-item\"><span class=\"tribe-event-tags-label tribe-events-meta-label\">Tag evento:<\/span><span class=\"tribe-event-tags tribe-events-meta-value\"><a href=\"https:\/\/gemeinsam-fuer-dernbach.de\/it\/kalender\/(\/?:tag|schlagwort)\/(%5B\/%5D\" rel=\"tag\">Consiglio locale<\/a><\/span><\/li>\n\t\t\n\t\t\t<\/ul>\n<\/div>\n\t\n<div class=\"tribe-events-meta-group tribe-events-meta-group-organizer\">\n\t<h3 class=\"tribe-events-single-section-title\">\n\t\t\t\t\tOrganizzatore\t\t\t<\/h3>\n\t<ul class=\"tribe-events-meta-list tribe-events-meta-list-organizer\">\n\t\t\t\t\t<li class=\"tribe-events-meta-item\">\n\t\t\t\t<span class=\"tribe-organizer tribe-events-meta-value\">\n\t\t\t\t\tConsiglio locale\t\t\t\t<\/span>\n\t\t\t<\/li>\n\t\t\t\t<\/ul>\n<\/div>\n\n\t<\/div>\n\r\n\r\n<div  class=\"tribe-block tribe-block__venue tribe-clearfix tribe-block__venue--has-map\" >\n\t\n\t\n<div class=\"tribe-block__venue__meta\">\n\t<div class=\"tribe-block__venue__name\">\n\t\t<h3>Sala del Consiglio<\/h3>\n\t<\/div>\n\n\t\n\t\t\t\t\t\t<address class=\"tribe-block__venue__address\">\n\t\t\t\t<span class=\"tribe-address\">\n\n<span class=\"tribe-street-address\">Hauptstr. 17<\/span>\n\t\n\t\t<br>\n\t\t<span class=\"tribe-locality\">Dernbach<\/span><span class=\"tribe-delimiter\">,<\/span>\n\n\n\t<span class=\"tribe-postal-code\">56428<\/span>\n\n\t<span class=\"tribe-country-name\">Germania<\/span>\n\n<\/span>\n\n\t\t\t\t\t\t\t\t\t<a class=\"tribe-events-gmap\" href=\"https:\/\/maps.google.com\/maps?f=q&#038;source=s_q&#038;hl=en&#038;geocode=&#038;q=Hauptstr.+17+Dernbach+56428+Germany\" title=\"Fai clic per visualizzare una mappa Google Maps\" target=\"_blank\" rel=\"noreferrer noopener\">+ Google Maps<\/a>\t\t\t\t\t\t\t<\/address>\n\t\t\n\t\t\n\t\t\t\t\t<span class=\"tribe-block__venue__website\"><a href=\"https:\/\/gemeinsam-fuer-dernbach.de\/it\/\" target=\"_self\" rel=\"external\">Visualizza il sito del Luogo<\/a><\/span><br \/>\n\t\t\t\n\t<\/div>\n\t\n<div class=\"tribe-block__venue__map\">\n\t\n<iframe loading=\"lazy\"\n  title=\"L&#039;iframe di Google maps mostra l&#039;indirizzo a Council Hall\"\n  aria-label=\"Mappa di localizzazione della sede\"\n  width=\"310px\"\n  height=\"256px\"\n  frameborder=\"0\" style=\"border:0\"\n  src=\"https:\/\/www.google.com\/maps\/embed\/v1\/place?key=AIzaSyDNsicAsP6-VuGtAb1O9riI3oc_NOb7IOU&#038;q=Hauptstr.+17+Dernbach+56428+Germany+&#038;zoom=15\" allowfullscreen>\n<\/iframe>\n<\/div>\n\n\t<\/div>","protected":false},"excerpt":{"rendered":"<p>Tutti i cittadini sono cordialmente invitati alla parte pubblica della riunione del consiglio locale di Dernbach. Ulteriori informazioni sull'inizio della parte pubblica e sull'ordine del giorno pubblicato dall'amministrazione sono disponibili [...]<\/p>","protected":false},"author":2,"featured_media":0,"template":"","meta":{"_price":"","_stock":"","_tribe_ticket_header":"","_tribe_default_ticket_provider":"","_tribe_ticket_capacity":"","_ticket_start_date":"","_ticket_end_date":"","_tribe_ticket_show_description":"","_tribe_ticket_show_not_going":false,"_tribe_ticket_use_global_stock":"","_tribe_ticket_global_stock_level":"","_global_stock_mode":"","_global_stock_cap":"","_tribe_rsvp_for_event":"","_tribe_ticket_going_count":"","_tribe_ticket_not_going_count":"","_tribe_tickets_list":"[]","_tribe_ticket_has_attendee_info_fields":false,"_EventAllDay":false,"_EventTimezone":"UTC+1","_EventStartDate":"2025-06-18 19:20:00","_EventEndDate":"2025-06-18 21:00:00","_EventStartDateUTC":"2025-06-18 17:20:00","_EventEndDateUTC":"2025-06-18 19:00:00","_EventShowMap":true,"_EventShowMapLink":true,"_EventURL":"","_EventCost":"","_EventCostDescription":"","_EventCurrencySymbol":"","_EventCurrencyCode":"","_EventCurrencyPosition":"","_EventDateTimeSeparator":"","_EventTimeRangeSeparator":"","_EventOrganizerID":[1342],"_EventVenueID":[1295],"_OrganizerEmail":"","_OrganizerPhone":"","_OrganizerWebsite":"","_VenueAddress":"","_VenueCity":"","_VenueCountry":"","_VenueProvince":"","_VenueState":"","_VenueZip":"","_VenuePhone":"","_VenueURL":"","_VenueStateProvince":"","_VenueLat":"","_VenueLng":"","_VenueShowMap":false,"_VenueShowMapLink":false,"_tribe_events_status":"","_tribe_events_status_reason":"","footnotes":"","_tec_slr_enabled":"","_tec_slr_layout":""},"tags":[17],"tribe_events_cat":[40],"class_list":["post-1341","tribe_events","type-tribe_events","status-publish","hentry","tag-ortsgemeinderat","tribe_events_cat-ortsgemeinderat","cat_ortsgemeinderat"],"aioseo_notices":[],"aioseo_head":"\n\t\t<!-- All in One SEO 5.0.1.1 - aioseo.com -->\n\t<meta name=\"description\" content=\"Alle B\u00fcrgerinnen und B\u00fcrger sind herzlich zum \u00f6ffentlichen Teil der Sitzung des Ortsgemeinderats Dernbach eingeladen. Weitere Informationen zum Beginn des \u00f6ffentlichen Teils sowie die von der Verwaltung ver\u00f6ffentlichte Tagesordnung finden sich im Ratsinformationssystem der Verbandsgemeinde Wirges.\" \/>\n\t<meta name=\"robots\" content=\"max-image-preview:large\" \/>\n\t<meta name=\"author\" content=\"GfD_Manuel\"\/>\n\t<link rel=\"canonical\" href=\"https:\/\/gemeinsam-fuer-dernbach.de\/it\/kalender\/ortsgemeinderat-dernbach\" \/>\n\t<meta name=\"generator\" content=\"All in One SEO (AIOSEO) 5.0.1.1\" \/>\n\t\t<meta property=\"og:locale\" content=\"it_IT\" \/>\n\t\t<meta property=\"og:site_name\" content=\"Gemeinsam f\u00fcr Dernbach - Gemeinsam f\u00fcr Dernbach - Website der W\u00e4hlergruppe Jankowitsch\" \/>\n\t\t<meta property=\"og:type\" content=\"article\" \/>\n\t\t<meta property=\"og:title\" content=\"Ratssitzung Ortsgemeinderat Dernbach - Gemeinsam f\u00fcr Dernbach\" \/>\n\t\t<meta property=\"og:description\" content=\"Alle B\u00fcrgerinnen und B\u00fcrger sind herzlich zum \u00f6ffentlichen Teil der Sitzung des Ortsgemeinderats Dernbach eingeladen. Weitere Informationen zum Beginn des \u00f6ffentlichen Teils sowie die von der Verwaltung ver\u00f6ffentlichte Tagesordnung finden sich im Ratsinformationssystem der Verbandsgemeinde Wirges.\" \/>\n\t\t<meta property=\"og:url\" content=\"https:\/\/gemeinsam-fuer-dernbach.de\/it\/kalender\/ortsgemeinderat-dernbach\" \/>\n\t\t<meta property=\"og:image\" content=\"https:\/\/gemeinsam-fuer-dernbach.de\/wp-content\/uploads\/2024\/12\/cropped-Button.png\" \/>\n\t\t<meta property=\"og:image:secure_url\" content=\"https:\/\/gemeinsam-fuer-dernbach.de\/wp-content\/uploads\/2024\/12\/cropped-Button.png\" \/>\n\t\t<meta property=\"og:image:width\" content=\"512\" \/>\n\t\t<meta property=\"og:image:height\" content=\"512\" \/>\n\t\t<meta property=\"article:published_time\" content=\"2025-06-09T22:30:40+00:00\" \/>\n\t\t<meta property=\"article:modified_time\" content=\"2025-06-09T22:57:55+00:00\" \/>\n\t\t<meta property=\"article:publisher\" content=\"https:\/\/www.facebook.com\/gemeinsam.fuer.dernbach\/\" \/>\n\t\t<meta name=\"twitter:card\" content=\"summary_large_image\" \/>\n\t\t<meta name=\"twitter:title\" content=\"Ratssitzung Ortsgemeinderat Dernbach - Gemeinsam f\u00fcr Dernbach\" \/>\n\t\t<meta name=\"twitter:description\" content=\"Alle B\u00fcrgerinnen und B\u00fcrger sind herzlich zum \u00f6ffentlichen Teil der Sitzung des Ortsgemeinderats Dernbach eingeladen. Weitere Informationen zum Beginn des \u00f6ffentlichen Teils sowie die von der Verwaltung ver\u00f6ffentlichte Tagesordnung finden sich im Ratsinformationssystem der Verbandsgemeinde Wirges.\" \/>\n\t\t<meta name=\"twitter:image\" content=\"https:\/\/gemeinsam-fuer-dernbach.de\/wp-content\/uploads\/2024\/12\/cropped-Button.png\" \/>\n\t\t<script type=\"application\/ld+json\" class=\"aioseo-schema\">\n\t\t\t{\"@context\":\"https:\\\/\\\/schema.org\",\"@graph\":[{\"@type\":\"BreadcrumbList\",\"@id\":\"https:\\\/\\\/gemeinsam-fuer-dernbach.de\\\/it\\\/kalender\\\/ortsgemeinderat-dernbach#breadcrumblist\",\"itemListElement\":[{\"@type\":\"ListItem\",\"@id\":\"https:\\\/\\\/gemeinsam-fuer-dernbach.de\\\/it#listItem\",\"position\":1,\"name\":\"Home\",\"item\":\"https:\\\/\\\/gemeinsam-fuer-dernbach.de\\\/it\",\"nextItem\":{\"@type\":\"ListItem\",\"@id\":\"https:\\\/\\\/gemeinsam-fuer-dernbach.de\\\/it\\\/kalender\\\/#listItem\",\"name\":\"Eventi\"}},{\"@type\":\"ListItem\",\"@id\":\"https:\\\/\\\/gemeinsam-fuer-dernbach.de\\\/it\\\/kalender\\\/#listItem\",\"position\":2,\"name\":\"Eventi\",\"item\":\"https:\\\/\\\/gemeinsam-fuer-dernbach.de\\\/it\\\/kalender\\\/\",\"nextItem\":{\"@type\":\"ListItem\",\"@id\":\"https:\\\/\\\/gemeinsam-fuer-dernbach.de\\\/it\\\/tag\\\/ortsgemeinderat#listItem\",\"name\":\"Ortsgemeinderat\"},\"previousItem\":{\"@type\":\"ListItem\",\"@id\":\"https:\\\/\\\/gemeinsam-fuer-dernbach.de\\\/it#listItem\",\"name\":\"Home\"}},{\"@type\":\"ListItem\",\"@id\":\"https:\\\/\\\/gemeinsam-fuer-dernbach.de\\\/it\\\/tag\\\/ortsgemeinderat#listItem\",\"position\":3,\"name\":\"Ortsgemeinderat\",\"item\":\"https:\\\/\\\/gemeinsam-fuer-dernbach.de\\\/it\\\/tag\\\/ortsgemeinderat\",\"nextItem\":{\"@type\":\"ListItem\",\"@id\":\"https:\\\/\\\/gemeinsam-fuer-dernbach.de\\\/it\\\/kalender\\\/ortsgemeinderat-dernbach#listItem\",\"name\":\"Ratssitzung Ortsgemeinderat Dernbach\"},\"previousItem\":{\"@type\":\"ListItem\",\"@id\":\"https:\\\/\\\/gemeinsam-fuer-dernbach.de\\\/it\\\/kalender\\\/#listItem\",\"name\":\"Eventi\"}},{\"@type\":\"ListItem\",\"@id\":\"https:\\\/\\\/gemeinsam-fuer-dernbach.de\\\/it\\\/kalender\\\/ortsgemeinderat-dernbach#listItem\",\"position\":4,\"name\":\"Ratssitzung Ortsgemeinderat Dernbach\",\"previousItem\":{\"@type\":\"ListItem\",\"@id\":\"https:\\\/\\\/gemeinsam-fuer-dernbach.de\\\/it\\\/tag\\\/ortsgemeinderat#listItem\",\"name\":\"Ortsgemeinderat\"}}]},{\"@type\":\"Organization\",\"@id\":\"https:\\\/\\\/gemeinsam-fuer-dernbach.de\\\/it\\\/#organization\",\"name\":\"Gemeinsam f\\u00fcr Dernbach\",\"description\":\"Gemeinsam f\\u00fcr Dernbach - Website der W\\u00e4hlergruppe Jankowitsch\",\"url\":\"https:\\\/\\\/gemeinsam-fuer-dernbach.de\\\/it\\\/\",\"logo\":{\"@type\":\"ImageObject\",\"url\":\"https:\\\/\\\/gemeinsam-fuer-dernbach.de\\\/wp-content\\\/uploads\\\/2024\\\/12\\\/cropped-Button.png\",\"@id\":\"https:\\\/\\\/gemeinsam-fuer-dernbach.de\\\/it\\\/kalender\\\/ortsgemeinderat-dernbach\\\/#organizationLogo\",\"width\":512,\"height\":512,\"caption\":\"Gemeinsam f\\u00fcr Dernbach\"},\"image\":{\"@id\":\"https:\\\/\\\/gemeinsam-fuer-dernbach.de\\\/it\\\/kalender\\\/ortsgemeinderat-dernbach\\\/#organizationLogo\"},\"sameAs\":[\"https:\\\/\\\/www.facebook.com\\\/gemeinsam.fuer.dernbach\\\/\",\"https:\\\/\\\/www.instagram.com\\\/gemeinsam_fuer_dernbach\\\/\"]},{\"@type\":\"Person\",\"@id\":\"https:\\\/\\\/gemeinsam-fuer-dernbach.de\\\/it\\\/author\\\/gfd_manuel#author\",\"url\":\"https:\\\/\\\/gemeinsam-fuer-dernbach.de\\\/it\\\/author\\\/gfd_manuel\",\"name\":\"GfD_Manuel\"},{\"@type\":\"WebPage\",\"@id\":\"https:\\\/\\\/gemeinsam-fuer-dernbach.de\\\/it\\\/kalender\\\/ortsgemeinderat-dernbach#webpage\",\"url\":\"https:\\\/\\\/gemeinsam-fuer-dernbach.de\\\/it\\\/kalender\\\/ortsgemeinderat-dernbach\",\"name\":\"Ratssitzung Ortsgemeinderat Dernbach - Gemeinsam f\\u00fcr Dernbach\",\"description\":\"Alle B\\u00fcrgerinnen und B\\u00fcrger sind herzlich zum \\u00f6ffentlichen Teil der Sitzung des Ortsgemeinderats Dernbach eingeladen. Weitere Informationen zum Beginn des \\u00f6ffentlichen Teils sowie die von der Verwaltung ver\\u00f6ffentlichte Tagesordnung finden sich im Ratsinformationssystem der Verbandsgemeinde Wirges.\",\"inLanguage\":\"it-IT\",\"isPartOf\":{\"@id\":\"https:\\\/\\\/gemeinsam-fuer-dernbach.de\\\/it\\\/#website\"},\"breadcrumb\":{\"@id\":\"https:\\\/\\\/gemeinsam-fuer-dernbach.de\\\/it\\\/kalender\\\/ortsgemeinderat-dernbach#breadcrumblist\"},\"author\":{\"@id\":\"https:\\\/\\\/gemeinsam-fuer-dernbach.de\\\/it\\\/author\\\/gfd_manuel#author\"},\"creator\":{\"@id\":\"https:\\\/\\\/gemeinsam-fuer-dernbach.de\\\/it\\\/author\\\/gfd_manuel#author\"},\"datePublished\":\"2025-06-09T23:30:40+01:00\",\"dateModified\":\"2025-06-09T23:57:55+01:00\"},{\"@type\":\"WebSite\",\"@id\":\"https:\\\/\\\/gemeinsam-fuer-dernbach.de\\\/it\\\/#website\",\"url\":\"https:\\\/\\\/gemeinsam-fuer-dernbach.de\\\/it\\\/\",\"name\":\"Gemeinsam f\\u00fcr Dernbach\",\"description\":\"Gemeinsam f\\u00fcr Dernbach - Website der W\\u00e4hlergruppe Jankowitsch\",\"inLanguage\":\"it-IT\",\"publisher\":{\"@id\":\"https:\\\/\\\/gemeinsam-fuer-dernbach.de\\\/it\\\/#organization\"}}]}\n\t\t<\/script>\n\t\t<!-- All in One SEO -->\n\n","aioseo_head_json":{"title":"Ratssitzung Ortsgemeinderat Dernbach - Gemeinsam f\u00fcr Dernbach","description":"Alle B\u00fcrgerinnen und B\u00fcrger sind herzlich zum \u00f6ffentlichen Teil der Sitzung des Ortsgemeinderats Dernbach eingeladen. Weitere Informationen zum Beginn des \u00f6ffentlichen Teils sowie die von der Verwaltung ver\u00f6ffentlichte Tagesordnung finden sich im Ratsinformationssystem der Verbandsgemeinde Wirges.","canonical_url":"https:\/\/gemeinsam-fuer-dernbach.de\/it\/kalender\/ortsgemeinderat-dernbach","robots":"max-image-preview:large","keywords":"","webmasterTools":{"miscellaneous":""},"schema":{"@context":"https:\/\/schema.org","@graph":[{"@type":"BreadcrumbList","@id":"https:\/\/gemeinsam-fuer-dernbach.de\/it\/kalender\/ortsgemeinderat-dernbach#breadcrumblist","itemListElement":[{"@type":"ListItem","@id":"https:\/\/gemeinsam-fuer-dernbach.de\/it#listItem","position":1,"name":"Home","item":"https:\/\/gemeinsam-fuer-dernbach.de\/it","nextItem":{"@type":"ListItem","@id":"https:\/\/gemeinsam-fuer-dernbach.de\/it\/kalender\/#listItem","name":"Eventi"}},{"@type":"ListItem","@id":"https:\/\/gemeinsam-fuer-dernbach.de\/it\/kalender\/#listItem","position":2,"name":"Eventi","item":"https:\/\/gemeinsam-fuer-dernbach.de\/it\/kalender\/","nextItem":{"@type":"ListItem","@id":"https:\/\/gemeinsam-fuer-dernbach.de\/it\/tag\/ortsgemeinderat#listItem","name":"Ortsgemeinderat"},"previousItem":{"@type":"ListItem","@id":"https:\/\/gemeinsam-fuer-dernbach.de\/it#listItem","name":"Home"}},{"@type":"ListItem","@id":"https:\/\/gemeinsam-fuer-dernbach.de\/it\/tag\/ortsgemeinderat#listItem","position":3,"name":"Ortsgemeinderat","item":"https:\/\/gemeinsam-fuer-dernbach.de\/it\/tag\/ortsgemeinderat","nextItem":{"@type":"ListItem","@id":"https:\/\/gemeinsam-fuer-dernbach.de\/it\/kalender\/ortsgemeinderat-dernbach#listItem","name":"Ratssitzung Ortsgemeinderat Dernbach"},"previousItem":{"@type":"ListItem","@id":"https:\/\/gemeinsam-fuer-dernbach.de\/it\/kalender\/#listItem","name":"Eventi"}},{"@type":"ListItem","@id":"https:\/\/gemeinsam-fuer-dernbach.de\/it\/kalender\/ortsgemeinderat-dernbach#listItem","position":4,"name":"Ratssitzung Ortsgemeinderat Dernbach","previousItem":{"@type":"ListItem","@id":"https:\/\/gemeinsam-fuer-dernbach.de\/it\/tag\/ortsgemeinderat#listItem","name":"Ortsgemeinderat"}}]},{"@type":"Organization","@id":"https:\/\/gemeinsam-fuer-dernbach.de\/it\/#organization","name":"Gemeinsam f\u00fcr Dernbach","description":"Gemeinsam f\u00fcr Dernbach - Website der W\u00e4hlergruppe Jankowitsch","url":"https:\/\/gemeinsam-fuer-dernbach.de\/it\/","logo":{"@type":"ImageObject","url":"https:\/\/gemeinsam-fuer-dernbach.de\/wp-content\/uploads\/2024\/12\/cropped-Button.png","@id":"https:\/\/gemeinsam-fuer-dernbach.de\/it\/kalender\/ortsgemeinderat-dernbach\/#organizationLogo","width":512,"height":512,"caption":"Gemeinsam f\u00fcr Dernbach"},"image":{"@id":"https:\/\/gemeinsam-fuer-dernbach.de\/it\/kalender\/ortsgemeinderat-dernbach\/#organizationLogo"},"sameAs":["https:\/\/www.facebook.com\/gemeinsam.fuer.dernbach\/","https:\/\/www.instagram.com\/gemeinsam_fuer_dernbach\/"]},{"@type":"Person","@id":"https:\/\/gemeinsam-fuer-dernbach.de\/it\/author\/gfd_manuel#author","url":"https:\/\/gemeinsam-fuer-dernbach.de\/it\/author\/gfd_manuel","name":"GfD_Manuel"},{"@type":"WebPage","@id":"https:\/\/gemeinsam-fuer-dernbach.de\/it\/kalender\/ortsgemeinderat-dernbach#webpage","url":"https:\/\/gemeinsam-fuer-dernbach.de\/it\/kalender\/ortsgemeinderat-dernbach","name":"Ratssitzung Ortsgemeinderat Dernbach - Gemeinsam f\u00fcr Dernbach","description":"Alle B\u00fcrgerinnen und B\u00fcrger sind herzlich zum \u00f6ffentlichen Teil der Sitzung des Ortsgemeinderats Dernbach eingeladen. Weitere Informationen zum Beginn des \u00f6ffentlichen Teils sowie die von der Verwaltung ver\u00f6ffentlichte Tagesordnung finden sich im Ratsinformationssystem der Verbandsgemeinde Wirges.","inLanguage":"it-IT","isPartOf":{"@id":"https:\/\/gemeinsam-fuer-dernbach.de\/it\/#website"},"breadcrumb":{"@id":"https:\/\/gemeinsam-fuer-dernbach.de\/it\/kalender\/ortsgemeinderat-dernbach#breadcrumblist"},"author":{"@id":"https:\/\/gemeinsam-fuer-dernbach.de\/it\/author\/gfd_manuel#author"},"creator":{"@id":"https:\/\/gemeinsam-fuer-dernbach.de\/it\/author\/gfd_manuel#author"},"datePublished":"2025-06-09T23:30:40+01:00","dateModified":"2025-06-09T23:57:55+01:00"},{"@type":"WebSite","@id":"https:\/\/gemeinsam-fuer-dernbach.de\/it\/#website","url":"https:\/\/gemeinsam-fuer-dernbach.de\/it\/","name":"Gemeinsam f\u00fcr Dernbach","description":"Gemeinsam f\u00fcr Dernbach - Website der W\u00e4hlergruppe Jankowitsch","inLanguage":"it-IT","publisher":{"@id":"https:\/\/gemeinsam-fuer-dernbach.de\/it\/#organization"}}]},"og:locale":"it_IT","og:site_name":"Gemeinsam f\u00fcr Dernbach - Gemeinsam f\u00fcr Dernbach - Website der W\u00e4hlergruppe Jankowitsch","og:type":"article","og:title":"Ratssitzung Ortsgemeinderat Dernbach - Gemeinsam f\u00fcr Dernbach","og:description":"Alle B\u00fcrgerinnen und B\u00fcrger sind herzlich zum \u00f6ffentlichen Teil der Sitzung des Ortsgemeinderats Dernbach eingeladen. Weitere Informationen zum Beginn des \u00f6ffentlichen Teils sowie die von der Verwaltung ver\u00f6ffentlichte Tagesordnung finden sich im Ratsinformationssystem der Verbandsgemeinde Wirges.","og:url":"https:\/\/gemeinsam-fuer-dernbach.de\/it\/kalender\/ortsgemeinderat-dernbach","og:image":"https:\/\/gemeinsam-fuer-dernbach.de\/wp-content\/uploads\/2024\/12\/cropped-Button.png","og:image:secure_url":"https:\/\/gemeinsam-fuer-dernbach.de\/wp-content\/uploads\/2024\/12\/cropped-Button.png","og:image:width":512,"og:image:height":512,"article:published_time":"2025-06-09T22:30:40+00:00","article:modified_time":"2025-06-09T22:57:55+00:00","article:publisher":"https:\/\/www.facebook.com\/gemeinsam.fuer.dernbach\/","twitter:card":"summary_large_image","twitter:title":"Ratssitzung Ortsgemeinderat Dernbach - Gemeinsam f\u00fcr Dernbach","twitter:description":"Alle B\u00fcrgerinnen und B\u00fcrger sind herzlich zum \u00f6ffentlichen Teil der Sitzung des Ortsgemeinderats Dernbach eingeladen. Weitere Informationen zum Beginn des \u00f6ffentlichen Teils sowie die von der Verwaltung ver\u00f6ffentlichte Tagesordnung finden sich im Ratsinformationssystem der Verbandsgemeinde Wirges.","twitter:image":"https:\/\/gemeinsam-fuer-dernbach.de\/wp-content\/uploads\/2024\/12\/cropped-Button.png"},"aioseo_meta_data":{"post_id":"1341","title":null,"description":null,"keywords":null,"keyphrases":{"focus":[],"additional":[]},"primary_term":null,"canonical_url":null,"og_title":null,"og_description":null,"og_object_type":"default","og_image_type":"default","og_image_url":null,"og_image_width":null,"og_image_height":null,"og_image_custom_url":null,"og_image_custom_fields":null,"og_video":null,"og_custom_url":null,"og_article_section":null,"og_article_tags":null,"twitter_use_og":false,"twitter_card":"default","twitter_image_type":"default","twitter_image_url":null,"twitter_image_custom_url":null,"twitter_image_custom_fields":null,"twitter_title":null,"twitter_description":null,"schema":{"blockGraphs":[],"customGraphs":[],"default":{"data":{"Article":[],"Course":[],"Dataset":[],"FAQPage":[],"Movie":[],"Person":[],"Product":[],"ProductReview":[],"Car":[],"Recipe":[],"Service":[],"SoftwareApplication":[],"WebPage":[]},"graphName":"","isEnabled":true},"graphs":[]},"schema_type":"default","schema_type_options":null,"pillar_content":false,"robots_default":true,"robots_noindex":false,"robots_noarchive":false,"robots_nosnippet":false,"robots_nofollow":false,"robots_noimageindex":false,"robots_noodp":false,"robots_notranslate":false,"robots_max_snippet":null,"robots_max_videopreview":null,"robots_max_imagepreview":"large","priority":null,"frequency":null,"local_seo":null,"breadcrumb_settings":null,"limit_modified_date":false,"ai":null,"created":"2025-06-24 20:06:22","updated":"2026-08-30 22:11:36","seo_analyzer_scan_date":null,"focus_keyword":null,"additional_keywords":null,"truseo_locale":null},"aioseo_breadcrumb":"<div class=\"aioseo-breadcrumbs\"><span class=\"aioseo-breadcrumb\">\n\t\t\t<a href=\"https:\/\/gemeinsam-fuer-dernbach.de\/it\" title=\"Home\">Home<\/a>\n\t\t<\/span><span class=\"aioseo-breadcrumb-separator\">&raquo;<\/span><span class=\"aioseo-breadcrumb\">\n\t\t\t<a href=\"https:\/\/gemeinsam-fuer-dernbach.de\/it\/kalender\/\" title=\"Eventi\">Eventi<\/a>\n\t\t<\/span><span class=\"aioseo-breadcrumb-separator\">&raquo;<\/span><span class=\"aioseo-breadcrumb\">\n\t\t\t<a href=\"https:\/\/gemeinsam-fuer-dernbach.de\/it\/tag\/ortsgemeinderat\" title=\"Ortsgemeinderat\">Ortsgemeinderat<\/a>\n\t\t<\/span><span class=\"aioseo-breadcrumb-separator\">&raquo;<\/span><span class=\"aioseo-breadcrumb\">\n\t\t\tRatssitzung Ortsgemeinderat Dernbach\n\t\t<\/span><\/div>","aioseo_breadcrumb_json":[{"label":"Home","link":"https:\/\/gemeinsam-fuer-dernbach.de\/it"},{"label":"Eventi","link":"https:\/\/gemeinsam-fuer-dernbach.de\/it\/kalender\/"},{"label":"Ortsgemeinderat","link":"https:\/\/gemeinsam-fuer-dernbach.de\/it\/tag\/ortsgemeinderat"},{"label":"Ratssitzung Ortsgemeinderat Dernbach","link":"https:\/\/gemeinsam-fuer-dernbach.de\/it\/kalender\/ortsgemeinderat-dernbach"}],"ticketed":false,"_links":{"self":[{"href":"https:\/\/gemeinsam-fuer-dernbach.de\/it\/wp-json\/wp\/v2\/tribe_events\/1341","targetHints":{"allow":["GET"]}}],"collection":[{"href":"https:\/\/gemeinsam-fuer-dernbach.de\/it\/wp-json\/wp\/v2\/tribe_events"}],"about":[{"href":"https:\/\/gemeinsam-fuer-dernbach.de\/it\/wp-json\/wp\/v2\/types\/tribe_events"}],"author":[{"embeddable":true,"href":"https:\/\/gemeinsam-fuer-dernbach.de\/it\/wp-json\/wp\/v2\/users\/2"}],"version-history":[{"count":8,"href":"https:\/\/gemeinsam-fuer-dernbach.de\/it\/wp-json\/wp\/v2\/tribe_events\/1341\/revisions"}],"predecessor-version":[{"id":1356,"href":"https:\/\/gemeinsam-fuer-dernbach.de\/it\/wp-json\/wp\/v2\/tribe_events\/1341\/revisions\/1356"}],"wp:attachment":[{"href":"https:\/\/gemeinsam-fuer-dernbach.de\/it\/wp-json\/wp\/v2\/media?parent=1341"}],"wp:term":[{"taxonomy":"post_tag","embeddable":true,"href":"https:\/\/gemeinsam-fuer-dernbach.de\/it\/wp-json\/wp\/v2\/tags?post=1341"},{"taxonomy":"tribe_events_cat","embeddable":true,"href":"https:\/\/gemeinsam-fuer-dernbach.de\/it\/wp-json\/wp\/v2\/tribe_events_cat?post=1341"}],"curies":[{"name":"wp","href":"https:\/\/api.w.org\/{rel}","templated":true}]}}