{"id":1620,"date":"2026-02-18T21:34:10","date_gmt":"2026-02-18T20:34:10","guid":{"rendered":"https:\/\/gemeinsam-fuer-dernbach.de\/?page_id=1620"},"modified":"2026-02-18T22:21:23","modified_gmt":"2026-02-18T21:21:23","slug":"initiativen","status":"publish","type":"page","link":"https:\/\/gemeinsam-fuer-dernbach.de\/tr\/initiativen","title":{"rendered":"Kategori: Giri\u015fimler"},"content":{"rendered":"<h1 class=\"wp-block-heading\"><strong>Yerel konseydeki giri\u015fimlerimiz <\/strong><\/h1>\n\n\n\n<div class=\"wp-block-columns is-layout-flex wp-container-core-columns-is-layout-794e3cfa wp-block-columns-is-layout-flex\">\n<div class=\"wp-block-column is-layout-flow wp-block-column-is-layout-flow\">\n<div class=\"wp-block-columns is-layout-flex wp-container-core-columns-is-layout-794e3cfa wp-block-columns-is-layout-flex\">\n<div class=\"wp-block-column is-layout-flow wp-block-column-is-layout-flow\">\n<p class=\"wp-block-paragraph\">Siyasi bir grup olarak <strong>Dernbach i\u00e7in Birlikte<\/strong> Ad\u0131m ad\u0131m yerimizi almaya kararl\u0131y\u0131z. <strong>daha ya\u015fanabilir, g\u00fcvenli ve s\u00fcrd\u00fcr\u00fclebilir<\/strong> yapmak i\u00e7in. Bu sayfada mevcut durumumuzu sunuyoruz <strong>Kategori: Giri\u015fimler<\/strong> \u0130\u00e7erde sahip olduklar\u0131m\u0131z <strong>Meclis \u00fcyesi<\/strong> \u2047  \u015feffaf, anla\u015f\u0131l\u0131r ve a\u00e7\u0131k bir \u015fekilde katk\u0131da bulunmu\u015f olmak <strong>Faydalar ve Avantajlar<\/strong> Dernbach i\u00e7in.<\/p>\n\n\n\n<h2 class=\"wp-block-heading\">25 \u015eubat 2026'da bizim taraf\u0131m\u0131zdan talep edilen Konsey toplant\u0131s\u0131<\/h2>\n\n\n\n<p class=\"wp-block-paragraph\">Temeli bizim <strong>Belediye meclisinin ek bir toplant\u0131s\u0131n\u0131n toplanmas\u0131 talebi<\/strong>, s\u0131rayla: <strong>\u00d6nemli projeler<\/strong> a\u015fa\u011f\u0131dakiler de dahil olmak \u00fczere zaman\u0131nda dan\u0131\u015f\u0131labilir: <strong>20 Mart 2026'ya kadar LEADER finansman\u0131 i\u00e7in ba\u015fvuru<\/strong>. Bu toplant\u0131da a\u015fa\u011f\u0131daki konulara odaklanmak istiyoruz:<\/p>\n\n\n\n<ul class=\"wp-block-list\">\n<li>A i\u00e7in ba\u015fvuru <strong>Turist bilgi panosu<\/strong> i\u00e7in <strong>A3<\/strong> veya <strong>A48<\/strong> i\u00e7in <strong>Maria Hilf Manast\u0131r\u0131<\/strong>, ,anlam\u0131 <strong>Katharina Kaspers<\/strong> ve \u00e7ekicili\u011fi <strong>Kategori: Dernbach (anlam ayr\u0131m\u0131)<\/strong> g\u00f6r\u00fcn\u00fcr k\u0131lmak ve <strong>L\u0130DER finansman\u0131<\/strong> kullanmak i\u00e7in.<\/li>\n\n\n\n<li><strong>Ad\u0131 Soyad\u0131 : St. Catherine Kasper<\/strong> ve destek i\u00e7in <strong>Maria Hilf Manast\u0131r\u0131<\/strong> i\u00e7inde <strong>\u0130sa Mesih'in Yoksul Hizmetkarlar\u0131n\u0131n J\u00fcbile Y\u0131l\u0131<\/strong> G\u00f6r\u00fcn\u00fcr eylemler ve derneklerin, vatanda\u015flar\u0131n kat\u0131l\u0131m\u0131 yoluyla.<\/li>\n\n\n\n<li>Halka a\u00e7\u0131k bir eri\u015fimin kurulmas\u0131 <strong>Bisiklet tamir istasyonu<\/strong>, ideal olarak \u00fczerinde <strong>Belediye binas\u0131 meydan\u0131<\/strong> veya \u00fczerinde <strong>istasyonu<\/strong> Gelece\u011fin yap\u0131 ta\u015f\u0131 olarak <strong>Hareketlilik istasyonu<\/strong>.<\/li>\n\n\n\n<li>A'n\u0131n Kurulmas\u0131 <strong>Laurentiusplatz'da elektrik da\u011f\u0131t\u0131m kutusu<\/strong>, Kul\u00fcplerin festival ve etkinliklerini daha g\u00fcvenli ve kolay bir \u015fekilde ger\u00e7ekle\u015ftirebilmek i\u00e7in.<\/li>\n\n\n\n<li><strong>Yol g\u00fcvenli\u011finin iyile\u015ftirilmesi<\/strong> Dernbacher Gemarkung'daki bisiklet ve y\u00fcr\u00fcy\u00fc\u015f parkurlar\u0131nda (crossroads <strong>L312<\/strong> ve <strong>K148<\/strong>).<\/li>\n<\/ul>\n\n\n\n<p class=\"wp-block-paragraph\">Bu uygulamalarla ba\u011flant\u0131 kuruyoruz <strong>Yol g\u00fcvenli\u011fi<\/strong>, <strong>s\u00fcrd\u00fcr\u00fclebilir mobilite<\/strong>, <strong>G\u00f6n\u00fcll\u00fcl\u00fc\u011f\u00fcn g\u00fc\u00e7lendirilmesi<\/strong> ve <strong>K\u00fclt\u00fcrel miras\u0131n korunmas\u0131<\/strong> ...bizim yerimiz. T\u00fcm uygulamalar yap\u0131labilir <strong>Konsey bilgi sistemi<\/strong> metinde okunmas\u0131; Biz i\u00e7inde oldu\u011fundan emin olmak i\u00e7in kararl\u0131y\u0131z <strong>kamu par\u00e7as\u0131<\/strong> Toplant\u0131lar burada yap\u0131l\u0131yor ve yay\u0131nlan\u0131yor.<\/p>\n\n\n\n<h2 class=\"wp-block-heading\">25 Kas\u0131m 2025 tarihinde Konsey toplant\u0131s\u0131<\/h2>\n\n\n\n<p class=\"wp-block-paragraph\"><strong>Meyve bah\u00e7esinin bak\u0131m\u0131 \"zur Heilborn\"<\/strong><br>Emin olmak istiyoruz ki, <strong>Profesyonelce korunan bir telafi alan\u0131 olarak Streuorstwiese  \u2047 zur Heilborn \u2047<\/strong> ve gerekli <strong>Meyve a\u011fac\u0131 budama organize<\/strong> Will de \u00f6yle. Bu ama\u00e7la, yerel belediye, meyve ve bah\u00e7ecilik derne\u011fi ile birlikte \u00e7\u00f6z\u00fcm bulmal\u0131 ve belediye meclisini bu konuda bilgilendirmelidir. <strong>Taahh\u00fctler ve bak\u0131m konsepti<\/strong> bilgilendirmek i\u00e7in.<\/p>\n<\/div>\n\n\n\n<div class=\"wp-block-column is-layout-flow wp-block-column-is-layout-flow\">\n<h1 class=\"wp-block-heading\">Genel bak\u0131\u015f Genel bak\u0131\u015f<\/h1>\n\n\n\n<h2 class=\"wp-block-heading\"><strong>?? Maria Hilf Manast\u0131r\u0131 i\u00e7in Turist bilgi panosu<\/strong><\/h2>\n\n\n\n<p class=\"wp-block-paragraph\"><strong>A3'e (km 85.4) veya A48'e<\/strong>: Autobahn GmbH'ye ba\u015fvuru, LEADER 80'e kadar finansman%, Manast\u0131ra oy vermek.<br><strong>Faydalar ve Avantajlar<\/strong>: <strong>Geceleme ve turizmde art\u0131\u015f<\/strong>, Kanonla\u015ft\u0131rma i\u00e7in g\u00f6r\u00fcn\u00fcrl\u00fck Katharina Kasper (2018).<\/p>\n\n\n\n<div class=\"wp-block-file\"><a id=\"wp-block-file--media-fc2d614a-6d42-4737-812f-53ff984904e6\" href=\"https:\/\/gemeinsam-fuer-dernbach.de\/wp-content\/uploads\/2026\/02\/Antrag_touristische-Hinweistafel.pdf\">\u0130stek \u00fczerine: Turist bilgi panosu<\/a><a href=\"https:\/\/gemeinsam-fuer-dernbach.de\/wp-content\/uploads\/2026\/02\/Antrag_touristische-Hinweistafel.pdf\" class=\"wp-block-file__button wp-element-button\" download aria-describedby=\"wp-block-file--media-fc2d614a-6d42-4737-812f-53ff984904e6\">\u0130ndirin ve y\u00fckleyin<\/a><\/div>\n\n\n\n<hr class=\"wp-block-separator has-alpha-channel-opacity\"\/>\n\n\n\n<h2 class=\"wp-block-heading\"><strong>?? \u00d6vg\u00fc Katharina Kasper &amp; amp; ADJC y\u0131ld\u00f6n\u00fcm\u00fc<\/strong><\/h2>\n\n\n\n<p class=\"wp-block-paragraph\"><strong>G\u00f6r\u00fcn\u00fcr \u00f6nlemler<\/strong> hat\u0131ra plaketi, olaylar gibi; Derneklere ve vatanda\u015flara \u00e7a\u011fr\u0131, K\u00fclt\u00fcr Komitesi'nin g\u00f6revlendirilmesi.<br><strong>Faydalar ve Avantajlar<\/strong>: <strong>Dernbach'\u0131n kimli\u011fini g\u00fc\u00e7lendirmek<\/strong>, 175'te topluluk ve turist teklifinin tan\u0131t\u0131m\u0131. J\u00fcbile y\u0131l\u0131.<\/p>\n\n\n\n<div class=\"wp-block-file\"><a id=\"wp-block-file--media-a04eff00-151c-4d67-a49f-f44933990700\" href=\"https:\/\/gemeinsam-fuer-dernbach.de\/wp-content\/uploads\/2026\/02\/Antrag_ADJC-Jubilaeum.pdf\">\u0130stek \u00fczerine: ADJC y\u0131ld\u00f6n\u00fcm\u00fc<\/a><a href=\"https:\/\/gemeinsam-fuer-dernbach.de\/wp-content\/uploads\/2026\/02\/Antrag_ADJC-Jubilaeum.pdf\" class=\"wp-block-file__button wp-element-button\" download aria-describedby=\"wp-block-file--media-a04eff00-151c-4d67-a49f-f44933990700\">\u0130ndirin ve y\u00fckleyin<\/a><\/div>\n\n\n\n<hr class=\"wp-block-separator has-alpha-channel-opacity\"\/>\n\n\n\n<h2 class=\"wp-block-heading\"><strong>?? Bisiklet ve y\u00fcr\u00fcy\u00fc\u015f parkurlar\u0131nda yol g\u00fcvenli\u011fi<\/strong><\/h2>\n\n\n\n<p class=\"wp-block-paragraph\"><strong>Kav\u015fak L312 ve K148<\/strong>: \u0130l\u00e7e ve yol yap\u0131m ofisi ile koordineli olarak g\u00f6rsel iyile\u015ftirme, sinyalizasyon ve trafik sakinle\u015ftirmenin incelenmesi.<br><strong>Faydalar ve Avantajlar<\/strong>: <strong>Savunmas\u0131z yol kullan\u0131c\u0131lar\u0131n\u0131n korunmas\u0131<\/strong> bisiklet\u00e7iler ve aileler gibi, s\u00fcrd\u00fcr\u00fclebilir hareketlili\u011fi te\u015fvik etmek.<\/p>\n\n\n\n<div class=\"wp-block-file\"><a id=\"wp-block-file--media-8ba6ff7a-8994-4a7f-952c-5f0ba84aaff1\" href=\"https:\/\/gemeinsam-fuer-dernbach.de\/wp-content\/uploads\/2026\/02\/Antrag_Verkehrssicherheit-Fahrradwege.pdf\">\u0130stek \u00fczerine: Yol g\u00fcvenli\u011fi<\/a><a href=\"https:\/\/gemeinsam-fuer-dernbach.de\/wp-content\/uploads\/2026\/02\/Antrag_Verkehrssicherheit-Fahrradwege.pdf\" class=\"wp-block-file__button wp-element-button\" download aria-describedby=\"wp-block-file--media-8ba6ff7a-8994-4a7f-952c-5f0ba84aaff1\">\u0130ndirin ve y\u00fckleyin<\/a><\/div>\n\n\n\n<hr class=\"wp-block-separator has-alpha-channel-opacity\"\/>\n\n\n\n<h2 class=\"wp-block-heading\"><strong>?? Dernbach Bisiklet tamir istasyonu<\/strong><\/h2>\n\n\n\n<p class=\"wp-block-paragraph\"><strong>Kamu istasyonu<\/strong> Rathausplatz'da veya LEADER fonlu istasyonda (son tarih 20.03.2026), bisiklet yollar\u0131 hakk\u0131nda bilgi panosu dahil.<br><strong>Faydalar ve Avantajlar<\/strong>: <strong>\u0130klim dostu mobilite<\/strong>, Ta\u015f\u0131tlar ve turistler i\u00e7in g\u00fcvenlik, \u00e7ok nesilli faydalar (bebek arabalar\u0131 i\u00e7in de).<\/p>\n\n\n\n<div class=\"wp-block-file\"><a id=\"wp-block-file--media-554a8e15-29c8-4748-a063-d6d088bcad39\" href=\"https:\/\/gemeinsam-fuer-dernbach.de\/wp-content\/uploads\/2026\/02\/Antrag_Fahrradreparaturstation.pdf\">\u0130stek \u00fczerine: Bisiklet tamir istasyonu<\/a><a href=\"https:\/\/gemeinsam-fuer-dernbach.de\/wp-content\/uploads\/2026\/02\/Antrag_Fahrradreparaturstation.pdf\" class=\"wp-block-file__button wp-element-button\" download aria-describedby=\"wp-block-file--media-554a8e15-29c8-4748-a063-d6d088bcad39\">\u0130ndirin ve y\u00fckleyin<\/a><\/div>\n\n\n\n<hr class=\"wp-block-separator has-alpha-channel-opacity\"\/>\n\n\n\n<h2 class=\"wp-block-heading\"><strong>?? Laurentiusplatz'da elektrik da\u011f\u0131t\u0131m kutusu<\/strong><\/h2>\n\n\n\n<p class=\"wp-block-paragraph\"><strong>Kapal\u0131 kutu<\/strong> FI korumas\u0131 ve spor sahas\u0131na yak\u0131n prizler ile VDE uyumlu, 1.500 \u20ac 'dan daha d\u00fc\u015f\u00fck maliyetlidir.<br><strong>Faydalar ve Avantajlar<\/strong>: <strong>Kul\u00fcp partileri i\u00e7in g\u00fcvenli tedarik<\/strong>, uzatma kablosu riski olmayan vatanda\u015f kahvalt\u0131lar\u0131 ve etkinlikleri.<\/p>\n\n\n\n<div class=\"wp-block-file\"><a id=\"wp-block-file--media-2d79fc45-20ee-4711-a7a4-c7a20525d47f\" href=\"https:\/\/gemeinsam-fuer-dernbach.de\/wp-content\/uploads\/2026\/02\/Antrag_Verteilerkasten.pdf\">\u0130stek \u00fczerine: Da\u011f\u0131t\u0131m kutusu<\/a><a href=\"https:\/\/gemeinsam-fuer-dernbach.de\/wp-content\/uploads\/2026\/02\/Antrag_Verteilerkasten.pdf\" class=\"wp-block-file__button wp-element-button\" download aria-describedby=\"wp-block-file--media-2d79fc45-20ee-4711-a7a4-c7a20525d47f\">\u0130ndirin ve y\u00fckleyin<\/a><\/div>\n\n\n\n<hr class=\"wp-block-separator has-alpha-channel-opacity\"\/>\n\n\n\n<p class=\"wp-block-paragraph\"><strong>?? Orchard \"zur Heilborn\"<\/strong><br>Meyve a\u011fa\u00e7lar\u0131n\u0131n uygun budama ve bak\u0131m\u0131n\u0131n sa\u011flanmas\u0131 <strong>Tazminat alan\u0131  \u2047 zur Heilborn \u2047<\/strong> yerel topluluk taraf\u0131ndan meyve ve bah\u00e7ecilik derne\u011fi ile yak\u0131n koordinasyon i\u00e7inde.<\/p>\n\n\n\n<p class=\"wp-block-paragraph\"><strong>Faydalar\u0131 ve dezavantajlar\u0131:<\/strong> Tazminat alan\u0131n\u0131n ekolojik fonksiyonunun korunmas\u0131, g\u00fc\u00e7lendirilmesi <strong>Kategori: Biyo\u00e7e\u015fitlilik<\/strong> ve peyzaj, bak\u0131m ve dayan\u0131kl\u0131l\u0131k i\u00e7in toplumun a\u00e7\u0131k sorumlulu\u011fu.<\/p>\n\n\n\n<div class=\"wp-block-file\"><a id=\"wp-block-file--media-89bb0175-af2c-4512-957d-747f82b1fb9b\" href=\"https:\/\/gemeinsam-fuer-dernbach.de\/wp-content\/uploads\/2026\/02\/Antrag-Streuobstwiese.pdf\">\u0130stek \u00fczerine: Meadow of Orchards (Meyve Bah\u00e7eleri \u00c7ay\u0131r\u0131)<\/a><a href=\"https:\/\/gemeinsam-fuer-dernbach.de\/wp-content\/uploads\/2026\/02\/Antrag-Streuobstwiese.pdf\" class=\"wp-block-file__button wp-element-button\" download aria-describedby=\"wp-block-file--media-89bb0175-af2c-4512-957d-747f82b1fb9b\">\u0130ndirin ve y\u00fckleyin<\/a><\/div>\n<\/div>\n<\/div>\n<\/div>\n<\/div>","protected":false},"excerpt":{"rendered":"<p>\"Dernbach i\u00e7in Birlikte\" Grubu olarak, yerimizi ad\u0131m ad\u0131m daha ya\u015fanabilir, daha g\u00fcvenli ve daha s\u00fcrd\u00fcr\u00fclebilir hale getirmeye kararl\u0131y\u0131z. Bu sayfada, biz [...]<\/p>","protected":false},"author":2,"featured_media":0,"parent":0,"menu_order":0,"comment_status":"closed","ping_status":"closed","template":"page-no-title","meta":{"_price":"","_stock":"","_tribe_ticket_header":"","_tribe_default_ticket_provider":"","_tribe_ticket_capacity":"0","_ticket_start_date":"","_ticket_end_date":"","_tribe_ticket_show_description":"","_tribe_ticket_show_not_going":false,"_tribe_ticket_use_global_stock":"","_tribe_ticket_global_stock_level":"","_global_stock_mode":"","_global_stock_cap":"","_tribe_rsvp_for_event":"","_tribe_ticket_going_count":"","_tribe_ticket_not_going_count":"","_tribe_tickets_list":"[]","_tribe_ticket_has_attendee_info_fields":false,"_EventAllDay":false,"_EventTimezone":"","_EventStartDate":"","_EventEndDate":"","_EventStartDateUTC":"","_EventEndDateUTC":"","_EventShowMap":false,"_EventShowMapLink":false,"_EventURL":"","_EventCost":"","_EventCostDescription":"","_EventCurrencySymbol":"","_EventCurrencyCode":"","_EventCurrencyPosition":"","_EventDateTimeSeparator":"","_EventTimeRangeSeparator":"","_EventOrganizerID":[],"_EventVenueID":[],"_OrganizerEmail":"","_OrganizerPhone":"","_OrganizerWebsite":"","_VenueAddress":"","_VenueCity":"","_VenueCountry":"","_VenueProvince":"","_VenueState":"","_VenueZip":"","_VenuePhone":"","_VenueURL":"","_VenueStateProvince":"","_VenueLat":"","_VenueLng":"","_VenueShowMap":false,"_VenueShowMapLink":false,"footnotes":"","_tec_slr_enabled":"","_tec_slr_layout":""},"class_list":["post-1620","page","type-page","status-publish","hentry"],"aioseo_notices":[],"aioseo_head":"\n\t\t<!-- All in One SEO 5.0.1.1 - aioseo.com -->\n\t<meta name=\"description\" content=\"Unsere Initiativen im Ortsgemeinderat Als Fraktion \u201eGemeinsam f\u00fcr Dernbach\u201c setzen wir uns daf\u00fcr ein, unseren Ort Schritt f\u00fcr Schritt lebenswerter, sicherer und zukunftsf\u00e4higer zu machen. Auf dieser Seite stellen wir unsere aktuellen Initiativen vor, die wir in den Gemeinderat eingebracht haben \u2013 transparent, nachvollziehbar und mit klarem Nutzen f\u00fcr Dernbach. Von uns beantragte Ratssitzung am\" \/>\n\t<meta name=\"robots\" content=\"max-image-preview:large\" \/>\n\t<link rel=\"canonical\" href=\"https:\/\/gemeinsam-fuer-dernbach.de\/tr\/initiativen\" \/>\n\t<meta name=\"generator\" content=\"All in One SEO (AIOSEO) 5.0.1.1\" \/>\n\t\t<meta property=\"og:locale\" content=\"tr_TR\" \/>\n\t\t<meta property=\"og:site_name\" content=\"Gemeinsam f\u00fcr Dernbach - Gemeinsam f\u00fcr Dernbach - Website der W\u00e4hlergruppe Jankowitsch\" \/>\n\t\t<meta property=\"og:type\" content=\"article\" \/>\n\t\t<meta property=\"og:title\" content=\"Initiativen - Gemeinsam f\u00fcr Dernbach\" \/>\n\t\t<meta property=\"og:description\" content=\"Unsere Initiativen im Ortsgemeinderat Als Fraktion \u201eGemeinsam f\u00fcr Dernbach\u201c setzen wir uns daf\u00fcr ein, unseren Ort Schritt f\u00fcr Schritt lebenswerter, sicherer und zukunftsf\u00e4higer zu machen. Auf dieser Seite stellen wir unsere aktuellen Initiativen vor, die wir in den Gemeinderat eingebracht haben \u2013 transparent, nachvollziehbar und mit klarem Nutzen f\u00fcr Dernbach. Von uns beantragte Ratssitzung am\" \/>\n\t\t<meta property=\"og:url\" content=\"https:\/\/gemeinsam-fuer-dernbach.de\/tr\/initiativen\" \/>\n\t\t<meta property=\"og:image\" content=\"https:\/\/gemeinsam-fuer-dernbach.de\/wp-content\/uploads\/2024\/12\/cropped-Button.png\" \/>\n\t\t<meta property=\"og:image:secure_url\" content=\"https:\/\/gemeinsam-fuer-dernbach.de\/wp-content\/uploads\/2024\/12\/cropped-Button.png\" \/>\n\t\t<meta property=\"og:image:width\" content=\"512\" \/>\n\t\t<meta property=\"og:image:height\" content=\"512\" \/>\n\t\t<meta property=\"article:published_time\" content=\"2026-02-18T20:34:10+00:00\" \/>\n\t\t<meta property=\"article:modified_time\" content=\"2026-02-18T21:21:23+00:00\" \/>\n\t\t<meta property=\"article:publisher\" content=\"https:\/\/www.facebook.com\/gemeinsam.fuer.dernbach\/\" \/>\n\t\t<meta name=\"twitter:card\" content=\"summary_large_image\" \/>\n\t\t<meta name=\"twitter:title\" content=\"Initiativen - Gemeinsam f\u00fcr Dernbach\" \/>\n\t\t<meta name=\"twitter:description\" content=\"Unsere Initiativen im Ortsgemeinderat Als Fraktion \u201eGemeinsam f\u00fcr Dernbach\u201c setzen wir uns daf\u00fcr ein, unseren Ort Schritt f\u00fcr Schritt lebenswerter, sicherer und zukunftsf\u00e4higer zu machen. Auf dieser Seite stellen wir unsere aktuellen Initiativen vor, die wir in den Gemeinderat eingebracht haben \u2013 transparent, nachvollziehbar und mit klarem Nutzen f\u00fcr Dernbach. Von uns beantragte Ratssitzung am\" \/>\n\t\t<meta name=\"twitter:image\" content=\"https:\/\/gemeinsam-fuer-dernbach.de\/wp-content\/uploads\/2024\/12\/cropped-Button.png\" \/>\n\t\t<script type=\"application\/ld+json\" class=\"aioseo-schema\">\n\t\t\t{\"@context\":\"https:\\\/\\\/schema.org\",\"@graph\":[{\"@type\":\"BreadcrumbList\",\"@id\":\"https:\\\/\\\/gemeinsam-fuer-dernbach.de\\\/tr\\\/initiativen#breadcrumblist\",\"itemListElement\":[{\"@type\":\"ListItem\",\"@id\":\"https:\\\/\\\/gemeinsam-fuer-dernbach.de\\\/tr#listItem\",\"position\":1,\"name\":\"Home\",\"item\":\"https:\\\/\\\/gemeinsam-fuer-dernbach.de\\\/tr\",\"nextItem\":{\"@type\":\"ListItem\",\"@id\":\"https:\\\/\\\/gemeinsam-fuer-dernbach.de\\\/tr\\\/initiativen#listItem\",\"name\":\"Initiativen\"}},{\"@type\":\"ListItem\",\"@id\":\"https:\\\/\\\/gemeinsam-fuer-dernbach.de\\\/tr\\\/initiativen#listItem\",\"position\":2,\"name\":\"Initiativen\",\"previousItem\":{\"@type\":\"ListItem\",\"@id\":\"https:\\\/\\\/gemeinsam-fuer-dernbach.de\\\/tr#listItem\",\"name\":\"Home\"}}]},{\"@type\":\"Organization\",\"@id\":\"https:\\\/\\\/gemeinsam-fuer-dernbach.de\\\/tr\\\/#organization\",\"name\":\"Gemeinsam f\\u00fcr Dernbach\",\"description\":\"Gemeinsam f\\u00fcr Dernbach - Website der W\\u00e4hlergruppe Jankowitsch\",\"url\":\"https:\\\/\\\/gemeinsam-fuer-dernbach.de\\\/tr\\\/\",\"logo\":{\"@type\":\"ImageObject\",\"url\":\"https:\\\/\\\/gemeinsam-fuer-dernbach.de\\\/wp-content\\\/uploads\\\/2024\\\/12\\\/cropped-Button.png\",\"@id\":\"https:\\\/\\\/gemeinsam-fuer-dernbach.de\\\/tr\\\/initiativen\\\/#organizationLogo\",\"width\":512,\"height\":512,\"caption\":\"Gemeinsam f\\u00fcr Dernbach\"},\"image\":{\"@id\":\"https:\\\/\\\/gemeinsam-fuer-dernbach.de\\\/tr\\\/initiativen\\\/#organizationLogo\"},\"sameAs\":[\"https:\\\/\\\/www.facebook.com\\\/gemeinsam.fuer.dernbach\\\/\",\"https:\\\/\\\/www.instagram.com\\\/gemeinsam_fuer_dernbach\\\/\"]},{\"@type\":\"WebPage\",\"@id\":\"https:\\\/\\\/gemeinsam-fuer-dernbach.de\\\/tr\\\/initiativen#webpage\",\"url\":\"https:\\\/\\\/gemeinsam-fuer-dernbach.de\\\/tr\\\/initiativen\",\"name\":\"Initiativen - Gemeinsam f\\u00fcr Dernbach\",\"description\":\"Unsere Initiativen im Ortsgemeinderat Als Fraktion \\u201eGemeinsam f\\u00fcr Dernbach\\u201c setzen wir uns daf\\u00fcr ein, unseren Ort Schritt f\\u00fcr Schritt lebenswerter, sicherer und zukunftsf\\u00e4higer zu machen. Auf dieser Seite stellen wir unsere aktuellen Initiativen vor, die wir in den Gemeinderat eingebracht haben \\u2013 transparent, nachvollziehbar und mit klarem Nutzen f\\u00fcr Dernbach. Von uns beantragte Ratssitzung am\",\"inLanguage\":\"tr-TR\",\"isPartOf\":{\"@id\":\"https:\\\/\\\/gemeinsam-fuer-dernbach.de\\\/tr\\\/#website\"},\"breadcrumb\":{\"@id\":\"https:\\\/\\\/gemeinsam-fuer-dernbach.de\\\/tr\\\/initiativen#breadcrumblist\"},\"datePublished\":\"2026-02-18T21:34:10+01:00\",\"dateModified\":\"2026-02-18T22:21:23+01:00\"},{\"@type\":\"WebSite\",\"@id\":\"https:\\\/\\\/gemeinsam-fuer-dernbach.de\\\/tr\\\/#website\",\"url\":\"https:\\\/\\\/gemeinsam-fuer-dernbach.de\\\/tr\\\/\",\"name\":\"Gemeinsam f\\u00fcr Dernbach\",\"description\":\"Gemeinsam f\\u00fcr Dernbach - Website der W\\u00e4hlergruppe Jankowitsch\",\"inLanguage\":\"tr-TR\",\"publisher\":{\"@id\":\"https:\\\/\\\/gemeinsam-fuer-dernbach.de\\\/tr\\\/#organization\"}}]}\n\t\t<\/script>\n\t\t<!-- All in One SEO -->\n\n","aioseo_head_json":{"title":"Initiativen - Gemeinsam f\u00fcr Dernbach","description":"Unsere Initiativen im Ortsgemeinderat Als Fraktion \u201eGemeinsam f\u00fcr Dernbach\u201c setzen wir uns daf\u00fcr ein, unseren Ort Schritt f\u00fcr Schritt lebenswerter, sicherer und zukunftsf\u00e4higer zu machen. Auf dieser Seite stellen wir unsere aktuellen Initiativen vor, die wir in den Gemeinderat eingebracht haben \u2013 transparent, nachvollziehbar und mit klarem Nutzen f\u00fcr Dernbach. Von uns beantragte Ratssitzung am","canonical_url":"https:\/\/gemeinsam-fuer-dernbach.de\/tr\/initiativen","robots":"max-image-preview:large","keywords":"","webmasterTools":{"miscellaneous":""},"schema":{"@context":"https:\/\/schema.org","@graph":[{"@type":"BreadcrumbList","@id":"https:\/\/gemeinsam-fuer-dernbach.de\/tr\/initiativen#breadcrumblist","itemListElement":[{"@type":"ListItem","@id":"https:\/\/gemeinsam-fuer-dernbach.de\/tr#listItem","position":1,"name":"Home","item":"https:\/\/gemeinsam-fuer-dernbach.de\/tr","nextItem":{"@type":"ListItem","@id":"https:\/\/gemeinsam-fuer-dernbach.de\/tr\/initiativen#listItem","name":"Initiativen"}},{"@type":"ListItem","@id":"https:\/\/gemeinsam-fuer-dernbach.de\/tr\/initiativen#listItem","position":2,"name":"Initiativen","previousItem":{"@type":"ListItem","@id":"https:\/\/gemeinsam-fuer-dernbach.de\/tr#listItem","name":"Home"}}]},{"@type":"Organization","@id":"https:\/\/gemeinsam-fuer-dernbach.de\/tr\/#organization","name":"Gemeinsam f\u00fcr Dernbach","description":"Gemeinsam f\u00fcr Dernbach - Website der W\u00e4hlergruppe Jankowitsch","url":"https:\/\/gemeinsam-fuer-dernbach.de\/tr\/","logo":{"@type":"ImageObject","url":"https:\/\/gemeinsam-fuer-dernbach.de\/wp-content\/uploads\/2024\/12\/cropped-Button.png","@id":"https:\/\/gemeinsam-fuer-dernbach.de\/tr\/initiativen\/#organizationLogo","width":512,"height":512,"caption":"Gemeinsam f\u00fcr Dernbach"},"image":{"@id":"https:\/\/gemeinsam-fuer-dernbach.de\/tr\/initiativen\/#organizationLogo"},"sameAs":["https:\/\/www.facebook.com\/gemeinsam.fuer.dernbach\/","https:\/\/www.instagram.com\/gemeinsam_fuer_dernbach\/"]},{"@type":"WebPage","@id":"https:\/\/gemeinsam-fuer-dernbach.de\/tr\/initiativen#webpage","url":"https:\/\/gemeinsam-fuer-dernbach.de\/tr\/initiativen","name":"Initiativen - Gemeinsam f\u00fcr Dernbach","description":"Unsere Initiativen im Ortsgemeinderat Als Fraktion \u201eGemeinsam f\u00fcr Dernbach\u201c setzen wir uns daf\u00fcr ein, unseren Ort Schritt f\u00fcr Schritt lebenswerter, sicherer und zukunftsf\u00e4higer zu machen. Auf dieser Seite stellen wir unsere aktuellen Initiativen vor, die wir in den Gemeinderat eingebracht haben \u2013 transparent, nachvollziehbar und mit klarem Nutzen f\u00fcr Dernbach. Von uns beantragte Ratssitzung am","inLanguage":"tr-TR","isPartOf":{"@id":"https:\/\/gemeinsam-fuer-dernbach.de\/tr\/#website"},"breadcrumb":{"@id":"https:\/\/gemeinsam-fuer-dernbach.de\/tr\/initiativen#breadcrumblist"},"datePublished":"2026-02-18T21:34:10+01:00","dateModified":"2026-02-18T22:21:23+01:00"},{"@type":"WebSite","@id":"https:\/\/gemeinsam-fuer-dernbach.de\/tr\/#website","url":"https:\/\/gemeinsam-fuer-dernbach.de\/tr\/","name":"Gemeinsam f\u00fcr Dernbach","description":"Gemeinsam f\u00fcr Dernbach - Website der W\u00e4hlergruppe Jankowitsch","inLanguage":"tr-TR","publisher":{"@id":"https:\/\/gemeinsam-fuer-dernbach.de\/tr\/#organization"}}]},"og:locale":"tr_TR","og:site_name":"Gemeinsam f\u00fcr Dernbach - Gemeinsam f\u00fcr Dernbach - Website der W\u00e4hlergruppe Jankowitsch","og:type":"article","og:title":"Initiativen - Gemeinsam f\u00fcr Dernbach","og:description":"Unsere Initiativen im Ortsgemeinderat Als Fraktion \u201eGemeinsam f\u00fcr Dernbach\u201c setzen wir uns daf\u00fcr ein, unseren Ort Schritt f\u00fcr Schritt lebenswerter, sicherer und zukunftsf\u00e4higer zu machen. Auf dieser Seite stellen wir unsere aktuellen Initiativen vor, die wir in den Gemeinderat eingebracht haben \u2013 transparent, nachvollziehbar und mit klarem Nutzen f\u00fcr Dernbach. Von uns beantragte Ratssitzung am","og:url":"https:\/\/gemeinsam-fuer-dernbach.de\/tr\/initiativen","og:image":"https:\/\/gemeinsam-fuer-dernbach.de\/wp-content\/uploads\/2024\/12\/cropped-Button.png","og:image:secure_url":"https:\/\/gemeinsam-fuer-dernbach.de\/wp-content\/uploads\/2024\/12\/cropped-Button.png","og:image:width":512,"og:image:height":512,"article:published_time":"2026-02-18T20:34:10+00:00","article:modified_time":"2026-02-18T21:21:23+00:00","article:publisher":"https:\/\/www.facebook.com\/gemeinsam.fuer.dernbach\/","twitter:card":"summary_large_image","twitter:title":"Initiativen - Gemeinsam f\u00fcr Dernbach","twitter:description":"Unsere Initiativen im Ortsgemeinderat Als Fraktion \u201eGemeinsam f\u00fcr Dernbach\u201c setzen wir uns daf\u00fcr ein, unseren Ort Schritt f\u00fcr Schritt lebenswerter, sicherer und zukunftsf\u00e4higer zu machen. Auf dieser Seite stellen wir unsere aktuellen Initiativen vor, die wir in den Gemeinderat eingebracht haben \u2013 transparent, nachvollziehbar und mit klarem Nutzen f\u00fcr Dernbach. Von uns beantragte Ratssitzung am","twitter:image":"https:\/\/gemeinsam-fuer-dernbach.de\/wp-content\/uploads\/2024\/12\/cropped-Button.png"},"aioseo_meta_data":{"post_id":"1620","title":null,"description":null,"keywords":null,"keyphrases":{"focus":{"keyphrase":"","score":0,"analysis":{"keyphraseInTitle":{"score":0,"maxScore":9,"error":1}}},"additional":[]},"primary_term":null,"canonical_url":null,"og_title":null,"og_description":null,"og_object_type":"default","og_image_type":"default","og_image_url":null,"og_image_width":null,"og_image_height":null,"og_image_custom_url":null,"og_image_custom_fields":null,"og_video":"","og_custom_url":null,"og_article_section":null,"og_article_tags":null,"twitter_use_og":false,"twitter_card":"default","twitter_image_type":"default","twitter_image_url":null,"twitter_image_custom_url":null,"twitter_image_custom_fields":null,"twitter_title":null,"twitter_description":null,"schema":{"blockGraphs":[],"customGraphs":[],"default":{"data":{"Article":[],"Course":[],"Dataset":[],"FAQPage":[],"Movie":[],"Person":[],"Product":[],"ProductReview":[],"Car":[],"Recipe":[],"Service":[],"SoftwareApplication":[],"WebPage":[]},"graphName":"WebPage","isEnabled":true},"graphs":[]},"schema_type":"default","schema_type_options":null,"pillar_content":false,"robots_default":true,"robots_noindex":false,"robots_noarchive":false,"robots_nosnippet":false,"robots_nofollow":false,"robots_noimageindex":false,"robots_noodp":false,"robots_notranslate":false,"robots_max_snippet":"-1","robots_max_videopreview":"-1","robots_max_imagepreview":"large","priority":null,"frequency":"default","local_seo":null,"breadcrumb_settings":null,"limit_modified_date":false,"ai":{"faqs":[],"keyPoints":[],"titles":[],"descriptions":[],"socialPosts":{"email":[],"linkedin":[],"twitter":[],"facebook":[],"instagram":[]}},"created":"2026-02-18 20:34:12","updated":"2026-02-18 21:25:56","seo_analyzer_scan_date":null,"focus_keyword":null,"additional_keywords":null,"truseo_locale":null},"aioseo_breadcrumb":"<div class=\"aioseo-breadcrumbs\"><span class=\"aioseo-breadcrumb\">\n\t\t\t<a href=\"https:\/\/gemeinsam-fuer-dernbach.de\/tr\" title=\"Home\">Home<\/a>\n\t\t<\/span><span class=\"aioseo-breadcrumb-separator\">&raquo;<\/span><span class=\"aioseo-breadcrumb\">\n\t\t\tInitiativen\n\t\t<\/span><\/div>","aioseo_breadcrumb_json":[{"label":"Home","link":"https:\/\/gemeinsam-fuer-dernbach.de\/tr"},{"label":"Initiativen","link":"https:\/\/gemeinsam-fuer-dernbach.de\/tr\/initiativen"}],"ticketed":false,"_links":{"self":[{"href":"https:\/\/gemeinsam-fuer-dernbach.de\/tr\/wp-json\/wp\/v2\/pages\/1620","targetHints":{"allow":["GET"]}}],"collection":[{"href":"https:\/\/gemeinsam-fuer-dernbach.de\/tr\/wp-json\/wp\/v2\/pages"}],"about":[{"href":"https:\/\/gemeinsam-fuer-dernbach.de\/tr\/wp-json\/wp\/v2\/types\/page"}],"author":[{"embeddable":true,"href":"https:\/\/gemeinsam-fuer-dernbach.de\/tr\/wp-json\/wp\/v2\/users\/2"}],"replies":[{"embeddable":true,"href":"https:\/\/gemeinsam-fuer-dernbach.de\/tr\/wp-json\/wp\/v2\/comments?post=1620"}],"version-history":[{"count":6,"href":"https:\/\/gemeinsam-fuer-dernbach.de\/tr\/wp-json\/wp\/v2\/pages\/1620\/revisions"}],"predecessor-version":[{"id":1638,"href":"https:\/\/gemeinsam-fuer-dernbach.de\/tr\/wp-json\/wp\/v2\/pages\/1620\/revisions\/1638"}],"wp:attachment":[{"href":"https:\/\/gemeinsam-fuer-dernbach.de\/tr\/wp-json\/wp\/v2\/media?parent=1620"}],"curies":[{"name":"wp","href":"https:\/\/api.w.org\/{rel}","templated":true}]}}