{"id":30,"date":"2023-11-18T14:15:14","date_gmt":"2023-11-18T13:15:14","guid":{"rendered":"https:\/\/gemeinsam-fuer-dernbach.de\/?page_id=30"},"modified":"2025-03-07T20:06:23","modified_gmt":"2025-03-07T19:06:23","slug":"unsere-ziele","status":"publish","type":"page","link":"https:\/\/gemeinsam-fuer-dernbach.de\/uk\/unsere-ziele","title":{"rendered":"\u041d\u0430\u0448\u0456 \u0446\u0456\u043b\u0456"},"content":{"rendered":"<h3 class=\"wp-block-heading\"><b>\u0420\u043e\u0437\u0432\u0438\u0442\u043e\u043a \u0441\u0435\u043b\u0430 &amp; \u0441\u0456\u043b\u044c\u0441\u044c\u043a\u0435 \u0436\u0438\u0442\u0442\u044f<\/b><\/h3>\n\n\n\n<p class=\"wp-block-paragraph\">\u041c\u0438 \u0445\u043e\u0447\u0435\u043c\u043e \u0440\u043e\u0437\u0432\u0438\u0442\u043a\u0443 \u0441\u0435\u043b\u0430 \u0437 \u043f\u043e\u0447\u0443\u0442\u0442\u044f\u043c \u043c\u0456\u0440\u0438 \u0456 \u043c\u0430\u0439\u0431\u0443\u0442\u043d\u044c\u043e\u0433\u043e, \u043e\u0434\u043d\u043e\u0447\u0430\u0441\u043d\u043e \u0437\u043c\u0456\u0446\u043d\u044e\u044e\u0447\u0438 \u0441\u043f\u0456\u043b\u044c\u043d\u043e\u0442\u0443 \u043c\u0456\u0436 \u043f\u043e\u043a\u043e\u043b\u0456\u043d\u043d\u044f\u043c\u0438. \u0414\u0430\u0432\u0430\u0439\u0442\u0435 \u043f\u0440\u0438\u043a\u0440\u0430\u0441\u0438\u0442\u0438 \u043d\u0435\u0432\u0438\u043a\u043e\u0440\u0438\u0441\u0442\u0430\u043d\u0456 \u043c\u0456\u0441\u0446\u044f \u0456 \u0437\u0440\u043e\u0431\u0438\u0442\u0438 \u0457\u0445 \u043c\u0456\u0441\u0446\u044f\u043c\u0438, \u0434\u0435 \u0432\u0438 \u0445\u043e\u0442\u0456\u043b\u0438 \u0431 \u0437\u0430\u043b\u0438\u0448\u0438\u0442\u0438\u0441\u044f...<\/p>\n\n\n\n<ul class=\"wp-block-list\">\n<li><strong>\u041f\u043e\u0434\u0430\u043b\u044c\u0448\u0438\u0439 \u0440\u043e\u0437\u0432\u0438\u0442\u043e\u043a \u0441\u0442\u0456\u0439\u043a\u043e\u0457 \u043f\u0440\u043e\u043c\u0438\u0441\u043b\u043e\u0432\u043e\u0457 \u0437\u043e\u043d\u0438<\/strong><\/li>\n\n\n\n<li><strong>\u0421\u0442\u0432\u043e\u0440\u0435\u043d\u043d\u044f \u043f\u043e\u0434\u0430\u043b\u044c\u0448\u0438\u0445 \u0436\u0438\u0442\u043b\u043e\u0432\u0438\u0445 \u043a\u0432\u0430\u0440\u0442\u0430\u043b\u0456\u0432<\/strong><\/li>\n\n\n\n<li><strong>\u0417\u0431\u043b\u0438\u0436\u0435\u043d\u043d\u044f \u0433\u0440\u043e\u043c\u0430\u0434\u0438 \u0447\u0435\u0440\u0435\u0437 \u0441\u0456\u043b\u044c\u0441\u044c\u043a\u0456 \u0444\u0435\u0441\u0442\u0438\u0432\u0430\u043b\u0456<\/strong><\/li>\n\n\n\n<li><strong>\u041c\u0430\u0439\u0431\u0443\u0442\u043d\u044f \u043c\u0430\u0439\u0441\u0442\u0435\u0440\u043d\u044f \u0437 \u043f\u0440\u043e\u0435\u043a\u0442\u0443\u0432\u0430\u043d\u043d\u044f \u0446\u0435\u043d\u0442\u0440\u0443<\/strong><\/li>\n<\/ul>\n\n\n\n<figure class=\"wp-block-image\"><img decoding=\"async\" src=\"https:\/\/gemeinsam-fuer-dernbach.de\/wp-content\/uploads\/2023\/11\/Dernbach-hintergrund-768x505.jpg\" alt=\"\"\/><\/figure>\n\n\n\n<figure class=\"wp-block-image\"><img decoding=\"async\" src=\"https:\/\/gemeinsam-fuer-dernbach.de\/wp-content\/uploads\/2023\/11\/newspapers-4565916_1280-768x512.jpg\" alt=\"\"\/><\/figure>\n\n\n\n<p class=\"wp-block-paragraph\"><br><\/p>\n\n\n\n<h3 class=\"wp-block-heading\"><strong>\u041f\u043e\u043b\u0456\u0442\u0438\u043a\u0430 \u0433\u0440\u043e\u043c\u0430\u0434\u044f\u043d\u0441\u044c\u043a\u043e\u0433\u043e \u0441\u0443\u0441\u043f\u0456\u043b\u044c\u0441\u0442\u0432\u0430, \u043f\u0440\u043e\u0437\u043e\u0440\u0430 \u043a\u043e\u043c\u0443\u043d\u0456\u043a\u0430\u0446\u0456\u044f \u0442\u0430 \u0456\u043d\u0444\u043e\u0440\u043c\u0430\u0446\u0456\u044f<\/strong><\/h3>\n\n\n\n<p class=\"wp-block-paragraph\">\u0414\u0435\u043c\u043e\u043a\u0440\u0430\u0442\u0456\u044f \u043f\u0440\u043e\u0446\u0432\u0456\u0442\u0430\u0454 \u0437\u0430\u0432\u0434\u044f\u043a\u0438 \u0443\u0447\u0430\u0441\u0442\u0456. \u041e\u0441\u043e\u0431\u043b\u0438\u0432\u043e \u043d\u0430 \u0441\u0430\u0439\u0442\u0456 \u0432\u0430\u0436\u043b\u0438\u0432\u043e \u0456 \u043f\u0440\u0430\u0432\u0438\u043b\u044c\u043d\u043e \u0432\u0438\u043a\u043e\u0440\u0438\u0441\u0442\u043e\u0432\u0443\u0432\u0430\u0442\u0438 \u0440\u0456\u0437\u043d\u0456 \u043c\u043e\u0436\u043b\u0438\u0432\u043e\u0441\u0442\u0456 \u0434\u043b\u044f \u0443\u0447\u0430\u0441\u0442\u0456. \u0422\u043e\u043c\u0443 \u0449\u043e \u0442\u0456, \u0445\u0442\u043e \u0456\u043d\u0444\u043e\u0440\u043c\u0443\u044e\u0442\u044c \u0441\u0435\u0431\u0435 \u0456 \u0431\u0435\u0440\u0443\u0442\u044c \u0443\u0447\u0430\u0441\u0442\u044c \u0432 \u0434\u0438\u0441\u043a\u0443\u0441\u0456\u044f\u0445, \u043c\u043e\u0436\u0443\u0442\u044c \u0437\u0440\u043e\u0437\u0443\u043c\u0456\u0442\u0438, \u0432\u0447\u0438\u0442\u0438\u0441\u044f \u0443 \u0456\u043d\u0448\u0438\u0445 \u0456 \u0431\u0456\u043b\u044c\u0448 \u043e\u0445\u043e\u0447\u0435 \u0431\u0440\u0430\u0442\u0438 \u043d\u0430 \u0441\u0435\u0431\u0435 \u0432\u0456\u0434\u043f\u043e\u0432\u0456\u0434\u0430\u043b\u044c\u043d\u0456\u0441\u0442\u044c...<\/p>\n\n\n\n<ul class=\"wp-block-list\">\n<li><strong>\u041c\u043e\u0436\u043b\u0438\u0432\u0456\u0441\u0442\u044c \u0443\u0447\u0430\u0441\u0442\u0456 \u0447\u0435\u0440\u0435\u0437 \u0440\u0456\u0437\u043d\u0456 \u0437\u0430\u0441\u043e\u0431\u0438 \u043c\u0430\u0441\u043e\u0432\u043e\u0457 \u0456\u043d\u0444\u043e\u0440\u043c\u0430\u0446\u0456\u0457<\/strong><\/li>\n\n\n\n<li><strong>\u0420\u0435\u0433\u0443\u043b\u044f\u0440\u043d\u0438\u0439 \u0456\u043d\u0444\u043e\u0440\u043c\u0430\u0446\u0456\u0439\u043d\u0438\u0439 \u043b\u0438\u0441\u0442 \u0437 \u0443\u0441\u0456\u0454\u044e \u0432\u0430\u0436\u043b\u0438\u0432\u043e\u044e \u0456\u043d\u0444\u043e\u0440\u043c\u0430\u0446\u0456\u0454\u044e \u043f\u0440\u043e \u043f\u043e\u043b\u0456\u0442\u0438\u0447\u043d\u0456 \u043f\u043e\u0434\u0456\u0457 \u0442\u0430 \u043a\u0443\u043b\u044c\u0442\u0443\u0440\u043d\u0443 \u0434\u0456\u044f\u043b\u044c\u043d\u0456\u0441\u0442\u044c \u0443 \u0433\u0440\u043e\u043c\u0430\u0434\u0456<\/strong><\/li>\n\n\n\n<li><strong>\u0413\u0440\u043e\u043c\u0430\u0434\u0441\u044c\u043a\u0435 \u043a\u0430\u0444\u0435 \u0442\u0430 \u043e\u0431\u043c\u0456\u043d \u0456\u0434\u0435\u044f\u043c\u0438 \u043d\u0430 \u0441\u0435\u043b\u043e<\/strong><\/li>\n<\/ul>\n\n\n\n<h3 class=\"wp-block-heading\"><b>\u0414\u0440\u0443\u0436\u043d\u044f \u0434\u043e \u043b\u044e\u0434\u0438\u043d\u0438 \u0442\u0430 \u0441\u0442\u0430\u0431\u0456\u043b\u044c\u043d\u0430 \u043c\u043e\u0431\u0456\u043b\u044c\u043d\u0456\u0441\u0442\u044c<\/b><\/h3>\n\n\n\n<p class=\"wp-block-paragraph\">\u0421\u0442\u0430\u0431\u0456\u043b\u044c\u043d\u0430 \u043c\u043e\u0431\u0456\u043b\u044c\u043d\u0456\u0441\u0442\u044c \u043f\u043e\u043a\u0440\u0430\u0449\u0443\u0454 \u044f\u043a\u0456\u0441\u0442\u044c \u043f\u043e\u0432\u0456\u0442\u0440\u044f, \u0437\u043d\u0438\u0436\u0443\u0454 \u0448\u0443\u043c \u0456 \u0437\u0430\u0445\u0438\u0449\u0430\u0454 \u043a\u043b\u0456\u043c\u0430\u0442. \u041c\u0438 \u0434\u0435\u0440\u0432\u0456\u0448\u0456 \u0442\u0430\u043a\u043e\u0436 \u0433\u0443\u043b\u044f\u0454\u043c\u043e, \u0457\u0437\u0434\u0438\u043c\u043e \u043d\u0430 \u0432\u0435\u043b\u043e\u0441\u0438\u043f\u0435\u0434\u0456 \u0456 \u043b\u044e\u0431\u0438\u043c\u043e \u0431\u0443\u0442\u0438 \u043d\u0430 \u0432\u0456\u0434\u043a\u0440\u0438\u0442\u043e\u043c\u0443 \u043f\u043e\u0432\u0456\u0442\u0440\u0456. \u041c\u0438 \u0445\u043e\u0447\u0435\u043c\u043e \u043f\u043e\u043a\u0440\u0430\u0449\u0438\u0442\u0438 \u043c\u043e\u0431\u0456\u043b\u044c\u043d\u0456\u0441\u0442\u044c \u0437\u0430 \u0434\u043e\u043f\u043e\u043c\u043e\u0433\u043e\u044e...<\/p>\n\n\n\n<ul class=\"wp-block-list\">\n<li><strong>\u0421\u0442\u0430\u043d\u0446\u0456\u0457 \u043c\u043e\u0431\u0456\u043b\u044c\u043d\u043e\u0441\u0442\u0456 \u0434\u043b\u044f \u0435\u043b\u0435\u043a\u0442\u0440\u043e\u043d\u043d\u0438\u0445 \u0430\u0432\u0442\u043e\u043c\u043e\u0431\u0456\u043b\u0456\u0432 \u0456 \u0432\u0435\u043b\u043e\u0441\u0438\u043f\u0435\u0434\u0456\u0432<\/strong><\/li>\n\n\n\n<li><strong>\u0421\u0432\u043e\u0454\u0447\u0430\u0441\u043d\u0435 \u0432\u043f\u0440\u043e\u0432\u0430\u0434\u0436\u0435\u043d\u043d\u044f \u043a\u043e\u043d\u0446\u0435\u043f\u0446\u0456\u0439 \u0446\u0438\u043a\u043b\u043e\u0432\u043e\u0433\u043e \u0448\u043b\u044f\u0445\u0443 \u0412.\u0413. \u0412\u0456\u0440\u0433\u0435\u0441\u0430 \u0442\u0430 \u0412\u0435\u0441\u0442\u0435\u0440\u0432\u0430\u043b\u044c\u0434\u043a\u0440\u0435\u0439\u0441\u0430 <\/strong><\/li>\n\n\n\n<li><strong>\u0411\u0435\u0437\u043f\u0435\u0447\u043d\u0456\u0448\u0456 \u0448\u043a\u0456\u043b\u044c\u043d\u0456 \u0441\u0442\u0435\u0436\u043a\u0438 \u0434\u043b\u044f \u0434\u0456\u0442\u0435\u0439 \u0442\u0430 \u043c\u043e\u043b\u043e\u0434\u0456<\/strong><\/li>\n<\/ul>\n\n\n\n<figure class=\"wp-block-image\"><img decoding=\"async\" src=\"https:\/\/gemeinsam-fuer-dernbach.de\/wp-content\/uploads\/2023\/11\/electric-car-4381728_1280-768x512.jpg\" alt=\"\"\/><\/figure>\n\n\n\n<figure class=\"wp-block-image\"><img decoding=\"async\" src=\"https:\/\/gemeinsam-fuer-dernbach.de\/wp-content\/uploads\/2023\/11\/solar-2955323_1280-768x510.jpg\" alt=\"\"\/><\/figure>\n\n\n\n<p class=\"wp-block-paragraph\"><br><\/p>\n\n\n\n<h3 class=\"wp-block-heading\"><b>Energiewende, \u0437\u0430\u0445\u0438\u0441\u0442 \u043f\u0440\u0438\u0440\u043e\u0434\u0438 \u0442\u0430 \u043a\u043b\u0456\u043c\u0430\u0442\u0443<\/b><\/h3>\n\n\n\n<p class=\"wp-block-paragraph\">\u0417\u0430\u0445\u0438\u0441\u0442 \u043a\u043b\u0456\u043c\u0430\u0442\u0443 \u0454 \u0433\u043b\u043e\u0431\u0430\u043b\u044c\u043d\u0438\u043c \u0456 \u043f\u043e\u0447\u0438\u043d\u0430\u0454\u0442\u044c\u0441\u044f \u043d\u0430 \u043c\u0456\u0441\u0446\u0435\u0432\u043e\u043c\u0443 \u0440\u0456\u0432\u043d\u0456. \u041c\u0438 \u0442\u0430\u043a\u043e\u0436 \u0445\u043e\u0447\u0435\u043c\u043e \u0437\u0440\u043e\u0431\u0438\u0442\u0438 \u0441\u0432\u0456\u0439 \u0432\u043d\u0435\u0441\u043e\u043a \u0443 \u0442\u0435, \u0449\u043e\u0431 \u0441\u0442\u0430\u0442\u0438 \u043c\u0430\u043a\u0441\u0438\u043c\u0430\u043b\u044c\u043d\u043e \u043d\u0435\u0439\u0442\u0440\u0430\u043b\u044c\u043d\u0438\u043c \u043a\u043b\u0456\u043c\u0430\u0442\u043e\u043c \u0442\u0430 \u0435\u043d\u0435\u0440\u0433\u0435\u0442\u0438\u043a\u043e\u044e. \u0422\u0435\u043f\u0435\u0440 \u043c\u0438 \u043c\u043e\u0436\u0435\u043c\u043e \u0432\u0441\u0442\u0430\u043d\u043e\u0432\u0438\u0442\u0438 \u043a\u0443\u0440\u0441 \u043d\u0430 \u0446\u0435 \u0456 \u0432\u043f\u0440\u043e\u0432\u0430\u0434\u0438\u0442\u0438 \u0440\u0456\u0437\u043d\u0456 \u0437\u0430\u0445\u043e\u0434\u0438, \u0442\u0430\u043a\u0456 \u044f\u043a...<\/p>\n\n\n\n<ul class=\"wp-block-list\">\n<li><strong>\u041e\u0440\u0456\u0454\u043d\u0442\u043e\u0432\u0430\u043d\u0435 \u043d\u0430 \u0433\u0440\u043e\u043c\u0430\u0434\u044f\u043d\u0441\u044c\u043a\u0435 \u043f\u043b\u0430\u043d\u0443\u0432\u0430\u043d\u043d\u044f \u0442\u0435\u043f\u043b\u0430<\/strong><\/li>\n\n\n\n<li><strong>\u0412\u0438\u043a\u043e\u0440\u0438\u0441\u0442\u043e\u0432\u0443\u0439\u0442\u0435 \u043c\u0456\u0441\u0446\u0435\u0432\u0456 \u0440\u0435\u0441\u0443\u0440\u0441\u0438 \u0441\u0442\u0456\u0439\u043a\u043e \u0456 \u043e\u0445\u043e\u0440\u043e\u043d\u044f\u0439\u0442\u0435 \u043f\u0440\u0438\u0440\u043e\u0434\u0443<\/strong><\/li>\n\n\n\n<li><strong>\u0406\u043d\u0456\u0446\u0456\u044e\u0432\u0430\u043d\u043d\u044f \u043a\u043e\u043e\u043f\u0435\u0440\u0430\u0442\u0438\u0432\u0443 \u0433\u0440\u043e\u043c\u0430\u0434\u044f\u043d\u0441\u044c\u043a\u0430 \u0435\u043d\u0435\u0440\u0433\u0435\u0442\u0438\u043a\u0430<\/strong><\/li>\n<\/ul>","protected":false},"excerpt":{"rendered":"<p>\u041c\u0438 \u0445\u043e\u0447\u0435\u043c\u043e \u0440\u043e\u0437\u0432\u0438\u0442\u043a\u0443 \u0441\u0435\u043b\u0430 \u0437 \u043f\u043e\u0447\u0443\u0442\u0442\u044f\u043c \u043c\u0456\u0440\u0438 \u0456 \u043c\u0430\u0439\u0431\u0443\u0442\u043d\u044c\u043e\u0433\u043e \u0456 \u0442\u0438\u043c \u0441\u0430\u043c\u0438\u043c \u0437\u043c\u0456\u0446\u043d\u044e\u0432\u0430\u0442\u0438 \u0433\u0440\u043e\u043c\u0430\u0434\u0443 \u043c\u0456\u0436 \u043f\u043e\u043a\u043e\u043b\u0456\u043d\u043d\u044f\u043c\u0438. \u0414\u0430\u0432\u0430\u0439\u0442\u0435 \u043f\u0440\u0438\u043a\u0440\u0430\u0441\u0438\u0442\u0438 \u043d\u0435\u0432\u0438\u043a\u043e\u0440\u0438\u0441\u0442\u0430\u043d\u0456 \u043c\u0456\u0441\u0446\u044f \u0456 \u043f\u0435\u0440\u0435\u0442\u0432\u043e\u0440\u0438\u0442\u0438 \u0457\u0445 \u0432 \u043c\u0456\u0441\u0446\u044f\u0445, \u0434\u0435 [...]<\/p>","protected":false},"author":1,"featured_media":0,"parent":0,"menu_order":0,"comment_status":"closed","ping_status":"closed","template":"page-no-title","meta":{"_price":"","_stock":"","_tribe_ticket_header":"","_tribe_default_ticket_provider":"","_tribe_ticket_capacity":"0","_ticket_start_date":"","_ticket_end_date":"","_tribe_ticket_show_description":"","_tribe_ticket_show_not_going":false,"_tribe_ticket_use_global_stock":"","_tribe_ticket_global_stock_level":"","_global_stock_mode":"","_global_stock_cap":"","_tribe_rsvp_for_event":"","_tribe_ticket_going_count":"","_tribe_ticket_not_going_count":"","_tribe_tickets_list":"[]","_tribe_ticket_has_attendee_info_fields":false,"_EventAllDay":false,"_EventTimezone":"","_EventStartDate":"","_EventEndDate":"","_EventStartDateUTC":"","_EventEndDateUTC":"","_EventShowMap":false,"_EventShowMapLink":false,"_EventURL":"","_EventCost":"","_EventCostDescription":"","_EventCurrencySymbol":"","_EventCurrencyCode":"","_EventCurrencyPosition":"","_EventDateTimeSeparator":"","_EventTimeRangeSeparator":"","_EventOrganizerID":[],"_EventVenueID":[],"_OrganizerEmail":"","_OrganizerPhone":"","_OrganizerWebsite":"","_VenueAddress":"","_VenueCity":"","_VenueCountry":"","_VenueProvince":"","_VenueState":"","_VenueZip":"","_VenuePhone":"","_VenueURL":"","_VenueStateProvince":"","_VenueLat":"","_VenueLng":"","_VenueShowMap":false,"_VenueShowMapLink":false,"footnotes":"","_tec_slr_enabled":"","_tec_slr_layout":""},"class_list":["post-30","page","type-page","status-publish","hentry"],"aioseo_notices":[],"aioseo_head":"\n\t\t<!-- All in One SEO 5.0.1.1 - aioseo.com -->\n\t<meta name=\"description\" content=\"Dorfentwicklung &amp; Dorfleben Wir m\u00f6chten eine Dorfentwicklung mit Augenma\u00df und Zukunft und dabei die Gemeinschaft zwischen den Generationen st\u00e4rken. Versch\u00f6nern wir die ungenutzten Pl\u00e4tze und machen sie zu Orten, an denen man sich gerne aufhalten m\u00f6chte \u2026 Weiterentwicklung eines nachhaltigen Gewerbegebietes Schaffung weiterer Wohngebiete Gemeinschaft durch Dorffeste n\u00e4her zusammenbringen Zukunftswerkstatt f\u00fcr die Gestaltung des Zentrums\" \/>\n\t<meta name=\"robots\" content=\"max-image-preview:large\" \/>\n\t<link rel=\"canonical\" href=\"https:\/\/gemeinsam-fuer-dernbach.de\/uk\/unsere-ziele\" \/>\n\t<meta name=\"generator\" content=\"All in One SEO (AIOSEO) 5.0.1.1\" \/>\n\t\t<meta property=\"og:locale\" content=\"uk_UA\" \/>\n\t\t<meta property=\"og:site_name\" content=\"Gemeinsam f\u00fcr Dernbach - Gemeinsam f\u00fcr Dernbach - Website der W\u00e4hlergruppe Jankowitsch\" \/>\n\t\t<meta property=\"og:type\" content=\"article\" \/>\n\t\t<meta property=\"og:title\" content=\"Unsere Ziele - Gemeinsam f\u00fcr Dernbach\" \/>\n\t\t<meta property=\"og:description\" content=\"Dorfentwicklung &amp; Dorfleben Wir m\u00f6chten eine Dorfentwicklung mit Augenma\u00df und Zukunft und dabei die Gemeinschaft zwischen den Generationen st\u00e4rken. Versch\u00f6nern wir die ungenutzten Pl\u00e4tze und machen sie zu Orten, an denen man sich gerne aufhalten m\u00f6chte \u2026 Weiterentwicklung eines nachhaltigen Gewerbegebietes Schaffung weiterer Wohngebiete Gemeinschaft durch Dorffeste n\u00e4her zusammenbringen Zukunftswerkstatt f\u00fcr die Gestaltung des Zentrums\" \/>\n\t\t<meta property=\"og:url\" content=\"https:\/\/gemeinsam-fuer-dernbach.de\/uk\/unsere-ziele\" \/>\n\t\t<meta property=\"og:image\" content=\"https:\/\/gemeinsam-fuer-dernbach.de\/wp-content\/uploads\/2024\/12\/cropped-Button.png\" \/>\n\t\t<meta property=\"og:image:secure_url\" content=\"https:\/\/gemeinsam-fuer-dernbach.de\/wp-content\/uploads\/2024\/12\/cropped-Button.png\" \/>\n\t\t<meta property=\"og:image:width\" content=\"512\" \/>\n\t\t<meta property=\"og:image:height\" content=\"512\" \/>\n\t\t<meta property=\"article:published_time\" content=\"2023-11-18T13:15:14+00:00\" \/>\n\t\t<meta property=\"article:modified_time\" content=\"2025-03-07T19:06:23+00:00\" \/>\n\t\t<meta property=\"article:publisher\" content=\"https:\/\/www.facebook.com\/gemeinsam.fuer.dernbach\/\" \/>\n\t\t<meta name=\"twitter:card\" content=\"summary_large_image\" \/>\n\t\t<meta name=\"twitter:title\" content=\"Unsere Ziele - Gemeinsam f\u00fcr Dernbach\" \/>\n\t\t<meta name=\"twitter:description\" content=\"Dorfentwicklung &amp; Dorfleben Wir m\u00f6chten eine Dorfentwicklung mit Augenma\u00df und Zukunft und dabei die Gemeinschaft zwischen den Generationen st\u00e4rken. Versch\u00f6nern wir die ungenutzten Pl\u00e4tze und machen sie zu Orten, an denen man sich gerne aufhalten m\u00f6chte \u2026 Weiterentwicklung eines nachhaltigen Gewerbegebietes Schaffung weiterer Wohngebiete Gemeinschaft durch Dorffeste n\u00e4her zusammenbringen Zukunftswerkstatt f\u00fcr die Gestaltung des Zentrums\" \/>\n\t\t<meta name=\"twitter:image\" content=\"https:\/\/gemeinsam-fuer-dernbach.de\/wp-content\/uploads\/2024\/12\/cropped-Button.png\" \/>\n\t\t<script type=\"application\/ld+json\" class=\"aioseo-schema\">\n\t\t\t{\"@context\":\"https:\\\/\\\/schema.org\",\"@graph\":[{\"@type\":\"BreadcrumbList\",\"@id\":\"https:\\\/\\\/gemeinsam-fuer-dernbach.de\\\/uk\\\/unsere-ziele#breadcrumblist\",\"itemListElement\":[{\"@type\":\"ListItem\",\"@id\":\"https:\\\/\\\/gemeinsam-fuer-dernbach.de\\\/uk#listItem\",\"position\":1,\"name\":\"Home\",\"item\":\"https:\\\/\\\/gemeinsam-fuer-dernbach.de\\\/uk\",\"nextItem\":{\"@type\":\"ListItem\",\"@id\":\"https:\\\/\\\/gemeinsam-fuer-dernbach.de\\\/uk\\\/unsere-ziele#listItem\",\"name\":\"Unsere Ziele\"}},{\"@type\":\"ListItem\",\"@id\":\"https:\\\/\\\/gemeinsam-fuer-dernbach.de\\\/uk\\\/unsere-ziele#listItem\",\"position\":2,\"name\":\"Unsere Ziele\",\"previousItem\":{\"@type\":\"ListItem\",\"@id\":\"https:\\\/\\\/gemeinsam-fuer-dernbach.de\\\/uk#listItem\",\"name\":\"Home\"}}]},{\"@type\":\"Organization\",\"@id\":\"https:\\\/\\\/gemeinsam-fuer-dernbach.de\\\/uk\\\/#organization\",\"name\":\"Gemeinsam f\\u00fcr Dernbach\",\"description\":\"Gemeinsam f\\u00fcr Dernbach - Website der W\\u00e4hlergruppe Jankowitsch\",\"url\":\"https:\\\/\\\/gemeinsam-fuer-dernbach.de\\\/uk\\\/\",\"logo\":{\"@type\":\"ImageObject\",\"url\":\"https:\\\/\\\/gemeinsam-fuer-dernbach.de\\\/wp-content\\\/uploads\\\/2024\\\/12\\\/cropped-Button.png\",\"@id\":\"https:\\\/\\\/gemeinsam-fuer-dernbach.de\\\/uk\\\/unsere-ziele\\\/#organizationLogo\",\"width\":512,\"height\":512,\"caption\":\"Gemeinsam f\\u00fcr Dernbach\"},\"image\":{\"@id\":\"https:\\\/\\\/gemeinsam-fuer-dernbach.de\\\/uk\\\/unsere-ziele\\\/#organizationLogo\"},\"sameAs\":[\"https:\\\/\\\/www.facebook.com\\\/gemeinsam.fuer.dernbach\\\/\",\"https:\\\/\\\/www.instagram.com\\\/gemeinsam_fuer_dernbach\\\/\"]},{\"@type\":\"WebPage\",\"@id\":\"https:\\\/\\\/gemeinsam-fuer-dernbach.de\\\/uk\\\/unsere-ziele#webpage\",\"url\":\"https:\\\/\\\/gemeinsam-fuer-dernbach.de\\\/uk\\\/unsere-ziele\",\"name\":\"Unsere Ziele - Gemeinsam f\\u00fcr Dernbach\",\"description\":\"Dorfentwicklung & Dorfleben Wir m\\u00f6chten eine Dorfentwicklung mit Augenma\\u00df und Zukunft und dabei die Gemeinschaft zwischen den Generationen st\\u00e4rken. Versch\\u00f6nern wir die ungenutzten Pl\\u00e4tze und machen sie zu Orten, an denen man sich gerne aufhalten m\\u00f6chte \\u2026 Weiterentwicklung eines nachhaltigen Gewerbegebietes Schaffung weiterer Wohngebiete Gemeinschaft durch Dorffeste n\\u00e4her zusammenbringen Zukunftswerkstatt f\\u00fcr die Gestaltung des Zentrums\",\"inLanguage\":\"uk\",\"isPartOf\":{\"@id\":\"https:\\\/\\\/gemeinsam-fuer-dernbach.de\\\/uk\\\/#website\"},\"breadcrumb\":{\"@id\":\"https:\\\/\\\/gemeinsam-fuer-dernbach.de\\\/uk\\\/unsere-ziele#breadcrumblist\"},\"datePublished\":\"2023-11-18T14:15:14+01:00\",\"dateModified\":\"2025-03-07T20:06:23+01:00\"},{\"@type\":\"WebSite\",\"@id\":\"https:\\\/\\\/gemeinsam-fuer-dernbach.de\\\/uk\\\/#website\",\"url\":\"https:\\\/\\\/gemeinsam-fuer-dernbach.de\\\/uk\\\/\",\"name\":\"Gemeinsam f\\u00fcr Dernbach\",\"description\":\"Gemeinsam f\\u00fcr Dernbach - Website der W\\u00e4hlergruppe Jankowitsch\",\"inLanguage\":\"uk\",\"publisher\":{\"@id\":\"https:\\\/\\\/gemeinsam-fuer-dernbach.de\\\/uk\\\/#organization\"}}]}\n\t\t<\/script>\n\t\t<!-- All in One SEO -->\n\n","aioseo_head_json":{"title":"Unsere Ziele - Gemeinsam f\u00fcr Dernbach","description":"Dorfentwicklung & Dorfleben Wir m\u00f6chten eine Dorfentwicklung mit Augenma\u00df und Zukunft und dabei die Gemeinschaft zwischen den Generationen st\u00e4rken. Versch\u00f6nern wir die ungenutzten Pl\u00e4tze und machen sie zu Orten, an denen man sich gerne aufhalten m\u00f6chte \u2026 Weiterentwicklung eines nachhaltigen Gewerbegebietes Schaffung weiterer Wohngebiete Gemeinschaft durch Dorffeste n\u00e4her zusammenbringen Zukunftswerkstatt f\u00fcr die Gestaltung des Zentrums","canonical_url":"https:\/\/gemeinsam-fuer-dernbach.de\/uk\/unsere-ziele","robots":"max-image-preview:large","keywords":"","webmasterTools":{"miscellaneous":""},"schema":{"@context":"https:\/\/schema.org","@graph":[{"@type":"BreadcrumbList","@id":"https:\/\/gemeinsam-fuer-dernbach.de\/uk\/unsere-ziele#breadcrumblist","itemListElement":[{"@type":"ListItem","@id":"https:\/\/gemeinsam-fuer-dernbach.de\/uk#listItem","position":1,"name":"Home","item":"https:\/\/gemeinsam-fuer-dernbach.de\/uk","nextItem":{"@type":"ListItem","@id":"https:\/\/gemeinsam-fuer-dernbach.de\/uk\/unsere-ziele#listItem","name":"Unsere Ziele"}},{"@type":"ListItem","@id":"https:\/\/gemeinsam-fuer-dernbach.de\/uk\/unsere-ziele#listItem","position":2,"name":"Unsere Ziele","previousItem":{"@type":"ListItem","@id":"https:\/\/gemeinsam-fuer-dernbach.de\/uk#listItem","name":"Home"}}]},{"@type":"Organization","@id":"https:\/\/gemeinsam-fuer-dernbach.de\/uk\/#organization","name":"Gemeinsam f\u00fcr Dernbach","description":"Gemeinsam f\u00fcr Dernbach - Website der W\u00e4hlergruppe Jankowitsch","url":"https:\/\/gemeinsam-fuer-dernbach.de\/uk\/","logo":{"@type":"ImageObject","url":"https:\/\/gemeinsam-fuer-dernbach.de\/wp-content\/uploads\/2024\/12\/cropped-Button.png","@id":"https:\/\/gemeinsam-fuer-dernbach.de\/uk\/unsere-ziele\/#organizationLogo","width":512,"height":512,"caption":"Gemeinsam f\u00fcr Dernbach"},"image":{"@id":"https:\/\/gemeinsam-fuer-dernbach.de\/uk\/unsere-ziele\/#organizationLogo"},"sameAs":["https:\/\/www.facebook.com\/gemeinsam.fuer.dernbach\/","https:\/\/www.instagram.com\/gemeinsam_fuer_dernbach\/"]},{"@type":"WebPage","@id":"https:\/\/gemeinsam-fuer-dernbach.de\/uk\/unsere-ziele#webpage","url":"https:\/\/gemeinsam-fuer-dernbach.de\/uk\/unsere-ziele","name":"Unsere Ziele - Gemeinsam f\u00fcr Dernbach","description":"Dorfentwicklung & Dorfleben Wir m\u00f6chten eine Dorfentwicklung mit Augenma\u00df und Zukunft und dabei die Gemeinschaft zwischen den Generationen st\u00e4rken. Versch\u00f6nern wir die ungenutzten Pl\u00e4tze und machen sie zu Orten, an denen man sich gerne aufhalten m\u00f6chte \u2026 Weiterentwicklung eines nachhaltigen Gewerbegebietes Schaffung weiterer Wohngebiete Gemeinschaft durch Dorffeste n\u00e4her zusammenbringen Zukunftswerkstatt f\u00fcr die Gestaltung des Zentrums","inLanguage":"uk","isPartOf":{"@id":"https:\/\/gemeinsam-fuer-dernbach.de\/uk\/#website"},"breadcrumb":{"@id":"https:\/\/gemeinsam-fuer-dernbach.de\/uk\/unsere-ziele#breadcrumblist"},"datePublished":"2023-11-18T14:15:14+01:00","dateModified":"2025-03-07T20:06:23+01:00"},{"@type":"WebSite","@id":"https:\/\/gemeinsam-fuer-dernbach.de\/uk\/#website","url":"https:\/\/gemeinsam-fuer-dernbach.de\/uk\/","name":"Gemeinsam f\u00fcr Dernbach","description":"Gemeinsam f\u00fcr Dernbach - Website der W\u00e4hlergruppe Jankowitsch","inLanguage":"uk","publisher":{"@id":"https:\/\/gemeinsam-fuer-dernbach.de\/uk\/#organization"}}]},"og:locale":"uk_UA","og:site_name":"Gemeinsam f\u00fcr Dernbach - Gemeinsam f\u00fcr Dernbach - Website der W\u00e4hlergruppe Jankowitsch","og:type":"article","og:title":"Unsere Ziele - Gemeinsam f\u00fcr Dernbach","og:description":"Dorfentwicklung &amp; Dorfleben Wir m\u00f6chten eine Dorfentwicklung mit Augenma\u00df und Zukunft und dabei die Gemeinschaft zwischen den Generationen st\u00e4rken. Versch\u00f6nern wir die ungenutzten Pl\u00e4tze und machen sie zu Orten, an denen man sich gerne aufhalten m\u00f6chte \u2026 Weiterentwicklung eines nachhaltigen Gewerbegebietes Schaffung weiterer Wohngebiete Gemeinschaft durch Dorffeste n\u00e4her zusammenbringen Zukunftswerkstatt f\u00fcr die Gestaltung des Zentrums","og:url":"https:\/\/gemeinsam-fuer-dernbach.de\/uk\/unsere-ziele","og:image":"https:\/\/gemeinsam-fuer-dernbach.de\/wp-content\/uploads\/2024\/12\/cropped-Button.png","og:image:secure_url":"https:\/\/gemeinsam-fuer-dernbach.de\/wp-content\/uploads\/2024\/12\/cropped-Button.png","og:image:width":512,"og:image:height":512,"article:published_time":"2023-11-18T13:15:14+00:00","article:modified_time":"2025-03-07T19:06:23+00:00","article:publisher":"https:\/\/www.facebook.com\/gemeinsam.fuer.dernbach\/","twitter:card":"summary_large_image","twitter:title":"Unsere Ziele - Gemeinsam f\u00fcr Dernbach","twitter:description":"Dorfentwicklung &amp; Dorfleben Wir m\u00f6chten eine Dorfentwicklung mit Augenma\u00df und Zukunft und dabei die Gemeinschaft zwischen den Generationen st\u00e4rken. Versch\u00f6nern wir die ungenutzten Pl\u00e4tze und machen sie zu Orten, an denen man sich gerne aufhalten m\u00f6chte \u2026 Weiterentwicklung eines nachhaltigen Gewerbegebietes Schaffung weiterer Wohngebiete Gemeinschaft durch Dorffeste n\u00e4her zusammenbringen Zukunftswerkstatt f\u00fcr die Gestaltung des Zentrums","twitter:image":"https:\/\/gemeinsam-fuer-dernbach.de\/wp-content\/uploads\/2024\/12\/cropped-Button.png"},"aioseo_meta_data":{"post_id":"30","title":null,"description":null,"keywords":null,"keyphrases":null,"primary_term":null,"canonical_url":null,"og_title":null,"og_description":null,"og_object_type":"default","og_image_type":"default","og_image_url":null,"og_image_width":null,"og_image_height":null,"og_image_custom_url":null,"og_image_custom_fields":null,"og_video":null,"og_custom_url":null,"og_article_section":null,"og_article_tags":null,"twitter_use_og":false,"twitter_card":"default","twitter_image_type":"default","twitter_image_url":null,"twitter_image_custom_url":null,"twitter_image_custom_fields":null,"twitter_title":null,"twitter_description":null,"schema":{"blockGraphs":[],"customGraphs":[],"default":{"data":{"Article":[],"Course":[],"Dataset":[],"FAQPage":[],"Movie":[],"Person":[],"Product":[],"ProductReview":[],"Car":[],"Recipe":[],"Service":[],"SoftwareApplication":[],"WebPage":[]},"graphName":"","isEnabled":true},"graphs":[]},"schema_type":"default","schema_type_options":null,"pillar_content":false,"robots_default":true,"robots_noindex":false,"robots_noarchive":false,"robots_nosnippet":false,"robots_nofollow":false,"robots_noimageindex":false,"robots_noodp":false,"robots_notranslate":false,"robots_max_snippet":null,"robots_max_videopreview":null,"robots_max_imagepreview":"large","priority":null,"frequency":null,"local_seo":null,"breadcrumb_settings":null,"limit_modified_date":false,"ai":null,"created":"2025-06-24 20:04:01","updated":"2025-06-24 20:04:01","seo_analyzer_scan_date":null,"focus_keyword":null,"additional_keywords":null,"truseo_locale":null},"aioseo_breadcrumb":"<div class=\"aioseo-breadcrumbs\"><span class=\"aioseo-breadcrumb\">\n\t\t\t<a href=\"https:\/\/gemeinsam-fuer-dernbach.de\/uk\" title=\"Home\">Home<\/a>\n\t\t<\/span><span class=\"aioseo-breadcrumb-separator\">&raquo;<\/span><span class=\"aioseo-breadcrumb\">\n\t\t\tUnsere Ziele\n\t\t<\/span><\/div>","aioseo_breadcrumb_json":[{"label":"Home","link":"https:\/\/gemeinsam-fuer-dernbach.de\/uk"},{"label":"Unsere Ziele","link":"https:\/\/gemeinsam-fuer-dernbach.de\/uk\/unsere-ziele"}],"ticketed":false,"_links":{"self":[{"href":"https:\/\/gemeinsam-fuer-dernbach.de\/uk\/wp-json\/wp\/v2\/pages\/30","targetHints":{"allow":["GET"]}}],"collection":[{"href":"https:\/\/gemeinsam-fuer-dernbach.de\/uk\/wp-json\/wp\/v2\/pages"}],"about":[{"href":"https:\/\/gemeinsam-fuer-dernbach.de\/uk\/wp-json\/wp\/v2\/types\/page"}],"author":[{"embeddable":true,"href":"https:\/\/gemeinsam-fuer-dernbach.de\/uk\/wp-json\/wp\/v2\/users\/1"}],"replies":[{"embeddable":true,"href":"https:\/\/gemeinsam-fuer-dernbach.de\/uk\/wp-json\/wp\/v2\/comments?post=30"}],"version-history":[{"count":17,"href":"https:\/\/gemeinsam-fuer-dernbach.de\/uk\/wp-json\/wp\/v2\/pages\/30\/revisions"}],"predecessor-version":[{"id":1190,"href":"https:\/\/gemeinsam-fuer-dernbach.de\/uk\/wp-json\/wp\/v2\/pages\/30\/revisions\/1190"}],"wp:attachment":[{"href":"https:\/\/gemeinsam-fuer-dernbach.de\/uk\/wp-json\/wp\/v2\/media?parent=30"}],"curies":[{"name":"wp","href":"https:\/\/api.w.org\/{rel}","templated":true}]}}