{"id":1639,"date":"2026-02-18T22:34:09","date_gmt":"2026-02-18T21:34:09","guid":{"rendered":"https:\/\/gemeinsam-fuer-dernbach.de\/?post_type=tribe_events&#038;p=1639"},"modified":"2026-02-18T23:07:13","modified_gmt":"2026-02-18T22:07:13","slug":"ratssitzung-ortsgemeinderat-dernbach-2","status":"publish","type":"tribe_events","link":"https:\/\/gemeinsam-fuer-dernbach.de\/uk\/kalender\/ratssitzung-ortsgemeinderat-dernbach-2","title":{"rendered":"\u0417\u0430\u0441\u0456\u0434\u0430\u043d\u043d\u044f \u043c\u0456\u0441\u0446\u0435\u0432\u043e\u0457 \u0440\u0430\u0434\u0438 \u0414\u0435\u0440\u043d\u0431\u0430\u0445"},"content":{"rendered":"<p class=\"my-2 [&amp;+p]:mt-4 [&amp;_strong:has(+br)]:inline-block [&amp;_strong:has(+br)]:pb-2\">\u041d\u0430 \u043f\u0443\u0431\u043b\u0456\u0447\u043d\u043e\u043c\u0443 \u0437\u0430\u0441\u0456\u0434\u0430\u043d\u043d\u0456 \u043d\u0430\u0448\u0456 \u0437\u0430\u043f\u0438\u0442\u0438 \u0431\u0443\u0434\u0443\u0442\u044c \u043e\u0431\u0433\u043e\u0432\u043e\u0440\u0435\u043d\u0456 \u0442\u0430 \u0432\u0438\u0440\u0456\u0448\u0435\u043d\u0456:<\/p>\n<ul>\n<li class=\"my-2 [&amp;+p]:mt-4 [&amp;_strong:has(+br)]:inline-block [&amp;_strong:has(+br)]:pb-2\">\u0414\u043e\u0448\u043a\u0430 \u043e\u0433\u043e\u043b\u043e\u0448\u0435\u043d\u044c \u04103\/\u041048 \"\u041a\u043b\u043e\u0441\u0442\u0435\u0440 \u0414\u0435\u0440\u043d\u0431\u0430\u0445\";<\/li>\n<li>\u041f\u043e\u0434\u044f\u043a\u0430 \u0441\u0432\u044f\u0442\u043e\u0457 \u041a\u0430\u0442\u0435\u0440\u0438\u043d\u0438 \u041a\u0430\u0441\u043f\u0435\u0440;<\/li>\n<li>\u041f\u0456\u0434\u0432\u0438\u0449\u0435\u043d\u043d\u044f \u0431\u0435\u0437\u043f\u0435\u043a\u0438 \u0434\u043e\u0440\u043e\u0436\u043d\u044c\u043e\u0433\u043e \u0440\u0443\u0445\u0443 (\u041a148, \u041b312);<\/li>\n<li>\u0441\u0442\u0430\u043d\u0446\u0456\u044f \u0440\u0435\u043c\u043e\u043d\u0442\u0443 \u0432\u0435\u043b\u043e\u0441\u0438\u043f\u0435\u0434\u0456\u0432;<\/li>\n<li>\u0415\u043b\u0435\u043a\u0442\u0440\u0438\u0447\u043d\u0430 \u0440\u043e\u0437\u043f\u043e\u0434\u0456\u043b\u044c\u043d\u0430 \u043a\u043e\u0440\u043e\u0431\u043a\u0430 \u043d\u0430 Laurentiusplatz.<\/li>\n<\/ul>\n<p class=\"my-2 [&amp;+p]:mt-4 [&amp;_strong:has(+br)]:inline-block [&amp;_strong:has(+br)]:pb-2\">\u041f\u0435\u0440\u0435\u0434\u0443\u043c\u043e\u0432\u043e\u044e \u0454 \u0442\u0435, \u0449\u043e \u0434\u043e 20 \u0431\u0435\u0440\u0435\u0437\u043d\u044f 2026 \u0440\u043e\u043a\u0443 \u043d\u0435\u043e\u0431\u0445\u0456\u0434\u043d\u043e \u043f\u0456\u0434\u0433\u043e\u0442\u0443\u0432\u0430\u0442\u0438 \u043a\u0456\u043b\u044c\u043a\u0430 \u0432\u0430\u0436\u043b\u0438\u0432\u0438\u0445 \u043f\u0440\u043e\u0435\u043a\u0442\u0456\u0432, \u043d\u0430 \u044f\u043a\u0456 \u041b\u0406\u0414\u0415\u0420 \u043c\u043e\u0436\u0435 \u043f\u043e\u0434\u0430\u0442\u0438 \u0437\u0430\u044f\u0432\u043a\u0443 \u043d\u0430 \u0444\u0456\u043d\u0430\u043d\u0441\u0443\u0432\u0430\u043d\u043d\u044f.<\/p>\n<p>\u041d\u0430\u0448\u0456 \u0437\u0430\u044f\u0432\u043a\u0438 \u0437\u043d\u0430\u0445\u043e\u0434\u044f\u0442\u044c\u0441\u044f \u043d\u0430 \u0441\u0442\u043e\u0440\u0456\u043d\u0446\u0456  \u2047<a href=\"https:\/\/gemeinsam-fuer-dernbach.de\/uk\/initiativen\/\">\u0456\u043d\u0456\u0446\u0456\u0430\u0442\u0438\u0432\u0438<\/a>\u2047  \u043c\u043e\u0436\u043d\u0430 \u043e\u043f\u0438\u0441\u0430\u0442\u0438 \u0456 \u0437\u0430\u0432\u0430\u043d\u0442\u0430\u0436\u0438\u0442\u0438.<\/p>\n<p class=\"my-2 [&amp;+p]:mt-4 [&amp;_strong:has(+br)]:inline-block [&amp;_strong:has(+br)]:pb-2\">\u0429\u0438\u0440\u043e \u0437\u0430\u043f\u0440\u043e\u0448\u0443\u0454\u043c\u043e \u0432\u0441\u0456\u0445 \u0433\u0440\u043e\u043c\u0430\u0434\u044f\u043d \u0432\u0437\u044f\u0442\u0438 \u0443\u0447\u0430\u0441\u0442\u044c \u0443 \u0432\u0456\u0434\u043a\u0440\u0438\u0442\u043e\u043c\u0443 \u0437\u0430\u0441\u0456\u0434\u0430\u043d\u043d\u0456, \u043f\u0440\u043e\u0456\u043d\u0444\u043e\u0440\u043c\u0443\u0432\u0430\u0442\u0438 \u0441\u0435\u0431\u0435 \u0442\u0430 \u0441\u043b\u0456\u0434\u043a\u0443\u0432\u0430\u0442\u0438 \u0437\u0430 \u043e\u0431\u0433\u043e\u0432\u043e\u0440\u0435\u043d\u043d\u044f\u043c\u0438 \u0432 \u0420\u0430\u0434\u0456.<\/p>\n<p>\u041e\u043d\u043e\u0432\u043b\u0435\u043d\u043d\u044f \u043c\u043e\u0436\u043d\u0430 \u0437\u043d\u0430\u0439\u0442\u0438 \u0432 <a href=\"https:\/\/wirges.gremien.info\/meeting\/4853\">\u0406\u043d\u0444\u043e\u0440\u043c\u0430\u0446\u0456\u0439\u043d\u0430 \u0441\u0438\u0441\u0442\u0435\u043c\u0430 \u0420\u0430\u0434\u0438<\/a>.<\/p>","protected":false},"excerpt":{"rendered":"<p>\u041d\u0430 \u043f\u0443\u0431\u043b\u0456\u0447\u043d\u043e\u043c\u0443 \u0437\u0430\u0441\u0456\u0434\u0430\u043d\u043d\u0456 \u043d\u0430\u0448\u0456 \u0437\u0430\u043f\u0438\u0442\u0438 \u0431\u0443\u0434\u0443\u0442\u044c \u043e\u0431\u0433\u043e\u0432\u043e\u0440\u0435\u043d\u0456 \u0442\u0430 \u0432\u0438\u0440\u0456\u0448\u0435\u043d\u0456: \u0414\u043e\u0448\u043a\u0430 \u043e\u0433\u043e\u043b\u043e\u0448\u0435\u043d\u044c \u04103\/\u041048 \"\u041a\u043b\u043e\u0441\u0442\u0435\u0440 \u0414\u0435\u0440\u043d\u0431\u0430\u0445\"; \u041f\u043e\u0434\u044f\u043a\u0430 \u0441\u0432\u044f\u0442\u043e\u0457 \u041a\u0430\u0442\u0435\u0440\u0438\u043d\u0438 \u041a\u0430\u0441\u043f\u0435\u0440; \u041f\u0456\u0434\u0432\u0438\u0449\u0435\u043d\u043d\u044f \u0431\u0435\u0437\u043f\u0435\u043a\u0438 \u0434\u043e\u0440\u043e\u0436\u043d\u044c\u043e\u0433\u043e \u0440\u0443\u0445\u0443 (\u041a148, \u041b312); \u0441\u0442\u0430\u043d\u0446\u0456\u044f \u0440\u0435\u043c\u043e\u043d\u0442\u0443 \u0432\u0435\u043b\u043e\u0441\u0438\u043f\u0435\u0434\u0456\u0432; \u0415\u043b\u0435\u043a\u0442\u0440\u0438\u0447\u043d\u0430 \u0440\u043e\u0437\u043f\u043e\u0434\u0456\u043b\u044c\u043d\u0430 \u043a\u043e\u0440\u043e\u0431\u043a\u0430 \u043d\u0430 Laurentiusplatz. \u041f\u0440\u0438\u0447\u0438\u043d\u0430 \u0432 \u0442\u043e\u043c\u0443, \u0449\u043e \u043a\u0456\u043b\u044c\u043a\u0430 [...]<\/p>","protected":false},"author":2,"featured_media":1607,"template":"","meta":{"_price":"","_stock":"","_tribe_ticket_header":"","_tribe_default_ticket_provider":"","_tribe_ticket_capacity":"0","_ticket_start_date":"","_ticket_end_date":"","_tribe_ticket_show_description":"","_tribe_ticket_show_not_going":false,"_tribe_ticket_use_global_stock":"","_tribe_ticket_global_stock_level":"","_global_stock_mode":"","_global_stock_cap":"","_tribe_rsvp_for_event":"","_tribe_ticket_going_count":"","_tribe_ticket_not_going_count":"","_tribe_tickets_list":"[]","_tribe_ticket_has_attendee_info_fields":false,"_EventAllDay":false,"_EventTimezone":"UTC+1","_EventStartDate":"2026-02-25 19:00:00","_EventEndDate":"2026-02-25 21:00:00","_EventStartDateUTC":"2026-02-25 18:00:00","_EventEndDateUTC":"2026-02-25 20:00:00","_EventShowMap":true,"_EventShowMapLink":true,"_EventURL":"","_EventCost":"","_EventCostDescription":"","_EventCurrencySymbol":"","_EventCurrencyCode":"","_EventCurrencyPosition":"","_EventDateTimeSeparator":"","_EventTimeRangeSeparator":"","_EventOrganizerID":[],"_EventVenueID":[1295],"_OrganizerEmail":"","_OrganizerPhone":"","_OrganizerWebsite":"","_VenueAddress":"","_VenueCity":"","_VenueCountry":"","_VenueProvince":"","_VenueState":"","_VenueZip":"","_VenuePhone":"","_VenueURL":"","_VenueStateProvince":"","_VenueLat":"","_VenueLng":"","_VenueShowMap":false,"_VenueShowMapLink":false,"_tribe_events_status":"","_tribe_events_status_reason":"","footnotes":"","_tec_slr_enabled":"","_tec_slr_layout":""},"tags":[112,87,89,97,12,17,154,155],"tribe_events_cat":[40],"class_list":["post-1639","tribe_events","type-tribe_events","status-publish","has-post-thumbnail","hentry","tag-buergerbeteiligung","tag-buergerfruehstueck","tag-ehrenamt","tag-freizeit","tag-gemeinsam-fuer-dernbach","tag-ortsgemeinderat","tag-radwege","tag-tourismus","tribe_events_cat-ortsgemeinderat","cat_ortsgemeinderat"],"aioseo_notices":[],"aioseo_head":"\n\t\t<!-- All in One SEO 5.0.1.1 - aioseo.com -->\n\t<meta name=\"description\" content=\"In \u00f6ffentlicher Sitzung wird \u00fcber unsere Antr\u00e4ge beraten und beschlossen: A3\/A48-Hinweistafel &quot;Kloster Dernbach&quot;; W\u00fcrdigung der heiligen Katharina Kasper; Verbesserte Verkehrssicherheit (K148, L312); Fahrradreparaturstation; Elektro-Verteilerkastens am Laurentiusplatz. Hintergrund ist, dass mehrere wichtige Projekte fristgerecht vorbereitet werden m\u00fcssen, f\u00fcr die bis zum 20. M\u00e4rz 2026 LEADER-F\u00f6rdermittel beantragt werden k\u00f6nnen. Unsere Antr\u00e4ge sind auf der Seite &quot;Initiativen&quot; beschrieben\" \/>\n\t<meta name=\"robots\" content=\"max-image-preview:large\" \/>\n\t<meta name=\"author\" content=\"GfD_Manuel\"\/>\n\t<link rel=\"canonical\" href=\"https:\/\/gemeinsam-fuer-dernbach.de\/uk\/kalender\/ratssitzung-ortsgemeinderat-dernbach-2\" \/>\n\t<meta name=\"generator\" content=\"All in One SEO (AIOSEO) 5.0.1.1\" \/>\n\t\t<meta property=\"og:locale\" content=\"uk_UA\" \/>\n\t\t<meta property=\"og:site_name\" content=\"Gemeinsam f\u00fcr Dernbach - Gemeinsam f\u00fcr Dernbach - Website der W\u00e4hlergruppe Jankowitsch\" \/>\n\t\t<meta property=\"og:type\" content=\"article\" \/>\n\t\t<meta property=\"og:title\" content=\"Ratssitzung Ortsgemeinderat Dernbach - Gemeinsam f\u00fcr Dernbach\" \/>\n\t\t<meta property=\"og:description\" content=\"In \u00f6ffentlicher Sitzung wird \u00fcber unsere Antr\u00e4ge beraten und beschlossen: A3\/A48-Hinweistafel &quot;Kloster Dernbach&quot;; W\u00fcrdigung der heiligen Katharina Kasper; Verbesserte Verkehrssicherheit (K148, L312); Fahrradreparaturstation; Elektro-Verteilerkastens am Laurentiusplatz. Hintergrund ist, dass mehrere wichtige Projekte fristgerecht vorbereitet werden m\u00fcssen, f\u00fcr die bis zum 20. M\u00e4rz 2026 LEADER-F\u00f6rdermittel beantragt werden k\u00f6nnen. Unsere Antr\u00e4ge sind auf der Seite &quot;Initiativen&quot; beschrieben\" \/>\n\t\t<meta property=\"og:url\" content=\"https:\/\/gemeinsam-fuer-dernbach.de\/uk\/kalender\/ratssitzung-ortsgemeinderat-dernbach-2\" \/>\n\t\t<meta property=\"og:image\" content=\"https:\/\/gemeinsam-fuer-dernbach.de\/wp-content\/uploads\/2024\/12\/cropped-Button.png\" \/>\n\t\t<meta property=\"og:image:secure_url\" content=\"https:\/\/gemeinsam-fuer-dernbach.de\/wp-content\/uploads\/2024\/12\/cropped-Button.png\" \/>\n\t\t<meta property=\"og:image:width\" content=\"512\" \/>\n\t\t<meta property=\"og:image:height\" content=\"512\" \/>\n\t\t<meta property=\"article:published_time\" content=\"2026-02-18T21:34:09+00:00\" \/>\n\t\t<meta property=\"article:modified_time\" content=\"2026-02-18T22:07:13+00:00\" \/>\n\t\t<meta property=\"article:publisher\" content=\"https:\/\/www.facebook.com\/gemeinsam.fuer.dernbach\/\" \/>\n\t\t<meta name=\"twitter:card\" content=\"summary_large_image\" \/>\n\t\t<meta name=\"twitter:title\" content=\"Ratssitzung Ortsgemeinderat Dernbach - Gemeinsam f\u00fcr Dernbach\" \/>\n\t\t<meta name=\"twitter:description\" content=\"In \u00f6ffentlicher Sitzung wird \u00fcber unsere Antr\u00e4ge beraten und beschlossen: A3\/A48-Hinweistafel &quot;Kloster Dernbach&quot;; W\u00fcrdigung der heiligen Katharina Kasper; Verbesserte Verkehrssicherheit (K148, L312); Fahrradreparaturstation; Elektro-Verteilerkastens am Laurentiusplatz. Hintergrund ist, dass mehrere wichtige Projekte fristgerecht vorbereitet werden m\u00fcssen, f\u00fcr die bis zum 20. M\u00e4rz 2026 LEADER-F\u00f6rdermittel beantragt werden k\u00f6nnen. Unsere Antr\u00e4ge sind auf der Seite &quot;Initiativen&quot; beschrieben\" \/>\n\t\t<meta name=\"twitter:image\" content=\"https:\/\/gemeinsam-fuer-dernbach.de\/wp-content\/uploads\/2024\/12\/cropped-Button.png\" \/>\n\t\t<script type=\"application\/ld+json\" class=\"aioseo-schema\">\n\t\t\t{\"@context\":\"https:\\\/\\\/schema.org\",\"@graph\":[{\"@type\":\"BreadcrumbList\",\"@id\":\"https:\\\/\\\/gemeinsam-fuer-dernbach.de\\\/uk\\\/kalender\\\/ratssitzung-ortsgemeinderat-dernbach-2#breadcrumblist\",\"itemListElement\":[{\"@type\":\"ListItem\",\"@id\":\"https:\\\/\\\/gemeinsam-fuer-dernbach.de\\\/uk#listItem\",\"position\":1,\"name\":\"Home\",\"item\":\"https:\\\/\\\/gemeinsam-fuer-dernbach.de\\\/uk\",\"nextItem\":{\"@type\":\"ListItem\",\"@id\":\"https:\\\/\\\/gemeinsam-fuer-dernbach.de\\\/uk\\\/kalender\\\/#listItem\",\"name\":\"\\u041f\\u043e\\u0434\\u0456\\u0457\"}},{\"@type\":\"ListItem\",\"@id\":\"https:\\\/\\\/gemeinsam-fuer-dernbach.de\\\/uk\\\/kalender\\\/#listItem\",\"position\":2,\"name\":\"\\u041f\\u043e\\u0434\\u0456\\u0457\",\"item\":\"https:\\\/\\\/gemeinsam-fuer-dernbach.de\\\/uk\\\/kalender\\\/\",\"nextItem\":{\"@type\":\"ListItem\",\"@id\":\"https:\\\/\\\/gemeinsam-fuer-dernbach.de\\\/uk\\\/tag\\\/gemeinsam-fuer-dernbach#listItem\",\"name\":\"Gemeinsam f\\u00fcr Dernbach\"},\"previousItem\":{\"@type\":\"ListItem\",\"@id\":\"https:\\\/\\\/gemeinsam-fuer-dernbach.de\\\/uk#listItem\",\"name\":\"Home\"}},{\"@type\":\"ListItem\",\"@id\":\"https:\\\/\\\/gemeinsam-fuer-dernbach.de\\\/uk\\\/tag\\\/gemeinsam-fuer-dernbach#listItem\",\"position\":3,\"name\":\"Gemeinsam f\\u00fcr Dernbach\",\"item\":\"https:\\\/\\\/gemeinsam-fuer-dernbach.de\\\/uk\\\/tag\\\/gemeinsam-fuer-dernbach\",\"nextItem\":{\"@type\":\"ListItem\",\"@id\":\"https:\\\/\\\/gemeinsam-fuer-dernbach.de\\\/uk\\\/kalender\\\/ratssitzung-ortsgemeinderat-dernbach-2#listItem\",\"name\":\"Ratssitzung Ortsgemeinderat Dernbach\"},\"previousItem\":{\"@type\":\"ListItem\",\"@id\":\"https:\\\/\\\/gemeinsam-fuer-dernbach.de\\\/uk\\\/kalender\\\/#listItem\",\"name\":\"\\u041f\\u043e\\u0434\\u0456\\u0457\"}},{\"@type\":\"ListItem\",\"@id\":\"https:\\\/\\\/gemeinsam-fuer-dernbach.de\\\/uk\\\/kalender\\\/ratssitzung-ortsgemeinderat-dernbach-2#listItem\",\"position\":4,\"name\":\"Ratssitzung Ortsgemeinderat Dernbach\",\"previousItem\":{\"@type\":\"ListItem\",\"@id\":\"https:\\\/\\\/gemeinsam-fuer-dernbach.de\\\/uk\\\/tag\\\/gemeinsam-fuer-dernbach#listItem\",\"name\":\"Gemeinsam f\\u00fcr Dernbach\"}}]},{\"@type\":\"Organization\",\"@id\":\"https:\\\/\\\/gemeinsam-fuer-dernbach.de\\\/uk\\\/#organization\",\"name\":\"Gemeinsam f\\u00fcr Dernbach\",\"description\":\"Gemeinsam f\\u00fcr Dernbach - Website der W\\u00e4hlergruppe Jankowitsch\",\"url\":\"https:\\\/\\\/gemeinsam-fuer-dernbach.de\\\/uk\\\/\",\"logo\":{\"@type\":\"ImageObject\",\"url\":\"https:\\\/\\\/gemeinsam-fuer-dernbach.de\\\/wp-content\\\/uploads\\\/2024\\\/12\\\/cropped-Button.png\",\"@id\":\"https:\\\/\\\/gemeinsam-fuer-dernbach.de\\\/uk\\\/kalender\\\/ratssitzung-ortsgemeinderat-dernbach-2\\\/#organizationLogo\",\"width\":512,\"height\":512,\"caption\":\"Gemeinsam f\\u00fcr Dernbach\"},\"image\":{\"@id\":\"https:\\\/\\\/gemeinsam-fuer-dernbach.de\\\/uk\\\/kalender\\\/ratssitzung-ortsgemeinderat-dernbach-2\\\/#organizationLogo\"},\"sameAs\":[\"https:\\\/\\\/www.facebook.com\\\/gemeinsam.fuer.dernbach\\\/\",\"https:\\\/\\\/www.instagram.com\\\/gemeinsam_fuer_dernbach\\\/\"]},{\"@type\":\"Person\",\"@id\":\"https:\\\/\\\/gemeinsam-fuer-dernbach.de\\\/uk\\\/author\\\/gfd_manuel#author\",\"url\":\"https:\\\/\\\/gemeinsam-fuer-dernbach.de\\\/uk\\\/author\\\/gfd_manuel\",\"name\":\"GfD_Manuel\"},{\"@type\":\"WebPage\",\"@id\":\"https:\\\/\\\/gemeinsam-fuer-dernbach.de\\\/uk\\\/kalender\\\/ratssitzung-ortsgemeinderat-dernbach-2#webpage\",\"url\":\"https:\\\/\\\/gemeinsam-fuer-dernbach.de\\\/uk\\\/kalender\\\/ratssitzung-ortsgemeinderat-dernbach-2\",\"name\":\"Ratssitzung Ortsgemeinderat Dernbach - Gemeinsam f\\u00fcr Dernbach\",\"description\":\"In \\u00f6ffentlicher Sitzung wird \\u00fcber unsere Antr\\u00e4ge beraten und beschlossen: A3\\\/A48-Hinweistafel \\\"Kloster Dernbach\\\"; W\\u00fcrdigung der heiligen Katharina Kasper; Verbesserte Verkehrssicherheit (K148, L312); Fahrradreparaturstation; Elektro-Verteilerkastens am Laurentiusplatz. Hintergrund ist, dass mehrere wichtige Projekte fristgerecht vorbereitet werden m\\u00fcssen, f\\u00fcr die bis zum 20. M\\u00e4rz 2026 LEADER-F\\u00f6rdermittel beantragt werden k\\u00f6nnen. Unsere Antr\\u00e4ge sind auf der Seite \\\"Initiativen\\\" beschrieben\",\"inLanguage\":\"uk\",\"isPartOf\":{\"@id\":\"https:\\\/\\\/gemeinsam-fuer-dernbach.de\\\/uk\\\/#website\"},\"breadcrumb\":{\"@id\":\"https:\\\/\\\/gemeinsam-fuer-dernbach.de\\\/uk\\\/kalender\\\/ratssitzung-ortsgemeinderat-dernbach-2#breadcrumblist\"},\"author\":{\"@id\":\"https:\\\/\\\/gemeinsam-fuer-dernbach.de\\\/uk\\\/author\\\/gfd_manuel#author\"},\"creator\":{\"@id\":\"https:\\\/\\\/gemeinsam-fuer-dernbach.de\\\/uk\\\/author\\\/gfd_manuel#author\"},\"image\":{\"@type\":\"ImageObject\",\"url\":\"https:\\\/\\\/gemeinsam-fuer-dernbach.de\\\/wp-content\\\/uploads\\\/2026\\\/01\\\/Gemeinderat-Ankuendigung-e1768059345209.png\",\"@id\":\"https:\\\/\\\/gemeinsam-fuer-dernbach.de\\\/uk\\\/kalender\\\/ratssitzung-ortsgemeinderat-dernbach-2\\\/#mainImage\",\"width\":1024,\"height\":1196,\"caption\":\"Grafisches Bild zum Thema Gemeinderat in Dernbach\"},\"primaryImageOfPage\":{\"@id\":\"https:\\\/\\\/gemeinsam-fuer-dernbach.de\\\/uk\\\/kalender\\\/ratssitzung-ortsgemeinderat-dernbach-2#mainImage\"},\"datePublished\":\"2026-02-18T22:34:09+01:00\",\"dateModified\":\"2026-02-18T23:07:13+01:00\"},{\"@type\":\"WebSite\",\"@id\":\"https:\\\/\\\/gemeinsam-fuer-dernbach.de\\\/uk\\\/#website\",\"url\":\"https:\\\/\\\/gemeinsam-fuer-dernbach.de\\\/uk\\\/\",\"name\":\"Gemeinsam f\\u00fcr Dernbach\",\"description\":\"Gemeinsam f\\u00fcr Dernbach - Website der W\\u00e4hlergruppe Jankowitsch\",\"inLanguage\":\"uk\",\"publisher\":{\"@id\":\"https:\\\/\\\/gemeinsam-fuer-dernbach.de\\\/uk\\\/#organization\"}}]}\n\t\t<\/script>\n\t\t<!-- All in One SEO -->\n\n","aioseo_head_json":{"title":"Ratssitzung Ortsgemeinderat Dernbach - Gemeinsam f\u00fcr Dernbach","description":"In \u00f6ffentlicher Sitzung wird \u00fcber unsere Antr\u00e4ge beraten und beschlossen: A3\/A48-Hinweistafel \"Kloster Dernbach\"; W\u00fcrdigung der heiligen Katharina Kasper; Verbesserte Verkehrssicherheit (K148, L312); Fahrradreparaturstation; Elektro-Verteilerkastens am Laurentiusplatz. Hintergrund ist, dass mehrere wichtige Projekte fristgerecht vorbereitet werden m\u00fcssen, f\u00fcr die bis zum 20. M\u00e4rz 2026 LEADER-F\u00f6rdermittel beantragt werden k\u00f6nnen. Unsere Antr\u00e4ge sind auf der Seite \"Initiativen\" beschrieben","canonical_url":"https:\/\/gemeinsam-fuer-dernbach.de\/uk\/kalender\/ratssitzung-ortsgemeinderat-dernbach-2","robots":"max-image-preview:large","keywords":"","webmasterTools":{"miscellaneous":""},"schema":{"@context":"https:\/\/schema.org","@graph":[{"@type":"BreadcrumbList","@id":"https:\/\/gemeinsam-fuer-dernbach.de\/uk\/kalender\/ratssitzung-ortsgemeinderat-dernbach-2#breadcrumblist","itemListElement":[{"@type":"ListItem","@id":"https:\/\/gemeinsam-fuer-dernbach.de\/uk#listItem","position":1,"name":"Home","item":"https:\/\/gemeinsam-fuer-dernbach.de\/uk","nextItem":{"@type":"ListItem","@id":"https:\/\/gemeinsam-fuer-dernbach.de\/uk\/kalender\/#listItem","name":"\u041f\u043e\u0434\u0456\u0457"}},{"@type":"ListItem","@id":"https:\/\/gemeinsam-fuer-dernbach.de\/uk\/kalender\/#listItem","position":2,"name":"\u041f\u043e\u0434\u0456\u0457","item":"https:\/\/gemeinsam-fuer-dernbach.de\/uk\/kalender\/","nextItem":{"@type":"ListItem","@id":"https:\/\/gemeinsam-fuer-dernbach.de\/uk\/tag\/gemeinsam-fuer-dernbach#listItem","name":"Gemeinsam f\u00fcr Dernbach"},"previousItem":{"@type":"ListItem","@id":"https:\/\/gemeinsam-fuer-dernbach.de\/uk#listItem","name":"Home"}},{"@type":"ListItem","@id":"https:\/\/gemeinsam-fuer-dernbach.de\/uk\/tag\/gemeinsam-fuer-dernbach#listItem","position":3,"name":"Gemeinsam f\u00fcr Dernbach","item":"https:\/\/gemeinsam-fuer-dernbach.de\/uk\/tag\/gemeinsam-fuer-dernbach","nextItem":{"@type":"ListItem","@id":"https:\/\/gemeinsam-fuer-dernbach.de\/uk\/kalender\/ratssitzung-ortsgemeinderat-dernbach-2#listItem","name":"Ratssitzung Ortsgemeinderat Dernbach"},"previousItem":{"@type":"ListItem","@id":"https:\/\/gemeinsam-fuer-dernbach.de\/uk\/kalender\/#listItem","name":"\u041f\u043e\u0434\u0456\u0457"}},{"@type":"ListItem","@id":"https:\/\/gemeinsam-fuer-dernbach.de\/uk\/kalender\/ratssitzung-ortsgemeinderat-dernbach-2#listItem","position":4,"name":"Ratssitzung Ortsgemeinderat Dernbach","previousItem":{"@type":"ListItem","@id":"https:\/\/gemeinsam-fuer-dernbach.de\/uk\/tag\/gemeinsam-fuer-dernbach#listItem","name":"Gemeinsam f\u00fcr Dernbach"}}]},{"@type":"Organization","@id":"https:\/\/gemeinsam-fuer-dernbach.de\/uk\/#organization","name":"Gemeinsam f\u00fcr Dernbach","description":"Gemeinsam f\u00fcr Dernbach - Website der W\u00e4hlergruppe Jankowitsch","url":"https:\/\/gemeinsam-fuer-dernbach.de\/uk\/","logo":{"@type":"ImageObject","url":"https:\/\/gemeinsam-fuer-dernbach.de\/wp-content\/uploads\/2024\/12\/cropped-Button.png","@id":"https:\/\/gemeinsam-fuer-dernbach.de\/uk\/kalender\/ratssitzung-ortsgemeinderat-dernbach-2\/#organizationLogo","width":512,"height":512,"caption":"Gemeinsam f\u00fcr Dernbach"},"image":{"@id":"https:\/\/gemeinsam-fuer-dernbach.de\/uk\/kalender\/ratssitzung-ortsgemeinderat-dernbach-2\/#organizationLogo"},"sameAs":["https:\/\/www.facebook.com\/gemeinsam.fuer.dernbach\/","https:\/\/www.instagram.com\/gemeinsam_fuer_dernbach\/"]},{"@type":"Person","@id":"https:\/\/gemeinsam-fuer-dernbach.de\/uk\/author\/gfd_manuel#author","url":"https:\/\/gemeinsam-fuer-dernbach.de\/uk\/author\/gfd_manuel","name":"GfD_Manuel"},{"@type":"WebPage","@id":"https:\/\/gemeinsam-fuer-dernbach.de\/uk\/kalender\/ratssitzung-ortsgemeinderat-dernbach-2#webpage","url":"https:\/\/gemeinsam-fuer-dernbach.de\/uk\/kalender\/ratssitzung-ortsgemeinderat-dernbach-2","name":"Ratssitzung Ortsgemeinderat Dernbach - Gemeinsam f\u00fcr Dernbach","description":"In \u00f6ffentlicher Sitzung wird \u00fcber unsere Antr\u00e4ge beraten und beschlossen: A3\/A48-Hinweistafel \"Kloster Dernbach\"; W\u00fcrdigung der heiligen Katharina Kasper; Verbesserte Verkehrssicherheit (K148, L312); Fahrradreparaturstation; Elektro-Verteilerkastens am Laurentiusplatz. Hintergrund ist, dass mehrere wichtige Projekte fristgerecht vorbereitet werden m\u00fcssen, f\u00fcr die bis zum 20. M\u00e4rz 2026 LEADER-F\u00f6rdermittel beantragt werden k\u00f6nnen. Unsere Antr\u00e4ge sind auf der Seite \"Initiativen\" beschrieben","inLanguage":"uk","isPartOf":{"@id":"https:\/\/gemeinsam-fuer-dernbach.de\/uk\/#website"},"breadcrumb":{"@id":"https:\/\/gemeinsam-fuer-dernbach.de\/uk\/kalender\/ratssitzung-ortsgemeinderat-dernbach-2#breadcrumblist"},"author":{"@id":"https:\/\/gemeinsam-fuer-dernbach.de\/uk\/author\/gfd_manuel#author"},"creator":{"@id":"https:\/\/gemeinsam-fuer-dernbach.de\/uk\/author\/gfd_manuel#author"},"image":{"@type":"ImageObject","url":"https:\/\/gemeinsam-fuer-dernbach.de\/wp-content\/uploads\/2026\/01\/Gemeinderat-Ankuendigung-e1768059345209.png","@id":"https:\/\/gemeinsam-fuer-dernbach.de\/uk\/kalender\/ratssitzung-ortsgemeinderat-dernbach-2\/#mainImage","width":1024,"height":1196,"caption":"Grafisches Bild zum Thema Gemeinderat in Dernbach"},"primaryImageOfPage":{"@id":"https:\/\/gemeinsam-fuer-dernbach.de\/uk\/kalender\/ratssitzung-ortsgemeinderat-dernbach-2#mainImage"},"datePublished":"2026-02-18T22:34:09+01:00","dateModified":"2026-02-18T23:07:13+01:00"},{"@type":"WebSite","@id":"https:\/\/gemeinsam-fuer-dernbach.de\/uk\/#website","url":"https:\/\/gemeinsam-fuer-dernbach.de\/uk\/","name":"Gemeinsam f\u00fcr Dernbach","description":"Gemeinsam f\u00fcr Dernbach - Website der W\u00e4hlergruppe Jankowitsch","inLanguage":"uk","publisher":{"@id":"https:\/\/gemeinsam-fuer-dernbach.de\/uk\/#organization"}}]},"og:locale":"uk_UA","og:site_name":"Gemeinsam f\u00fcr Dernbach - Gemeinsam f\u00fcr Dernbach - Website der W\u00e4hlergruppe Jankowitsch","og:type":"article","og:title":"Ratssitzung Ortsgemeinderat Dernbach - Gemeinsam f\u00fcr Dernbach","og:description":"In \u00f6ffentlicher Sitzung wird \u00fcber unsere Antr\u00e4ge beraten und beschlossen: A3\/A48-Hinweistafel &quot;Kloster Dernbach&quot;; W\u00fcrdigung der heiligen Katharina Kasper; Verbesserte Verkehrssicherheit (K148, L312); Fahrradreparaturstation; Elektro-Verteilerkastens am Laurentiusplatz. Hintergrund ist, dass mehrere wichtige Projekte fristgerecht vorbereitet werden m\u00fcssen, f\u00fcr die bis zum 20. M\u00e4rz 2026 LEADER-F\u00f6rdermittel beantragt werden k\u00f6nnen. Unsere Antr\u00e4ge sind auf der Seite &quot;Initiativen&quot; beschrieben","og:url":"https:\/\/gemeinsam-fuer-dernbach.de\/uk\/kalender\/ratssitzung-ortsgemeinderat-dernbach-2","og:image":"https:\/\/gemeinsam-fuer-dernbach.de\/wp-content\/uploads\/2024\/12\/cropped-Button.png","og:image:secure_url":"https:\/\/gemeinsam-fuer-dernbach.de\/wp-content\/uploads\/2024\/12\/cropped-Button.png","og:image:width":512,"og:image:height":512,"article:published_time":"2026-02-18T21:34:09+00:00","article:modified_time":"2026-02-18T22:07:13+00:00","article:publisher":"https:\/\/www.facebook.com\/gemeinsam.fuer.dernbach\/","twitter:card":"summary_large_image","twitter:title":"Ratssitzung Ortsgemeinderat Dernbach - Gemeinsam f\u00fcr Dernbach","twitter:description":"In \u00f6ffentlicher Sitzung wird \u00fcber unsere Antr\u00e4ge beraten und beschlossen: A3\/A48-Hinweistafel &quot;Kloster Dernbach&quot;; W\u00fcrdigung der heiligen Katharina Kasper; Verbesserte Verkehrssicherheit (K148, L312); Fahrradreparaturstation; Elektro-Verteilerkastens am Laurentiusplatz. Hintergrund ist, dass mehrere wichtige Projekte fristgerecht vorbereitet werden m\u00fcssen, f\u00fcr die bis zum 20. M\u00e4rz 2026 LEADER-F\u00f6rdermittel beantragt werden k\u00f6nnen. Unsere Antr\u00e4ge sind auf der Seite &quot;Initiativen&quot; beschrieben","twitter:image":"https:\/\/gemeinsam-fuer-dernbach.de\/wp-content\/uploads\/2024\/12\/cropped-Button.png"},"aioseo_meta_data":{"post_id":"1639","title":null,"description":null,"keywords":null,"keyphrases":{"focus":[],"additional":[]},"primary_term":null,"canonical_url":null,"og_title":null,"og_description":null,"og_object_type":"default","og_image_type":"default","og_image_url":null,"og_image_width":null,"og_image_height":null,"og_image_custom_url":null,"og_image_custom_fields":null,"og_video":"","og_custom_url":null,"og_article_section":null,"og_article_tags":null,"twitter_use_og":false,"twitter_card":"default","twitter_image_type":"default","twitter_image_url":null,"twitter_image_custom_url":null,"twitter_image_custom_fields":null,"twitter_title":null,"twitter_description":null,"schema":{"blockGraphs":[],"customGraphs":[],"default":{"data":{"Article":[],"Course":[],"Dataset":[],"FAQPage":[],"Movie":[],"Person":[],"Product":[],"ProductReview":[],"Car":[],"Recipe":[],"Service":[],"SoftwareApplication":[],"WebPage":[]},"graphName":"WebPage","isEnabled":true},"graphs":[]},"schema_type":"default","schema_type_options":null,"pillar_content":false,"robots_default":true,"robots_noindex":false,"robots_noarchive":false,"robots_nosnippet":false,"robots_nofollow":false,"robots_noimageindex":false,"robots_noodp":false,"robots_notranslate":false,"robots_max_snippet":"-1","robots_max_videopreview":"-1","robots_max_imagepreview":"large","priority":null,"frequency":"default","local_seo":null,"breadcrumb_settings":null,"limit_modified_date":false,"ai":{"faqs":[],"keyPoints":[],"titles":[],"descriptions":[],"socialPosts":{"email":[],"linkedin":[],"twitter":[],"facebook":[],"instagram":[]}},"created":"2026-02-18 21:34:09","updated":"2026-08-30 22:11:35","seo_analyzer_scan_date":null,"focus_keyword":null,"additional_keywords":null,"truseo_locale":null},"aioseo_breadcrumb":"<div class=\"aioseo-breadcrumbs\"><span class=\"aioseo-breadcrumb\">\n\t\t\t<a href=\"https:\/\/gemeinsam-fuer-dernbach.de\/uk\" title=\"Home\">Home<\/a>\n\t\t<\/span><span class=\"aioseo-breadcrumb-separator\">&raquo;<\/span><span class=\"aioseo-breadcrumb\">\n\t\t\t<a href=\"https:\/\/gemeinsam-fuer-dernbach.de\/uk\/kalender\/\" title=\"\u041f\u043e\u0434\u0456\u0457\">\u041f\u043e\u0434\u0456\u0457<\/a>\n\t\t<\/span><span class=\"aioseo-breadcrumb-separator\">&raquo;<\/span><span class=\"aioseo-breadcrumb\">\n\t\t\t<a href=\"https:\/\/gemeinsam-fuer-dernbach.de\/uk\/tag\/gemeinsam-fuer-dernbach\" title=\"Gemeinsam f\u00fcr Dernbach\">Gemeinsam f\u00fcr Dernbach<\/a>\n\t\t<\/span><span class=\"aioseo-breadcrumb-separator\">&raquo;<\/span><span class=\"aioseo-breadcrumb\">\n\t\t\tRatssitzung Ortsgemeinderat Dernbach\n\t\t<\/span><\/div>","aioseo_breadcrumb_json":[{"label":"Home","link":"https:\/\/gemeinsam-fuer-dernbach.de\/uk"},{"label":"\u041f\u043e\u0434\u0456\u0457","link":"https:\/\/gemeinsam-fuer-dernbach.de\/uk\/kalender\/"},{"label":"Gemeinsam f\u00fcr Dernbach","link":"https:\/\/gemeinsam-fuer-dernbach.de\/uk\/tag\/gemeinsam-fuer-dernbach"},{"label":"Ratssitzung Ortsgemeinderat Dernbach","link":"https:\/\/gemeinsam-fuer-dernbach.de\/uk\/kalender\/ratssitzung-ortsgemeinderat-dernbach-2"}],"ticketed":false,"_links":{"self":[{"href":"https:\/\/gemeinsam-fuer-dernbach.de\/uk\/wp-json\/wp\/v2\/tribe_events\/1639","targetHints":{"allow":["GET"]}}],"collection":[{"href":"https:\/\/gemeinsam-fuer-dernbach.de\/uk\/wp-json\/wp\/v2\/tribe_events"}],"about":[{"href":"https:\/\/gemeinsam-fuer-dernbach.de\/uk\/wp-json\/wp\/v2\/types\/tribe_events"}],"author":[{"embeddable":true,"href":"https:\/\/gemeinsam-fuer-dernbach.de\/uk\/wp-json\/wp\/v2\/users\/2"}],"version-history":[{"count":7,"href":"https:\/\/gemeinsam-fuer-dernbach.de\/uk\/wp-json\/wp\/v2\/tribe_events\/1639\/revisions"}],"predecessor-version":[{"id":1667,"href":"https:\/\/gemeinsam-fuer-dernbach.de\/uk\/wp-json\/wp\/v2\/tribe_events\/1639\/revisions\/1667"}],"wp:featuredmedia":[{"embeddable":true,"href":"https:\/\/gemeinsam-fuer-dernbach.de\/uk\/wp-json\/wp\/v2\/media\/1607"}],"wp:attachment":[{"href":"https:\/\/gemeinsam-fuer-dernbach.de\/uk\/wp-json\/wp\/v2\/media?parent=1639"}],"wp:term":[{"taxonomy":"post_tag","embeddable":true,"href":"https:\/\/gemeinsam-fuer-dernbach.de\/uk\/wp-json\/wp\/v2\/tags?post=1639"},{"taxonomy":"tribe_events_cat","embeddable":true,"href":"https:\/\/gemeinsam-fuer-dernbach.de\/uk\/wp-json\/wp\/v2\/tribe_events_cat?post=1639"}],"curies":[{"name":"wp","href":"https:\/\/api.w.org\/{rel}","templated":true}]}}